{"id":958,"date":"2019-10-25T09:50:44","date_gmt":"2019-10-25T09:50:44","guid":{"rendered":"http:\/\/demo.athemes.com\/sydney-redesign\/?page_id=13"},"modified":"2026-02-23T16:11:54","modified_gmt":"2026-02-23T16:11:54","slug":"home","status":"publish","type":"page","link":"https:\/\/przedszkole.spbrzozowka.pl\/","title":{"rendered":"Aktualno\u015bci"},"content":{"rendered":"\t\t<div data-elementor-type=\"wp-page\" data-elementor-id=\"958\" class=\"elementor elementor-958\">\n\t\t\t\t\t\t<section class=\"elementor-section elementor-top-section elementor-element elementor-element-88b699b elementor-section-boxed elementor-section-height-default elementor-section-height-default\" data-id=\"88b699b\" data-element_type=\"section\" data-e-type=\"section\" id=\"audioSong\">\n\t\t\t\t\t\t<div class=\"elementor-container elementor-column-gap-default\">\n\t\t\t\t\t<div class=\"elementor-column elementor-col-100 elementor-top-column elementor-element elementor-element-21c24c8\" data-id=\"21c24c8\" data-element_type=\"column\" data-e-type=\"column\">\n\t\t\t<div class=\"elementor-widget-wrap elementor-element-populated\">\n\t\t\t\t\t\t<div class=\"elementor-element elementor-element-418995d elementor-widget elementor-widget-html\" data-id=\"418995d\" data-element_type=\"widget\" data-e-type=\"widget\" data-widget_type=\"html.default\">\n\t\t\t\t<div class=\"elementor-widget-container\">\n\t\t\t\t\t<audio id=\"audio\" preload=\"auto\" >\r\n    <source src=\"https:\/\/przedszkole.spbrzozowka.pl\/wp-content\/uploads\/2020\/12\/05-Orkiestra-Dni-Naszych-_-Piosenka-o-prawach-dziecka.mp3\" type=\"audio\/mpeg\" \/>\r\n<\/audio>\r\n<div> \r\n    <script>\r\n      function playSong(){\r\n          var aud = document.getElementById('audio');\r\n          if(aud.paused){\r\n            aud.play();\r\n          }\r\n          else{\r\n            aud.pause();\r\n          }\r\n      }\r\n      \r\n  <\/script>\r\n  \r\n  <button class=\"soundButton\" onclick=\"playSong()\"><img decoding=\"async\" data-src=\"https:\/\/przedszkole.spbrzozowka.pl\/wp-content\/uploads\/2020\/12\/aural-1297838_640.png\" src=\"data:image\/svg+xml;base64,PHN2ZyB3aWR0aD0iMSIgaGVpZ2h0PSIxIiB4bWxucz0iaHR0cDovL3d3dy53My5vcmcvMjAwMC9zdmciPjwvc3ZnPg==\" class=\"lazyload\" style=\"--smush-placeholder-width: 369px; --smush-placeholder-aspect-ratio: 369\/640;\">\r\n  <\/button>\r\n  \r\n<\/div>\t\t\t\t<\/div>\n\t\t\t\t<\/div>\n\t\t\t\t\t<\/div>\n\t\t<\/div>\n\t\t\t\t\t<\/div>\n\t\t<\/section>\n\t\t\t\t<section class=\"elementor-section elementor-top-section elementor-element elementor-element-0680fd2 elementor-section-boxed elementor-section-height-default elementor-section-height-default\" data-id=\"0680fd2\" data-element_type=\"section\" data-e-type=\"section\">\n\t\t\t\t\t\t<div class=\"elementor-container elementor-column-gap-default\">\n\t\t\t\t\t<div class=\"elementor-column elementor-col-100 elementor-top-column elementor-element elementor-element-c7dc59e\" data-id=\"c7dc59e\" data-element_type=\"column\" data-e-type=\"column\">\n\t\t\t<div class=\"elementor-widget-wrap elementor-element-populated\">\n\t\t\t\t\t\t<div class=\"elementor-element elementor-element-cd89b41 elementor-widget elementor-widget-heading\" data-id=\"cd89b41\" data-element_type=\"widget\" data-e-type=\"widget\" data-widget_type=\"heading.default\">\n\t\t\t\t<div class=\"elementor-widget-container\">\n\t\t\t\t\t<h1 class=\"elementor-heading-title elementor-size-default\">GRUPY<\/h1>\t\t\t\t<\/div>\n\t\t\t\t<\/div>\n\t\t\t\t\t<\/div>\n\t\t<\/div>\n\t\t\t\t\t<\/div>\n\t\t<\/section>\n\t\t\t\t<section class=\"elementor-section elementor-top-section elementor-element elementor-element-0565901 elementor-section-boxed elementor-section-height-default elementor-section-height-default\" data-id=\"0565901\" data-element_type=\"section\" data-e-type=\"section\">\n\t\t\t\t\t\t<div class=\"elementor-container elementor-column-gap-default\">\n\t\t\t\t\t<div class=\"elementor-column elementor-col-33 elementor-top-column elementor-element elementor-element-dd4f6e5\" data-id=\"dd4f6e5\" data-element_type=\"column\" data-e-type=\"column\">\n\t\t\t<div class=\"elementor-widget-wrap elementor-element-populated\">\n\t\t\t\t\t\t<div class=\"elementor-element elementor-element-9eff9f6 elementor-position-top elementor-widget elementor-widget-image-box\" data-id=\"9eff9f6\" data-element_type=\"widget\" data-e-type=\"widget\" data-widget_type=\"image-box.default\">\n\t\t\t\t<div class=\"elementor-widget-container\">\n\t\t\t\t\t<div class=\"elementor-image-box-wrapper\"><figure class=\"elementor-image-box-img\"><a href=\"\/?page_id=11508\" tabindex=\"-1\"><img fetchpriority=\"high\" decoding=\"async\" width=\"1131\" height=\"1600\" src=\"https:\/\/przedszkole.spbrzozowka.pl\/wp-content\/uploads\/2023\/08\/373030151_2993907330745730_1270288918811568060_n.jpg\" class=\"attachment-full size-full wp-image-6728\" alt=\"\" srcset=\"https:\/\/przedszkole.spbrzozowka.pl\/wp-content\/uploads\/2023\/08\/373030151_2993907330745730_1270288918811568060_n.jpg 1131w, https:\/\/przedszkole.spbrzozowka.pl\/wp-content\/uploads\/2023\/08\/373030151_2993907330745730_1270288918811568060_n-212x300.jpg 212w, https:\/\/przedszkole.spbrzozowka.pl\/wp-content\/uploads\/2023\/08\/373030151_2993907330745730_1270288918811568060_n-724x1024.jpg 724w, https:\/\/przedszkole.spbrzozowka.pl\/wp-content\/uploads\/2023\/08\/373030151_2993907330745730_1270288918811568060_n-768x1086.jpg 768w, https:\/\/przedszkole.spbrzozowka.pl\/wp-content\/uploads\/2023\/08\/373030151_2993907330745730_1270288918811568060_n-1086x1536.jpg 1086w, https:\/\/przedszkole.spbrzozowka.pl\/wp-content\/uploads\/2023\/08\/373030151_2993907330745730_1270288918811568060_n-920x1302.jpg 920w, https:\/\/przedszkole.spbrzozowka.pl\/wp-content\/uploads\/2023\/08\/373030151_2993907330745730_1270288918811568060_n-230x325.jpg 230w, https:\/\/przedszkole.spbrzozowka.pl\/wp-content\/uploads\/2023\/08\/373030151_2993907330745730_1270288918811568060_n-350x495.jpg 350w, https:\/\/przedszkole.spbrzozowka.pl\/wp-content\/uploads\/2023\/08\/373030151_2993907330745730_1270288918811568060_n-480x679.jpg 480w\" sizes=\"(max-width: 1131px) 100vw, 1131px\" \/><\/a><\/figure><div class=\"elementor-image-box-content\"><h3 class=\"elementor-image-box-title\"><a href=\"\/?page_id=11508\">Odkrywcy<\/a><\/h3><\/div><\/div>\t\t\t\t<\/div>\n\t\t\t\t<\/div>\n\t\t\t\t\t<\/div>\n\t\t<\/div>\n\t\t\t\t<div class=\"elementor-column elementor-col-33 elementor-top-column elementor-element elementor-element-5a77970\" data-id=\"5a77970\" data-element_type=\"column\" data-e-type=\"column\">\n\t\t\t<div class=\"elementor-widget-wrap elementor-element-populated\">\n\t\t\t\t\t\t<div class=\"elementor-element elementor-element-4590435 elementor-position-top elementor-widget elementor-widget-image-box\" data-id=\"4590435\" data-element_type=\"widget\" data-e-type=\"widget\" data-widget_type=\"image-box.default\">\n\t\t\t\t<div class=\"elementor-widget-container\">\n\t\t\t\t\t<div class=\"elementor-image-box-wrapper\"><figure class=\"elementor-image-box-img\"><a href=\"?page_id=1891\" tabindex=\"-1\"><img decoding=\"async\" width=\"1131\" height=\"1600\" data-src=\"https:\/\/przedszkole.spbrzozowka.pl\/wp-content\/uploads\/2023\/08\/370618413_822502815917607_1854995267253458980_n.jpg\" class=\"attachment-full size-full wp-image-6726 lazyload\" alt=\"\" data-srcset=\"https:\/\/przedszkole.spbrzozowka.pl\/wp-content\/uploads\/2023\/08\/370618413_822502815917607_1854995267253458980_n.jpg 1131w, https:\/\/przedszkole.spbrzozowka.pl\/wp-content\/uploads\/2023\/08\/370618413_822502815917607_1854995267253458980_n-212x300.jpg 212w, https:\/\/przedszkole.spbrzozowka.pl\/wp-content\/uploads\/2023\/08\/370618413_822502815917607_1854995267253458980_n-724x1024.jpg 724w, https:\/\/przedszkole.spbrzozowka.pl\/wp-content\/uploads\/2023\/08\/370618413_822502815917607_1854995267253458980_n-768x1086.jpg 768w, https:\/\/przedszkole.spbrzozowka.pl\/wp-content\/uploads\/2023\/08\/370618413_822502815917607_1854995267253458980_n-1086x1536.jpg 1086w, https:\/\/przedszkole.spbrzozowka.pl\/wp-content\/uploads\/2023\/08\/370618413_822502815917607_1854995267253458980_n-920x1302.jpg 920w, https:\/\/przedszkole.spbrzozowka.pl\/wp-content\/uploads\/2023\/08\/370618413_822502815917607_1854995267253458980_n-230x325.jpg 230w, https:\/\/przedszkole.spbrzozowka.pl\/wp-content\/uploads\/2023\/08\/370618413_822502815917607_1854995267253458980_n-350x495.jpg 350w, https:\/\/przedszkole.spbrzozowka.pl\/wp-content\/uploads\/2023\/08\/370618413_822502815917607_1854995267253458980_n-480x679.jpg 480w\" data-sizes=\"(max-width: 1131px) 100vw, 1131px\" src=\"data:image\/svg+xml;base64,PHN2ZyB3aWR0aD0iMSIgaGVpZ2h0PSIxIiB4bWxucz0iaHR0cDovL3d3dy53My5vcmcvMjAwMC9zdmciPjwvc3ZnPg==\" style=\"--smush-placeholder-width: 1131px; --smush-placeholder-aspect-ratio: 1131\/1600;\" \/><\/a><\/figure><div class=\"elementor-image-box-content\"><h3 class=\"elementor-image-box-title\"><a href=\"?page_id=1891\">W\u0119drowcy<\/a><\/h3><\/div><\/div>\t\t\t\t<\/div>\n\t\t\t\t<\/div>\n\t\t\t\t\t<\/div>\n\t\t<\/div>\n\t\t\t\t<div class=\"elementor-column elementor-col-33 elementor-top-column elementor-element elementor-element-771799e\" data-id=\"771799e\" data-element_type=\"column\" data-e-type=\"column\">\n\t\t\t<div class=\"elementor-widget-wrap elementor-element-populated\">\n\t\t\t\t\t\t<div class=\"elementor-element elementor-element-86bdbb3 elementor-position-top elementor-widget elementor-widget-image-box\" data-id=\"86bdbb3\" data-element_type=\"widget\" data-e-type=\"widget\" data-widget_type=\"image-box.default\">\n\t\t\t\t<div class=\"elementor-widget-container\">\n\t\t\t\t\t<div class=\"elementor-image-box-wrapper\"><figure class=\"elementor-image-box-img\"><a href=\"\/?page_id=1895\" tabindex=\"-1\"><img decoding=\"async\" width=\"1131\" height=\"1600\" data-src=\"https:\/\/przedszkole.spbrzozowka.pl\/wp-content\/uploads\/2023\/08\/371362204_1308550703095185_4973372388301988365_n.jpg\" class=\"attachment-full size-full wp-image-6727 lazyload\" alt=\"\" data-srcset=\"https:\/\/przedszkole.spbrzozowka.pl\/wp-content\/uploads\/2023\/08\/371362204_1308550703095185_4973372388301988365_n.jpg 1131w, https:\/\/przedszkole.spbrzozowka.pl\/wp-content\/uploads\/2023\/08\/371362204_1308550703095185_4973372388301988365_n-212x300.jpg 212w, https:\/\/przedszkole.spbrzozowka.pl\/wp-content\/uploads\/2023\/08\/371362204_1308550703095185_4973372388301988365_n-724x1024.jpg 724w, https:\/\/przedszkole.spbrzozowka.pl\/wp-content\/uploads\/2023\/08\/371362204_1308550703095185_4973372388301988365_n-768x1086.jpg 768w, https:\/\/przedszkole.spbrzozowka.pl\/wp-content\/uploads\/2023\/08\/371362204_1308550703095185_4973372388301988365_n-1086x1536.jpg 1086w, https:\/\/przedszkole.spbrzozowka.pl\/wp-content\/uploads\/2023\/08\/371362204_1308550703095185_4973372388301988365_n-920x1302.jpg 920w, https:\/\/przedszkole.spbrzozowka.pl\/wp-content\/uploads\/2023\/08\/371362204_1308550703095185_4973372388301988365_n-230x325.jpg 230w, https:\/\/przedszkole.spbrzozowka.pl\/wp-content\/uploads\/2023\/08\/371362204_1308550703095185_4973372388301988365_n-350x495.jpg 350w, https:\/\/przedszkole.spbrzozowka.pl\/wp-content\/uploads\/2023\/08\/371362204_1308550703095185_4973372388301988365_n-480x679.jpg 480w\" data-sizes=\"(max-width: 1131px) 100vw, 1131px\" src=\"data:image\/svg+xml;base64,PHN2ZyB3aWR0aD0iMSIgaGVpZ2h0PSIxIiB4bWxucz0iaHR0cDovL3d3dy53My5vcmcvMjAwMC9zdmciPjwvc3ZnPg==\" style=\"--smush-placeholder-width: 1131px; --smush-placeholder-aspect-ratio: 1131\/1600;\" \/><\/a><\/figure><div class=\"elementor-image-box-content\"><h3 class=\"elementor-image-box-title\"><a href=\"\/?page_id=1895\">Podr\u00f3\u017cnicy<\/a><\/h3><\/div><\/div>\t\t\t\t<\/div>\n\t\t\t\t<\/div>\n\t\t\t\t\t<\/div>\n\t\t<\/div>\n\t\t\t\t\t<\/div>\n\t\t<\/section>\n\t\t\t\t<section class=\"elementor-section elementor-top-section elementor-element elementor-element-ed75b7a elementor-section-boxed elementor-section-height-default elementor-section-height-default\" data-id=\"ed75b7a\" data-element_type=\"section\" data-e-type=\"section\">\n\t\t\t\t\t\t<div class=\"elementor-container elementor-column-gap-default\">\n\t\t\t\t\t<div class=\"elementor-column elementor-col-33 elementor-top-column elementor-element elementor-element-573ad97\" data-id=\"573ad97\" data-element_type=\"column\" data-e-type=\"column\">\n\t\t\t<div class=\"elementor-widget-wrap elementor-element-populated\">\n\t\t\t\t\t\t<div class=\"elementor-element elementor-element-3e16f30 elementor-position-top elementor-widget elementor-widget-image-box\" data-id=\"3e16f30\" data-element_type=\"widget\" data-e-type=\"widget\" data-widget_type=\"image-box.default\">\n\t\t\t\t<div class=\"elementor-widget-container\">\n\t\t\t\t\t<div class=\"elementor-image-box-wrapper\"><figure class=\"elementor-image-box-img\"><a href=\"\/?page_id=1259\" tabindex=\"-1\"><img decoding=\"async\" width=\"1131\" height=\"1600\" data-src=\"https:\/\/przedszkole.spbrzozowka.pl\/wp-content\/uploads\/2023\/08\/370585626_351278853890935_821010207708421538_n.jpg\" class=\"attachment-full size-full wp-image-6725 lazyload\" alt=\"\" data-srcset=\"https:\/\/przedszkole.spbrzozowka.pl\/wp-content\/uploads\/2023\/08\/370585626_351278853890935_821010207708421538_n.jpg 1131w, https:\/\/przedszkole.spbrzozowka.pl\/wp-content\/uploads\/2023\/08\/370585626_351278853890935_821010207708421538_n-212x300.jpg 212w, https:\/\/przedszkole.spbrzozowka.pl\/wp-content\/uploads\/2023\/08\/370585626_351278853890935_821010207708421538_n-724x1024.jpg 724w, https:\/\/przedszkole.spbrzozowka.pl\/wp-content\/uploads\/2023\/08\/370585626_351278853890935_821010207708421538_n-768x1086.jpg 768w, https:\/\/przedszkole.spbrzozowka.pl\/wp-content\/uploads\/2023\/08\/370585626_351278853890935_821010207708421538_n-1086x1536.jpg 1086w, https:\/\/przedszkole.spbrzozowka.pl\/wp-content\/uploads\/2023\/08\/370585626_351278853890935_821010207708421538_n-920x1302.jpg 920w, https:\/\/przedszkole.spbrzozowka.pl\/wp-content\/uploads\/2023\/08\/370585626_351278853890935_821010207708421538_n-230x325.jpg 230w, https:\/\/przedszkole.spbrzozowka.pl\/wp-content\/uploads\/2023\/08\/370585626_351278853890935_821010207708421538_n-350x495.jpg 350w, https:\/\/przedszkole.spbrzozowka.pl\/wp-content\/uploads\/2023\/08\/370585626_351278853890935_821010207708421538_n-480x679.jpg 480w\" data-sizes=\"(max-width: 1131px) 100vw, 1131px\" src=\"data:image\/svg+xml;base64,PHN2ZyB3aWR0aD0iMSIgaGVpZ2h0PSIxIiB4bWxucz0iaHR0cDovL3d3dy53My5vcmcvMjAwMC9zdmciPjwvc3ZnPg==\" style=\"--smush-placeholder-width: 1131px; --smush-placeholder-aspect-ratio: 1131\/1600;\" \/><\/a><\/figure><div class=\"elementor-image-box-content\"><h3 class=\"elementor-image-box-title\"><a href=\"\/?page_id=1259\">Badacze<\/a><\/h3><\/div><\/div>\t\t\t\t<\/div>\n\t\t\t\t<\/div>\n\t\t\t\t\t<\/div>\n\t\t<\/div>\n\t\t\t\t<div class=\"elementor-column elementor-col-33 elementor-top-column elementor-element elementor-element-d954936\" data-id=\"d954936\" data-element_type=\"column\" data-e-type=\"column\">\n\t\t\t<div class=\"elementor-widget-wrap elementor-element-populated\">\n\t\t\t\t\t\t<div class=\"elementor-element elementor-element-7be4b33 elementor-position-top elementor-widget elementor-widget-image-box\" data-id=\"7be4b33\" data-element_type=\"widget\" data-e-type=\"widget\" data-widget_type=\"image-box.default\">\n\t\t\t\t<div class=\"elementor-widget-container\">\n\t\t\t\t\t<div class=\"elementor-image-box-wrapper\"><figure class=\"elementor-image-box-img\"><a href=\"\/?page_id=1897\" tabindex=\"-1\"><img decoding=\"async\" width=\"1131\" height=\"1600\" data-src=\"https:\/\/przedszkole.spbrzozowka.pl\/wp-content\/uploads\/2023\/08\/370537472_316143697491908_5640523859999286588_n.jpg\" class=\"attachment-full size-full wp-image-6724 lazyload\" alt=\"\" data-srcset=\"https:\/\/przedszkole.spbrzozowka.pl\/wp-content\/uploads\/2023\/08\/370537472_316143697491908_5640523859999286588_n.jpg 1131w, https:\/\/przedszkole.spbrzozowka.pl\/wp-content\/uploads\/2023\/08\/370537472_316143697491908_5640523859999286588_n-212x300.jpg 212w, https:\/\/przedszkole.spbrzozowka.pl\/wp-content\/uploads\/2023\/08\/370537472_316143697491908_5640523859999286588_n-724x1024.jpg 724w, https:\/\/przedszkole.spbrzozowka.pl\/wp-content\/uploads\/2023\/08\/370537472_316143697491908_5640523859999286588_n-768x1086.jpg 768w, https:\/\/przedszkole.spbrzozowka.pl\/wp-content\/uploads\/2023\/08\/370537472_316143697491908_5640523859999286588_n-1086x1536.jpg 1086w, https:\/\/przedszkole.spbrzozowka.pl\/wp-content\/uploads\/2023\/08\/370537472_316143697491908_5640523859999286588_n-920x1302.jpg 920w, https:\/\/przedszkole.spbrzozowka.pl\/wp-content\/uploads\/2023\/08\/370537472_316143697491908_5640523859999286588_n-230x325.jpg 230w, https:\/\/przedszkole.spbrzozowka.pl\/wp-content\/uploads\/2023\/08\/370537472_316143697491908_5640523859999286588_n-350x495.jpg 350w, https:\/\/przedszkole.spbrzozowka.pl\/wp-content\/uploads\/2023\/08\/370537472_316143697491908_5640523859999286588_n-480x679.jpg 480w\" data-sizes=\"(max-width: 1131px) 100vw, 1131px\" src=\"data:image\/svg+xml;base64,PHN2ZyB3aWR0aD0iMSIgaGVpZ2h0PSIxIiB4bWxucz0iaHR0cDovL3d3dy53My5vcmcvMjAwMC9zdmciPjwvc3ZnPg==\" style=\"--smush-placeholder-width: 1131px; --smush-placeholder-aspect-ratio: 1131\/1600;\" \/><\/a><\/figure><div class=\"elementor-image-box-content\"><h3 class=\"elementor-image-box-title\"><a href=\"\/?page_id=1897\">Poszukiwacze<\/a><\/h3><\/div><\/div>\t\t\t\t<\/div>\n\t\t\t\t<\/div>\n\t\t\t\t\t<\/div>\n\t\t<\/div>\n\t\t\t\t<div class=\"elementor-column elementor-col-33 elementor-top-column elementor-element elementor-element-541d0de\" data-id=\"541d0de\" data-element_type=\"column\" data-e-type=\"column\">\n\t\t\t<div class=\"elementor-widget-wrap elementor-element-populated\">\n\t\t\t\t\t\t<div class=\"elementor-element elementor-element-cd789bc elementor-position-top elementor-widget elementor-widget-image-box\" data-id=\"cd789bc\" data-element_type=\"widget\" data-e-type=\"widget\" data-widget_type=\"image-box.default\">\n\t\t\t\t<div class=\"elementor-widget-container\">\n\t\t\t\t\t<div class=\"elementor-image-box-wrapper\"><figure class=\"elementor-image-box-img\"><a href=\"\/?page_id=1893\" tabindex=\"-1\"><img decoding=\"async\" width=\"1131\" height=\"1600\" data-src=\"https:\/\/przedszkole.spbrzozowka.pl\/wp-content\/uploads\/2023\/08\/370307634_4039712599588354_7821757873811004001_n.jpg\" class=\"attachment-full size-full wp-image-6722 lazyload\" alt=\"\" data-srcset=\"https:\/\/przedszkole.spbrzozowka.pl\/wp-content\/uploads\/2023\/08\/370307634_4039712599588354_7821757873811004001_n.jpg 1131w, https:\/\/przedszkole.spbrzozowka.pl\/wp-content\/uploads\/2023\/08\/370307634_4039712599588354_7821757873811004001_n-212x300.jpg 212w, https:\/\/przedszkole.spbrzozowka.pl\/wp-content\/uploads\/2023\/08\/370307634_4039712599588354_7821757873811004001_n-724x1024.jpg 724w, https:\/\/przedszkole.spbrzozowka.pl\/wp-content\/uploads\/2023\/08\/370307634_4039712599588354_7821757873811004001_n-768x1086.jpg 768w, https:\/\/przedszkole.spbrzozowka.pl\/wp-content\/uploads\/2023\/08\/370307634_4039712599588354_7821757873811004001_n-1086x1536.jpg 1086w, https:\/\/przedszkole.spbrzozowka.pl\/wp-content\/uploads\/2023\/08\/370307634_4039712599588354_7821757873811004001_n-920x1302.jpg 920w, https:\/\/przedszkole.spbrzozowka.pl\/wp-content\/uploads\/2023\/08\/370307634_4039712599588354_7821757873811004001_n-230x325.jpg 230w, https:\/\/przedszkole.spbrzozowka.pl\/wp-content\/uploads\/2023\/08\/370307634_4039712599588354_7821757873811004001_n-350x495.jpg 350w, https:\/\/przedszkole.spbrzozowka.pl\/wp-content\/uploads\/2023\/08\/370307634_4039712599588354_7821757873811004001_n-480x679.jpg 480w\" data-sizes=\"(max-width: 1131px) 100vw, 1131px\" src=\"data:image\/svg+xml;base64,PHN2ZyB3aWR0aD0iMSIgaGVpZ2h0PSIxIiB4bWxucz0iaHR0cDovL3d3dy53My5vcmcvMjAwMC9zdmciPjwvc3ZnPg==\" style=\"--smush-placeholder-width: 1131px; --smush-placeholder-aspect-ratio: 1131\/1600;\" \/><\/a><\/figure><div class=\"elementor-image-box-content\"><h3 class=\"elementor-image-box-title\"><a href=\"\/?page_id=1893\">Tropiciele<\/a><\/h3><\/div><\/div>\t\t\t\t<\/div>\n\t\t\t\t<\/div>\n\t\t\t\t\t<\/div>\n\t\t<\/div>\n\t\t\t\t\t<\/div>\n\t\t<\/section>\n\t\t\t\t<section class=\"elementor-section elementor-top-section elementor-element elementor-element-8108b1f elementor-section-boxed elementor-section-height-default elementor-section-height-default\" data-id=\"8108b1f\" data-element_type=\"section\" data-e-type=\"section\">\n\t\t\t\t\t\t<div class=\"elementor-container elementor-column-gap-default\">\n\t\t\t\t\t<div class=\"elementor-column elementor-col-33 elementor-top-column elementor-element elementor-element-ca5a1a1\" data-id=\"ca5a1a1\" data-element_type=\"column\" data-e-type=\"column\">\n\t\t\t<div class=\"elementor-widget-wrap\">\n\t\t\t\t\t\t\t<\/div>\n\t\t<\/div>\n\t\t\t\t<div class=\"elementor-column elementor-col-33 elementor-top-column elementor-element elementor-element-2b8d657\" data-id=\"2b8d657\" data-element_type=\"column\" data-e-type=\"column\">\n\t\t\t<div class=\"elementor-widget-wrap elementor-element-populated\">\n\t\t\t\t\t\t<div class=\"elementor-element elementor-element-2b301eb elementor-position-top elementor-widget elementor-widget-image-box\" data-id=\"2b301eb\" data-element_type=\"widget\" data-e-type=\"widget\" data-widget_type=\"image-box.default\">\n\t\t\t\t<div class=\"elementor-widget-container\">\n\t\t\t\t\t<div class=\"elementor-image-box-wrapper\"><figure class=\"elementor-image-box-img\"><a href=\"\/?page_id=6717\" tabindex=\"-1\"><img decoding=\"async\" width=\"1131\" height=\"1600\" data-src=\"https:\/\/przedszkole.spbrzozowka.pl\/wp-content\/uploads\/2023\/08\/370537035_633514465561165_5105218827198771782_n.jpg\" class=\"attachment-full size-full wp-image-6723 lazyload\" alt=\"\" data-srcset=\"https:\/\/przedszkole.spbrzozowka.pl\/wp-content\/uploads\/2023\/08\/370537035_633514465561165_5105218827198771782_n.jpg 1131w, https:\/\/przedszkole.spbrzozowka.pl\/wp-content\/uploads\/2023\/08\/370537035_633514465561165_5105218827198771782_n-212x300.jpg 212w, https:\/\/przedszkole.spbrzozowka.pl\/wp-content\/uploads\/2023\/08\/370537035_633514465561165_5105218827198771782_n-724x1024.jpg 724w, https:\/\/przedszkole.spbrzozowka.pl\/wp-content\/uploads\/2023\/08\/370537035_633514465561165_5105218827198771782_n-768x1086.jpg 768w, https:\/\/przedszkole.spbrzozowka.pl\/wp-content\/uploads\/2023\/08\/370537035_633514465561165_5105218827198771782_n-1086x1536.jpg 1086w, https:\/\/przedszkole.spbrzozowka.pl\/wp-content\/uploads\/2023\/08\/370537035_633514465561165_5105218827198771782_n-920x1302.jpg 920w, https:\/\/przedszkole.spbrzozowka.pl\/wp-content\/uploads\/2023\/08\/370537035_633514465561165_5105218827198771782_n-230x325.jpg 230w, https:\/\/przedszkole.spbrzozowka.pl\/wp-content\/uploads\/2023\/08\/370537035_633514465561165_5105218827198771782_n-350x495.jpg 350w, https:\/\/przedszkole.spbrzozowka.pl\/wp-content\/uploads\/2023\/08\/370537035_633514465561165_5105218827198771782_n-480x679.jpg 480w\" data-sizes=\"(max-width: 1131px) 100vw, 1131px\" src=\"data:image\/svg+xml;base64,PHN2ZyB3aWR0aD0iMSIgaGVpZ2h0PSIxIiB4bWxucz0iaHR0cDovL3d3dy53My5vcmcvMjAwMC9zdmciPjwvc3ZnPg==\" style=\"--smush-placeholder-width: 1131px; --smush-placeholder-aspect-ratio: 1131\/1600;\" \/><\/a><\/figure><div class=\"elementor-image-box-content\"><h3 class=\"elementor-image-box-title\"><a href=\"\/?page_id=6717\">Zdobywcy<\/a><\/h3><\/div><\/div>\t\t\t\t<\/div>\n\t\t\t\t<\/div>\n\t\t\t\t\t<\/div>\n\t\t<\/div>\n\t\t\t\t<div class=\"elementor-column elementor-col-33 elementor-top-column elementor-element elementor-element-db5a69b\" data-id=\"db5a69b\" data-element_type=\"column\" data-e-type=\"column\">\n\t\t\t<div class=\"elementor-widget-wrap\">\n\t\t\t\t\t\t\t<\/div>\n\t\t<\/div>\n\t\t\t\t\t<\/div>\n\t\t<\/section>\n\t\t\t\t<section class=\"elementor-section elementor-top-section elementor-element elementor-element-ec6fc59 elementor-section-height-min-height elementor-section-boxed elementor-section-height-default elementor-section-items-middle\" data-id=\"ec6fc59\" data-element_type=\"section\" data-e-type=\"section\" data-settings=\"{&quot;background_background&quot;:&quot;classic&quot;}\">\n\t\t\t\t\t\t<div class=\"elementor-container elementor-column-gap-default\">\n\t\t\t\t\t<div class=\"elementor-column elementor-col-100 elementor-top-column elementor-element elementor-element-a1e97de\" data-id=\"a1e97de\" data-element_type=\"column\" data-e-type=\"column\">\n\t\t\t<div class=\"elementor-widget-wrap\">\n\t\t\t\t\t\t\t<\/div>\n\t\t<\/div>\n\t\t\t\t\t<\/div>\n\t\t<\/section>\n\t\t\t\t<section class=\"elementor-section elementor-top-section elementor-element elementor-element-8d4a830 elementor-section-boxed elementor-section-height-default elementor-section-height-default\" data-id=\"8d4a830\" data-element_type=\"section\" data-e-type=\"section\">\n\t\t\t\t\t\t<div class=\"elementor-container elementor-column-gap-default\">\n\t\t\t\t\t<div class=\"elementor-column elementor-col-100 elementor-top-column elementor-element elementor-element-99c20c8\" data-id=\"99c20c8\" data-element_type=\"column\" data-e-type=\"column\">\n\t\t\t<div class=\"elementor-widget-wrap elementor-element-populated\">\n\t\t\t\t\t\t<div class=\"elementor-element elementor-element-918f007 elementor-widget elementor-widget-heading\" data-id=\"918f007\" data-element_type=\"widget\" data-e-type=\"widget\" data-widget_type=\"heading.default\">\n\t\t\t\t<div class=\"elementor-widget-container\">\n\t\t\t\t\t<h1 class=\"elementor-heading-title elementor-size-default\">AKTUALNO\u015aCI<\/h1>\t\t\t\t<\/div>\n\t\t\t\t<\/div>\n\t\t\t\t\t<\/div>\n\t\t<\/div>\n\t\t\t\t\t<\/div>\n\t\t<\/section>\n\t\t\t\t<section class=\"elementor-section elementor-top-section elementor-element elementor-element-e3f3a2c elementor-section-boxed elementor-section-height-default elementor-section-height-default\" data-id=\"e3f3a2c\" data-element_type=\"section\" data-e-type=\"section\">\n\t\t\t\t\t\t<div class=\"elementor-container elementor-column-gap-default\">\n\t\t\t\t\t<div class=\"elementor-column elementor-col-100 elementor-top-column elementor-element elementor-element-e2be3e0\" data-id=\"e2be3e0\" data-element_type=\"column\" data-e-type=\"column\">\n\t\t\t<div class=\"elementor-widget-wrap\">\n\t\t\t\t\t\t\t<\/div>\n\t\t<\/div>\n\t\t\t\t\t<\/div>\n\t\t<\/section>\n\t\t\t\t<section class=\"elementor-section elementor-top-section elementor-element elementor-element-a106926 elementor-section-boxed elementor-section-height-default elementor-section-height-default\" data-id=\"a106926\" data-element_type=\"section\" data-e-type=\"section\">\n\t\t\t\t\t\t<div class=\"elementor-container elementor-column-gap-default\">\n\t\t\t\t\t<div class=\"elementor-column elementor-col-100 elementor-top-column elementor-element elementor-element-ae8fa8c\" data-id=\"ae8fa8c\" data-element_type=\"column\" data-e-type=\"column\">\n\t\t\t<div class=\"elementor-widget-wrap elementor-element-populated\">\n\t\t\t\t\t\t<div class=\"elementor-element elementor-element-61773ba elementor-widget elementor-widget-image\" data-id=\"61773ba\" data-element_type=\"widget\" data-e-type=\"widget\" data-widget_type=\"image.default\">\n\t\t\t\t<div class=\"elementor-widget-container\">\n\t\t\t\t\t\t\t\t\t\t\t\t\t\t\t<img decoding=\"async\" width=\"1024\" height=\"726\" data-src=\"https:\/\/przedszkole.spbrzozowka.pl\/wp-content\/uploads\/2026\/02\/REKRUTACJA-1024x726.jpg\" class=\"attachment-large size-large wp-image-11625 lazyload\" alt=\"\" data-srcset=\"https:\/\/przedszkole.spbrzozowka.pl\/wp-content\/uploads\/2026\/02\/REKRUTACJA-1024x726.jpg 1024w, https:\/\/przedszkole.spbrzozowka.pl\/wp-content\/uploads\/2026\/02\/REKRUTACJA-300x213.jpg 300w, https:\/\/przedszkole.spbrzozowka.pl\/wp-content\/uploads\/2026\/02\/REKRUTACJA-768x545.jpg 768w, https:\/\/przedszkole.spbrzozowka.pl\/wp-content\/uploads\/2026\/02\/REKRUTACJA-1536x1090.jpg 1536w, https:\/\/przedszkole.spbrzozowka.pl\/wp-content\/uploads\/2026\/02\/REKRUTACJA-1000x709.jpg 1000w, https:\/\/przedszkole.spbrzozowka.pl\/wp-content\/uploads\/2026\/02\/REKRUTACJA-230x163.jpg 230w, https:\/\/przedszkole.spbrzozowka.pl\/wp-content\/uploads\/2026\/02\/REKRUTACJA-350x248.jpg 350w, https:\/\/przedszkole.spbrzozowka.pl\/wp-content\/uploads\/2026\/02\/REKRUTACJA-480x341.jpg 480w, https:\/\/przedszkole.spbrzozowka.pl\/wp-content\/uploads\/2026\/02\/REKRUTACJA.jpg 1748w\" data-sizes=\"(max-width: 1024px) 100vw, 1024px\" src=\"data:image\/svg+xml;base64,PHN2ZyB3aWR0aD0iMSIgaGVpZ2h0PSIxIiB4bWxucz0iaHR0cDovL3d3dy53My5vcmcvMjAwMC9zdmciPjwvc3ZnPg==\" style=\"--smush-placeholder-width: 1024px; --smush-placeholder-aspect-ratio: 1024\/726;\" \/>\t\t\t\t\t\t\t\t\t\t\t\t\t\t\t<\/div>\n\t\t\t\t<\/div>\n\t\t\t\t\t<\/div>\n\t\t<\/div>\n\t\t\t\t\t<\/div>\n\t\t<\/section>\n\t\t\t\t<section class=\"elementor-section elementor-top-section elementor-element elementor-element-6cc2160 elementor-section-boxed elementor-section-height-default elementor-section-height-default\" data-id=\"6cc2160\" data-element_type=\"section\" data-e-type=\"section\" data-settings=\"{&quot;background_background&quot;:&quot;classic&quot;}\">\n\t\t\t\t\t\t<div class=\"elementor-container elementor-column-gap-default\">\n\t\t\t\t\t<div class=\"elementor-column elementor-col-100 elementor-top-column elementor-element elementor-element-4879bc1\" data-id=\"4879bc1\" data-element_type=\"column\" data-e-type=\"column\">\n\t\t\t<div class=\"elementor-widget-wrap elementor-element-populated\">\n\t\t\t\t\t\t<div class=\"elementor-element elementor-element-fcad663 elementor-widget elementor-widget-image\" data-id=\"fcad663\" data-element_type=\"widget\" data-e-type=\"widget\" data-widget_type=\"image.default\">\n\t\t\t\t<div class=\"elementor-widget-container\">\n\t\t\t\t\t\t\t\t\t\t\t\t\t\t\t<img decoding=\"async\" width=\"1024\" height=\"726\" data-src=\"https:\/\/przedszkole.spbrzozowka.pl\/wp-content\/uploads\/2025\/09\/DZIEN-PRZEDSZKOLAKA-1024x726.jpg\" class=\"attachment-large size-large wp-image-10885 lazyload\" alt=\"\" data-srcset=\"https:\/\/przedszkole.spbrzozowka.pl\/wp-content\/uploads\/2025\/09\/DZIEN-PRZEDSZKOLAKA-1024x726.jpg 1024w, https:\/\/przedszkole.spbrzozowka.pl\/wp-content\/uploads\/2025\/09\/DZIEN-PRZEDSZKOLAKA-300x213.jpg 300w, https:\/\/przedszkole.spbrzozowka.pl\/wp-content\/uploads\/2025\/09\/DZIEN-PRZEDSZKOLAKA-768x545.jpg 768w, https:\/\/przedszkole.spbrzozowka.pl\/wp-content\/uploads\/2025\/09\/DZIEN-PRZEDSZKOLAKA-1536x1090.jpg 1536w, https:\/\/przedszkole.spbrzozowka.pl\/wp-content\/uploads\/2025\/09\/DZIEN-PRZEDSZKOLAKA-1000x709.jpg 1000w, https:\/\/przedszkole.spbrzozowka.pl\/wp-content\/uploads\/2025\/09\/DZIEN-PRZEDSZKOLAKA-230x163.jpg 230w, https:\/\/przedszkole.spbrzozowka.pl\/wp-content\/uploads\/2025\/09\/DZIEN-PRZEDSZKOLAKA-350x248.jpg 350w, https:\/\/przedszkole.spbrzozowka.pl\/wp-content\/uploads\/2025\/09\/DZIEN-PRZEDSZKOLAKA-480x341.jpg 480w, https:\/\/przedszkole.spbrzozowka.pl\/wp-content\/uploads\/2025\/09\/DZIEN-PRZEDSZKOLAKA.jpg 1748w\" data-sizes=\"(max-width: 1024px) 100vw, 1024px\" src=\"data:image\/svg+xml;base64,PHN2ZyB3aWR0aD0iMSIgaGVpZ2h0PSIxIiB4bWxucz0iaHR0cDovL3d3dy53My5vcmcvMjAwMC9zdmciPjwvc3ZnPg==\" style=\"--smush-placeholder-width: 1024px; --smush-placeholder-aspect-ratio: 1024\/726;\" \/>\t\t\t\t\t\t\t\t\t\t\t\t\t\t\t<\/div>\n\t\t\t\t<\/div>\n\t\t\t\t\t<\/div>\n\t\t<\/div>\n\t\t\t\t\t<\/div>\n\t\t<\/section>\n\t\t\t\t<section class=\"elementor-section elementor-top-section elementor-element elementor-element-055cacf elementor-section-boxed elementor-section-height-default elementor-section-height-default\" data-id=\"055cacf\" data-element_type=\"section\" data-e-type=\"section\" data-settings=\"{&quot;background_background&quot;:&quot;classic&quot;}\">\n\t\t\t\t\t\t<div class=\"elementor-container elementor-column-gap-default\">\n\t\t\t\t\t<div class=\"elementor-column elementor-col-100 elementor-top-column elementor-element elementor-element-1d6f68d\" data-id=\"1d6f68d\" data-element_type=\"column\" data-e-type=\"column\">\n\t\t\t<div class=\"elementor-widget-wrap elementor-element-populated\">\n\t\t\t\t\t\t<div class=\"elementor-element elementor-element-a7df8d7 elementor-widget elementor-widget-image\" data-id=\"a7df8d7\" data-element_type=\"widget\" data-e-type=\"widget\" data-widget_type=\"image.default\">\n\t\t\t\t<div class=\"elementor-widget-container\">\n\t\t\t\t\t\t\t\t\t\t\t\t\t\t\t<img decoding=\"async\" width=\"1024\" height=\"683\" data-src=\"https:\/\/przedszkole.spbrzozowka.pl\/wp-content\/uploads\/2025\/08\/na-strone-1024x683.jpg\" class=\"attachment-large size-large wp-image-10633 lazyload\" alt=\"\" data-srcset=\"https:\/\/przedszkole.spbrzozowka.pl\/wp-content\/uploads\/2025\/08\/na-strone-1024x683.jpg 1024w, https:\/\/przedszkole.spbrzozowka.pl\/wp-content\/uploads\/2025\/08\/na-strone-300x200.jpg 300w, https:\/\/przedszkole.spbrzozowka.pl\/wp-content\/uploads\/2025\/08\/na-strone-768x512.jpg 768w, https:\/\/przedszkole.spbrzozowka.pl\/wp-content\/uploads\/2025\/08\/na-strone-1536x1024.jpg 1536w, https:\/\/przedszkole.spbrzozowka.pl\/wp-content\/uploads\/2025\/08\/na-strone-1000x667.jpg 1000w, https:\/\/przedszkole.spbrzozowka.pl\/wp-content\/uploads\/2025\/08\/na-strone-230x153.jpg 230w, https:\/\/przedszkole.spbrzozowka.pl\/wp-content\/uploads\/2025\/08\/na-strone-350x233.jpg 350w, https:\/\/przedszkole.spbrzozowka.pl\/wp-content\/uploads\/2025\/08\/na-strone-480x320.jpg 480w, https:\/\/przedszkole.spbrzozowka.pl\/wp-content\/uploads\/2025\/08\/na-strone.jpg 1800w\" data-sizes=\"(max-width: 1024px) 100vw, 1024px\" src=\"data:image\/svg+xml;base64,PHN2ZyB3aWR0aD0iMSIgaGVpZ2h0PSIxIiB4bWxucz0iaHR0cDovL3d3dy53My5vcmcvMjAwMC9zdmciPjwvc3ZnPg==\" style=\"--smush-placeholder-width: 1024px; --smush-placeholder-aspect-ratio: 1024\/683;\" \/>\t\t\t\t\t\t\t\t\t\t\t\t\t\t\t<\/div>\n\t\t\t\t<\/div>\n\t\t\t\t\t<\/div>\n\t\t<\/div>\n\t\t\t\t\t<\/div>\n\t\t<\/section>\n\t\t\t\t<section class=\"elementor-section elementor-top-section elementor-element elementor-element-c0ceb83 elementor-section-boxed elementor-section-height-default elementor-section-height-default\" data-id=\"c0ceb83\" data-element_type=\"section\" data-e-type=\"section\" data-settings=\"{&quot;background_background&quot;:&quot;classic&quot;}\">\n\t\t\t\t\t\t<div class=\"elementor-container elementor-column-gap-default\">\n\t\t\t\t\t<div class=\"elementor-column elementor-col-100 elementor-top-column elementor-element elementor-element-ed2b6aa\" data-id=\"ed2b6aa\" data-element_type=\"column\" data-e-type=\"column\">\n\t\t\t<div class=\"elementor-widget-wrap elementor-element-populated\">\n\t\t\t\t\t\t<div class=\"elementor-element elementor-element-238d741 elementor-widget elementor-widget-image\" data-id=\"238d741\" data-element_type=\"widget\" data-e-type=\"widget\" data-widget_type=\"image.default\">\n\t\t\t\t<div class=\"elementor-widget-container\">\n\t\t\t\t\t\t\t\t\t\t\t\t\t\t\t<img decoding=\"async\" width=\"1024\" height=\"683\" data-src=\"https:\/\/przedszkole.spbrzozowka.pl\/wp-content\/uploads\/2025\/04\/Z-okazji-Swiat-Wielkanocnych-1-1024x683.jpg\" class=\"attachment-large size-large wp-image-10470 lazyload\" alt=\"\" data-srcset=\"https:\/\/przedszkole.spbrzozowka.pl\/wp-content\/uploads\/2025\/04\/Z-okazji-Swiat-Wielkanocnych-1-1024x683.jpg 1024w, https:\/\/przedszkole.spbrzozowka.pl\/wp-content\/uploads\/2025\/04\/Z-okazji-Swiat-Wielkanocnych-1-300x200.jpg 300w, https:\/\/przedszkole.spbrzozowka.pl\/wp-content\/uploads\/2025\/04\/Z-okazji-Swiat-Wielkanocnych-1-768x512.jpg 768w, https:\/\/przedszkole.spbrzozowka.pl\/wp-content\/uploads\/2025\/04\/Z-okazji-Swiat-Wielkanocnych-1-1536x1024.jpg 1536w, https:\/\/przedszkole.spbrzozowka.pl\/wp-content\/uploads\/2025\/04\/Z-okazji-Swiat-Wielkanocnych-1-1000x667.jpg 1000w, https:\/\/przedszkole.spbrzozowka.pl\/wp-content\/uploads\/2025\/04\/Z-okazji-Swiat-Wielkanocnych-1-230x153.jpg 230w, https:\/\/przedszkole.spbrzozowka.pl\/wp-content\/uploads\/2025\/04\/Z-okazji-Swiat-Wielkanocnych-1-350x233.jpg 350w, https:\/\/przedszkole.spbrzozowka.pl\/wp-content\/uploads\/2025\/04\/Z-okazji-Swiat-Wielkanocnych-1-480x320.jpg 480w, https:\/\/przedszkole.spbrzozowka.pl\/wp-content\/uploads\/2025\/04\/Z-okazji-Swiat-Wielkanocnych-1.jpg 1800w\" data-sizes=\"(max-width: 1024px) 100vw, 1024px\" src=\"data:image\/svg+xml;base64,PHN2ZyB3aWR0aD0iMSIgaGVpZ2h0PSIxIiB4bWxucz0iaHR0cDovL3d3dy53My5vcmcvMjAwMC9zdmciPjwvc3ZnPg==\" style=\"--smush-placeholder-width: 1024px; --smush-placeholder-aspect-ratio: 1024\/683;\" \/>\t\t\t\t\t\t\t\t\t\t\t\t\t\t\t<\/div>\n\t\t\t\t<\/div>\n\t\t\t\t\t<\/div>\n\t\t<\/div>\n\t\t\t\t\t<\/div>\n\t\t<\/section>\n\t\t\t\t<section class=\"elementor-section elementor-top-section elementor-element elementor-element-3fdf154 elementor-section-boxed elementor-section-height-default elementor-section-height-default\" data-id=\"3fdf154\" data-element_type=\"section\" data-e-type=\"section\" data-settings=\"{&quot;background_background&quot;:&quot;classic&quot;}\">\n\t\t\t\t\t\t<div class=\"elementor-container elementor-column-gap-default\">\n\t\t\t\t\t<div class=\"elementor-column elementor-col-100 elementor-top-column elementor-element elementor-element-e8a953d\" data-id=\"e8a953d\" data-element_type=\"column\" data-e-type=\"column\">\n\t\t\t<div class=\"elementor-widget-wrap elementor-element-populated\">\n\t\t\t\t\t\t<div class=\"elementor-element elementor-element-9625cc8 elementor-widget elementor-widget-text-editor\" data-id=\"9625cc8\" data-element_type=\"widget\" data-e-type=\"widget\" data-widget_type=\"text-editor.default\">\n\t\t\t\t<div class=\"elementor-widget-container\">\n\t\t\t\t\t\t\t\t\t<div dir=\"auto\" style=\"font-family: 'Segoe UI Historic', 'Segoe UI', Helvetica, Arial, sans-serif; color: #080809; font-size: 15px; white-space-collapse: preserve;\"><div class=\"xdj266r x11i5rnm xat24cr x1mh8g0r x1vvkbs x126k92a\" style=\"margin: 0px; overflow-wrap: break-word;\"><div dir=\"auto\" style=\"font-family: inherit;\">20 listopada to wyj\u0105tkowy dzie\u0144 \u2013 rocznica uchwalenia Konwencji o prawach dziecka, dla nas to r\u00f3wnie\u017c wa\u017cna data, poniewa\u017c \u015bwi\u0119towali\u015bmy V rocznic\u0119 nadania imienia przedszkolu. Dzieci w tym dniu by\u0142y ubrane na niebiesko.<\/div><div dir=\"auto\" style=\"font-family: inherit;\">Niekt\u00f3re przedszkolaki przygotowa\u0142y wiersze, kt\u00f3re wyrecytowa\u0142y podczas uroczysto\u015bci, a JURY przyzna\u0142o odpowiednie miejsca oraz wyr\u00f3\u017cnienia.<\/div><\/div><div class=\"x11i5rnm xat24cr x1mh8g0r x1vvkbs xtlvy1s x126k92a\" style=\"margin: 0.5em 0px 0px; overflow-wrap: break-word;\"><div dir=\"auto\" style=\"font-family: inherit;\">Wyniki:<\/div><div dir=\"auto\" style=\"font-family: inherit;\">I miejsce: Martyna Smykowska, Tymon Ciechacki<\/div><div dir=\"auto\" style=\"font-family: inherit;\">II miejsce: Maja Pop\u0142awska, Pola Laskowska<\/div><div dir=\"auto\" style=\"font-family: inherit;\">III miejsce: Maksymilian Meller, Piotr Thiem<\/div><\/div><div class=\"x11i5rnm xat24cr x1mh8g0r x1vvkbs xtlvy1s x126k92a\" style=\"margin: 0.5em 0px 0px; overflow-wrap: break-word;\"><div dir=\"auto\" style=\"font-family: inherit;\">Serdecznie gratulujemy wszystkim uczestnikom wierszowania i dzi\u0119kujemy za przygotowanie dzieci <span class=\"html-span xexx8yu x4uap5 x18d9i69 xkhd6sd x1hl2dhg x16tdsg8 x1vvkbs x3nfvp2 x1j61x8r x1fcty0u xdj266r xat24cr xgzva0m xhhsvwb xxymvpz xlup9mm x1kky2od\" style=\"text-align: inherit; overflow-wrap: break-word; padding: 0px; margin: 0px 1px; display: inline-flex; vertical-align: middle; width: 16px; height: 16px; font-family: inherit;\"><img decoding=\"async\" class=\"xz74otr lazyload\" style=\"--smush-placeholder-width: 16px; --smush-placeholder-aspect-ratio: 16\/16;border-width: 0px; border-style: initial; object-fit: fill;\" data-src=\"https:\/\/static.xx.fbcdn.net\/images\/emoji.php\/v9\/t7f\/1\/16\/1f60a.png\" alt=\"\ud83d\ude0a\" width=\"16\" height=\"16\" src=\"data:image\/svg+xml;base64,PHN2ZyB3aWR0aD0iMSIgaGVpZ2h0PSIxIiB4bWxucz0iaHR0cDovL3d3dy53My5vcmcvMjAwMC9zdmciPjwvc3ZnPg==\" \/><\/span><\/div><\/div><\/div>\t\t\t\t\t\t\t\t<\/div>\n\t\t\t\t<\/div>\n\t\t\t\t<div class=\"elementor-element elementor-element-de65554 elementor-widget elementor-widget-image\" data-id=\"de65554\" data-element_type=\"widget\" data-e-type=\"widget\" data-widget_type=\"image.default\">\n\t\t\t\t<div class=\"elementor-widget-container\">\n\t\t\t\t\t\t\t\t\t\t\t\t\t\t\t<img decoding=\"async\" data-src=\"https:\/\/przedszkole.spbrzozowka.pl\/wp-content\/uploads\/2024\/11\/MIEDZYNARODOWY-DZIEN-PRAW-DZIECKA.jpg\" title=\"\" alt=\"\" src=\"data:image\/svg+xml;base64,PHN2ZyB3aWR0aD0iMSIgaGVpZ2h0PSIxIiB4bWxucz0iaHR0cDovL3d3dy53My5vcmcvMjAwMC9zdmciPjwvc3ZnPg==\" class=\"lazyload\" \/>\t\t\t\t\t\t\t\t\t\t\t\t\t\t\t<\/div>\n\t\t\t\t<\/div>\n\t\t\t\t<div class=\"elementor-element elementor-element-11dbf6b elementor-widget elementor-widget-image\" data-id=\"11dbf6b\" data-element_type=\"widget\" data-e-type=\"widget\" data-widget_type=\"image.default\">\n\t\t\t\t<div class=\"elementor-widget-container\">\n\t\t\t\t\t\t\t\t\t\t\t\t\t\t\t<img decoding=\"async\" width=\"724\" height=\"1024\" data-src=\"https:\/\/przedszkole.spbrzozowka.pl\/wp-content\/uploads\/2024\/10\/2-724x1024.jpg\" class=\"attachment-large size-large wp-image-8297 lazyload\" alt=\"\" data-srcset=\"https:\/\/przedszkole.spbrzozowka.pl\/wp-content\/uploads\/2024\/10\/2-724x1024.jpg 724w, https:\/\/przedszkole.spbrzozowka.pl\/wp-content\/uploads\/2024\/10\/2-212x300.jpg 212w, https:\/\/przedszkole.spbrzozowka.pl\/wp-content\/uploads\/2024\/10\/2-768x1086.jpg 768w, https:\/\/przedszkole.spbrzozowka.pl\/wp-content\/uploads\/2024\/10\/2-1086x1536.jpg 1086w, https:\/\/przedszkole.spbrzozowka.pl\/wp-content\/uploads\/2024\/10\/2-1448x2048.jpg 1448w, https:\/\/przedszkole.spbrzozowka.pl\/wp-content\/uploads\/2024\/10\/2-1000x1415.jpg 1000w, https:\/\/przedszkole.spbrzozowka.pl\/wp-content\/uploads\/2024\/10\/2-230x325.jpg 230w, https:\/\/przedszkole.spbrzozowka.pl\/wp-content\/uploads\/2024\/10\/2-350x495.jpg 350w, https:\/\/przedszkole.spbrzozowka.pl\/wp-content\/uploads\/2024\/10\/2-480x679.jpg 480w, https:\/\/przedszkole.spbrzozowka.pl\/wp-content\/uploads\/2024\/10\/2.jpg 1587w\" data-sizes=\"(max-width: 724px) 100vw, 724px\" src=\"data:image\/svg+xml;base64,PHN2ZyB3aWR0aD0iMSIgaGVpZ2h0PSIxIiB4bWxucz0iaHR0cDovL3d3dy53My5vcmcvMjAwMC9zdmciPjwvc3ZnPg==\" style=\"--smush-placeholder-width: 724px; --smush-placeholder-aspect-ratio: 724\/1024;\" \/>\t\t\t\t\t\t\t\t\t\t\t\t\t\t\t<\/div>\n\t\t\t\t<\/div>\n\t\t\t\t\t<\/div>\n\t\t<\/div>\n\t\t\t\t\t<\/div>\n\t\t<\/section>\n\t\t\t\t<section class=\"elementor-section elementor-top-section elementor-element elementor-element-a36e6d0 elementor-section-boxed elementor-section-height-default elementor-section-height-default\" data-id=\"a36e6d0\" data-element_type=\"section\" data-e-type=\"section\" data-settings=\"{&quot;background_background&quot;:&quot;classic&quot;}\">\n\t\t\t\t\t\t<div class=\"elementor-container elementor-column-gap-default\">\n\t\t\t\t\t<div class=\"elementor-column elementor-col-100 elementor-top-column elementor-element elementor-element-544f56c\" data-id=\"544f56c\" data-element_type=\"column\" data-e-type=\"column\">\n\t\t\t<div class=\"elementor-widget-wrap elementor-element-populated\">\n\t\t\t\t\t\t<div class=\"elementor-element elementor-element-21c597a elementor-widget elementor-widget-text-editor\" data-id=\"21c597a\" data-element_type=\"widget\" data-e-type=\"widget\" data-widget_type=\"text-editor.default\">\n\t\t\t\t<div class=\"elementor-widget-container\">\n\t\t\t\t\t\t\t\t\t<div dir=\"auto\" style=\"font-family: 'Segoe UI Historic', 'Segoe UI', Helvetica, Arial, sans-serif; color: #080809; font-size: 15px; white-space-collapse: preserve;\"><strong>Dzisiaj w naszym przedszkolu dzieci obchodzi\u0142y &#8222;Dzie\u0144 Postaci z bajek&#8221;. Ba\u015bnie, bajki s\u0105 dla wszystkich \u017ar\u00f3d\u0142em bogatych prze\u017cy\u0107, wra\u017ce\u0144 i sposobem wzbogacenia wyobra\u017ani. Bajka towarzyszy nam od najm\u0142odszych lat. Tego dnia przedszkolaki przyby\u0142y przebrane w pi\u0119kne, bajkowe stroje. W grupach spotka\u0107 mo\u017cna by\u0142o m.in. ksi\u0119\u017cniczki, superbohater\u00f3w, wr\u00f3\u017cki, czarodziej\u00f3w. Dzieci rozpoznawa\u0142y atrybuty do wybranych bajek, wykonywa\u0142y r\u00f3\u017cne zadania zwi\u0105zane z postaciami bajkowymi. Po wykonaniu wszystkich aktywno\u015bci przyszed\u0142 czas na zabaw\u0119 przy muzyce. Tego dnia niespodziank\u0105 by\u0142a wizyta specjalnego go\u015bcia, czyli MYSZKI MIKI, kt\u00f3ra zaprosi\u0142a przedszkolak\u00f3w do wsp\u00f3lnego ta\u0144ca. By\u0142 to dzie\u0144 kolorowy i weso\u0142y:)<\/strong><\/div><div dir=\"auto\" style=\"font-family: 'Segoe UI Historic', 'Segoe UI', Helvetica, Arial, sans-serif; color: #080809; font-size: 15px; white-space-collapse: preserve;\"><strong><span class=\"html-span xdj266r x11i5rnm xat24cr x1mh8g0r xexx8yu x4uap5 x18d9i69 xkhd6sd x1hl2dhg x16tdsg8 x1vvkbs\" style=\"margin: 0px; text-align: inherit; overflow-wrap: break-word; padding: 0px; font-family: inherit;\"><a class=\"x1i10hfl xjbqb8w x1ejq31n xd10rxx x1sy0etr x17r0tee x972fbf xcfux6l x1qhh985 xm0m39n x9f619 x1ypdohk xt0psk2 xe8uvvx xdj266r x11i5rnm xat24cr x1mh8g0r xexx8yu x4uap5 x18d9i69 xkhd6sd x16tdsg8 x1hl2dhg xggy1nq x1a2a7pz x1sur9pj xkrqix3 x1fey0fg x1s688f\" style=\"cursor: pointer; list-style: none; margin: 0px; text-align: inherit; border-style: none; padding: 0px; border-width: 0px; outline: none; -webkit-tap-highlight-color: transparent; font-weight: 600; touch-action: manipulation; display: inline; font-family: inherit;\" tabindex=\"0\" role=\"link\" href=\"https:\/\/www.facebook.com\/hashtag\/dzie%C5%84postacizbajek?__eep__=6&amp;__cft__[0]=AZX3PiaCNhyGWkgUH3apoiq1ndeSxpXs78EPdnWrMODDoVVlaSUcFvcKov1imeuJf1ilgbC0ZqbyD_FoSxOzSmdR6yiRqkWAh8nZBdXGpXHlNWjE4pXSGMr4Uw-Law_EprsGvoyUkP-_DpNqjgUl1ohNuJH6KdNlkU6oVb9zInpFc2wQNzenhI046BxyLi5RNuA&amp;__tn__=*NK-R\">#Dzie\u0144postacizbajek<\/a><\/span> <span class=\"html-span xdj266r x11i5rnm xat24cr x1mh8g0r xexx8yu x4uap5 x18d9i69 xkhd6sd x1hl2dhg x16tdsg8 x1vvkbs\" style=\"margin: 0px; text-align: inherit; overflow-wrap: break-word; padding: 0px; font-family: inherit;\"><a class=\"x1i10hfl xjbqb8w x1ejq31n xd10rxx x1sy0etr x17r0tee x972fbf xcfux6l x1qhh985 xm0m39n x9f619 x1ypdohk xt0psk2 xe8uvvx xdj266r x11i5rnm xat24cr x1mh8g0r xexx8yu x4uap5 x18d9i69 xkhd6sd x16tdsg8 x1hl2dhg xggy1nq x1a2a7pz x1sur9pj xkrqix3 x1fey0fg x1s688f\" style=\"cursor: pointer; list-style: none; margin: 0px; text-align: inherit; border-style: none; padding: 0px; border-width: 0px; outline: none; -webkit-tap-highlight-color: transparent; font-weight: 600; touch-action: manipulation; display: inline; font-family: inherit;\" tabindex=\"0\" role=\"link\" href=\"https:\/\/www.facebook.com\/hashtag\/myszkamiki?__eep__=6&amp;__cft__[0]=AZX3PiaCNhyGWkgUH3apoiq1ndeSxpXs78EPdnWrMODDoVVlaSUcFvcKov1imeuJf1ilgbC0ZqbyD_FoSxOzSmdR6yiRqkWAh8nZBdXGpXHlNWjE4pXSGMr4Uw-Law_EprsGvoyUkP-_DpNqjgUl1ohNuJH6KdNlkU6oVb9zInpFc2wQNzenhI046BxyLi5RNuA&amp;__tn__=*NK-R\">#myszkamiki<\/a><\/span><\/strong><\/div>\t\t\t\t\t\t\t\t<\/div>\n\t\t\t\t<\/div>\n\t\t\t\t<div class=\"elementor-element elementor-element-9f5d5fd elementor-widget elementor-widget-image\" data-id=\"9f5d5fd\" data-element_type=\"widget\" data-e-type=\"widget\" data-widget_type=\"image.default\">\n\t\t\t\t<div class=\"elementor-widget-container\">\n\t\t\t\t\t\t\t\t\t\t\t\t\t\t\t<img decoding=\"async\" data-src=\"https:\/\/przedszkole.spbrzozowka.pl\/wp-content\/uploads\/2024\/11\/DZIEN-POSTACI-Z-BAJEK.jpg\" title=\"\" alt=\"\" src=\"data:image\/svg+xml;base64,PHN2ZyB3aWR0aD0iMSIgaGVpZ2h0PSIxIiB4bWxucz0iaHR0cDovL3d3dy53My5vcmcvMjAwMC9zdmciPjwvc3ZnPg==\" class=\"lazyload\" \/>\t\t\t\t\t\t\t\t\t\t\t\t\t\t\t<\/div>\n\t\t\t\t<\/div>\n\t\t\t\t<div class=\"elementor-element elementor-element-7f1acb8 elementor-widget elementor-widget-image\" data-id=\"7f1acb8\" data-element_type=\"widget\" data-e-type=\"widget\" data-widget_type=\"image.default\">\n\t\t\t\t<div class=\"elementor-widget-container\">\n\t\t\t\t\t\t\t\t\t\t\t\t\t\t\t<img decoding=\"async\" width=\"724\" height=\"1024\" data-src=\"https:\/\/przedszkole.spbrzozowka.pl\/wp-content\/uploads\/2024\/10\/2-724x1024.jpg\" class=\"attachment-large size-large wp-image-8297 lazyload\" alt=\"\" data-srcset=\"https:\/\/przedszkole.spbrzozowka.pl\/wp-content\/uploads\/2024\/10\/2-724x1024.jpg 724w, https:\/\/przedszkole.spbrzozowka.pl\/wp-content\/uploads\/2024\/10\/2-212x300.jpg 212w, https:\/\/przedszkole.spbrzozowka.pl\/wp-content\/uploads\/2024\/10\/2-768x1086.jpg 768w, https:\/\/przedszkole.spbrzozowka.pl\/wp-content\/uploads\/2024\/10\/2-1086x1536.jpg 1086w, https:\/\/przedszkole.spbrzozowka.pl\/wp-content\/uploads\/2024\/10\/2-1448x2048.jpg 1448w, https:\/\/przedszkole.spbrzozowka.pl\/wp-content\/uploads\/2024\/10\/2-1000x1415.jpg 1000w, https:\/\/przedszkole.spbrzozowka.pl\/wp-content\/uploads\/2024\/10\/2-230x325.jpg 230w, https:\/\/przedszkole.spbrzozowka.pl\/wp-content\/uploads\/2024\/10\/2-350x495.jpg 350w, https:\/\/przedszkole.spbrzozowka.pl\/wp-content\/uploads\/2024\/10\/2-480x679.jpg 480w, https:\/\/przedszkole.spbrzozowka.pl\/wp-content\/uploads\/2024\/10\/2.jpg 1587w\" data-sizes=\"(max-width: 724px) 100vw, 724px\" src=\"data:image\/svg+xml;base64,PHN2ZyB3aWR0aD0iMSIgaGVpZ2h0PSIxIiB4bWxucz0iaHR0cDovL3d3dy53My5vcmcvMjAwMC9zdmciPjwvc3ZnPg==\" style=\"--smush-placeholder-width: 724px; --smush-placeholder-aspect-ratio: 724\/1024;\" \/>\t\t\t\t\t\t\t\t\t\t\t\t\t\t\t<\/div>\n\t\t\t\t<\/div>\n\t\t\t\t\t<\/div>\n\t\t<\/div>\n\t\t\t\t\t<\/div>\n\t\t<\/section>\n\t\t\t\t<section class=\"elementor-section elementor-top-section elementor-element elementor-element-7841795 elementor-section-boxed elementor-section-height-default elementor-section-height-default\" data-id=\"7841795\" data-element_type=\"section\" data-e-type=\"section\" data-settings=\"{&quot;background_background&quot;:&quot;classic&quot;}\">\n\t\t\t\t\t\t<div class=\"elementor-container elementor-column-gap-default\">\n\t\t\t\t\t<div class=\"elementor-column elementor-col-100 elementor-top-column elementor-element elementor-element-6d3f08f\" data-id=\"6d3f08f\" data-element_type=\"column\" data-e-type=\"column\">\n\t\t\t<div class=\"elementor-widget-wrap elementor-element-populated\">\n\t\t\t\t\t\t<div class=\"elementor-element elementor-element-5f465e9 elementor-widget elementor-widget-image\" data-id=\"5f465e9\" data-element_type=\"widget\" data-e-type=\"widget\" data-widget_type=\"image.default\">\n\t\t\t\t<div class=\"elementor-widget-container\">\n\t\t\t\t\t\t\t\t\t\t\t\t\t\t\t<img decoding=\"async\" width=\"940\" height=\"788\" data-src=\"https:\/\/przedszkole.spbrzozowka.pl\/wp-content\/uploads\/2024\/09\/1.jpg\" class=\"attachment-large size-large wp-image-7991 lazyload\" alt=\"\" data-srcset=\"https:\/\/przedszkole.spbrzozowka.pl\/wp-content\/uploads\/2024\/09\/1.jpg 940w, https:\/\/przedszkole.spbrzozowka.pl\/wp-content\/uploads\/2024\/09\/1-300x251.jpg 300w, https:\/\/przedszkole.spbrzozowka.pl\/wp-content\/uploads\/2024\/09\/1-768x644.jpg 768w, https:\/\/przedszkole.spbrzozowka.pl\/wp-content\/uploads\/2024\/09\/1-230x193.jpg 230w, https:\/\/przedszkole.spbrzozowka.pl\/wp-content\/uploads\/2024\/09\/1-350x293.jpg 350w, https:\/\/przedszkole.spbrzozowka.pl\/wp-content\/uploads\/2024\/09\/1-480x402.jpg 480w\" data-sizes=\"(max-width: 940px) 100vw, 940px\" src=\"data:image\/svg+xml;base64,PHN2ZyB3aWR0aD0iMSIgaGVpZ2h0PSIxIiB4bWxucz0iaHR0cDovL3d3dy53My5vcmcvMjAwMC9zdmciPjwvc3ZnPg==\" style=\"--smush-placeholder-width: 940px; --smush-placeholder-aspect-ratio: 940\/788;\" \/>\t\t\t\t\t\t\t\t\t\t\t\t\t\t\t<\/div>\n\t\t\t\t<\/div>\n\t\t\t\t\t<\/div>\n\t\t<\/div>\n\t\t\t\t\t<\/div>\n\t\t<\/section>\n\t\t\t\t<section class=\"elementor-section elementor-top-section elementor-element elementor-element-f94a9ad elementor-section-boxed elementor-section-height-default elementor-section-height-default\" data-id=\"f94a9ad\" data-element_type=\"section\" data-e-type=\"section\" data-settings=\"{&quot;background_background&quot;:&quot;classic&quot;}\">\n\t\t\t\t\t\t<div class=\"elementor-container elementor-column-gap-default\">\n\t\t\t\t\t<div class=\"elementor-column elementor-col-100 elementor-top-column elementor-element elementor-element-053e64b\" data-id=\"053e64b\" data-element_type=\"column\" data-e-type=\"column\">\n\t\t\t<div class=\"elementor-widget-wrap elementor-element-populated\">\n\t\t\t\t\t\t<div class=\"elementor-element elementor-element-18922bc elementor-widget elementor-widget-image\" data-id=\"18922bc\" data-element_type=\"widget\" data-e-type=\"widget\" data-widget_type=\"image.default\">\n\t\t\t\t<div class=\"elementor-widget-container\">\n\t\t\t\t\t\t\t\t\t\t\t\t\t\t\t<img decoding=\"async\" width=\"1024\" height=\"726\" data-src=\"https:\/\/przedszkole.spbrzozowka.pl\/wp-content\/uploads\/2024\/08\/Zapraszamy-wszystkich-naszych-przedszkolakow-1024x726.jpg\" class=\"attachment-large size-large wp-image-7781 lazyload\" alt=\"\" data-srcset=\"https:\/\/przedszkole.spbrzozowka.pl\/wp-content\/uploads\/2024\/08\/Zapraszamy-wszystkich-naszych-przedszkolakow-1024x726.jpg 1024w, https:\/\/przedszkole.spbrzozowka.pl\/wp-content\/uploads\/2024\/08\/Zapraszamy-wszystkich-naszych-przedszkolakow-300x213.jpg 300w, https:\/\/przedszkole.spbrzozowka.pl\/wp-content\/uploads\/2024\/08\/Zapraszamy-wszystkich-naszych-przedszkolakow-768x545.jpg 768w, https:\/\/przedszkole.spbrzozowka.pl\/wp-content\/uploads\/2024\/08\/Zapraszamy-wszystkich-naszych-przedszkolakow-1536x1090.jpg 1536w, https:\/\/przedszkole.spbrzozowka.pl\/wp-content\/uploads\/2024\/08\/Zapraszamy-wszystkich-naszych-przedszkolakow-1000x709.jpg 1000w, https:\/\/przedszkole.spbrzozowka.pl\/wp-content\/uploads\/2024\/08\/Zapraszamy-wszystkich-naszych-przedszkolakow-230x163.jpg 230w, https:\/\/przedszkole.spbrzozowka.pl\/wp-content\/uploads\/2024\/08\/Zapraszamy-wszystkich-naszych-przedszkolakow-350x248.jpg 350w, https:\/\/przedszkole.spbrzozowka.pl\/wp-content\/uploads\/2024\/08\/Zapraszamy-wszystkich-naszych-przedszkolakow-480x341.jpg 480w, https:\/\/przedszkole.spbrzozowka.pl\/wp-content\/uploads\/2024\/08\/Zapraszamy-wszystkich-naszych-przedszkolakow.jpg 1748w\" data-sizes=\"(max-width: 1024px) 100vw, 1024px\" src=\"data:image\/svg+xml;base64,PHN2ZyB3aWR0aD0iMSIgaGVpZ2h0PSIxIiB4bWxucz0iaHR0cDovL3d3dy53My5vcmcvMjAwMC9zdmciPjwvc3ZnPg==\" style=\"--smush-placeholder-width: 1024px; --smush-placeholder-aspect-ratio: 1024\/726;\" \/>\t\t\t\t\t\t\t\t\t\t\t\t\t\t\t<\/div>\n\t\t\t\t<\/div>\n\t\t\t\t\t<\/div>\n\t\t<\/div>\n\t\t\t\t\t<\/div>\n\t\t<\/section>\n\t\t\t\t<section class=\"elementor-section elementor-top-section elementor-element elementor-element-401a590 elementor-section-boxed elementor-section-height-default elementor-section-height-default\" data-id=\"401a590\" data-element_type=\"section\" data-e-type=\"section\" data-settings=\"{&quot;background_background&quot;:&quot;classic&quot;}\">\n\t\t\t\t\t\t<div class=\"elementor-container elementor-column-gap-default\">\n\t\t\t\t\t<div class=\"elementor-column elementor-col-100 elementor-top-column elementor-element elementor-element-e41679e\" data-id=\"e41679e\" data-element_type=\"column\" data-e-type=\"column\">\n\t\t\t<div class=\"elementor-widget-wrap elementor-element-populated\">\n\t\t\t\t\t\t<div class=\"elementor-element elementor-element-898d784 elementor-widget elementor-widget-text-editor\" data-id=\"898d784\" data-element_type=\"widget\" data-e-type=\"widget\" data-widget_type=\"text-editor.default\">\n\t\t\t\t<div class=\"elementor-widget-container\">\n\t\t\t\t\t\t\t\t\t<h2 class=\"entry-title mkdf-post-title\">KONKURS \u201eWyzwania w pracy w przedszkolu\u201d<\/h2><div class=\"vc_row wpb_row vc_row-fluid\"><div class=\"wpb_column vc_column_container vc_col-sm-12\"><div class=\"vc_column-inner\"><div class=\"wpb_wrapper\"><div class=\"wpb_text_column wpb_content_element \"><div class=\"wpb_wrapper\"><p><a href=\"https:\/\/www.praca.pl\/\">Praca.pl<\/a>\u00a0rusza z drug\u0105 edycj\u0105\u00a0<a href=\"https:\/\/www.praca.pl\/konkurs\/wyzwania-w-pracy-w-przedszkolu\/\">konkursu dla przedszkoli<\/a>, kt\u00f3rego celem jest, tak jak poprzednio, wsparcie najm\u0142odszych. Tym razem jednak chcemy by w konkursie wzi\u0119li udzia\u0142 pracownicy plac\u00f3wek. Chcemy pozna\u0107 odpowied\u017a na pytanie: jakie wyzwania spotka\u0142y Was w zawodzie nauczycielki\/nauczyciela przedszkola? Przedszkole, kt\u00f3rego pracownik wy\u015ble najbardziej kreatywn\u0105 odpowied\u017a (do 10 zda\u0144) wygra bon wysoko\u015bci 2000 z\u0142. Dodatkowo, zwyci\u0119skie przedszkole mo\u017ce r\u00f3wnie\u017c wygra\u0107 drugi bon wysoko\u015bci 500 z\u0142, wystarczy, \u017ce zainstaluje u siebie na stronie WWW bezp\u0142atn\u0105 wtyczk\u0119:<\/p><ul><li><a href=\"https:\/\/www.praca.pl\/dodatki.html\">https:\/\/www.praca.pl\/dodatki.html<\/a><\/li><li><a href=\"https:\/\/www.praca.pl\/dodatki\/plugin-wordpress.html\">https:\/\/www.praca.pl\/dodatki\/plugin-wordpress.html<\/a><\/li><\/ul><p><strong>Jak wzi\u0105\u0107 udzia\u0142 w konkursie?<\/strong><\/p><p>Nic prostszego! Wystarczy przes\u0142a\u0107 kr\u00f3tki opis (do 10 zda\u0144), kt\u00f3ry odpowie na pytania postawione wy\u017cej, czyli jakie wyzwania spotka\u0142y Was w czasie pracy w przedszkolu. Do tego prosimy r\u00f3wnie\u017c o wype\u0142nienie formularza zg\u0142oszeniowego, a potem wystarczy ju\u017c tylko trzyma\u0107 kciuki za swoj\u0105 prac\u0119.<\/p><p>Konkurs wygra praca, kt\u00f3ra b\u0119dzie najbardziej pomys\u0142owa oraz zgodna z tematyk\u0105.<\/p><p>Wa\u017cne informacje:<\/p><ul><li>Rozpocz\u0119cie konkursu 29.07.2024,<\/li><li>Termin realizacji zadania konkursowego 02.09.2024,<\/li><li>Ocena i wy\u0142onienie zwyci\u0119zcy 09.09.2024,<\/li><li>Publikacja wynik\u00f3w konkursu 16.09.2024.<\/li><\/ul><p>Zapraszamy do wzi\u0119cia udzia\u0142u!<\/p><\/div><\/div><\/div><\/div><\/div><\/div>\t\t\t\t\t\t\t\t<\/div>\n\t\t\t\t<\/div>\n\t\t\t\t<div class=\"elementor-element elementor-element-a53e540 elementor-widget elementor-widget-image\" data-id=\"a53e540\" data-element_type=\"widget\" data-e-type=\"widget\" data-widget_type=\"image.default\">\n\t\t\t\t<div class=\"elementor-widget-container\">\n\t\t\t\t\t\t\t\t\t\t\t\t\t\t\t<img decoding=\"async\" width=\"300\" height=\"300\" data-src=\"https:\/\/przedszkole.spbrzozowka.pl\/wp-content\/uploads\/2024\/09\/konkurs_wyzwania_w_pracy_przedszkole-300x300.jpg\" class=\"attachment-medium size-medium wp-image-7821 lazyload\" alt=\"\" data-srcset=\"https:\/\/przedszkole.spbrzozowka.pl\/wp-content\/uploads\/2024\/09\/konkurs_wyzwania_w_pracy_przedszkole-300x300.jpg 300w, https:\/\/przedszkole.spbrzozowka.pl\/wp-content\/uploads\/2024\/09\/konkurs_wyzwania_w_pracy_przedszkole-1024x1024.jpg 1024w, https:\/\/przedszkole.spbrzozowka.pl\/wp-content\/uploads\/2024\/09\/konkurs_wyzwania_w_pracy_przedszkole-150x150.jpg 150w, https:\/\/przedszkole.spbrzozowka.pl\/wp-content\/uploads\/2024\/09\/konkurs_wyzwania_w_pracy_przedszkole-768x768.jpg 768w, https:\/\/przedszkole.spbrzozowka.pl\/wp-content\/uploads\/2024\/09\/konkurs_wyzwania_w_pracy_przedszkole-1000x1000.jpg 1000w, https:\/\/przedszkole.spbrzozowka.pl\/wp-content\/uploads\/2024\/09\/konkurs_wyzwania_w_pracy_przedszkole-230x230.jpg 230w, https:\/\/przedszkole.spbrzozowka.pl\/wp-content\/uploads\/2024\/09\/konkurs_wyzwania_w_pracy_przedszkole-350x350.jpg 350w, https:\/\/przedszkole.spbrzozowka.pl\/wp-content\/uploads\/2024\/09\/konkurs_wyzwania_w_pracy_przedszkole-480x480.jpg 480w, https:\/\/przedszkole.spbrzozowka.pl\/wp-content\/uploads\/2024\/09\/konkurs_wyzwania_w_pracy_przedszkole.jpg 1080w\" data-sizes=\"(max-width: 300px) 100vw, 300px\" src=\"data:image\/svg+xml;base64,PHN2ZyB3aWR0aD0iMSIgaGVpZ2h0PSIxIiB4bWxucz0iaHR0cDovL3d3dy53My5vcmcvMjAwMC9zdmciPjwvc3ZnPg==\" style=\"--smush-placeholder-width: 300px; --smush-placeholder-aspect-ratio: 300\/300;\" \/>\t\t\t\t\t\t\t\t\t\t\t\t\t\t\t<\/div>\n\t\t\t\t<\/div>\n\t\t\t\t\t<\/div>\n\t\t<\/div>\n\t\t\t\t\t<\/div>\n\t\t<\/section>\n\t\t\t\t<section class=\"elementor-section elementor-top-section elementor-element elementor-element-518c782 elementor-section-boxed elementor-section-height-default elementor-section-height-default\" data-id=\"518c782\" data-element_type=\"section\" data-e-type=\"section\" data-settings=\"{&quot;background_background&quot;:&quot;classic&quot;}\">\n\t\t\t\t\t\t<div class=\"elementor-container elementor-column-gap-default\">\n\t\t\t\t\t<div class=\"elementor-column elementor-col-100 elementor-top-column elementor-element elementor-element-9a8d8e6\" data-id=\"9a8d8e6\" data-element_type=\"column\" data-e-type=\"column\">\n\t\t\t<div class=\"elementor-widget-wrap elementor-element-populated\">\n\t\t\t\t\t\t<div class=\"elementor-element elementor-element-d5d0c03 elementor-widget elementor-widget-image\" data-id=\"d5d0c03\" data-element_type=\"widget\" data-e-type=\"widget\" data-widget_type=\"image.default\">\n\t\t\t\t<div class=\"elementor-widget-container\">\n\t\t\t\t\t\t\t\t\t\t\t\t\t\t\t<img decoding=\"async\" width=\"1024\" height=\"726\" data-src=\"https:\/\/przedszkole.spbrzozowka.pl\/wp-content\/uploads\/2024\/06\/Z-wielka-przyjemnoscia-zapraszamy-przedszkolakow-zapisanych-na-dyzur-wakacyjny-1024x726.jpg\" class=\"attachment-large size-large wp-image-7734 lazyload\" alt=\"\" data-srcset=\"https:\/\/przedszkole.spbrzozowka.pl\/wp-content\/uploads\/2024\/06\/Z-wielka-przyjemnoscia-zapraszamy-przedszkolakow-zapisanych-na-dyzur-wakacyjny-1024x726.jpg 1024w, https:\/\/przedszkole.spbrzozowka.pl\/wp-content\/uploads\/2024\/06\/Z-wielka-przyjemnoscia-zapraszamy-przedszkolakow-zapisanych-na-dyzur-wakacyjny-300x213.jpg 300w, https:\/\/przedszkole.spbrzozowka.pl\/wp-content\/uploads\/2024\/06\/Z-wielka-przyjemnoscia-zapraszamy-przedszkolakow-zapisanych-na-dyzur-wakacyjny-768x545.jpg 768w, https:\/\/przedszkole.spbrzozowka.pl\/wp-content\/uploads\/2024\/06\/Z-wielka-przyjemnoscia-zapraszamy-przedszkolakow-zapisanych-na-dyzur-wakacyjny-1536x1090.jpg 1536w, https:\/\/przedszkole.spbrzozowka.pl\/wp-content\/uploads\/2024\/06\/Z-wielka-przyjemnoscia-zapraszamy-przedszkolakow-zapisanych-na-dyzur-wakacyjny-1000x709.jpg 1000w, https:\/\/przedszkole.spbrzozowka.pl\/wp-content\/uploads\/2024\/06\/Z-wielka-przyjemnoscia-zapraszamy-przedszkolakow-zapisanych-na-dyzur-wakacyjny-230x163.jpg 230w, https:\/\/przedszkole.spbrzozowka.pl\/wp-content\/uploads\/2024\/06\/Z-wielka-przyjemnoscia-zapraszamy-przedszkolakow-zapisanych-na-dyzur-wakacyjny-350x248.jpg 350w, https:\/\/przedszkole.spbrzozowka.pl\/wp-content\/uploads\/2024\/06\/Z-wielka-przyjemnoscia-zapraszamy-przedszkolakow-zapisanych-na-dyzur-wakacyjny-480x341.jpg 480w, https:\/\/przedszkole.spbrzozowka.pl\/wp-content\/uploads\/2024\/06\/Z-wielka-przyjemnoscia-zapraszamy-przedszkolakow-zapisanych-na-dyzur-wakacyjny.jpg 1748w\" data-sizes=\"(max-width: 1024px) 100vw, 1024px\" src=\"data:image\/svg+xml;base64,PHN2ZyB3aWR0aD0iMSIgaGVpZ2h0PSIxIiB4bWxucz0iaHR0cDovL3d3dy53My5vcmcvMjAwMC9zdmciPjwvc3ZnPg==\" style=\"--smush-placeholder-width: 1024px; --smush-placeholder-aspect-ratio: 1024\/726;\" \/>\t\t\t\t\t\t\t\t\t\t\t\t\t\t\t<\/div>\n\t\t\t\t<\/div>\n\t\t\t\t\t<\/div>\n\t\t<\/div>\n\t\t\t\t\t<\/div>\n\t\t<\/section>\n\t\t\t\t<section class=\"elementor-section elementor-top-section elementor-element elementor-element-171e7c0 elementor-section-boxed elementor-section-height-default elementor-section-height-default\" data-id=\"171e7c0\" data-element_type=\"section\" data-e-type=\"section\" data-settings=\"{&quot;background_background&quot;:&quot;classic&quot;}\">\n\t\t\t\t\t\t<div class=\"elementor-container elementor-column-gap-default\">\n\t\t\t\t\t<div class=\"elementor-column elementor-col-100 elementor-top-column elementor-element elementor-element-8b9d46b\" data-id=\"8b9d46b\" data-element_type=\"column\" data-e-type=\"column\">\n\t\t\t<div class=\"elementor-widget-wrap elementor-element-populated\">\n\t\t\t\t\t\t<div class=\"elementor-element elementor-element-4d8b25a elementor-widget elementor-widget-image\" data-id=\"4d8b25a\" data-element_type=\"widget\" data-e-type=\"widget\" data-widget_type=\"image.default\">\n\t\t\t\t<div class=\"elementor-widget-container\">\n\t\t\t\t\t\t\t\t\t\t\t\t\t\t\t<img decoding=\"async\" data-src=\"https:\/\/przedszkole.spbrzozowka.pl\/wp-content\/uploads\/2024\/06\/plakat.jpg\" title=\"\" alt=\"\" src=\"data:image\/svg+xml;base64,PHN2ZyB3aWR0aD0iMSIgaGVpZ2h0PSIxIiB4bWxucz0iaHR0cDovL3d3dy53My5vcmcvMjAwMC9zdmciPjwvc3ZnPg==\" class=\"lazyload\" \/>\t\t\t\t\t\t\t\t\t\t\t\t\t\t\t<\/div>\n\t\t\t\t<\/div>\n\t\t\t\t\t<\/div>\n\t\t<\/div>\n\t\t\t\t\t<\/div>\n\t\t<\/section>\n\t\t\t\t<section class=\"elementor-section elementor-top-section elementor-element elementor-element-64df9fa elementor-section-boxed elementor-section-height-default elementor-section-height-default\" data-id=\"64df9fa\" data-element_type=\"section\" data-e-type=\"section\" data-settings=\"{&quot;background_background&quot;:&quot;classic&quot;}\">\n\t\t\t\t\t\t<div class=\"elementor-container elementor-column-gap-default\">\n\t\t\t\t\t<div class=\"elementor-column elementor-col-100 elementor-top-column elementor-element elementor-element-f60d277\" data-id=\"f60d277\" data-element_type=\"column\" data-e-type=\"column\">\n\t\t\t<div class=\"elementor-widget-wrap elementor-element-populated\">\n\t\t\t\t\t\t<div class=\"elementor-element elementor-element-76fb41c elementor-widget elementor-widget-image\" data-id=\"76fb41c\" data-element_type=\"widget\" data-e-type=\"widget\" data-widget_type=\"image.default\">\n\t\t\t\t<div class=\"elementor-widget-container\">\n\t\t\t\t\t\t\t\t\t\t\t\t\t\t\t<img decoding=\"async\" data-src=\"https:\/\/przedszkole.spbrzozowka.pl\/wp-content\/uploads\/2024\/06\/446908228_969401458219788_155820122730563445_n.jpg\" title=\"\" alt=\"\" src=\"data:image\/svg+xml;base64,PHN2ZyB3aWR0aD0iMSIgaGVpZ2h0PSIxIiB4bWxucz0iaHR0cDovL3d3dy53My5vcmcvMjAwMC9zdmciPjwvc3ZnPg==\" class=\"lazyload\" \/>\t\t\t\t\t\t\t\t\t\t\t\t\t\t\t<\/div>\n\t\t\t\t<\/div>\n\t\t\t\t<div class=\"elementor-element elementor-element-e8f5dc4 elementor-widget elementor-widget-text-editor\" data-id=\"e8f5dc4\" data-element_type=\"widget\" data-e-type=\"widget\" data-widget_type=\"text-editor.default\">\n\t\t\t\t<div class=\"elementor-widget-container\">\n\t\t\t\t\t\t\t\t\t<div dir=\"auto\">05.06.2024r. w Przedszkolu Samorz\u0105dowym im. Kr\u00f3la Maciusia I w Brzoz\u00f3wce odby\u0142 si\u0119 coroczny Gminny Konkurs Przyrodniczy pn. \u201eEkologiczne potyczki\u201d pod honorowym patronatem W\u00f3jta Gminy Obrowo Andrzeja Wieczy\u0144skiego oraz Dyrektora Miejskiego Przedsi\u0119biorstwa Oczyszczania w Toruniu. Uczestniczy\u0142o w nim sze\u015b\u0107 przedszkoli z terenu Gminy Obrowo. Konkurs mia\u0142 na celu kszta\u0142towanie w\u0142a\u015bciwych postaw ekologicznych. Powo\u0142ane Jury mia\u0142o trudne zadanie, poniewa\u017c dzieci wykaza\u0142y si\u0119 du\u017c\u0105 wiedz\u0105 i umiej\u0119tno\u015bciami z zakresu ekologii.<\/div><div dir=\"auto\">Oto wyniki konkursu:<\/div><div dir=\"auto\">I miejsce: Oddzia\u0142 przedszkolny przy Szkole Podstawowej w Obrowie<\/div><div dir=\"auto\">II miejsce: Przedszkole Samorz\u0105dowe im. Kr\u00f3la Maciusia I w Brzoz\u00f3wce<\/div><div dir=\"auto\">III miejsce: Przedszkole przy Szkole Podstawowej w Z\u0119bowie<\/div><div dir=\"auto\">Wyr\u00f3\u017cnienie: Samorz\u0105dowe Przedszkole w Osieku nad Wis\u0142\u0105, Oddzia\u0142 przedszkolny przy Zespole Szk\u00f3\u0142 w Dobrzejewicach, Oddzia\u0142 przedszkolny przy Szkole Podstawowej im. Miko\u0142aja Kopernika w \u0141\u0105\u017cynie II.<\/div><div dir=\"auto\">Bardzo dzi\u0119kujemy za przygotowanie dzieci i zapraszamy do udzia\u0142u w kolejnych edycjach konkursu.<\/div>\t\t\t\t\t\t\t\t<\/div>\n\t\t\t\t<\/div>\n\t\t\t\t\t<\/div>\n\t\t<\/div>\n\t\t\t\t\t<\/div>\n\t\t<\/section>\n\t\t\t\t<section class=\"elementor-section elementor-top-section elementor-element elementor-element-dd7b995 elementor-section-boxed elementor-section-height-default elementor-section-height-default\" data-id=\"dd7b995\" data-element_type=\"section\" data-e-type=\"section\" data-settings=\"{&quot;background_background&quot;:&quot;classic&quot;}\">\n\t\t\t\t\t\t<div class=\"elementor-container elementor-column-gap-default\">\n\t\t\t\t\t<div class=\"elementor-column elementor-col-100 elementor-top-column elementor-element elementor-element-f5c1500\" data-id=\"f5c1500\" data-element_type=\"column\" data-e-type=\"column\">\n\t\t\t<div class=\"elementor-widget-wrap elementor-element-populated\">\n\t\t\t\t\t\t<div class=\"elementor-element elementor-element-4def0ec elementor-widget elementor-widget-image\" data-id=\"4def0ec\" data-element_type=\"widget\" data-e-type=\"widget\" data-widget_type=\"image.default\">\n\t\t\t\t<div class=\"elementor-widget-container\">\n\t\t\t\t\t\t\t\t\t\t\t\t\t\t\t<img decoding=\"async\" data-src=\"https:\/\/przedszkole.spbrzozowka.pl\/wp-content\/uploads\/2024\/06\/Dzien-Dziecka-plakat.jpg\" title=\"\" alt=\"\" src=\"data:image\/svg+xml;base64,PHN2ZyB3aWR0aD0iMSIgaGVpZ2h0PSIxIiB4bWxucz0iaHR0cDovL3d3dy53My5vcmcvMjAwMC9zdmciPjwvc3ZnPg==\" class=\"lazyload\" \/>\t\t\t\t\t\t\t\t\t\t\t\t\t\t\t<\/div>\n\t\t\t\t<\/div>\n\t\t\t\t\t<\/div>\n\t\t<\/div>\n\t\t\t\t\t<\/div>\n\t\t<\/section>\n\t\t\t\t<section class=\"elementor-section elementor-top-section elementor-element elementor-element-3f0f9ed elementor-section-boxed elementor-section-height-default elementor-section-height-default\" data-id=\"3f0f9ed\" data-element_type=\"section\" data-e-type=\"section\" data-settings=\"{&quot;background_background&quot;:&quot;classic&quot;}\">\n\t\t\t\t\t\t<div class=\"elementor-container elementor-column-gap-default\">\n\t\t\t\t\t<div class=\"elementor-column elementor-col-100 elementor-top-column elementor-element elementor-element-5bfbaa3\" data-id=\"5bfbaa3\" data-element_type=\"column\" data-e-type=\"column\">\n\t\t\t<div class=\"elementor-widget-wrap elementor-element-populated\">\n\t\t\t\t\t\t<div class=\"elementor-element elementor-element-c53bc34 elementor-widget elementor-widget-image\" data-id=\"c53bc34\" data-element_type=\"widget\" data-e-type=\"widget\" data-widget_type=\"image.default\">\n\t\t\t\t<div class=\"elementor-widget-container\">\n\t\t\t\t\t\t\t\t\t\t\t\t\t\t\t<img decoding=\"async\" data-src=\"https:\/\/przedszkole.spbrzozowka.pl\/wp-content\/uploads\/2024\/05\/dzien-mamy.jpg\" title=\"\" alt=\"\" src=\"data:image\/svg+xml;base64,PHN2ZyB3aWR0aD0iMSIgaGVpZ2h0PSIxIiB4bWxucz0iaHR0cDovL3d3dy53My5vcmcvMjAwMC9zdmciPjwvc3ZnPg==\" class=\"lazyload\" \/>\t\t\t\t\t\t\t\t\t\t\t\t\t\t\t<\/div>\n\t\t\t\t<\/div>\n\t\t\t\t\t<\/div>\n\t\t<\/div>\n\t\t\t\t\t<\/div>\n\t\t<\/section>\n\t\t\t\t<section class=\"elementor-section elementor-top-section elementor-element elementor-element-53cf731 elementor-section-boxed elementor-section-height-default elementor-section-height-default\" data-id=\"53cf731\" data-element_type=\"section\" data-e-type=\"section\" data-settings=\"{&quot;background_background&quot;:&quot;classic&quot;}\">\n\t\t\t\t\t\t<div class=\"elementor-container elementor-column-gap-default\">\n\t\t\t\t\t<div class=\"elementor-column elementor-col-100 elementor-top-column elementor-element elementor-element-85f2e3c\" data-id=\"85f2e3c\" data-element_type=\"column\" data-e-type=\"column\">\n\t\t\t<div class=\"elementor-widget-wrap elementor-element-populated\">\n\t\t\t\t\t\t<div class=\"elementor-element elementor-element-af89e4f elementor-widget elementor-widget-image\" data-id=\"af89e4f\" data-element_type=\"widget\" data-e-type=\"widget\" data-widget_type=\"image.default\">\n\t\t\t\t<div class=\"elementor-widget-container\">\n\t\t\t\t\t\t\t\t\t\t\t\t\t\t\t<img decoding=\"async\" data-src=\"https:\/\/przedszkole.spbrzozowka.pl\/wp-content\/uploads\/2024\/05\/Festyn-Rodzinny.jpg\" title=\"\" alt=\"\" src=\"data:image\/svg+xml;base64,PHN2ZyB3aWR0aD0iMSIgaGVpZ2h0PSIxIiB4bWxucz0iaHR0cDovL3d3dy53My5vcmcvMjAwMC9zdmciPjwvc3ZnPg==\" class=\"lazyload\" \/>\t\t\t\t\t\t\t\t\t\t\t\t\t\t\t<\/div>\n\t\t\t\t<\/div>\n\t\t\t\t\t<\/div>\n\t\t<\/div>\n\t\t\t\t\t<\/div>\n\t\t<\/section>\n\t\t\t\t<section class=\"elementor-section elementor-top-section elementor-element elementor-element-86a0375 elementor-section-boxed elementor-section-height-default elementor-section-height-default\" data-id=\"86a0375\" data-element_type=\"section\" data-e-type=\"section\" data-settings=\"{&quot;background_background&quot;:&quot;classic&quot;}\">\n\t\t\t\t\t\t<div class=\"elementor-container elementor-column-gap-default\">\n\t\t\t\t\t<div class=\"elementor-column elementor-col-100 elementor-top-column elementor-element elementor-element-51b2414\" data-id=\"51b2414\" data-element_type=\"column\" data-e-type=\"column\">\n\t\t\t<div class=\"elementor-widget-wrap elementor-element-populated\">\n\t\t\t\t\t\t<div class=\"elementor-element elementor-element-ee3d642 elementor-widget elementor-widget-heading\" data-id=\"ee3d642\" data-element_type=\"widget\" data-e-type=\"widget\" data-widget_type=\"heading.default\">\n\t\t\t\t<div class=\"elementor-widget-container\">\n\t\t\t\t\t<h1 class=\"elementor-heading-title elementor-size-default\">\u015aWI\u0118TA MAJOWE<\/h1>\t\t\t\t<\/div>\n\t\t\t\t<\/div>\n\t\t\t\t<div class=\"elementor-element elementor-element-61e6e56 elementor-widget elementor-widget-image\" data-id=\"61e6e56\" data-element_type=\"widget\" data-e-type=\"widget\" data-widget_type=\"image.default\">\n\t\t\t\t<div class=\"elementor-widget-container\">\n\t\t\t\t\t\t\t\t\t\t\t\t\t\t\t<img decoding=\"async\" data-src=\"https:\/\/przedszkole.spbrzozowka.pl\/wp-content\/uploads\/2024\/05\/6-Sport-Kolaz-Podarty-Papier-Instagram-Story.jpg\" title=\"\" alt=\"\" src=\"data:image\/svg+xml;base64,PHN2ZyB3aWR0aD0iMSIgaGVpZ2h0PSIxIiB4bWxucz0iaHR0cDovL3d3dy53My5vcmcvMjAwMC9zdmciPjwvc3ZnPg==\" class=\"lazyload\" \/>\t\t\t\t\t\t\t\t\t\t\t\t\t\t\t<\/div>\n\t\t\t\t<\/div>\n\t\t\t\t\t<\/div>\n\t\t<\/div>\n\t\t\t\t\t<\/div>\n\t\t<\/section>\n\t\t\t\t<section class=\"elementor-section elementor-top-section elementor-element elementor-element-3398874 elementor-section-boxed elementor-section-height-default elementor-section-height-default\" data-id=\"3398874\" data-element_type=\"section\" data-e-type=\"section\" data-settings=\"{&quot;background_background&quot;:&quot;classic&quot;}\">\n\t\t\t\t\t\t<div class=\"elementor-container elementor-column-gap-default\">\n\t\t\t\t\t<div class=\"elementor-column elementor-col-100 elementor-top-column elementor-element elementor-element-4a7ec1b\" data-id=\"4a7ec1b\" data-element_type=\"column\" data-e-type=\"column\">\n\t\t\t<div class=\"elementor-widget-wrap elementor-element-populated\">\n\t\t\t\t\t\t<div class=\"elementor-element elementor-element-a757efb elementor-widget elementor-widget-image\" data-id=\"a757efb\" data-element_type=\"widget\" data-e-type=\"widget\" data-widget_type=\"image.default\">\n\t\t\t\t<div class=\"elementor-widget-container\">\n\t\t\t\t\t\t\t\t\t\t\t\t\t\t\t<img decoding=\"async\" data-src=\"https:\/\/przedszkole.spbrzozowka.pl\/wp-content\/uploads\/2024\/03\/Dodaj-podtytul.jpg\" title=\"\" alt=\"\" src=\"data:image\/svg+xml;base64,PHN2ZyB3aWR0aD0iMSIgaGVpZ2h0PSIxIiB4bWxucz0iaHR0cDovL3d3dy53My5vcmcvMjAwMC9zdmciPjwvc3ZnPg==\" class=\"lazyload\" \/>\t\t\t\t\t\t\t\t\t\t\t\t\t\t\t<\/div>\n\t\t\t\t<\/div>\n\t\t\t\t\t<\/div>\n\t\t<\/div>\n\t\t\t\t\t<\/div>\n\t\t<\/section>\n\t\t\t\t<section class=\"elementor-section elementor-top-section elementor-element elementor-element-fb75538 elementor-section-boxed elementor-section-height-default elementor-section-height-default\" data-id=\"fb75538\" data-element_type=\"section\" data-e-type=\"section\" data-settings=\"{&quot;background_background&quot;:&quot;classic&quot;}\">\n\t\t\t\t\t\t<div class=\"elementor-container elementor-column-gap-default\">\n\t\t\t\t\t<div class=\"elementor-column elementor-col-100 elementor-top-column elementor-element elementor-element-98aa763\" data-id=\"98aa763\" data-element_type=\"column\" data-e-type=\"column\">\n\t\t\t<div class=\"elementor-widget-wrap elementor-element-populated\">\n\t\t\t\t\t\t<div class=\"elementor-element elementor-element-c248bf4 elementor-widget elementor-widget-image\" data-id=\"c248bf4\" data-element_type=\"widget\" data-e-type=\"widget\" data-widget_type=\"image.default\">\n\t\t\t\t<div class=\"elementor-widget-container\">\n\t\t\t\t\t\t\t\t\t\t\t\t\t\t\t<img decoding=\"async\" data-src=\"https:\/\/przedszkole.spbrzozowka.pl\/wp-content\/uploads\/2024\/03\/zajac.jpg\" title=\"\" alt=\"\" src=\"data:image\/svg+xml;base64,PHN2ZyB3aWR0aD0iMSIgaGVpZ2h0PSIxIiB4bWxucz0iaHR0cDovL3d3dy53My5vcmcvMjAwMC9zdmciPjwvc3ZnPg==\" class=\"lazyload\" \/>\t\t\t\t\t\t\t\t\t\t\t\t\t\t\t<\/div>\n\t\t\t\t<\/div>\n\t\t\t\t\t<\/div>\n\t\t<\/div>\n\t\t\t\t\t<\/div>\n\t\t<\/section>\n\t\t\t\t<section class=\"elementor-section elementor-top-section elementor-element elementor-element-0b4b95c elementor-section-boxed elementor-section-height-default elementor-section-height-default\" data-id=\"0b4b95c\" data-element_type=\"section\" data-e-type=\"section\" data-settings=\"{&quot;background_background&quot;:&quot;classic&quot;}\">\n\t\t\t\t\t\t<div class=\"elementor-container elementor-column-gap-default\">\n\t\t\t\t\t<div class=\"elementor-column elementor-col-100 elementor-top-column elementor-element elementor-element-2cb58d8\" data-id=\"2cb58d8\" data-element_type=\"column\" data-e-type=\"column\">\n\t\t\t<div class=\"elementor-widget-wrap elementor-element-populated\">\n\t\t\t\t\t\t<div class=\"elementor-element elementor-element-1599186 elementor-widget elementor-widget-image\" data-id=\"1599186\" data-element_type=\"widget\" data-e-type=\"widget\" data-widget_type=\"image.default\">\n\t\t\t\t<div class=\"elementor-widget-container\">\n\t\t\t\t\t\t\t\t\t\t\t\t\t\t\t<img decoding=\"async\" data-src=\"https:\/\/przedszkole.spbrzozowka.pl\/wp-content\/uploads\/2024\/03\/Zolty-Prosty-Kolaz-Post-na-Facebooku.jpg\" title=\"\" alt=\"\" src=\"data:image\/svg+xml;base64,PHN2ZyB3aWR0aD0iMSIgaGVpZ2h0PSIxIiB4bWxucz0iaHR0cDovL3d3dy53My5vcmcvMjAwMC9zdmciPjwvc3ZnPg==\" class=\"lazyload\" \/>\t\t\t\t\t\t\t\t\t\t\t\t\t\t\t<\/div>\n\t\t\t\t<\/div>\n\t\t\t\t\t<\/div>\n\t\t<\/div>\n\t\t\t\t\t<\/div>\n\t\t<\/section>\n\t\t\t\t<section class=\"elementor-section elementor-top-section elementor-element elementor-element-a922052 elementor-section-boxed elementor-section-height-default elementor-section-height-default\" data-id=\"a922052\" data-element_type=\"section\" data-e-type=\"section\" data-settings=\"{&quot;background_background&quot;:&quot;classic&quot;}\">\n\t\t\t\t\t\t<div class=\"elementor-container elementor-column-gap-default\">\n\t\t\t\t\t<div class=\"elementor-column elementor-col-100 elementor-top-column elementor-element elementor-element-f49100e\" data-id=\"f49100e\" data-element_type=\"column\" data-e-type=\"column\">\n\t\t\t<div class=\"elementor-widget-wrap elementor-element-populated\">\n\t\t\t\t\t\t<div class=\"elementor-element elementor-element-b22e99d elementor-widget elementor-widget-image\" data-id=\"b22e99d\" data-element_type=\"widget\" data-e-type=\"widget\" data-widget_type=\"image.default\">\n\t\t\t\t<div class=\"elementor-widget-container\">\n\t\t\t\t\t\t\t\t\t\t\t\t\t\t\t<img decoding=\"async\" data-src=\"https:\/\/przedszkole.spbrzozowka.pl\/wp-content\/uploads\/2024\/03\/431610570_7101556926566077_2373354789628567485_n.jpg\" title=\"\" alt=\"\" src=\"data:image\/svg+xml;base64,PHN2ZyB3aWR0aD0iMSIgaGVpZ2h0PSIxIiB4bWxucz0iaHR0cDovL3d3dy53My5vcmcvMjAwMC9zdmciPjwvc3ZnPg==\" class=\"lazyload\" \/>\t\t\t\t\t\t\t\t\t\t\t\t\t\t\t<\/div>\n\t\t\t\t<\/div>\n\t\t\t\t\t<\/div>\n\t\t<\/div>\n\t\t\t\t\t<\/div>\n\t\t<\/section>\n\t\t\t\t<section class=\"elementor-section elementor-top-section elementor-element elementor-element-c7d4a8c elementor-section-boxed elementor-section-height-default elementor-section-height-default\" data-id=\"c7d4a8c\" data-element_type=\"section\" data-e-type=\"section\" data-settings=\"{&quot;background_background&quot;:&quot;classic&quot;}\">\n\t\t\t\t\t\t<div class=\"elementor-container elementor-column-gap-default\">\n\t\t\t\t\t<div class=\"elementor-column elementor-col-100 elementor-top-column elementor-element elementor-element-f94e79b\" data-id=\"f94e79b\" data-element_type=\"column\" data-e-type=\"column\">\n\t\t\t<div class=\"elementor-widget-wrap elementor-element-populated\">\n\t\t\t\t\t\t<div class=\"elementor-element elementor-element-fb6a718 elementor-widget elementor-widget-image\" data-id=\"fb6a718\" data-element_type=\"widget\" data-e-type=\"widget\" data-widget_type=\"image.default\">\n\t\t\t\t<div class=\"elementor-widget-container\">\n\t\t\t\t\t\t\t\t\t\t\t\t\t\t\t<img decoding=\"async\" data-src=\"https:\/\/przedszkole.spbrzozowka.pl\/wp-content\/uploads\/2024\/03\/rekrutacja.jpg\" title=\"\" alt=\"\" src=\"data:image\/svg+xml;base64,PHN2ZyB3aWR0aD0iMSIgaGVpZ2h0PSIxIiB4bWxucz0iaHR0cDovL3d3dy53My5vcmcvMjAwMC9zdmciPjwvc3ZnPg==\" class=\"lazyload\" \/>\t\t\t\t\t\t\t\t\t\t\t\t\t\t\t<\/div>\n\t\t\t\t<\/div>\n\t\t\t\t\t<\/div>\n\t\t<\/div>\n\t\t\t\t\t<\/div>\n\t\t<\/section>\n\t\t\t\t<section class=\"elementor-section elementor-top-section elementor-element elementor-element-e98ddee elementor-section-boxed elementor-section-height-default elementor-section-height-default\" data-id=\"e98ddee\" data-element_type=\"section\" data-e-type=\"section\" data-settings=\"{&quot;background_background&quot;:&quot;classic&quot;}\">\n\t\t\t\t\t\t<div class=\"elementor-container elementor-column-gap-default\">\n\t\t\t\t\t<div class=\"elementor-column elementor-col-100 elementor-top-column elementor-element elementor-element-eebec0b\" data-id=\"eebec0b\" data-element_type=\"column\" data-e-type=\"column\">\n\t\t\t<div class=\"elementor-widget-wrap elementor-element-populated\">\n\t\t\t\t\t\t<div class=\"elementor-element elementor-element-ed7a99d elementor-widget elementor-widget-text-editor\" data-id=\"ed7a99d\" data-element_type=\"widget\" data-e-type=\"widget\" data-widget_type=\"text-editor.default\">\n\t\t\t\t<div class=\"elementor-widget-container\">\n\t\t\t\t\t\t\t\t\t<h2>4 marca w naszym przedszkolu dzieci obejrza\u0142y pokaz w Mobilnym Planetarium. Za pomoc\u0105 cyfrowego sprz\u0119tu przedszkolaki zobaczy\u0142y spadaj\u0105ce gwiazdy oraz obracaj\u0105ce si\u0119 planety. Dzieci weso\u0142o sp\u0119dzi\u0142y ten czas pog\u0142\u0119biaj\u0105c swoj\u0105 wiedz\u0119 o kosmosie.<\/h2>\t\t\t\t\t\t\t\t<\/div>\n\t\t\t\t<\/div>\n\t\t\t\t<div class=\"elementor-element elementor-element-f40035e elementor-widget elementor-widget-image\" data-id=\"f40035e\" data-element_type=\"widget\" data-e-type=\"widget\" data-widget_type=\"image.default\">\n\t\t\t\t<div class=\"elementor-widget-container\">\n\t\t\t\t\t\t\t\t\t\t\t\t\t\t\t<img decoding=\"async\" data-src=\"https:\/\/przedszkole.spbrzozowka.pl\/wp-content\/uploads\/2024\/03\/431543611_1456941464891039_1428633694593036181_n.jpg\" title=\"\" alt=\"\" src=\"data:image\/svg+xml;base64,PHN2ZyB3aWR0aD0iMSIgaGVpZ2h0PSIxIiB4bWxucz0iaHR0cDovL3d3dy53My5vcmcvMjAwMC9zdmciPjwvc3ZnPg==\" class=\"lazyload\" \/>\t\t\t\t\t\t\t\t\t\t\t\t\t\t\t<\/div>\n\t\t\t\t<\/div>\n\t\t\t\t<div class=\"elementor-element elementor-element-cb2121a elementor-widget elementor-widget-heading\" data-id=\"cb2121a\" data-element_type=\"widget\" data-e-type=\"widget\" data-widget_type=\"heading.default\">\n\t\t\t\t<div class=\"elementor-widget-container\">\n\t\t\t\t\t<h1 class=\"elementor-heading-title elementor-size-xxl\"><u>REKRUTACJA<\/u><\/h1>\t\t\t\t<\/div>\n\t\t\t\t<\/div>\n\t\t\t\t\t<\/div>\n\t\t<\/div>\n\t\t\t\t\t<\/div>\n\t\t<\/section>\n\t\t\t\t<section class=\"elementor-section elementor-top-section elementor-element elementor-element-88c388e elementor-section-boxed elementor-section-height-default elementor-section-height-default\" data-id=\"88c388e\" data-element_type=\"section\" data-e-type=\"section\" data-settings=\"{&quot;background_background&quot;:&quot;classic&quot;}\">\n\t\t\t\t\t\t<div class=\"elementor-container elementor-column-gap-default\">\n\t\t\t\t\t<div class=\"elementor-column elementor-col-100 elementor-top-column elementor-element elementor-element-e0cb17c\" data-id=\"e0cb17c\" data-element_type=\"column\" data-e-type=\"column\">\n\t\t\t<div class=\"elementor-widget-wrap elementor-element-populated\">\n\t\t\t\t\t\t<div class=\"elementor-element elementor-element-3bf9f88 elementor-widget elementor-widget-text-editor\" data-id=\"3bf9f88\" data-element_type=\"widget\" data-e-type=\"widget\" data-widget_type=\"text-editor.default\">\n\t\t\t\t<div class=\"elementor-widget-container\">\n\t\t\t\t\t\t\t\t\t<h1>Uprzejmie informujemy, \u017ce od <span style=\"text-decoration: underline;\">26 lutego<\/span> br. w sekretariacie szko\u0142y (ul. Szkolna 38) mo\u017cna sk\u0142ada\u0107\u00a0 wnioski o przyj\u0119cie do przedszkola i klas pierwszych.<\/h1><h1>Wszystkie dokumenty dot. rekrutacji na rok szkolny 2024\/2025 znajduj\u0105 si\u0119 w zak\u0142adce <span style=\"text-decoration: underline;\"><strong>Dla kandydata.<\/strong><\/span><\/h1>\t\t\t\t\t\t\t\t<\/div>\n\t\t\t\t<\/div>\n\t\t\t\t<div class=\"elementor-element elementor-element-64a9040 elementor-widget elementor-widget-image\" data-id=\"64a9040\" data-element_type=\"widget\" data-e-type=\"widget\" data-widget_type=\"image.default\">\n\t\t\t\t<div class=\"elementor-widget-container\">\n\t\t\t\t\t\t\t\t\t\t\t\t\t\t\t<img decoding=\"async\" width=\"1024\" height=\"726\" data-src=\"https:\/\/przedszkole.spbrzozowka.pl\/wp-content\/uploads\/2024\/02\/Z-OKAZJI-ROZPOCZYNAJACYCH-SIE-FERII-ZIMOWYCH-ZYCZYMY-WSZYSTKIM-BEZPIECZNYCH-I-UDANYCH-FERII-ZIMOWYCH-1024x726.jpg\" class=\"attachment-large size-large wp-image-7437 lazyload\" alt=\"\" data-srcset=\"https:\/\/przedszkole.spbrzozowka.pl\/wp-content\/uploads\/2024\/02\/Z-OKAZJI-ROZPOCZYNAJACYCH-SIE-FERII-ZIMOWYCH-ZYCZYMY-WSZYSTKIM-BEZPIECZNYCH-I-UDANYCH-FERII-ZIMOWYCH-1024x726.jpg 1024w, https:\/\/przedszkole.spbrzozowka.pl\/wp-content\/uploads\/2024\/02\/Z-OKAZJI-ROZPOCZYNAJACYCH-SIE-FERII-ZIMOWYCH-ZYCZYMY-WSZYSTKIM-BEZPIECZNYCH-I-UDANYCH-FERII-ZIMOWYCH-300x213.jpg 300w, https:\/\/przedszkole.spbrzozowka.pl\/wp-content\/uploads\/2024\/02\/Z-OKAZJI-ROZPOCZYNAJACYCH-SIE-FERII-ZIMOWYCH-ZYCZYMY-WSZYSTKIM-BEZPIECZNYCH-I-UDANYCH-FERII-ZIMOWYCH-768x545.jpg 768w, https:\/\/przedszkole.spbrzozowka.pl\/wp-content\/uploads\/2024\/02\/Z-OKAZJI-ROZPOCZYNAJACYCH-SIE-FERII-ZIMOWYCH-ZYCZYMY-WSZYSTKIM-BEZPIECZNYCH-I-UDANYCH-FERII-ZIMOWYCH-1536x1090.jpg 1536w, https:\/\/przedszkole.spbrzozowka.pl\/wp-content\/uploads\/2024\/02\/Z-OKAZJI-ROZPOCZYNAJACYCH-SIE-FERII-ZIMOWYCH-ZYCZYMY-WSZYSTKIM-BEZPIECZNYCH-I-UDANYCH-FERII-ZIMOWYCH-1000x709.jpg 1000w, https:\/\/przedszkole.spbrzozowka.pl\/wp-content\/uploads\/2024\/02\/Z-OKAZJI-ROZPOCZYNAJACYCH-SIE-FERII-ZIMOWYCH-ZYCZYMY-WSZYSTKIM-BEZPIECZNYCH-I-UDANYCH-FERII-ZIMOWYCH-230x163.jpg 230w, https:\/\/przedszkole.spbrzozowka.pl\/wp-content\/uploads\/2024\/02\/Z-OKAZJI-ROZPOCZYNAJACYCH-SIE-FERII-ZIMOWYCH-ZYCZYMY-WSZYSTKIM-BEZPIECZNYCH-I-UDANYCH-FERII-ZIMOWYCH-350x248.jpg 350w, https:\/\/przedszkole.spbrzozowka.pl\/wp-content\/uploads\/2024\/02\/Z-OKAZJI-ROZPOCZYNAJACYCH-SIE-FERII-ZIMOWYCH-ZYCZYMY-WSZYSTKIM-BEZPIECZNYCH-I-UDANYCH-FERII-ZIMOWYCH-480x341.jpg 480w, https:\/\/przedszkole.spbrzozowka.pl\/wp-content\/uploads\/2024\/02\/Z-OKAZJI-ROZPOCZYNAJACYCH-SIE-FERII-ZIMOWYCH-ZYCZYMY-WSZYSTKIM-BEZPIECZNYCH-I-UDANYCH-FERII-ZIMOWYCH.jpg 1748w\" data-sizes=\"(max-width: 1024px) 100vw, 1024px\" src=\"data:image\/svg+xml;base64,PHN2ZyB3aWR0aD0iMSIgaGVpZ2h0PSIxIiB4bWxucz0iaHR0cDovL3d3dy53My5vcmcvMjAwMC9zdmciPjwvc3ZnPg==\" style=\"--smush-placeholder-width: 1024px; --smush-placeholder-aspect-ratio: 1024\/726;\" \/>\t\t\t\t\t\t\t\t\t\t\t\t\t\t\t<\/div>\n\t\t\t\t<\/div>\n\t\t\t\t\t<\/div>\n\t\t<\/div>\n\t\t\t\t\t<\/div>\n\t\t<\/section>\n\t\t\t\t<section class=\"elementor-section elementor-top-section elementor-element elementor-element-049e7fb elementor-section-boxed elementor-section-height-default elementor-section-height-default\" data-id=\"049e7fb\" data-element_type=\"section\" data-e-type=\"section\" data-settings=\"{&quot;background_background&quot;:&quot;classic&quot;}\">\n\t\t\t\t\t\t<div class=\"elementor-container elementor-column-gap-default\">\n\t\t\t\t\t<div class=\"elementor-column elementor-col-100 elementor-top-column elementor-element elementor-element-ff38068\" data-id=\"ff38068\" data-element_type=\"column\" data-e-type=\"column\">\n\t\t\t<div class=\"elementor-widget-wrap elementor-element-populated\">\n\t\t\t\t\t\t<div class=\"elementor-element elementor-element-5998af7 elementor-widget elementor-widget-image\" data-id=\"5998af7\" data-element_type=\"widget\" data-e-type=\"widget\" data-widget_type=\"image.default\">\n\t\t\t\t<div class=\"elementor-widget-container\">\n\t\t\t\t\t\t\t\t\t\t\t\t\t\t\t<img decoding=\"async\" width=\"1024\" height=\"726\" data-src=\"https:\/\/przedszkole.spbrzozowka.pl\/wp-content\/uploads\/2024\/02\/BAL-KARNAWALOWY-2024-1024x726.jpg\" class=\"attachment-large size-large wp-image-7428 lazyload\" alt=\"\" data-srcset=\"https:\/\/przedszkole.spbrzozowka.pl\/wp-content\/uploads\/2024\/02\/BAL-KARNAWALOWY-2024-1024x726.jpg 1024w, https:\/\/przedszkole.spbrzozowka.pl\/wp-content\/uploads\/2024\/02\/BAL-KARNAWALOWY-2024-300x213.jpg 300w, https:\/\/przedszkole.spbrzozowka.pl\/wp-content\/uploads\/2024\/02\/BAL-KARNAWALOWY-2024-768x545.jpg 768w, https:\/\/przedszkole.spbrzozowka.pl\/wp-content\/uploads\/2024\/02\/BAL-KARNAWALOWY-2024-1536x1090.jpg 1536w, https:\/\/przedszkole.spbrzozowka.pl\/wp-content\/uploads\/2024\/02\/BAL-KARNAWALOWY-2024-1000x709.jpg 1000w, https:\/\/przedszkole.spbrzozowka.pl\/wp-content\/uploads\/2024\/02\/BAL-KARNAWALOWY-2024-230x163.jpg 230w, https:\/\/przedszkole.spbrzozowka.pl\/wp-content\/uploads\/2024\/02\/BAL-KARNAWALOWY-2024-350x248.jpg 350w, https:\/\/przedszkole.spbrzozowka.pl\/wp-content\/uploads\/2024\/02\/BAL-KARNAWALOWY-2024-480x341.jpg 480w, https:\/\/przedszkole.spbrzozowka.pl\/wp-content\/uploads\/2024\/02\/BAL-KARNAWALOWY-2024.jpg 1748w\" data-sizes=\"(max-width: 1024px) 100vw, 1024px\" src=\"data:image\/svg+xml;base64,PHN2ZyB3aWR0aD0iMSIgaGVpZ2h0PSIxIiB4bWxucz0iaHR0cDovL3d3dy53My5vcmcvMjAwMC9zdmciPjwvc3ZnPg==\" style=\"--smush-placeholder-width: 1024px; --smush-placeholder-aspect-ratio: 1024\/726;\" \/>\t\t\t\t\t\t\t\t\t\t\t\t\t\t\t<\/div>\n\t\t\t\t<\/div>\n\t\t\t\t\t<\/div>\n\t\t<\/div>\n\t\t\t\t\t<\/div>\n\t\t<\/section>\n\t\t\t\t<section class=\"elementor-section elementor-top-section elementor-element elementor-element-7530afe elementor-section-boxed elementor-section-height-default elementor-section-height-default\" data-id=\"7530afe\" data-element_type=\"section\" data-e-type=\"section\" data-settings=\"{&quot;background_background&quot;:&quot;classic&quot;}\">\n\t\t\t\t\t\t<div class=\"elementor-container elementor-column-gap-default\">\n\t\t\t\t\t<div class=\"elementor-column elementor-col-100 elementor-top-column elementor-element elementor-element-bc41b6f\" data-id=\"bc41b6f\" data-element_type=\"column\" data-e-type=\"column\">\n\t\t\t<div class=\"elementor-widget-wrap elementor-element-populated\">\n\t\t\t\t\t\t<div class=\"elementor-element elementor-element-5bb4c4d elementor-widget elementor-widget-text-editor\" data-id=\"5bb4c4d\" data-element_type=\"widget\" data-e-type=\"widget\" data-widget_type=\"text-editor.default\">\n\t\t\t\t<div class=\"elementor-widget-container\">\n\t\t\t\t\t\t\t\t\t<h1>\u00a0 \u00a0 \u00a0 \u00a0 \u00a0 \u00a0 \u00a0 \u00a0 \u00a0 \u00a0 \u00a0 \u00a0 \u00a0 \u00a0 \u00a0 \u00a0 \u00a0 \u00a0 \u00a0 \u00a0 \u00a0 <span style=\"text-decoration: underline;\"><strong>REKRUTACJA<\/strong><\/span> <br \/>Zapraszamy do zapoznania si\u0119 z harmonogramem post\u0119powania rekrutacyjnego, kt\u00f3ry znajduje si\u0119 w zak\u0142adce <strong><span style=\"text-decoration: underline;\">DOKUMENTY.<\/span><\/strong><\/h1>\t\t\t\t\t\t\t\t<\/div>\n\t\t\t\t<\/div>\n\t\t\t\t\t<\/div>\n\t\t<\/div>\n\t\t\t\t\t<\/div>\n\t\t<\/section>\n\t\t\t\t<section class=\"elementor-section elementor-top-section elementor-element elementor-element-2777cf4 elementor-section-boxed elementor-section-height-default elementor-section-height-default\" data-id=\"2777cf4\" data-element_type=\"section\" data-e-type=\"section\" data-settings=\"{&quot;background_background&quot;:&quot;classic&quot;}\">\n\t\t\t\t\t\t<div class=\"elementor-container elementor-column-gap-default\">\n\t\t\t\t\t<div class=\"elementor-column elementor-col-100 elementor-top-column elementor-element elementor-element-f8a50ea\" data-id=\"f8a50ea\" data-element_type=\"column\" data-e-type=\"column\">\n\t\t\t<div class=\"elementor-widget-wrap elementor-element-populated\">\n\t\t\t\t\t\t<div class=\"elementor-element elementor-element-f05ad9b elementor-widget elementor-widget-image\" data-id=\"f05ad9b\" data-element_type=\"widget\" data-e-type=\"widget\" data-widget_type=\"image.default\">\n\t\t\t\t<div class=\"elementor-widget-container\">\n\t\t\t\t\t\t\t\t\t\t\t\t\t\t\t<img decoding=\"async\" width=\"1024\" height=\"726\" data-src=\"https:\/\/przedszkole.spbrzozowka.pl\/wp-content\/uploads\/2023\/12\/zyczenia-strona-1024x726.jpg\" class=\"attachment-large size-large wp-image-7266 lazyload\" alt=\"\" data-srcset=\"https:\/\/przedszkole.spbrzozowka.pl\/wp-content\/uploads\/2023\/12\/zyczenia-strona-1024x726.jpg 1024w, https:\/\/przedszkole.spbrzozowka.pl\/wp-content\/uploads\/2023\/12\/zyczenia-strona-300x213.jpg 300w, https:\/\/przedszkole.spbrzozowka.pl\/wp-content\/uploads\/2023\/12\/zyczenia-strona-768x545.jpg 768w, https:\/\/przedszkole.spbrzozowka.pl\/wp-content\/uploads\/2023\/12\/zyczenia-strona-1536x1090.jpg 1536w, https:\/\/przedszkole.spbrzozowka.pl\/wp-content\/uploads\/2023\/12\/zyczenia-strona-1000x709.jpg 1000w, https:\/\/przedszkole.spbrzozowka.pl\/wp-content\/uploads\/2023\/12\/zyczenia-strona-230x163.jpg 230w, https:\/\/przedszkole.spbrzozowka.pl\/wp-content\/uploads\/2023\/12\/zyczenia-strona-350x248.jpg 350w, https:\/\/przedszkole.spbrzozowka.pl\/wp-content\/uploads\/2023\/12\/zyczenia-strona-480x341.jpg 480w, https:\/\/przedszkole.spbrzozowka.pl\/wp-content\/uploads\/2023\/12\/zyczenia-strona.jpg 1748w\" data-sizes=\"(max-width: 1024px) 100vw, 1024px\" src=\"data:image\/svg+xml;base64,PHN2ZyB3aWR0aD0iMSIgaGVpZ2h0PSIxIiB4bWxucz0iaHR0cDovL3d3dy53My5vcmcvMjAwMC9zdmciPjwvc3ZnPg==\" style=\"--smush-placeholder-width: 1024px; --smush-placeholder-aspect-ratio: 1024\/726;\" \/>\t\t\t\t\t\t\t\t\t\t\t\t\t\t\t<\/div>\n\t\t\t\t<\/div>\n\t\t\t\t\t<\/div>\n\t\t<\/div>\n\t\t\t\t\t<\/div>\n\t\t<\/section>\n\t\t\t\t<section class=\"elementor-section elementor-top-section elementor-element elementor-element-3599392 elementor-section-boxed elementor-section-height-default elementor-section-height-default\" data-id=\"3599392\" data-element_type=\"section\" data-e-type=\"section\" data-settings=\"{&quot;background_background&quot;:&quot;classic&quot;}\">\n\t\t\t\t\t\t<div class=\"elementor-container elementor-column-gap-default\">\n\t\t\t\t\t<div class=\"elementor-column elementor-col-100 elementor-top-column elementor-element elementor-element-d2ded98\" data-id=\"d2ded98\" data-element_type=\"column\" data-e-type=\"column\">\n\t\t\t<div class=\"elementor-widget-wrap elementor-element-populated\">\n\t\t\t\t\t\t<div class=\"elementor-element elementor-element-2b25487 elementor-widget elementor-widget-image\" data-id=\"2b25487\" data-element_type=\"widget\" data-e-type=\"widget\" data-widget_type=\"image.default\">\n\t\t\t\t<div class=\"elementor-widget-container\">\n\t\t\t\t\t\t\t\t\t\t\t\t\t\t\t<img decoding=\"async\" data-src=\"https:\/\/przedszkole.spbrzozowka.pl\/wp-content\/uploads\/2023\/12\/Granatowy-zloty-dyplom-z-ramka-na-zdjecie-dla-fotografow.jpg\" title=\"\" alt=\"\" src=\"data:image\/svg+xml;base64,PHN2ZyB3aWR0aD0iMSIgaGVpZ2h0PSIxIiB4bWxucz0iaHR0cDovL3d3dy53My5vcmcvMjAwMC9zdmciPjwvc3ZnPg==\" class=\"lazyload\" \/>\t\t\t\t\t\t\t\t\t\t\t\t\t\t\t<\/div>\n\t\t\t\t<\/div>\n\t\t\t\t\t<\/div>\n\t\t<\/div>\n\t\t\t\t\t<\/div>\n\t\t<\/section>\n\t\t\t\t<section class=\"elementor-section elementor-top-section elementor-element elementor-element-8038a5a elementor-section-boxed elementor-section-height-default elementor-section-height-default\" data-id=\"8038a5a\" data-element_type=\"section\" data-e-type=\"section\" data-settings=\"{&quot;background_background&quot;:&quot;classic&quot;}\">\n\t\t\t\t\t\t<div class=\"elementor-container elementor-column-gap-default\">\n\t\t\t\t\t<div class=\"elementor-column elementor-col-100 elementor-top-column elementor-element elementor-element-ded39ae\" data-id=\"ded39ae\" data-element_type=\"column\" data-e-type=\"column\">\n\t\t\t<div class=\"elementor-widget-wrap elementor-element-populated\">\n\t\t\t\t\t\t<div class=\"elementor-element elementor-element-528a3e1 elementor-widget elementor-widget-text-editor\" data-id=\"528a3e1\" data-element_type=\"widget\" data-e-type=\"widget\" data-widget_type=\"text-editor.default\">\n\t\t\t\t<div class=\"elementor-widget-container\">\n\t\t\t\t\t\t\t\t\t<div dir=\"auto\"><span style=\"text-decoration: underline;\"><strong>MIKO\u0141AJKI\u00a0<\/strong><\/span><\/div><div dir=\"auto\"><strong><em>&#8222;Czy spadnie \u015bnieg i czy zn\u00f3w odwiedzi mnie, ten wa\u017cny go\u015b\u0107&#8230;.&#8221;<\/em><\/strong><\/div><div dir=\"auto\">W tym roku chyba byli\u015bmy bardzo grzeczni, poniewa\u017c nasze przedszkole odwiedzi\u0142 d\u0142ugo wyczekiwany go\u015b\u0107- Miko\u0142aj, a bia\u0142y puch nada\u0142 \u015bwi\u0105teczny, zimowy nastr\u00f3j. Dzieci ch\u0119tnie uczestniczy\u0142y w animacjach i zabawach tanecznych. Du\u017c\u0105 rado\u015b\u0107 sprawi\u0142y naszym przedszkolakom otrzymane upominki. Mamy nadziej\u0119, \u017ce ten dzie\u0144 dostarczy\u0142 dzieciom wiele mi\u0142ych wra\u017ce\u0144 i na d\u0142ugo zostanie w ich pami\u0119ci.<\/div><div dir=\"auto\">Zach\u0119camy do obejrzenia filmu &#8211;&gt; <span style=\"text-decoration: underline;\"><strong><a href=\"https:\/\/drive.google.com\/file\/d\/1FCHhtlji_8RS-VnIXc0GPEq1rZgExAnv\/view?usp=sharing\">https:\/\/drive.google.com\/file\/d\/1FCHhtlji_8RS-VnIXc0GPEq1rZgExAnv\/view?usp=sharing<\/a><\/strong><\/span><\/div>\t\t\t\t\t\t\t\t<\/div>\n\t\t\t\t<\/div>\n\t\t\t\t\t<\/div>\n\t\t<\/div>\n\t\t\t\t\t<\/div>\n\t\t<\/section>\n\t\t\t\t<section class=\"elementor-section elementor-top-section elementor-element elementor-element-84b2eeb elementor-section-boxed elementor-section-height-default elementor-section-height-default\" data-id=\"84b2eeb\" data-element_type=\"section\" data-e-type=\"section\" data-settings=\"{&quot;background_background&quot;:&quot;classic&quot;}\">\n\t\t\t\t\t\t<div class=\"elementor-container elementor-column-gap-default\">\n\t\t\t\t\t<div class=\"elementor-column elementor-col-100 elementor-top-column elementor-element elementor-element-7412280\" data-id=\"7412280\" data-element_type=\"column\" data-e-type=\"column\">\n\t\t\t<div class=\"elementor-widget-wrap elementor-element-populated\">\n\t\t\t\t\t\t<div class=\"elementor-element elementor-element-5afc195 elementor-widget elementor-widget-text-editor\" data-id=\"5afc195\" data-element_type=\"widget\" data-e-type=\"widget\" data-widget_type=\"text-editor.default\">\n\t\t\t\t<div class=\"elementor-widget-container\">\n\t\t\t\t\t\t\t\t\t<p><span class=\"x4k7w5x x1h91t0o x1h9r5lt x1jfb8zj xv2umb2 x1beo9mf xaigb6o x12ejxvf x3igimt xarpa2k xedcshv x1lytzrv x1t2pt76 x7ja8zs x1qrby5j\"><span class=\"x193iq5w xeuugli x13faqbe x1vvkbs x1xmvt09 x1lliihq x1s928wv xhkezso x1gmr53x x1cpjm7i x1fgarty x1943h6x xudqn12 x3x7a5m x6prxxf xvq8zen xo1l8bm x14ctfv\" dir=\"auto\"><strong>Biwak andrzejkowo- snesoryczny 1 grudnia 2023r.<\/strong><\/span><\/span><\/p><p><span class=\"x4k7w5x x1h91t0o x1h9r5lt x1jfb8zj xv2umb2 x1beo9mf xaigb6o x12ejxvf x3igimt xarpa2k xedcshv x1lytzrv x1t2pt76 x7ja8zs x1qrby5j\"><span class=\"x193iq5w xeuugli x13faqbe x1vvkbs x1xmvt09 x1lliihq x1s928wv xhkezso x1gmr53x x1cpjm7i x1fgarty x1943h6x xudqn12 x3x7a5m x6prxxf xvq8zen xo1l8bm x14ctfv\" dir=\"auto\"> Zabawa andrzejkowa rozpocz\u0119\u0142a si\u0119 od zaj\u0119\u0107 muzyczno- ruchowych oraz wr\u00f3\u017cby \u201eKim b\u0119dziesz w przysz\u0142o\u015bci\u2026\u201d Nast\u0119pnie dzieci, podzielone na grupy uda\u0142y si\u0119 do poszczeg\u00f3lnych sal, w kt\u00f3rych przygotowane by\u0142y do\u015bwiadczenia sensoryczne. Ich g\u0142\u00f3wnym zadaniem by\u0142o dostarczanie r\u00f3\u017cnorodnych bod\u017ac\u00f3w sensorycznych, kt\u00f3re oddzia\u0142uj\u0105 na jeden lub kilka zmys\u0142\u00f3w jednocze\u015bnie. <\/span><\/span><\/p><p><span class=\"x4k7w5x x1h91t0o x1h9r5lt x1jfb8zj xv2umb2 x1beo9mf xaigb6o x12ejxvf x3igimt xarpa2k xedcshv x1lytzrv x1t2pt76 x7ja8zs x1qrby5j\"><span class=\"x193iq5w xeuugli x13faqbe x1vvkbs x1xmvt09 x1lliihq x1s928wv xhkezso x1gmr53x x1cpjm7i x1fgarty x1943h6x xudqn12 x3x7a5m x6prxxf xvq8zen xo1l8bm x14ctfv\" dir=\"auto\">Dzieci:<\/span><\/span><\/p><ul><li><span class=\"x4k7w5x x1h91t0o x1h9r5lt x1jfb8zj xv2umb2 x1beo9mf xaigb6o x12ejxvf x3igimt xarpa2k xedcshv x1lytzrv x1t2pt76 x7ja8zs x1qrby5j\"><span class=\"x193iq5w xeuugli x13faqbe x1vvkbs x1xmvt09 x1lliihq x1s928wv xhkezso x1gmr53x x1cpjm7i x1fgarty x1943h6x xudqn12 x3x7a5m x6prxxf xvq8zen xo1l8bm x14ctfv\" dir=\"auto\">\u00a0malowa\u0142y kolorowym lodem; <\/span><\/span><\/li><li><span class=\"x4k7w5x x1h91t0o x1h9r5lt x1jfb8zj xv2umb2 x1beo9mf xaigb6o x12ejxvf x3igimt xarpa2k xedcshv x1lytzrv x1t2pt76 x7ja8zs x1qrby5j\"><span class=\"x193iq5w xeuugli x13faqbe x1vvkbs x1xmvt09 x1lliihq x1s928wv xhkezso x1gmr53x x1cpjm7i x1fgarty x1943h6x xudqn12 x3x7a5m x6prxxf xvq8zen xo1l8bm x14ctfv\" dir=\"auto\">rysowa\u0142y w kaszy, tworz\u0105c \u015bwietlne obrazki;<\/span><\/span><\/li><li><span class=\"x4k7w5x x1h91t0o x1h9r5lt x1jfb8zj xv2umb2 x1beo9mf xaigb6o x12ejxvf x3igimt xarpa2k xedcshv x1lytzrv x1t2pt76 x7ja8zs x1qrby5j\"><span class=\"x193iq5w xeuugli x13faqbe x1vvkbs x1xmvt09 x1lliihq x1s928wv xhkezso x1gmr53x x1cpjm7i x1fgarty x1943h6x xudqn12 x3x7a5m x6prxxf xvq8zen xo1l8bm x14ctfv\" dir=\"auto\"> oblewa\u0142y waciki barwnikami z wod\u0105 przy u\u017cyciu pipety; <\/span><\/span><\/li><li><span class=\"x4k7w5x x1h91t0o x1h9r5lt x1jfb8zj xv2umb2 x1beo9mf xaigb6o x12ejxvf x3igimt xarpa2k xedcshv x1lytzrv x1t2pt76 x7ja8zs x1qrby5j\"><span class=\"x193iq5w xeuugli x13faqbe x1vvkbs x1xmvt09 x1lliihq x1s928wv xhkezso x1gmr53x x1cpjm7i x1fgarty x1943h6x xudqn12 x3x7a5m x6prxxf xvq8zen xo1l8bm x14ctfv\" dir=\"auto\">wyszukiwa\u0142y zadania zamoczone w kisielu;\u00a0<\/span><\/span><\/li><li><span class=\"x4k7w5x x1h91t0o x1h9r5lt x1jfb8zj xv2umb2 x1beo9mf xaigb6o x12ejxvf x3igimt xarpa2k xedcshv x1lytzrv x1t2pt76 x7ja8zs x1qrby5j\"><span class=\"x193iq5w xeuugli x13faqbe x1vvkbs x1xmvt09 x1lliihq x1s928wv xhkezso x1gmr53x x1cpjm7i x1fgarty x1943h6x xudqn12 x3x7a5m x6prxxf xvq8zen xo1l8bm x14ctfv\" dir=\"auto\"> odszukiwa\u0142y ilustracje do zada\u0144 w cieczy nieniutonowskiej;<br \/><\/span><\/span><\/li><li><span class=\"x4k7w5x x1h91t0o x1h9r5lt x1jfb8zj xv2umb2 x1beo9mf xaigb6o x12ejxvf x3igimt xarpa2k xedcshv x1lytzrv x1t2pt76 x7ja8zs x1qrby5j\"><span class=\"x193iq5w xeuugli x13faqbe x1vvkbs x1xmvt09 x1lliihq x1s928wv xhkezso x1gmr53x x1cpjm7i x1fgarty x1943h6x xudqn12 x3x7a5m x6prxxf xvq8zen xo1l8bm x14ctfv\" dir=\"auto\">tworzy\u0142y i chodzi\u0142y po \u015bcie\u017cce sensorycznej;<br \/><\/span><\/span><\/li><li><span class=\"x4k7w5x x1h91t0o x1h9r5lt x1jfb8zj xv2umb2 x1beo9mf xaigb6o x12ejxvf x3igimt xarpa2k xedcshv x1lytzrv x1t2pt76 x7ja8zs x1qrby5j\"><span class=\"x193iq5w xeuugli x13faqbe x1vvkbs x1xmvt09 x1lliihq x1s928wv xhkezso x1gmr53x x1cpjm7i x1fgarty x1943h6x xudqn12 x3x7a5m x6prxxf xvq8zen xo1l8bm x14ctfv\" dir=\"auto\">malowa\u0142y na folii malarskiej ca\u0142ym cia\u0142em\u2026 <\/span><\/span><\/li><\/ul><p><span class=\"x4k7w5x x1h91t0o x1h9r5lt x1jfb8zj xv2umb2 x1beo9mf xaigb6o x12ejxvf x3igimt xarpa2k xedcshv x1lytzrv x1t2pt76 x7ja8zs x1qrby5j\"><span class=\"x193iq5w xeuugli x13faqbe x1vvkbs x1xmvt09 x1lliihq x1s928wv xhkezso x1gmr53x x1cpjm7i x1fgarty x1943h6x xudqn12 x3x7a5m x6prxxf xvq8zen xo1l8bm x14ctfv\" dir=\"auto\">Na zako\u0144czenie biwaku wszyscy udali si\u0119 na seans bajkowy z popcornem.<br \/><\/span><\/span><span class=\"x4k7w5x x1h91t0o x1h9r5lt x1jfb8zj xv2umb2 x1beo9mf xaigb6o x12ejxvf x3igimt xarpa2k xedcshv x1lytzrv x1t2pt76 x7ja8zs x1qrby5j\"><span class=\"x193iq5w xeuugli x13faqbe x1vvkbs x1xmvt09 x1lliihq x1s928wv xhkezso x1gmr53x x1cpjm7i x1fgarty x1943h6x xudqn12 x3x7a5m x6prxxf xvq8zen xo1l8bm x14ctfv\" dir=\"auto\">To by\u0142 wiecz\u00f3r pe\u0142en wra\u017ce\u0144.<\/span><\/span><\/p>\t\t\t\t\t\t\t\t<\/div>\n\t\t\t\t<\/div>\n\t\t\t\t<div class=\"elementor-element elementor-element-0a9bbe4 elementor-widget elementor-widget-image\" data-id=\"0a9bbe4\" data-element_type=\"widget\" data-e-type=\"widget\" data-widget_type=\"image.default\">\n\t\t\t\t<div class=\"elementor-widget-container\">\n\t\t\t\t\t\t\t\t\t\t\t\t\t\t\t<img decoding=\"async\" data-src=\"https:\/\/przedszkole.spbrzozowka.pl\/wp-content\/uploads\/2023\/12\/Prosty-Bezowy-Slub-Kolaz-Zdjec-Post-na-Instagram-1.jpg\" title=\"\" alt=\"\" src=\"data:image\/svg+xml;base64,PHN2ZyB3aWR0aD0iMSIgaGVpZ2h0PSIxIiB4bWxucz0iaHR0cDovL3d3dy53My5vcmcvMjAwMC9zdmciPjwvc3ZnPg==\" class=\"lazyload\" \/>\t\t\t\t\t\t\t\t\t\t\t\t\t\t\t<\/div>\n\t\t\t\t<\/div>\n\t\t\t\t\t<\/div>\n\t\t<\/div>\n\t\t\t\t\t<\/div>\n\t\t<\/section>\n\t\t\t\t<section class=\"elementor-section elementor-top-section elementor-element elementor-element-7faae82 elementor-section-boxed elementor-section-height-default elementor-section-height-default\" data-id=\"7faae82\" data-element_type=\"section\" data-e-type=\"section\" data-settings=\"{&quot;background_background&quot;:&quot;classic&quot;}\">\n\t\t\t\t\t\t<div class=\"elementor-container elementor-column-gap-default\">\n\t\t\t\t\t<div class=\"elementor-column elementor-col-100 elementor-top-column elementor-element elementor-element-c52969e\" data-id=\"c52969e\" data-element_type=\"column\" data-e-type=\"column\">\n\t\t\t<div class=\"elementor-widget-wrap elementor-element-populated\">\n\t\t\t\t\t\t<div class=\"elementor-element elementor-element-23aa750 elementor-widget elementor-widget-text-editor\" data-id=\"23aa750\" data-element_type=\"widget\" data-e-type=\"widget\" data-widget_type=\"text-editor.default\">\n\t\t\t\t<div class=\"elementor-widget-container\">\n\t\t\t\t\t\t\t\t\t<div dir=\"auto\">Dzie\u0144 Pluszowego Misia obchodzimy zawsze <strong>25 listopada<\/strong>, co nie jest przypadkow\u0105 dat\u0105. To w\u0142a\u015bnie tego dnia przypada rocznica powstania pierwszej pluszowej maskotki w kszta\u0142cie misia.<\/div><div dir=\"auto\">W pi\u0105tek 24 listopada celebrowali\u015bmy ten wyj\u0105tkowy dzie\u0144 w naszym przedszkolu.<\/div>\t\t\t\t\t\t\t\t<\/div>\n\t\t\t\t<\/div>\n\t\t\t\t<div class=\"elementor-element elementor-element-2c5c15a elementor-widget elementor-widget-image\" data-id=\"2c5c15a\" data-element_type=\"widget\" data-e-type=\"widget\" data-widget_type=\"image.default\">\n\t\t\t\t<div class=\"elementor-widget-container\">\n\t\t\t\t\t\t\t\t\t\t\t\t\t\t\t<img decoding=\"async\" width=\"960\" height=\"768\" data-src=\"https:\/\/przedszkole.spbrzozowka.pl\/wp-content\/uploads\/2023\/11\/strona.jpg\" class=\"attachment-large size-large wp-image-7147 lazyload\" alt=\"\" data-srcset=\"https:\/\/przedszkole.spbrzozowka.pl\/wp-content\/uploads\/2023\/11\/strona.jpg 960w, https:\/\/przedszkole.spbrzozowka.pl\/wp-content\/uploads\/2023\/11\/strona-300x240.jpg 300w, https:\/\/przedszkole.spbrzozowka.pl\/wp-content\/uploads\/2023\/11\/strona-768x614.jpg 768w, https:\/\/przedszkole.spbrzozowka.pl\/wp-content\/uploads\/2023\/11\/strona-920x736.jpg 920w, https:\/\/przedszkole.spbrzozowka.pl\/wp-content\/uploads\/2023\/11\/strona-230x184.jpg 230w, https:\/\/przedszkole.spbrzozowka.pl\/wp-content\/uploads\/2023\/11\/strona-350x280.jpg 350w, https:\/\/przedszkole.spbrzozowka.pl\/wp-content\/uploads\/2023\/11\/strona-480x384.jpg 480w\" data-sizes=\"(max-width: 960px) 100vw, 960px\" src=\"data:image\/svg+xml;base64,PHN2ZyB3aWR0aD0iMSIgaGVpZ2h0PSIxIiB4bWxucz0iaHR0cDovL3d3dy53My5vcmcvMjAwMC9zdmciPjwvc3ZnPg==\" style=\"--smush-placeholder-width: 960px; --smush-placeholder-aspect-ratio: 960\/768;\" \/>\t\t\t\t\t\t\t\t\t\t\t\t\t\t\t<\/div>\n\t\t\t\t<\/div>\n\t\t\t\t\t<\/div>\n\t\t<\/div>\n\t\t\t\t\t<\/div>\n\t\t<\/section>\n\t\t\t\t<section class=\"elementor-section elementor-top-section elementor-element elementor-element-871a47b elementor-section-boxed elementor-section-height-default elementor-section-height-default\" data-id=\"871a47b\" data-element_type=\"section\" data-e-type=\"section\" data-settings=\"{&quot;background_background&quot;:&quot;classic&quot;}\">\n\t\t\t\t\t\t<div class=\"elementor-container elementor-column-gap-default\">\n\t\t\t\t\t<div class=\"elementor-column elementor-col-100 elementor-top-column elementor-element elementor-element-081222a\" data-id=\"081222a\" data-element_type=\"column\" data-e-type=\"column\">\n\t\t\t<div class=\"elementor-widget-wrap elementor-element-populated\">\n\t\t\t\t\t\t<div class=\"elementor-element elementor-element-ba22d2e elementor-widget elementor-widget-text-editor\" data-id=\"ba22d2e\" data-element_type=\"widget\" data-e-type=\"widget\" data-widget_type=\"text-editor.default\">\n\t\t\t\t<div class=\"elementor-widget-container\">\n\t\t\t\t\t\t\t\t\t<div dir=\"auto\">Dzie\u0144 Pluszowego Misia obchodzimy zawsze <strong>25 listopada<\/strong>, co nie jest przypadkow\u0105 dat\u0105. To w\u0142a\u015bnie tego dnia przypada rocznica powstania pierwszej pluszowej maskotki w kszta\u0142cie misia.<\/div><div dir=\"auto\">W pi\u0105tek 24 listopada celebrowali\u015bmy ten wyj\u0105tkowy dzie\u0144 w naszym przedszkolu.<\/div>\t\t\t\t\t\t\t\t<\/div>\n\t\t\t\t<\/div>\n\t\t\t\t<div class=\"elementor-element elementor-element-02f00fe elementor-widget elementor-widget-image\" data-id=\"02f00fe\" data-element_type=\"widget\" data-e-type=\"widget\" data-widget_type=\"image.default\">\n\t\t\t\t<div class=\"elementor-widget-container\">\n\t\t\t\t\t\t\t\t\t\t\t\t\t\t\t<img decoding=\"async\" width=\"960\" height=\"768\" data-src=\"https:\/\/przedszkole.spbrzozowka.pl\/wp-content\/uploads\/2023\/11\/strona.jpg\" class=\"attachment-large size-large wp-image-7147 lazyload\" alt=\"\" data-srcset=\"https:\/\/przedszkole.spbrzozowka.pl\/wp-content\/uploads\/2023\/11\/strona.jpg 960w, https:\/\/przedszkole.spbrzozowka.pl\/wp-content\/uploads\/2023\/11\/strona-300x240.jpg 300w, https:\/\/przedszkole.spbrzozowka.pl\/wp-content\/uploads\/2023\/11\/strona-768x614.jpg 768w, https:\/\/przedszkole.spbrzozowka.pl\/wp-content\/uploads\/2023\/11\/strona-920x736.jpg 920w, https:\/\/przedszkole.spbrzozowka.pl\/wp-content\/uploads\/2023\/11\/strona-230x184.jpg 230w, https:\/\/przedszkole.spbrzozowka.pl\/wp-content\/uploads\/2023\/11\/strona-350x280.jpg 350w, https:\/\/przedszkole.spbrzozowka.pl\/wp-content\/uploads\/2023\/11\/strona-480x384.jpg 480w\" data-sizes=\"(max-width: 960px) 100vw, 960px\" src=\"data:image\/svg+xml;base64,PHN2ZyB3aWR0aD0iMSIgaGVpZ2h0PSIxIiB4bWxucz0iaHR0cDovL3d3dy53My5vcmcvMjAwMC9zdmciPjwvc3ZnPg==\" style=\"--smush-placeholder-width: 960px; --smush-placeholder-aspect-ratio: 960\/768;\" \/>\t\t\t\t\t\t\t\t\t\t\t\t\t\t\t<\/div>\n\t\t\t\t<\/div>\n\t\t\t\t\t<\/div>\n\t\t<\/div>\n\t\t\t\t\t<\/div>\n\t\t<\/section>\n\t\t\t\t<section class=\"elementor-section elementor-top-section elementor-element elementor-element-7652254 elementor-section-boxed elementor-section-height-default elementor-section-height-default\" data-id=\"7652254\" data-element_type=\"section\" data-e-type=\"section\" data-settings=\"{&quot;background_background&quot;:&quot;classic&quot;}\">\n\t\t\t\t\t\t<div class=\"elementor-container elementor-column-gap-default\">\n\t\t\t\t\t<div class=\"elementor-column elementor-col-100 elementor-top-column elementor-element elementor-element-2c7f366\" data-id=\"2c7f366\" data-element_type=\"column\" data-e-type=\"column\">\n\t\t\t<div class=\"elementor-widget-wrap elementor-element-populated\">\n\t\t\t\t\t\t<div class=\"elementor-element elementor-element-fe80bf4 elementor-widget elementor-widget-text-editor\" data-id=\"fe80bf4\" data-element_type=\"widget\" data-e-type=\"widget\" data-widget_type=\"text-editor.default\">\n\t\t\t\t<div class=\"elementor-widget-container\">\n\t\t\t\t\t\t\t\t\t<p><strong>20 listopada 2023 r<\/strong>. to dla nas wyj\u0105tkowa data, poniewa\u017c tego dnia \u015bwi\u0119towali\u015bmy IV Rocznic\u0119 Nadania Imienia naszemu przedszkolu oraz obchodzili\u015bmy Mi\u0119dzynarodowy Dzie\u0144 Praw Dziecka. Ka\u017cda grupa przygotowa\u0142a pantomim\u0119, w kt\u00f3rej zaprezentowa\u0142a wybrane prawo. Podczas wsp\u00f3lnego \u015bwi\u0119towania szczeg\u00f3ln\u0105 uwag\u0119 zwr\u00f3cili\u015bmy na fundamentalne prawa dzieci ca\u0142ego \u015bwiata: prawo do zdrowia, nauki, zabawy, mi\u0142o\u015bci, szacunku, rado\u015bci oraz prawo do odpoczynku. Mi\u0119dzynarodowy Dzie\u0144 Praw Dziecka to okazja, aby przypomnie\u0107 sobie, \u017ce ka\u017cdemu dziecku, niezale\u017cnie od jego pochodzenia, miejsca zamieszkania, koloru sk\u00f3ry czy wyznania, przynale\u017c\u0105 si\u0119 takie same prawa &#8211; prawa cz\u0142owieka.<\/p>\t\t\t\t\t\t\t\t<\/div>\n\t\t\t\t<\/div>\n\t\t\t\t<div class=\"elementor-element elementor-element-ce263e3 elementor-widget elementor-widget-image\" data-id=\"ce263e3\" data-element_type=\"widget\" data-e-type=\"widget\" data-widget_type=\"image.default\">\n\t\t\t\t<div class=\"elementor-widget-container\">\n\t\t\t\t\t\t\t\t\t\t\t\t\t\t\t<img decoding=\"async\" width=\"1024\" height=\"1024\" data-src=\"https:\/\/przedszkole.spbrzozowka.pl\/wp-content\/uploads\/2023\/11\/Beige-Collage-Minimalist-Mood-Board-Instagram-Post-1024x1024.jpg\" class=\"attachment-large size-large wp-image-7139 lazyload\" alt=\"\" data-srcset=\"https:\/\/przedszkole.spbrzozowka.pl\/wp-content\/uploads\/2023\/11\/Beige-Collage-Minimalist-Mood-Board-Instagram-Post-1024x1024.jpg 1024w, https:\/\/przedszkole.spbrzozowka.pl\/wp-content\/uploads\/2023\/11\/Beige-Collage-Minimalist-Mood-Board-Instagram-Post-300x300.jpg 300w, https:\/\/przedszkole.spbrzozowka.pl\/wp-content\/uploads\/2023\/11\/Beige-Collage-Minimalist-Mood-Board-Instagram-Post-150x150.jpg 150w, https:\/\/przedszkole.spbrzozowka.pl\/wp-content\/uploads\/2023\/11\/Beige-Collage-Minimalist-Mood-Board-Instagram-Post-768x768.jpg 768w, https:\/\/przedszkole.spbrzozowka.pl\/wp-content\/uploads\/2023\/11\/Beige-Collage-Minimalist-Mood-Board-Instagram-Post-920x920.jpg 920w, https:\/\/przedszkole.spbrzozowka.pl\/wp-content\/uploads\/2023\/11\/Beige-Collage-Minimalist-Mood-Board-Instagram-Post-230x230.jpg 230w, https:\/\/przedszkole.spbrzozowka.pl\/wp-content\/uploads\/2023\/11\/Beige-Collage-Minimalist-Mood-Board-Instagram-Post-350x350.jpg 350w, https:\/\/przedszkole.spbrzozowka.pl\/wp-content\/uploads\/2023\/11\/Beige-Collage-Minimalist-Mood-Board-Instagram-Post-480x480.jpg 480w, https:\/\/przedszkole.spbrzozowka.pl\/wp-content\/uploads\/2023\/11\/Beige-Collage-Minimalist-Mood-Board-Instagram-Post.jpg 1080w\" data-sizes=\"(max-width: 1024px) 100vw, 1024px\" src=\"data:image\/svg+xml;base64,PHN2ZyB3aWR0aD0iMSIgaGVpZ2h0PSIxIiB4bWxucz0iaHR0cDovL3d3dy53My5vcmcvMjAwMC9zdmciPjwvc3ZnPg==\" style=\"--smush-placeholder-width: 1024px; --smush-placeholder-aspect-ratio: 1024\/1024;\" \/>\t\t\t\t\t\t\t\t\t\t\t\t\t\t\t<\/div>\n\t\t\t\t<\/div>\n\t\t\t\t\t<\/div>\n\t\t<\/div>\n\t\t\t\t\t<\/div>\n\t\t<\/section>\n\t\t\t\t<section class=\"elementor-section elementor-top-section elementor-element elementor-element-3a587d4 elementor-section-boxed elementor-section-height-default elementor-section-height-default\" data-id=\"3a587d4\" data-element_type=\"section\" data-e-type=\"section\" data-settings=\"{&quot;background_background&quot;:&quot;classic&quot;}\">\n\t\t\t\t\t\t<div class=\"elementor-container elementor-column-gap-default\">\n\t\t\t\t\t<div class=\"elementor-column elementor-col-100 elementor-top-column elementor-element elementor-element-41401ef\" data-id=\"41401ef\" data-element_type=\"column\" data-e-type=\"column\">\n\t\t\t<div class=\"elementor-widget-wrap elementor-element-populated\">\n\t\t\t\t\t\t<div class=\"elementor-element elementor-element-9f86e9c elementor-widget elementor-widget-text-editor\" data-id=\"9f86e9c\" data-element_type=\"widget\" data-e-type=\"widget\" data-widget_type=\"text-editor.default\">\n\t\t\t\t<div class=\"elementor-widget-container\">\n\t\t\t\t\t\t\t\t\t<p><strong>10 listopada 2023r.<\/strong>\u00a0 z okazji<strong> \u015awi\u0119ta Niepodleg\u0142o\u015bci<\/strong> odby\u0142a si\u0119 akademia przygotowana przez grup\u0119 Zdobywc\u00f3w, kt\u00f3re rozpocz\u0119\u0142y ta\u0144cem oraz pie\u015bni\u0105 przedszkola. Podczas uroczysto\u015bci ka\u017cda grupa z wychowawc\u0105 zaprezentowa\u0142y patriotyczne piosenki i wiersze. Ca\u0142o\u015b\u0107 zako\u0144czyli\u015bmy wsp\u00f3lnym od\u015bpiewaniem hymnu Polski &#8222;Mazurkiem D\u0105browskiego&#8221;.\u00a0<\/p>\t\t\t\t\t\t\t\t<\/div>\n\t\t\t\t<\/div>\n\t\t\t\t<div class=\"elementor-element elementor-element-ed2f4c6 elementor-widget elementor-widget-image\" data-id=\"ed2f4c6\" data-element_type=\"widget\" data-e-type=\"widget\" data-widget_type=\"image.default\">\n\t\t\t\t<div class=\"elementor-widget-container\">\n\t\t\t\t\t\t\t\t\t\t\t\t\t\t\t<img decoding=\"async\" width=\"1024\" height=\"819\" data-src=\"https:\/\/przedszkole.spbrzozowka.pl\/wp-content\/uploads\/2023\/11\/Rozowy-Recznie-Rysowane-Serce-Polaroid-Kolaz-Zdjec-1024x819.jpg\" class=\"attachment-large size-large wp-image-7130 lazyload\" alt=\"\" data-srcset=\"https:\/\/przedszkole.spbrzozowka.pl\/wp-content\/uploads\/2023\/11\/Rozowy-Recznie-Rysowane-Serce-Polaroid-Kolaz-Zdjec-1024x819.jpg 1024w, https:\/\/przedszkole.spbrzozowka.pl\/wp-content\/uploads\/2023\/11\/Rozowy-Recznie-Rysowane-Serce-Polaroid-Kolaz-Zdjec-300x240.jpg 300w, https:\/\/przedszkole.spbrzozowka.pl\/wp-content\/uploads\/2023\/11\/Rozowy-Recznie-Rysowane-Serce-Polaroid-Kolaz-Zdjec-768x614.jpg 768w, https:\/\/przedszkole.spbrzozowka.pl\/wp-content\/uploads\/2023\/11\/Rozowy-Recznie-Rysowane-Serce-Polaroid-Kolaz-Zdjec-1536x1229.jpg 1536w, https:\/\/przedszkole.spbrzozowka.pl\/wp-content\/uploads\/2023\/11\/Rozowy-Recznie-Rysowane-Serce-Polaroid-Kolaz-Zdjec-920x736.jpg 920w, https:\/\/przedszkole.spbrzozowka.pl\/wp-content\/uploads\/2023\/11\/Rozowy-Recznie-Rysowane-Serce-Polaroid-Kolaz-Zdjec-230x184.jpg 230w, https:\/\/przedszkole.spbrzozowka.pl\/wp-content\/uploads\/2023\/11\/Rozowy-Recznie-Rysowane-Serce-Polaroid-Kolaz-Zdjec-350x280.jpg 350w, https:\/\/przedszkole.spbrzozowka.pl\/wp-content\/uploads\/2023\/11\/Rozowy-Recznie-Rysowane-Serce-Polaroid-Kolaz-Zdjec-480x384.jpg 480w, https:\/\/przedszkole.spbrzozowka.pl\/wp-content\/uploads\/2023\/11\/Rozowy-Recznie-Rysowane-Serce-Polaroid-Kolaz-Zdjec.jpg 2000w\" data-sizes=\"(max-width: 1024px) 100vw, 1024px\" src=\"data:image\/svg+xml;base64,PHN2ZyB3aWR0aD0iMSIgaGVpZ2h0PSIxIiB4bWxucz0iaHR0cDovL3d3dy53My5vcmcvMjAwMC9zdmciPjwvc3ZnPg==\" style=\"--smush-placeholder-width: 1024px; --smush-placeholder-aspect-ratio: 1024\/819;\" \/>\t\t\t\t\t\t\t\t\t\t\t\t\t\t\t<\/div>\n\t\t\t\t<\/div>\n\t\t\t\t\t<\/div>\n\t\t<\/div>\n\t\t\t\t\t<\/div>\n\t\t<\/section>\n\t\t\t\t<section class=\"elementor-section elementor-top-section elementor-element elementor-element-6fdd8b6 elementor-section-boxed elementor-section-height-default elementor-section-height-default\" data-id=\"6fdd8b6\" data-element_type=\"section\" data-e-type=\"section\" data-settings=\"{&quot;background_background&quot;:&quot;classic&quot;}\">\n\t\t\t\t\t\t<div class=\"elementor-container elementor-column-gap-default\">\n\t\t\t\t\t<div class=\"elementor-column elementor-col-100 elementor-top-column elementor-element elementor-element-dd05608\" data-id=\"dd05608\" data-element_type=\"column\" data-e-type=\"column\">\n\t\t\t<div class=\"elementor-widget-wrap elementor-element-populated\">\n\t\t\t\t\t\t\t<\/div>\n\t\t<\/div>\n\t\t\t\t\t<\/div>\n\t\t<\/section>\n\t\t\t\t<section class=\"elementor-section elementor-top-section elementor-element elementor-element-c2be8c9 elementor-section-boxed elementor-section-height-default elementor-section-height-default\" data-id=\"c2be8c9\" data-element_type=\"section\" data-e-type=\"section\" data-settings=\"{&quot;background_background&quot;:&quot;classic&quot;}\">\n\t\t\t\t\t\t<div class=\"elementor-container elementor-column-gap-default\">\n\t\t\t\t\t<div class=\"elementor-column elementor-col-100 elementor-top-column elementor-element elementor-element-ffe4723\" data-id=\"ffe4723\" data-element_type=\"column\" data-e-type=\"column\">\n\t\t\t<div class=\"elementor-widget-wrap elementor-element-populated\">\n\t\t\t\t\t\t<div class=\"elementor-element elementor-element-d002cfd elementor-widget elementor-widget-text-editor\" data-id=\"d002cfd\" data-element_type=\"widget\" data-e-type=\"widget\" data-widget_type=\"text-editor.default\">\n\t\t\t\t<div class=\"elementor-widget-container\">\n\t\t\t\t\t\t\t\t\t<p>Zgodnie z nasz\u0105 tradycja zorganizowali\u015bmy w przedszkolu Dzie\u0144 Postaci z Bajek. Ka\u017cdy przedszkolak przebra\u0142 si\u0119 za wybrana posta\u0107 bajkow\u0105, aby z rado\u015bci\u0105 uczestniczy\u0107 w zabawach muzycznych, rozwi\u0105zywa\u0107 zagadki i \u015bwietnie si\u0119 bawi\u0107. Tego dnia w naszym Przedszkolu mo\u017cna by\u0142o spotka\u0107 postaci z Psiego Patrolu, Anny i Elzy, policjant\u00f3w, super bohater\u00f3w, ksi\u0119\u017cniczki i rycerzy.<\/p>\t\t\t\t\t\t\t\t<\/div>\n\t\t\t\t<\/div>\n\t\t\t\t<div class=\"elementor-element elementor-element-baa59b2 elementor-widget elementor-widget-image\" data-id=\"baa59b2\" data-element_type=\"widget\" data-e-type=\"widget\" data-widget_type=\"image.default\">\n\t\t\t\t<div class=\"elementor-widget-container\">\n\t\t\t\t\t\t\t\t\t\t\t\t\t\t\t<img decoding=\"async\" width=\"1024\" height=\"726\" data-src=\"https:\/\/przedszkole.spbrzozowka.pl\/wp-content\/uploads\/2023\/11\/bajki-1024x726.jpg\" class=\"attachment-large size-large wp-image-7125 lazyload\" alt=\"\" data-srcset=\"https:\/\/przedszkole.spbrzozowka.pl\/wp-content\/uploads\/2023\/11\/bajki-1024x726.jpg 1024w, https:\/\/przedszkole.spbrzozowka.pl\/wp-content\/uploads\/2023\/11\/bajki-300x213.jpg 300w, https:\/\/przedszkole.spbrzozowka.pl\/wp-content\/uploads\/2023\/11\/bajki-768x545.jpg 768w, https:\/\/przedszkole.spbrzozowka.pl\/wp-content\/uploads\/2023\/11\/bajki-1536x1090.jpg 1536w, https:\/\/przedszkole.spbrzozowka.pl\/wp-content\/uploads\/2023\/11\/bajki-920x653.jpg 920w, https:\/\/przedszkole.spbrzozowka.pl\/wp-content\/uploads\/2023\/11\/bajki-230x163.jpg 230w, https:\/\/przedszkole.spbrzozowka.pl\/wp-content\/uploads\/2023\/11\/bajki-350x248.jpg 350w, https:\/\/przedszkole.spbrzozowka.pl\/wp-content\/uploads\/2023\/11\/bajki-480x341.jpg 480w, https:\/\/przedszkole.spbrzozowka.pl\/wp-content\/uploads\/2023\/11\/bajki.jpg 1748w\" data-sizes=\"(max-width: 1024px) 100vw, 1024px\" src=\"data:image\/svg+xml;base64,PHN2ZyB3aWR0aD0iMSIgaGVpZ2h0PSIxIiB4bWxucz0iaHR0cDovL3d3dy53My5vcmcvMjAwMC9zdmciPjwvc3ZnPg==\" style=\"--smush-placeholder-width: 1024px; --smush-placeholder-aspect-ratio: 1024\/726;\" \/>\t\t\t\t\t\t\t\t\t\t\t\t\t\t\t<\/div>\n\t\t\t\t<\/div>\n\t\t\t\t\t<\/div>\n\t\t<\/div>\n\t\t\t\t\t<\/div>\n\t\t<\/section>\n\t\t\t\t<section class=\"elementor-section elementor-top-section elementor-element elementor-element-452de71 elementor-section-boxed elementor-section-height-default elementor-section-height-default\" data-id=\"452de71\" data-element_type=\"section\" data-e-type=\"section\" data-settings=\"{&quot;background_background&quot;:&quot;classic&quot;}\">\n\t\t\t\t\t\t<div class=\"elementor-container elementor-column-gap-default\">\n\t\t\t\t\t<div class=\"elementor-column elementor-col-100 elementor-top-column elementor-element elementor-element-f4259a5\" data-id=\"f4259a5\" data-element_type=\"column\" data-e-type=\"column\">\n\t\t\t<div class=\"elementor-widget-wrap elementor-element-populated\">\n\t\t\t\t\t\t<div class=\"elementor-element elementor-element-65cbaba elementor-widget elementor-widget-text-editor\" data-id=\"65cbaba\" data-element_type=\"widget\" data-e-type=\"widget\" data-widget_type=\"text-editor.default\">\n\t\t\t\t<div class=\"elementor-widget-container\">\n\t\t\t\t\t\t\t\t\t<p>31.10.2023 r. w naszym przedszkolu odby\u0142 si\u0119 cykliczny przegl\u0105d &#8222;M\u00f3j ukochany \u015awi\u0119ty&#8221;. Przedszkolaki mia\u0142y mo\u017cliwo\u015b\u0107 przebra\u0107 si\u0119 za wybranego \u015awi\u0119tego i uczestniczy\u0107 w zorganizowanych zabawach. Spotkanie sprawi\u0142o wszystkim wiele rado\u015bci.<\/p>\t\t\t\t\t\t\t\t<\/div>\n\t\t\t\t<\/div>\n\t\t\t\t<div class=\"elementor-element elementor-element-39700b5 elementor-widget elementor-widget-image\" data-id=\"39700b5\" data-element_type=\"widget\" data-e-type=\"widget\" data-widget_type=\"image.default\">\n\t\t\t\t<div class=\"elementor-widget-container\">\n\t\t\t\t\t\t\t\t\t\t\t\t\t\t\t<img decoding=\"async\" width=\"768\" height=\"545\" data-src=\"https:\/\/przedszkole.spbrzozowka.pl\/wp-content\/uploads\/2023\/11\/swiety-768x545.jpg\" class=\"attachment-medium_large size-medium_large wp-image-7121 lazyload\" alt=\"\" data-srcset=\"https:\/\/przedszkole.spbrzozowka.pl\/wp-content\/uploads\/2023\/11\/swiety-768x545.jpg 768w, https:\/\/przedszkole.spbrzozowka.pl\/wp-content\/uploads\/2023\/11\/swiety-300x213.jpg 300w, https:\/\/przedszkole.spbrzozowka.pl\/wp-content\/uploads\/2023\/11\/swiety-1024x726.jpg 1024w, https:\/\/przedszkole.spbrzozowka.pl\/wp-content\/uploads\/2023\/11\/swiety-1536x1090.jpg 1536w, https:\/\/przedszkole.spbrzozowka.pl\/wp-content\/uploads\/2023\/11\/swiety-920x653.jpg 920w, https:\/\/przedszkole.spbrzozowka.pl\/wp-content\/uploads\/2023\/11\/swiety-230x163.jpg 230w, https:\/\/przedszkole.spbrzozowka.pl\/wp-content\/uploads\/2023\/11\/swiety-350x248.jpg 350w, https:\/\/przedszkole.spbrzozowka.pl\/wp-content\/uploads\/2023\/11\/swiety-480x341.jpg 480w, https:\/\/przedszkole.spbrzozowka.pl\/wp-content\/uploads\/2023\/11\/swiety.jpg 1748w\" data-sizes=\"(max-width: 768px) 100vw, 768px\" src=\"data:image\/svg+xml;base64,PHN2ZyB3aWR0aD0iMSIgaGVpZ2h0PSIxIiB4bWxucz0iaHR0cDovL3d3dy53My5vcmcvMjAwMC9zdmciPjwvc3ZnPg==\" style=\"--smush-placeholder-width: 768px; --smush-placeholder-aspect-ratio: 768\/545;\" \/>\t\t\t\t\t\t\t\t\t\t\t\t\t\t\t<\/div>\n\t\t\t\t<\/div>\n\t\t\t\t\t<\/div>\n\t\t<\/div>\n\t\t\t\t\t<\/div>\n\t\t<\/section>\n\t\t\t\t<section class=\"elementor-section elementor-top-section elementor-element elementor-element-7f8242b elementor-section-boxed elementor-section-height-default elementor-section-height-default\" data-id=\"7f8242b\" data-element_type=\"section\" data-e-type=\"section\" data-settings=\"{&quot;background_background&quot;:&quot;classic&quot;}\">\n\t\t\t\t\t\t<div class=\"elementor-container elementor-column-gap-default\">\n\t\t\t\t\t<div class=\"elementor-column elementor-col-100 elementor-top-column elementor-element elementor-element-48f961f\" data-id=\"48f961f\" data-element_type=\"column\" data-e-type=\"column\">\n\t\t\t<div class=\"elementor-widget-wrap elementor-element-populated\">\n\t\t\t\t\t\t<div class=\"elementor-element elementor-element-c44ca9e elementor-widget elementor-widget-text-editor\" data-id=\"c44ca9e\" data-element_type=\"widget\" data-e-type=\"widget\" data-widget_type=\"text-editor.default\">\n\t\t\t\t<div class=\"elementor-widget-container\">\n\t\t\t\t\t\t\t\t\t<p><strong>W zwi\u0105zku ze zbli\u017caj\u0105cym si\u0119 \u015awi\u0119tem Niepodleg\u0142o\u015bci w naszym przedszkolu odby\u0142o si\u0119 spotkanie z \u017bo\u0142nierzami. Zaproszeni Go\u015bcie przeprowadzili <br \/>z dzie\u0107mi pogadank\u0119 nt. wykonywanego zawodu, a tak\u017ce o jednostce, w kt\u00f3rej s\u0142u\u017c\u0105. Pokazali przedszkolakom str\u00f3j \u017co\u0142nierza i akcesoria, kt\u00f3re ka\u017cdy \u017co\u0142nierz mie\u0107 powinien. Zwr\u00f3cili uwag\u0119 jak wa\u017cne jest dbanie o w\u0142asne zdrowie i ruch. Na koniec dzieci otrzyma\u0142y maskotk\u0119 MISIA. Wielu z naszych przedszkolak\u00f3w zadeklarowa\u0142o, \u017ce w przysz\u0142o\u015bci te\u017c b\u0119d\u0105 \u017co\u0142nierzami:)<\/strong><\/p>\t\t\t\t\t\t\t\t<\/div>\n\t\t\t\t<\/div>\n\t\t\t\t<div class=\"elementor-element elementor-element-0656d31 elementor-widget elementor-widget-image\" data-id=\"0656d31\" data-element_type=\"widget\" data-e-type=\"widget\" data-widget_type=\"image.default\">\n\t\t\t\t<div class=\"elementor-widget-container\">\n\t\t\t\t\t\t\t\t\t\t\t\t\t\t\t<img decoding=\"async\" width=\"1024\" height=\"726\" data-src=\"https:\/\/przedszkole.spbrzozowka.pl\/wp-content\/uploads\/2023\/11\/ZOLNIERZE-1024x726.jpg\" class=\"attachment-large size-large wp-image-7106 lazyload\" alt=\"\" data-srcset=\"https:\/\/przedszkole.spbrzozowka.pl\/wp-content\/uploads\/2023\/11\/ZOLNIERZE-1024x726.jpg 1024w, https:\/\/przedszkole.spbrzozowka.pl\/wp-content\/uploads\/2023\/11\/ZOLNIERZE-300x213.jpg 300w, https:\/\/przedszkole.spbrzozowka.pl\/wp-content\/uploads\/2023\/11\/ZOLNIERZE-768x545.jpg 768w, https:\/\/przedszkole.spbrzozowka.pl\/wp-content\/uploads\/2023\/11\/ZOLNIERZE-1536x1090.jpg 1536w, https:\/\/przedszkole.spbrzozowka.pl\/wp-content\/uploads\/2023\/11\/ZOLNIERZE-920x653.jpg 920w, https:\/\/przedszkole.spbrzozowka.pl\/wp-content\/uploads\/2023\/11\/ZOLNIERZE-230x163.jpg 230w, https:\/\/przedszkole.spbrzozowka.pl\/wp-content\/uploads\/2023\/11\/ZOLNIERZE-350x248.jpg 350w, https:\/\/przedszkole.spbrzozowka.pl\/wp-content\/uploads\/2023\/11\/ZOLNIERZE-480x341.jpg 480w, https:\/\/przedszkole.spbrzozowka.pl\/wp-content\/uploads\/2023\/11\/ZOLNIERZE.jpg 1748w\" data-sizes=\"(max-width: 1024px) 100vw, 1024px\" src=\"data:image\/svg+xml;base64,PHN2ZyB3aWR0aD0iMSIgaGVpZ2h0PSIxIiB4bWxucz0iaHR0cDovL3d3dy53My5vcmcvMjAwMC9zdmciPjwvc3ZnPg==\" style=\"--smush-placeholder-width: 1024px; --smush-placeholder-aspect-ratio: 1024\/726;\" \/>\t\t\t\t\t\t\t\t\t\t\t\t\t\t\t<\/div>\n\t\t\t\t<\/div>\n\t\t\t\t<div class=\"elementor-element elementor-element-64c7cb7 elementor-widget elementor-widget-image\" data-id=\"64c7cb7\" data-element_type=\"widget\" data-e-type=\"widget\" data-widget_type=\"image.default\">\n\t\t\t\t<div class=\"elementor-widget-container\">\n\t\t\t\t\t\t\t\t\t\t\t\t\t\t\t<img decoding=\"async\" width=\"1024\" height=\"726\" data-src=\"https:\/\/przedszkole.spbrzozowka.pl\/wp-content\/uploads\/2023\/10\/DZIEKUJEMY-ZA-1024x726.jpg\" class=\"attachment-large size-large wp-image-7004 lazyload\" alt=\"\" data-srcset=\"https:\/\/przedszkole.spbrzozowka.pl\/wp-content\/uploads\/2023\/10\/DZIEKUJEMY-ZA-1024x726.jpg 1024w, https:\/\/przedszkole.spbrzozowka.pl\/wp-content\/uploads\/2023\/10\/DZIEKUJEMY-ZA-300x213.jpg 300w, https:\/\/przedszkole.spbrzozowka.pl\/wp-content\/uploads\/2023\/10\/DZIEKUJEMY-ZA-768x545.jpg 768w, https:\/\/przedszkole.spbrzozowka.pl\/wp-content\/uploads\/2023\/10\/DZIEKUJEMY-ZA-1536x1090.jpg 1536w, https:\/\/przedszkole.spbrzozowka.pl\/wp-content\/uploads\/2023\/10\/DZIEKUJEMY-ZA-920x653.jpg 920w, https:\/\/przedszkole.spbrzozowka.pl\/wp-content\/uploads\/2023\/10\/DZIEKUJEMY-ZA-230x163.jpg 230w, https:\/\/przedszkole.spbrzozowka.pl\/wp-content\/uploads\/2023\/10\/DZIEKUJEMY-ZA-350x248.jpg 350w, https:\/\/przedszkole.spbrzozowka.pl\/wp-content\/uploads\/2023\/10\/DZIEKUJEMY-ZA-480x341.jpg 480w, https:\/\/przedszkole.spbrzozowka.pl\/wp-content\/uploads\/2023\/10\/DZIEKUJEMY-ZA.jpg 1748w\" data-sizes=\"(max-width: 1024px) 100vw, 1024px\" src=\"data:image\/svg+xml;base64,PHN2ZyB3aWR0aD0iMSIgaGVpZ2h0PSIxIiB4bWxucz0iaHR0cDovL3d3dy53My5vcmcvMjAwMC9zdmciPjwvc3ZnPg==\" style=\"--smush-placeholder-width: 1024px; --smush-placeholder-aspect-ratio: 1024\/726;\" \/>\t\t\t\t\t\t\t\t\t\t\t\t\t\t\t<\/div>\n\t\t\t\t<\/div>\n\t\t\t\t\t<\/div>\n\t\t<\/div>\n\t\t\t\t\t<\/div>\n\t\t<\/section>\n\t\t\t\t<section class=\"elementor-section elementor-top-section elementor-element elementor-element-8645fb4 elementor-section-boxed elementor-section-height-default elementor-section-height-default\" data-id=\"8645fb4\" data-element_type=\"section\" data-e-type=\"section\" data-settings=\"{&quot;background_background&quot;:&quot;classic&quot;}\">\n\t\t\t\t\t\t<div class=\"elementor-container elementor-column-gap-default\">\n\t\t\t\t\t<div class=\"elementor-column elementor-col-100 elementor-top-column elementor-element elementor-element-409c9c2\" data-id=\"409c9c2\" data-element_type=\"column\" data-e-type=\"column\">\n\t\t\t<div class=\"elementor-widget-wrap elementor-element-populated\">\n\t\t\t\t\t\t<div class=\"elementor-element elementor-element-f43d7e6 elementor-widget elementor-widget-image\" data-id=\"f43d7e6\" data-element_type=\"widget\" data-e-type=\"widget\" data-widget_type=\"image.default\">\n\t\t\t\t<div class=\"elementor-widget-container\">\n\t\t\t\t\t\t\t\t\t\t\t\t\t\t\t<img decoding=\"async\" width=\"724\" height=\"1024\" data-src=\"https:\/\/przedszkole.spbrzozowka.pl\/wp-content\/uploads\/2023\/10\/Plik-pobrany-z-EduZabawyCOM-4-724x1024.jpeg\" class=\"attachment-large size-large wp-image-7030 lazyload\" alt=\"\" data-srcset=\"https:\/\/przedszkole.spbrzozowka.pl\/wp-content\/uploads\/2023\/10\/Plik-pobrany-z-EduZabawyCOM-4-724x1024.jpeg 724w, https:\/\/przedszkole.spbrzozowka.pl\/wp-content\/uploads\/2023\/10\/Plik-pobrany-z-EduZabawyCOM-4-212x300.jpeg 212w, https:\/\/przedszkole.spbrzozowka.pl\/wp-content\/uploads\/2023\/10\/Plik-pobrany-z-EduZabawyCOM-4-768x1086.jpeg 768w, https:\/\/przedszkole.spbrzozowka.pl\/wp-content\/uploads\/2023\/10\/Plik-pobrany-z-EduZabawyCOM-4-1086x1536.jpeg 1086w, https:\/\/przedszkole.spbrzozowka.pl\/wp-content\/uploads\/2023\/10\/Plik-pobrany-z-EduZabawyCOM-4-1448x2048.jpeg 1448w, https:\/\/przedszkole.spbrzozowka.pl\/wp-content\/uploads\/2023\/10\/Plik-pobrany-z-EduZabawyCOM-4-920x1301.jpeg 920w, https:\/\/przedszkole.spbrzozowka.pl\/wp-content\/uploads\/2023\/10\/Plik-pobrany-z-EduZabawyCOM-4-230x325.jpeg 230w, https:\/\/przedszkole.spbrzozowka.pl\/wp-content\/uploads\/2023\/10\/Plik-pobrany-z-EduZabawyCOM-4-350x495.jpeg 350w, https:\/\/przedszkole.spbrzozowka.pl\/wp-content\/uploads\/2023\/10\/Plik-pobrany-z-EduZabawyCOM-4-480x679.jpeg 480w, https:\/\/przedszkole.spbrzozowka.pl\/wp-content\/uploads\/2023\/10\/Plik-pobrany-z-EduZabawyCOM-4-scaled.jpeg 1810w\" data-sizes=\"(max-width: 724px) 100vw, 724px\" src=\"data:image\/svg+xml;base64,PHN2ZyB3aWR0aD0iMSIgaGVpZ2h0PSIxIiB4bWxucz0iaHR0cDovL3d3dy53My5vcmcvMjAwMC9zdmciPjwvc3ZnPg==\" style=\"--smush-placeholder-width: 724px; --smush-placeholder-aspect-ratio: 724\/1024;\" \/>\t\t\t\t\t\t\t\t\t\t\t\t\t\t\t<\/div>\n\t\t\t\t<\/div>\n\t\t\t\t<div class=\"elementor-element elementor-element-a4ca892 elementor-widget elementor-widget-image\" data-id=\"a4ca892\" data-element_type=\"widget\" data-e-type=\"widget\" data-widget_type=\"image.default\">\n\t\t\t\t<div class=\"elementor-widget-container\">\n\t\t\t\t\t\t\t\t\t\t\t\t\t\t\t<img decoding=\"async\" width=\"1024\" height=\"726\" data-src=\"https:\/\/przedszkole.spbrzozowka.pl\/wp-content\/uploads\/2023\/10\/DZIEKUJEMY-ZA-1024x726.jpg\" class=\"attachment-large size-large wp-image-7004 lazyload\" alt=\"\" data-srcset=\"https:\/\/przedszkole.spbrzozowka.pl\/wp-content\/uploads\/2023\/10\/DZIEKUJEMY-ZA-1024x726.jpg 1024w, https:\/\/przedszkole.spbrzozowka.pl\/wp-content\/uploads\/2023\/10\/DZIEKUJEMY-ZA-300x213.jpg 300w, https:\/\/przedszkole.spbrzozowka.pl\/wp-content\/uploads\/2023\/10\/DZIEKUJEMY-ZA-768x545.jpg 768w, https:\/\/przedszkole.spbrzozowka.pl\/wp-content\/uploads\/2023\/10\/DZIEKUJEMY-ZA-1536x1090.jpg 1536w, https:\/\/przedszkole.spbrzozowka.pl\/wp-content\/uploads\/2023\/10\/DZIEKUJEMY-ZA-920x653.jpg 920w, https:\/\/przedszkole.spbrzozowka.pl\/wp-content\/uploads\/2023\/10\/DZIEKUJEMY-ZA-230x163.jpg 230w, https:\/\/przedszkole.spbrzozowka.pl\/wp-content\/uploads\/2023\/10\/DZIEKUJEMY-ZA-350x248.jpg 350w, https:\/\/przedszkole.spbrzozowka.pl\/wp-content\/uploads\/2023\/10\/DZIEKUJEMY-ZA-480x341.jpg 480w, https:\/\/przedszkole.spbrzozowka.pl\/wp-content\/uploads\/2023\/10\/DZIEKUJEMY-ZA.jpg 1748w\" data-sizes=\"(max-width: 1024px) 100vw, 1024px\" src=\"data:image\/svg+xml;base64,PHN2ZyB3aWR0aD0iMSIgaGVpZ2h0PSIxIiB4bWxucz0iaHR0cDovL3d3dy53My5vcmcvMjAwMC9zdmciPjwvc3ZnPg==\" style=\"--smush-placeholder-width: 1024px; --smush-placeholder-aspect-ratio: 1024\/726;\" \/>\t\t\t\t\t\t\t\t\t\t\t\t\t\t\t<\/div>\n\t\t\t\t<\/div>\n\t\t\t\t\t<\/div>\n\t\t<\/div>\n\t\t\t\t\t<\/div>\n\t\t<\/section>\n\t\t\t\t<section class=\"elementor-section elementor-top-section elementor-element elementor-element-bf9c206 elementor-section-boxed elementor-section-height-default elementor-section-height-default\" data-id=\"bf9c206\" data-element_type=\"section\" data-e-type=\"section\" data-settings=\"{&quot;background_background&quot;:&quot;classic&quot;}\">\n\t\t\t\t\t\t<div class=\"elementor-container elementor-column-gap-default\">\n\t\t\t\t\t<div class=\"elementor-column elementor-col-100 elementor-top-column elementor-element elementor-element-2ce642f\" data-id=\"2ce642f\" data-element_type=\"column\" data-e-type=\"column\">\n\t\t\t<div class=\"elementor-widget-wrap elementor-element-populated\">\n\t\t\t\t\t\t<div class=\"elementor-element elementor-element-a1378ab elementor-widget elementor-widget-image\" data-id=\"a1378ab\" data-element_type=\"widget\" data-e-type=\"widget\" data-widget_type=\"image.default\">\n\t\t\t\t<div class=\"elementor-widget-container\">\n\t\t\t\t\t\t\t\t\t\t\t\t\t\t\t<img decoding=\"async\" width=\"1024\" height=\"1024\" data-src=\"https:\/\/przedszkole.spbrzozowka.pl\/wp-content\/uploads\/2023\/10\/kierunek2-1024x1024.jpg\" class=\"attachment-large size-large wp-image-6988 lazyload\" alt=\"\" data-srcset=\"https:\/\/przedszkole.spbrzozowka.pl\/wp-content\/uploads\/2023\/10\/kierunek2-1024x1024.jpg 1024w, https:\/\/przedszkole.spbrzozowka.pl\/wp-content\/uploads\/2023\/10\/kierunek2-300x300.jpg 300w, https:\/\/przedszkole.spbrzozowka.pl\/wp-content\/uploads\/2023\/10\/kierunek2-150x150.jpg 150w, https:\/\/przedszkole.spbrzozowka.pl\/wp-content\/uploads\/2023\/10\/kierunek2-768x768.jpg 768w, https:\/\/przedszkole.spbrzozowka.pl\/wp-content\/uploads\/2023\/10\/kierunek2-920x920.jpg 920w, https:\/\/przedszkole.spbrzozowka.pl\/wp-content\/uploads\/2023\/10\/kierunek2-230x230.jpg 230w, https:\/\/przedszkole.spbrzozowka.pl\/wp-content\/uploads\/2023\/10\/kierunek2-350x350.jpg 350w, https:\/\/przedszkole.spbrzozowka.pl\/wp-content\/uploads\/2023\/10\/kierunek2-480x480.jpg 480w, https:\/\/przedszkole.spbrzozowka.pl\/wp-content\/uploads\/2023\/10\/kierunek2.jpg 1181w\" data-sizes=\"(max-width: 1024px) 100vw, 1024px\" src=\"data:image\/svg+xml;base64,PHN2ZyB3aWR0aD0iMSIgaGVpZ2h0PSIxIiB4bWxucz0iaHR0cDovL3d3dy53My5vcmcvMjAwMC9zdmciPjwvc3ZnPg==\" style=\"--smush-placeholder-width: 1024px; --smush-placeholder-aspect-ratio: 1024\/1024;\" \/>\t\t\t\t\t\t\t\t\t\t\t\t\t\t\t<\/div>\n\t\t\t\t<\/div>\n\t\t\t\t\t<\/div>\n\t\t<\/div>\n\t\t\t\t\t<\/div>\n\t\t<\/section>\n\t\t\t\t<section class=\"elementor-section elementor-top-section elementor-element elementor-element-98b087a elementor-section-boxed elementor-section-height-default elementor-section-height-default\" data-id=\"98b087a\" data-element_type=\"section\" data-e-type=\"section\" data-settings=\"{&quot;background_background&quot;:&quot;classic&quot;}\">\n\t\t\t\t\t\t<div class=\"elementor-container elementor-column-gap-default\">\n\t\t\t\t\t<div class=\"elementor-column elementor-col-100 elementor-top-column elementor-element elementor-element-3902878\" data-id=\"3902878\" data-element_type=\"column\" data-e-type=\"column\">\n\t\t\t<div class=\"elementor-widget-wrap elementor-element-populated\">\n\t\t\t\t\t\t<div class=\"elementor-element elementor-element-e2c23fe elementor-widget elementor-widget-image\" data-id=\"e2c23fe\" data-element_type=\"widget\" data-e-type=\"widget\" data-widget_type=\"image.default\">\n\t\t\t\t<div class=\"elementor-widget-container\">\n\t\t\t\t\t\t\t\t\t\t\t\t\t\t\t<img decoding=\"async\" width=\"1024\" height=\"726\" data-src=\"https:\/\/przedszkole.spbrzozowka.pl\/wp-content\/uploads\/2023\/10\/wizyta-postaci-1024x726.jpg\" class=\"attachment-large size-large wp-image-6967 lazyload\" alt=\"\" data-srcset=\"https:\/\/przedszkole.spbrzozowka.pl\/wp-content\/uploads\/2023\/10\/wizyta-postaci-1024x726.jpg 1024w, https:\/\/przedszkole.spbrzozowka.pl\/wp-content\/uploads\/2023\/10\/wizyta-postaci-300x213.jpg 300w, https:\/\/przedszkole.spbrzozowka.pl\/wp-content\/uploads\/2023\/10\/wizyta-postaci-768x545.jpg 768w, https:\/\/przedszkole.spbrzozowka.pl\/wp-content\/uploads\/2023\/10\/wizyta-postaci-1536x1090.jpg 1536w, https:\/\/przedszkole.spbrzozowka.pl\/wp-content\/uploads\/2023\/10\/wizyta-postaci-920x653.jpg 920w, https:\/\/przedszkole.spbrzozowka.pl\/wp-content\/uploads\/2023\/10\/wizyta-postaci-230x163.jpg 230w, https:\/\/przedszkole.spbrzozowka.pl\/wp-content\/uploads\/2023\/10\/wizyta-postaci-350x248.jpg 350w, https:\/\/przedszkole.spbrzozowka.pl\/wp-content\/uploads\/2023\/10\/wizyta-postaci-480x341.jpg 480w, https:\/\/przedszkole.spbrzozowka.pl\/wp-content\/uploads\/2023\/10\/wizyta-postaci.jpg 1748w\" data-sizes=\"(max-width: 1024px) 100vw, 1024px\" src=\"data:image\/svg+xml;base64,PHN2ZyB3aWR0aD0iMSIgaGVpZ2h0PSIxIiB4bWxucz0iaHR0cDovL3d3dy53My5vcmcvMjAwMC9zdmciPjwvc3ZnPg==\" style=\"--smush-placeholder-width: 1024px; --smush-placeholder-aspect-ratio: 1024\/726;\" \/>\t\t\t\t\t\t\t\t\t\t\t\t\t\t\t<\/div>\n\t\t\t\t<\/div>\n\t\t\t\t\t<\/div>\n\t\t<\/div>\n\t\t\t\t\t<\/div>\n\t\t<\/section>\n\t\t\t\t<section class=\"elementor-section elementor-top-section elementor-element elementor-element-bc12c29 elementor-section-boxed elementor-section-height-default elementor-section-height-default\" data-id=\"bc12c29\" data-element_type=\"section\" data-e-type=\"section\" data-settings=\"{&quot;background_background&quot;:&quot;classic&quot;}\">\n\t\t\t\t\t\t<div class=\"elementor-container elementor-column-gap-default\">\n\t\t\t\t\t<div class=\"elementor-column elementor-col-100 elementor-top-column elementor-element elementor-element-9ff23a6\" data-id=\"9ff23a6\" data-element_type=\"column\" data-e-type=\"column\">\n\t\t\t<div class=\"elementor-widget-wrap elementor-element-populated\">\n\t\t\t\t\t\t<div class=\"elementor-element elementor-element-57a76e2 elementor-widget elementor-widget-image\" data-id=\"57a76e2\" data-element_type=\"widget\" data-e-type=\"widget\" data-widget_type=\"image.default\">\n\t\t\t\t<div class=\"elementor-widget-container\">\n\t\t\t\t\t\t\t\t\t\t\t\t\t\t\t<img decoding=\"async\" width=\"1024\" height=\"726\" data-src=\"https:\/\/przedszkole.spbrzozowka.pl\/wp-content\/uploads\/2023\/09\/dzien-chlopaka-1-1024x726.jpg\" class=\"attachment-large size-large wp-image-6926 lazyload\" alt=\"\" data-srcset=\"https:\/\/przedszkole.spbrzozowka.pl\/wp-content\/uploads\/2023\/09\/dzien-chlopaka-1-1024x726.jpg 1024w, https:\/\/przedszkole.spbrzozowka.pl\/wp-content\/uploads\/2023\/09\/dzien-chlopaka-1-300x213.jpg 300w, https:\/\/przedszkole.spbrzozowka.pl\/wp-content\/uploads\/2023\/09\/dzien-chlopaka-1-768x545.jpg 768w, https:\/\/przedszkole.spbrzozowka.pl\/wp-content\/uploads\/2023\/09\/dzien-chlopaka-1-1536x1090.jpg 1536w, https:\/\/przedszkole.spbrzozowka.pl\/wp-content\/uploads\/2023\/09\/dzien-chlopaka-1-920x653.jpg 920w, https:\/\/przedszkole.spbrzozowka.pl\/wp-content\/uploads\/2023\/09\/dzien-chlopaka-1-230x163.jpg 230w, https:\/\/przedszkole.spbrzozowka.pl\/wp-content\/uploads\/2023\/09\/dzien-chlopaka-1-350x248.jpg 350w, https:\/\/przedszkole.spbrzozowka.pl\/wp-content\/uploads\/2023\/09\/dzien-chlopaka-1-480x341.jpg 480w, https:\/\/przedszkole.spbrzozowka.pl\/wp-content\/uploads\/2023\/09\/dzien-chlopaka-1.jpg 1748w\" data-sizes=\"(max-width: 1024px) 100vw, 1024px\" src=\"data:image\/svg+xml;base64,PHN2ZyB3aWR0aD0iMSIgaGVpZ2h0PSIxIiB4bWxucz0iaHR0cDovL3d3dy53My5vcmcvMjAwMC9zdmciPjwvc3ZnPg==\" style=\"--smush-placeholder-width: 1024px; --smush-placeholder-aspect-ratio: 1024\/726;\" \/>\t\t\t\t\t\t\t\t\t\t\t\t\t\t\t<\/div>\n\t\t\t\t<\/div>\n\t\t\t\t\t<\/div>\n\t\t<\/div>\n\t\t\t\t\t<\/div>\n\t\t<\/section>\n\t\t\t\t<section class=\"elementor-section elementor-top-section elementor-element elementor-element-924ef80 elementor-section-boxed elementor-section-height-default elementor-section-height-default\" data-id=\"924ef80\" data-element_type=\"section\" data-e-type=\"section\" data-settings=\"{&quot;background_background&quot;:&quot;classic&quot;}\">\n\t\t\t\t\t\t<div class=\"elementor-container elementor-column-gap-default\">\n\t\t\t\t\t<div class=\"elementor-column elementor-col-100 elementor-top-column elementor-element elementor-element-10e703b\" data-id=\"10e703b\" data-element_type=\"column\" data-e-type=\"column\">\n\t\t\t<div class=\"elementor-widget-wrap elementor-element-populated\">\n\t\t\t\t\t\t<div class=\"elementor-element elementor-element-77f21d4 elementor-widget elementor-widget-image\" data-id=\"77f21d4\" data-element_type=\"widget\" data-e-type=\"widget\" data-widget_type=\"image.default\">\n\t\t\t\t<div class=\"elementor-widget-container\">\n\t\t\t\t\t\t\t\t\t\t\t\t\t\t\t<img decoding=\"async\" width=\"1024\" height=\"726\" data-src=\"https:\/\/przedszkole.spbrzozowka.pl\/wp-content\/uploads\/2023\/09\/DZIEN-PRZEDSZKOLAKA-1024x726.jpg\" class=\"attachment-large size-large wp-image-6906 lazyload\" alt=\"\" data-srcset=\"https:\/\/przedszkole.spbrzozowka.pl\/wp-content\/uploads\/2023\/09\/DZIEN-PRZEDSZKOLAKA-1024x726.jpg 1024w, https:\/\/przedszkole.spbrzozowka.pl\/wp-content\/uploads\/2023\/09\/DZIEN-PRZEDSZKOLAKA-300x213.jpg 300w, https:\/\/przedszkole.spbrzozowka.pl\/wp-content\/uploads\/2023\/09\/DZIEN-PRZEDSZKOLAKA-768x545.jpg 768w, https:\/\/przedszkole.spbrzozowka.pl\/wp-content\/uploads\/2023\/09\/DZIEN-PRZEDSZKOLAKA-1536x1090.jpg 1536w, https:\/\/przedszkole.spbrzozowka.pl\/wp-content\/uploads\/2023\/09\/DZIEN-PRZEDSZKOLAKA-920x653.jpg 920w, https:\/\/przedszkole.spbrzozowka.pl\/wp-content\/uploads\/2023\/09\/DZIEN-PRZEDSZKOLAKA-230x163.jpg 230w, https:\/\/przedszkole.spbrzozowka.pl\/wp-content\/uploads\/2023\/09\/DZIEN-PRZEDSZKOLAKA-350x248.jpg 350w, https:\/\/przedszkole.spbrzozowka.pl\/wp-content\/uploads\/2023\/09\/DZIEN-PRZEDSZKOLAKA-480x341.jpg 480w, https:\/\/przedszkole.spbrzozowka.pl\/wp-content\/uploads\/2023\/09\/DZIEN-PRZEDSZKOLAKA.jpg 1748w\" data-sizes=\"(max-width: 1024px) 100vw, 1024px\" src=\"data:image\/svg+xml;base64,PHN2ZyB3aWR0aD0iMSIgaGVpZ2h0PSIxIiB4bWxucz0iaHR0cDovL3d3dy53My5vcmcvMjAwMC9zdmciPjwvc3ZnPg==\" style=\"--smush-placeholder-width: 1024px; --smush-placeholder-aspect-ratio: 1024\/726;\" \/>\t\t\t\t\t\t\t\t\t\t\t\t\t\t\t<\/div>\n\t\t\t\t<\/div>\n\t\t\t\t\t<\/div>\n\t\t<\/div>\n\t\t\t\t\t<\/div>\n\t\t<\/section>\n\t\t\t\t<section class=\"elementor-section elementor-top-section elementor-element elementor-element-5c2fad9 elementor-section-boxed elementor-section-height-default elementor-section-height-default\" data-id=\"5c2fad9\" data-element_type=\"section\" data-e-type=\"section\" data-settings=\"{&quot;background_background&quot;:&quot;classic&quot;}\">\n\t\t\t\t\t\t<div class=\"elementor-container elementor-column-gap-default\">\n\t\t\t\t\t<div class=\"elementor-column elementor-col-100 elementor-top-column elementor-element elementor-element-d9e57dd\" data-id=\"d9e57dd\" data-element_type=\"column\" data-e-type=\"column\">\n\t\t\t<div class=\"elementor-widget-wrap elementor-element-populated\">\n\t\t\t\t\t\t\t<\/div>\n\t\t<\/div>\n\t\t\t\t\t<\/div>\n\t\t<\/section>\n\t\t\t\t<section class=\"elementor-section elementor-top-section elementor-element elementor-element-0d9ae2c elementor-section-boxed elementor-section-height-default elementor-section-height-default\" data-id=\"0d9ae2c\" data-element_type=\"section\" data-e-type=\"section\" data-settings=\"{&quot;background_background&quot;:&quot;classic&quot;}\">\n\t\t\t\t\t\t<div class=\"elementor-container elementor-column-gap-default\">\n\t\t\t\t\t<div class=\"elementor-column elementor-col-100 elementor-top-column elementor-element elementor-element-30ebd48\" data-id=\"30ebd48\" data-element_type=\"column\" data-e-type=\"column\">\n\t\t\t<div class=\"elementor-widget-wrap elementor-element-populated\">\n\t\t\t\t\t\t<div class=\"elementor-element elementor-element-5812dad elementor-widget elementor-widget-text-editor\" data-id=\"5812dad\" data-element_type=\"widget\" data-e-type=\"widget\" data-widget_type=\"text-editor.default\">\n\t\t\t\t<div class=\"elementor-widget-container\">\n\t\t\t\t\t\t\t\t\t<h1><strong>Pragniemy poinformowa\u0107, \u017ce nasze przedszkole realizuje autorski Og\u00f3lnopolski projekt edukacyjny &#8222;Cyfrowa podr\u00f3\u017c <br \/>z Avatarem&#8221;. Projekt zosta\u0142 obj\u0119ty honorowym patronatem Ministra Edukacji i Nauki.<\/strong><\/h1>\t\t\t\t\t\t\t\t<\/div>\n\t\t\t\t<\/div>\n\t\t\t\t\t<\/div>\n\t\t<\/div>\n\t\t\t\t\t<\/div>\n\t\t<\/section>\n\t\t\t\t<section class=\"elementor-section elementor-top-section elementor-element elementor-element-e3244d5 elementor-section-boxed elementor-section-height-default elementor-section-height-default\" data-id=\"e3244d5\" data-element_type=\"section\" data-e-type=\"section\" data-settings=\"{&quot;background_background&quot;:&quot;classic&quot;}\">\n\t\t\t\t\t\t<div class=\"elementor-container elementor-column-gap-default\">\n\t\t\t\t\t<div class=\"elementor-column elementor-col-100 elementor-top-column elementor-element elementor-element-d0b9be1\" data-id=\"d0b9be1\" data-element_type=\"column\" data-e-type=\"column\">\n\t\t\t<div class=\"elementor-widget-wrap elementor-element-populated\">\n\t\t\t\t\t\t<div class=\"elementor-element elementor-element-ae89ec4 elementor-widget elementor-widget-image\" data-id=\"ae89ec4\" data-element_type=\"widget\" data-e-type=\"widget\" data-widget_type=\"image.default\">\n\t\t\t\t<div class=\"elementor-widget-container\">\n\t\t\t\t\t\t\t\t\t\t\t\t\t\t\t<img decoding=\"async\" width=\"724\" height=\"1024\" data-src=\"https:\/\/przedszkole.spbrzozowka.pl\/wp-content\/uploads\/2023\/10\/plakatzajecia-dodatkowe-724x1024.jpg\" class=\"attachment-large size-large wp-image-6984 lazyload\" alt=\"\" data-srcset=\"https:\/\/przedszkole.spbrzozowka.pl\/wp-content\/uploads\/2023\/10\/plakatzajecia-dodatkowe-724x1024.jpg 724w, https:\/\/przedszkole.spbrzozowka.pl\/wp-content\/uploads\/2023\/10\/plakatzajecia-dodatkowe-212x300.jpg 212w, https:\/\/przedszkole.spbrzozowka.pl\/wp-content\/uploads\/2023\/10\/plakatzajecia-dodatkowe-768x1086.jpg 768w, https:\/\/przedszkole.spbrzozowka.pl\/wp-content\/uploads\/2023\/10\/plakatzajecia-dodatkowe-1086x1536.jpg 1086w, https:\/\/przedszkole.spbrzozowka.pl\/wp-content\/uploads\/2023\/10\/plakatzajecia-dodatkowe-920x1301.jpg 920w, https:\/\/przedszkole.spbrzozowka.pl\/wp-content\/uploads\/2023\/10\/plakatzajecia-dodatkowe-230x325.jpg 230w, https:\/\/przedszkole.spbrzozowka.pl\/wp-content\/uploads\/2023\/10\/plakatzajecia-dodatkowe-350x495.jpg 350w, https:\/\/przedszkole.spbrzozowka.pl\/wp-content\/uploads\/2023\/10\/plakatzajecia-dodatkowe-480x679.jpg 480w, https:\/\/przedszkole.spbrzozowka.pl\/wp-content\/uploads\/2023\/10\/plakatzajecia-dodatkowe.jpg 1414w\" data-sizes=\"(max-width: 724px) 100vw, 724px\" src=\"data:image\/svg+xml;base64,PHN2ZyB3aWR0aD0iMSIgaGVpZ2h0PSIxIiB4bWxucz0iaHR0cDovL3d3dy53My5vcmcvMjAwMC9zdmciPjwvc3ZnPg==\" style=\"--smush-placeholder-width: 724px; --smush-placeholder-aspect-ratio: 724\/1024;\" \/>\t\t\t\t\t\t\t\t\t\t\t\t\t\t\t<\/div>\n\t\t\t\t<\/div>\n\t\t\t\t\t<\/div>\n\t\t<\/div>\n\t\t\t\t\t<\/div>\n\t\t<\/section>\n\t\t\t\t<section class=\"elementor-section elementor-top-section elementor-element elementor-element-ad6ac11 elementor-section-boxed elementor-section-height-default elementor-section-height-default\" data-id=\"ad6ac11\" data-element_type=\"section\" data-e-type=\"section\" data-settings=\"{&quot;background_background&quot;:&quot;classic&quot;}\">\n\t\t\t\t\t\t<div class=\"elementor-container elementor-column-gap-default\">\n\t\t\t\t\t<div class=\"elementor-column elementor-col-100 elementor-top-column elementor-element elementor-element-f090d90\" data-id=\"f090d90\" data-element_type=\"column\" data-e-type=\"column\">\n\t\t\t<div class=\"elementor-widget-wrap elementor-element-populated\">\n\t\t\t\t\t\t<div class=\"elementor-element elementor-element-8844a12 elementor-widget elementor-widget-image\" data-id=\"8844a12\" data-element_type=\"widget\" data-e-type=\"widget\" data-widget_type=\"image.default\">\n\t\t\t\t<div class=\"elementor-widget-container\">\n\t\t\t\t\t\t\t\t\t\t\t\t\t\t\t<img decoding=\"async\" width=\"1024\" height=\"726\" data-src=\"https:\/\/przedszkole.spbrzozowka.pl\/wp-content\/uploads\/2023\/09\/Miedzynarodowy-Dzien-Kropki-1024x726.jpg\" class=\"attachment-large size-large wp-image-6878 lazyload\" alt=\"\" data-srcset=\"https:\/\/przedszkole.spbrzozowka.pl\/wp-content\/uploads\/2023\/09\/Miedzynarodowy-Dzien-Kropki-1024x726.jpg 1024w, https:\/\/przedszkole.spbrzozowka.pl\/wp-content\/uploads\/2023\/09\/Miedzynarodowy-Dzien-Kropki-300x213.jpg 300w, https:\/\/przedszkole.spbrzozowka.pl\/wp-content\/uploads\/2023\/09\/Miedzynarodowy-Dzien-Kropki-768x545.jpg 768w, https:\/\/przedszkole.spbrzozowka.pl\/wp-content\/uploads\/2023\/09\/Miedzynarodowy-Dzien-Kropki-1536x1090.jpg 1536w, https:\/\/przedszkole.spbrzozowka.pl\/wp-content\/uploads\/2023\/09\/Miedzynarodowy-Dzien-Kropki-920x653.jpg 920w, https:\/\/przedszkole.spbrzozowka.pl\/wp-content\/uploads\/2023\/09\/Miedzynarodowy-Dzien-Kropki-230x163.jpg 230w, https:\/\/przedszkole.spbrzozowka.pl\/wp-content\/uploads\/2023\/09\/Miedzynarodowy-Dzien-Kropki-350x248.jpg 350w, https:\/\/przedszkole.spbrzozowka.pl\/wp-content\/uploads\/2023\/09\/Miedzynarodowy-Dzien-Kropki-480x341.jpg 480w, https:\/\/przedszkole.spbrzozowka.pl\/wp-content\/uploads\/2023\/09\/Miedzynarodowy-Dzien-Kropki.jpg 1748w\" data-sizes=\"(max-width: 1024px) 100vw, 1024px\" src=\"data:image\/svg+xml;base64,PHN2ZyB3aWR0aD0iMSIgaGVpZ2h0PSIxIiB4bWxucz0iaHR0cDovL3d3dy53My5vcmcvMjAwMC9zdmciPjwvc3ZnPg==\" style=\"--smush-placeholder-width: 1024px; --smush-placeholder-aspect-ratio: 1024\/726;\" \/>\t\t\t\t\t\t\t\t\t\t\t\t\t\t\t<\/div>\n\t\t\t\t<\/div>\n\t\t\t\t\t<\/div>\n\t\t<\/div>\n\t\t\t\t\t<\/div>\n\t\t<\/section>\n\t\t\t\t<section class=\"elementor-section elementor-top-section elementor-element elementor-element-ee4115b elementor-section-boxed elementor-section-height-default elementor-section-height-default\" data-id=\"ee4115b\" data-element_type=\"section\" data-e-type=\"section\" data-settings=\"{&quot;background_background&quot;:&quot;classic&quot;}\">\n\t\t\t\t\t\t<div class=\"elementor-container elementor-column-gap-default\">\n\t\t\t\t\t<div class=\"elementor-column elementor-col-100 elementor-top-column elementor-element elementor-element-6bac506\" data-id=\"6bac506\" data-element_type=\"column\" data-e-type=\"column\">\n\t\t\t<div class=\"elementor-widget-wrap elementor-element-populated\">\n\t\t\t\t\t\t<div class=\"elementor-element elementor-element-672fe41 elementor-widget elementor-widget-image\" data-id=\"672fe41\" data-element_type=\"widget\" data-e-type=\"widget\" data-widget_type=\"image.default\">\n\t\t\t\t<div class=\"elementor-widget-container\">\n\t\t\t\t\t\t\t\t\t\t\t\t\t\t\t<img decoding=\"async\" width=\"724\" height=\"1024\" data-src=\"https:\/\/przedszkole.spbrzozowka.pl\/wp-content\/uploads\/2023\/09\/375208720_812800826994727_5039841517718521739_n-724x1024.jpg\" class=\"attachment-large size-large wp-image-6869 lazyload\" alt=\"\" data-srcset=\"https:\/\/przedszkole.spbrzozowka.pl\/wp-content\/uploads\/2023\/09\/375208720_812800826994727_5039841517718521739_n-724x1024.jpg 724w, https:\/\/przedszkole.spbrzozowka.pl\/wp-content\/uploads\/2023\/09\/375208720_812800826994727_5039841517718521739_n-212x300.jpg 212w, https:\/\/przedszkole.spbrzozowka.pl\/wp-content\/uploads\/2023\/09\/375208720_812800826994727_5039841517718521739_n-768x1086.jpg 768w, https:\/\/przedszkole.spbrzozowka.pl\/wp-content\/uploads\/2023\/09\/375208720_812800826994727_5039841517718521739_n-1086x1536.jpg 1086w, https:\/\/przedszkole.spbrzozowka.pl\/wp-content\/uploads\/2023\/09\/375208720_812800826994727_5039841517718521739_n-920x1302.jpg 920w, https:\/\/przedszkole.spbrzozowka.pl\/wp-content\/uploads\/2023\/09\/375208720_812800826994727_5039841517718521739_n-230x325.jpg 230w, https:\/\/przedszkole.spbrzozowka.pl\/wp-content\/uploads\/2023\/09\/375208720_812800826994727_5039841517718521739_n-350x495.jpg 350w, https:\/\/przedszkole.spbrzozowka.pl\/wp-content\/uploads\/2023\/09\/375208720_812800826994727_5039841517718521739_n-480x679.jpg 480w, https:\/\/przedszkole.spbrzozowka.pl\/wp-content\/uploads\/2023\/09\/375208720_812800826994727_5039841517718521739_n.jpg 1131w\" data-sizes=\"(max-width: 724px) 100vw, 724px\" src=\"data:image\/svg+xml;base64,PHN2ZyB3aWR0aD0iMSIgaGVpZ2h0PSIxIiB4bWxucz0iaHR0cDovL3d3dy53My5vcmcvMjAwMC9zdmciPjwvc3ZnPg==\" style=\"--smush-placeholder-width: 724px; --smush-placeholder-aspect-ratio: 724\/1024;\" \/>\t\t\t\t\t\t\t\t\t\t\t\t\t\t\t<\/div>\n\t\t\t\t<\/div>\n\t\t\t\t\t<\/div>\n\t\t<\/div>\n\t\t\t\t\t<\/div>\n\t\t<\/section>\n\t\t\t\t<section class=\"elementor-section elementor-top-section elementor-element elementor-element-87c4870 elementor-section-boxed elementor-section-height-default elementor-section-height-default\" data-id=\"87c4870\" data-element_type=\"section\" data-e-type=\"section\" data-settings=\"{&quot;background_background&quot;:&quot;classic&quot;}\">\n\t\t\t\t\t\t<div class=\"elementor-container elementor-column-gap-default\">\n\t\t\t\t\t<div class=\"elementor-column elementor-col-100 elementor-top-column elementor-element elementor-element-a9bf668\" data-id=\"a9bf668\" data-element_type=\"column\" data-e-type=\"column\">\n\t\t\t<div class=\"elementor-widget-wrap elementor-element-populated\">\n\t\t\t\t\t\t<div class=\"elementor-element elementor-element-b7958c4 elementor-widget elementor-widget-image\" data-id=\"b7958c4\" data-element_type=\"widget\" data-e-type=\"widget\" data-widget_type=\"image.default\">\n\t\t\t\t<div class=\"elementor-widget-container\">\n\t\t\t\t\t\t\t\t\t\t\t\t\t\t\t<img decoding=\"async\" width=\"1024\" height=\"726\" data-src=\"https:\/\/przedszkole.spbrzozowka.pl\/wp-content\/uploads\/2023\/08\/Dodaj-naglowek-1-1024x726.jpg\" class=\"attachment-large size-large wp-image-6756 lazyload\" alt=\"\" data-srcset=\"https:\/\/przedszkole.spbrzozowka.pl\/wp-content\/uploads\/2023\/08\/Dodaj-naglowek-1-1024x726.jpg 1024w, https:\/\/przedszkole.spbrzozowka.pl\/wp-content\/uploads\/2023\/08\/Dodaj-naglowek-1-300x213.jpg 300w, https:\/\/przedszkole.spbrzozowka.pl\/wp-content\/uploads\/2023\/08\/Dodaj-naglowek-1-768x545.jpg 768w, https:\/\/przedszkole.spbrzozowka.pl\/wp-content\/uploads\/2023\/08\/Dodaj-naglowek-1-1536x1090.jpg 1536w, https:\/\/przedszkole.spbrzozowka.pl\/wp-content\/uploads\/2023\/08\/Dodaj-naglowek-1-920x653.jpg 920w, https:\/\/przedszkole.spbrzozowka.pl\/wp-content\/uploads\/2023\/08\/Dodaj-naglowek-1-230x163.jpg 230w, https:\/\/przedszkole.spbrzozowka.pl\/wp-content\/uploads\/2023\/08\/Dodaj-naglowek-1-350x248.jpg 350w, https:\/\/przedszkole.spbrzozowka.pl\/wp-content\/uploads\/2023\/08\/Dodaj-naglowek-1-480x341.jpg 480w, https:\/\/przedszkole.spbrzozowka.pl\/wp-content\/uploads\/2023\/08\/Dodaj-naglowek-1.jpg 1748w\" data-sizes=\"(max-width: 1024px) 100vw, 1024px\" src=\"data:image\/svg+xml;base64,PHN2ZyB3aWR0aD0iMSIgaGVpZ2h0PSIxIiB4bWxucz0iaHR0cDovL3d3dy53My5vcmcvMjAwMC9zdmciPjwvc3ZnPg==\" style=\"--smush-placeholder-width: 1024px; --smush-placeholder-aspect-ratio: 1024\/726;\" \/>\t\t\t\t\t\t\t\t\t\t\t\t\t\t\t<\/div>\n\t\t\t\t<\/div>\n\t\t\t\t\t<\/div>\n\t\t<\/div>\n\t\t\t\t\t<\/div>\n\t\t<\/section>\n\t\t\t\t<section class=\"elementor-section elementor-top-section elementor-element elementor-element-ac5eb1e elementor-section-boxed elementor-section-height-default elementor-section-height-default\" data-id=\"ac5eb1e\" data-element_type=\"section\" data-e-type=\"section\" data-settings=\"{&quot;background_background&quot;:&quot;classic&quot;}\">\n\t\t\t\t\t\t<div class=\"elementor-container elementor-column-gap-default\">\n\t\t\t\t\t<div class=\"elementor-column elementor-col-100 elementor-top-column elementor-element elementor-element-4ffc23c\" data-id=\"4ffc23c\" data-element_type=\"column\" data-e-type=\"column\">\n\t\t\t<div class=\"elementor-widget-wrap elementor-element-populated\">\n\t\t\t\t\t\t<div class=\"elementor-element elementor-element-82fa833 elementor-widget elementor-widget-image\" data-id=\"82fa833\" data-element_type=\"widget\" data-e-type=\"widget\" data-widget_type=\"image.default\">\n\t\t\t\t<div class=\"elementor-widget-container\">\n\t\t\t\t\t\t\t\t\t\t\t\t<figure class=\"wp-caption\">\n\t\t\t\t\t\t\t\t\t\t<img decoding=\"async\" width=\"724\" height=\"1024\" data-src=\"https:\/\/przedszkole.spbrzozowka.pl\/wp-content\/uploads\/2023\/08\/Talenciaki2-724x1024.jpg\" class=\"attachment-large size-large wp-image-6806 lazyload\" alt=\"\" data-srcset=\"https:\/\/przedszkole.spbrzozowka.pl\/wp-content\/uploads\/2023\/08\/Talenciaki2-724x1024.jpg 724w, https:\/\/przedszkole.spbrzozowka.pl\/wp-content\/uploads\/2023\/08\/Talenciaki2-212x300.jpg 212w, https:\/\/przedszkole.spbrzozowka.pl\/wp-content\/uploads\/2023\/08\/Talenciaki2-768x1086.jpg 768w, https:\/\/przedszkole.spbrzozowka.pl\/wp-content\/uploads\/2023\/08\/Talenciaki2-1086x1536.jpg 1086w, https:\/\/przedszkole.spbrzozowka.pl\/wp-content\/uploads\/2023\/08\/Talenciaki2-920x1301.jpg 920w, https:\/\/przedszkole.spbrzozowka.pl\/wp-content\/uploads\/2023\/08\/Talenciaki2-230x325.jpg 230w, https:\/\/przedszkole.spbrzozowka.pl\/wp-content\/uploads\/2023\/08\/Talenciaki2-350x495.jpg 350w, https:\/\/przedszkole.spbrzozowka.pl\/wp-content\/uploads\/2023\/08\/Talenciaki2-480x679.jpg 480w, https:\/\/przedszkole.spbrzozowka.pl\/wp-content\/uploads\/2023\/08\/Talenciaki2.jpg 1191w\" data-sizes=\"(max-width: 724px) 100vw, 724px\" src=\"data:image\/svg+xml;base64,PHN2ZyB3aWR0aD0iMSIgaGVpZ2h0PSIxIiB4bWxucz0iaHR0cDovL3d3dy53My5vcmcvMjAwMC9zdmciPjwvc3ZnPg==\" style=\"--smush-placeholder-width: 724px; --smush-placeholder-aspect-ratio: 724\/1024;\" \/>\t\t\t\t\t\t\t\t\t\t\t<figcaption class=\"widget-image-caption wp-caption-text\"><\/figcaption>\n\t\t\t\t\t\t\t\t\t\t<\/figure>\n\t\t\t\t\t\t\t\t\t<\/div>\n\t\t\t\t<\/div>\n\t\t\t\t\t<\/div>\n\t\t<\/div>\n\t\t\t\t\t<\/div>\n\t\t<\/section>\n\t\t\t\t<section class=\"elementor-section elementor-top-section elementor-element elementor-element-1af66c5 elementor-section-boxed elementor-section-height-default elementor-section-height-default\" data-id=\"1af66c5\" data-element_type=\"section\" data-e-type=\"section\" data-settings=\"{&quot;background_background&quot;:&quot;classic&quot;}\">\n\t\t\t\t\t\t<div class=\"elementor-container elementor-column-gap-default\">\n\t\t\t\t\t<div class=\"elementor-column elementor-col-100 elementor-top-column elementor-element elementor-element-d6c0d21\" data-id=\"d6c0d21\" data-element_type=\"column\" data-e-type=\"column\">\n\t\t\t<div class=\"elementor-widget-wrap elementor-element-populated\">\n\t\t\t\t\t\t<div class=\"elementor-element elementor-element-94776bc elementor-widget elementor-widget-image\" data-id=\"94776bc\" data-element_type=\"widget\" data-e-type=\"widget\" data-widget_type=\"image.default\">\n\t\t\t\t<div class=\"elementor-widget-container\">\n\t\t\t\t\t\t\t\t\t\t\t\t\t\t\t<img decoding=\"async\" width=\"1024\" height=\"726\" data-src=\"https:\/\/przedszkole.spbrzozowka.pl\/wp-content\/uploads\/2023\/06\/Zyczymy-udanych-i-bezpiecznych-wakacji-1024x726.jpg\" class=\"attachment-large size-large wp-image-6698 lazyload\" alt=\"\" data-srcset=\"https:\/\/przedszkole.spbrzozowka.pl\/wp-content\/uploads\/2023\/06\/Zyczymy-udanych-i-bezpiecznych-wakacji-1024x726.jpg 1024w, https:\/\/przedszkole.spbrzozowka.pl\/wp-content\/uploads\/2023\/06\/Zyczymy-udanych-i-bezpiecznych-wakacji-300x213.jpg 300w, https:\/\/przedszkole.spbrzozowka.pl\/wp-content\/uploads\/2023\/06\/Zyczymy-udanych-i-bezpiecznych-wakacji-768x545.jpg 768w, https:\/\/przedszkole.spbrzozowka.pl\/wp-content\/uploads\/2023\/06\/Zyczymy-udanych-i-bezpiecznych-wakacji-1536x1090.jpg 1536w, https:\/\/przedszkole.spbrzozowka.pl\/wp-content\/uploads\/2023\/06\/Zyczymy-udanych-i-bezpiecznych-wakacji-920x653.jpg 920w, https:\/\/przedszkole.spbrzozowka.pl\/wp-content\/uploads\/2023\/06\/Zyczymy-udanych-i-bezpiecznych-wakacji-230x163.jpg 230w, https:\/\/przedszkole.spbrzozowka.pl\/wp-content\/uploads\/2023\/06\/Zyczymy-udanych-i-bezpiecznych-wakacji-350x248.jpg 350w, https:\/\/przedszkole.spbrzozowka.pl\/wp-content\/uploads\/2023\/06\/Zyczymy-udanych-i-bezpiecznych-wakacji-480x341.jpg 480w, https:\/\/przedszkole.spbrzozowka.pl\/wp-content\/uploads\/2023\/06\/Zyczymy-udanych-i-bezpiecznych-wakacji.jpg 1748w\" data-sizes=\"(max-width: 1024px) 100vw, 1024px\" src=\"data:image\/svg+xml;base64,PHN2ZyB3aWR0aD0iMSIgaGVpZ2h0PSIxIiB4bWxucz0iaHR0cDovL3d3dy53My5vcmcvMjAwMC9zdmciPjwvc3ZnPg==\" style=\"--smush-placeholder-width: 1024px; --smush-placeholder-aspect-ratio: 1024\/726;\" \/>\t\t\t\t\t\t\t\t\t\t\t\t\t\t\t<\/div>\n\t\t\t\t<\/div>\n\t\t\t\t\t<\/div>\n\t\t<\/div>\n\t\t\t\t\t<\/div>\n\t\t<\/section>\n\t\t\t\t<section class=\"elementor-section elementor-top-section elementor-element elementor-element-02f151e elementor-section-boxed elementor-section-height-default elementor-section-height-default\" data-id=\"02f151e\" data-element_type=\"section\" data-e-type=\"section\" data-settings=\"{&quot;background_background&quot;:&quot;classic&quot;}\">\n\t\t\t\t\t\t<div class=\"elementor-container elementor-column-gap-default\">\n\t\t\t\t\t<div class=\"elementor-column elementor-col-100 elementor-top-column elementor-element elementor-element-f109fb0\" data-id=\"f109fb0\" data-element_type=\"column\" data-e-type=\"column\">\n\t\t\t<div class=\"elementor-widget-wrap elementor-element-populated\">\n\t\t\t\t\t\t<div class=\"elementor-element elementor-element-65e0b2f elementor-widget elementor-widget-image\" data-id=\"65e0b2f\" data-element_type=\"widget\" data-e-type=\"widget\" data-widget_type=\"image.default\">\n\t\t\t\t<div class=\"elementor-widget-container\">\n\t\t\t\t\t\t\t\t\t\t\t\t\t\t\t<img decoding=\"async\" width=\"1024\" height=\"726\" data-src=\"https:\/\/przedszkole.spbrzozowka.pl\/wp-content\/uploads\/2023\/05\/drzwi-otwarte-1024x726.jpg\" class=\"attachment-large size-large wp-image-6658 lazyload\" alt=\"\" data-srcset=\"https:\/\/przedszkole.spbrzozowka.pl\/wp-content\/uploads\/2023\/05\/drzwi-otwarte-1024x726.jpg 1024w, https:\/\/przedszkole.spbrzozowka.pl\/wp-content\/uploads\/2023\/05\/drzwi-otwarte-300x213.jpg 300w, https:\/\/przedszkole.spbrzozowka.pl\/wp-content\/uploads\/2023\/05\/drzwi-otwarte-768x545.jpg 768w, https:\/\/przedszkole.spbrzozowka.pl\/wp-content\/uploads\/2023\/05\/drzwi-otwarte-1536x1090.jpg 1536w, https:\/\/przedszkole.spbrzozowka.pl\/wp-content\/uploads\/2023\/05\/drzwi-otwarte-920x653.jpg 920w, https:\/\/przedszkole.spbrzozowka.pl\/wp-content\/uploads\/2023\/05\/drzwi-otwarte-230x163.jpg 230w, https:\/\/przedszkole.spbrzozowka.pl\/wp-content\/uploads\/2023\/05\/drzwi-otwarte-350x248.jpg 350w, https:\/\/przedszkole.spbrzozowka.pl\/wp-content\/uploads\/2023\/05\/drzwi-otwarte-480x341.jpg 480w, https:\/\/przedszkole.spbrzozowka.pl\/wp-content\/uploads\/2023\/05\/drzwi-otwarte.jpg 1748w\" data-sizes=\"(max-width: 1024px) 100vw, 1024px\" src=\"data:image\/svg+xml;base64,PHN2ZyB3aWR0aD0iMSIgaGVpZ2h0PSIxIiB4bWxucz0iaHR0cDovL3d3dy53My5vcmcvMjAwMC9zdmciPjwvc3ZnPg==\" style=\"--smush-placeholder-width: 1024px; --smush-placeholder-aspect-ratio: 1024\/726;\" \/>\t\t\t\t\t\t\t\t\t\t\t\t\t\t\t<\/div>\n\t\t\t\t<\/div>\n\t\t\t\t<div class=\"elementor-element elementor-element-aaa589c elementor-widget elementor-widget-image\" data-id=\"aaa589c\" data-element_type=\"widget\" data-e-type=\"widget\" data-widget_type=\"image.default\">\n\t\t\t\t<div class=\"elementor-widget-container\">\n\t\t\t\t\t\t\t\t\t\t\t\t\t\t\t<img decoding=\"async\" width=\"1024\" height=\"726\" data-src=\"https:\/\/przedszkole.spbrzozowka.pl\/wp-content\/uploads\/2023\/04\/ZEBRANIA-Z-RODZICAMI-1024x726.jpg\" class=\"attachment-large size-large wp-image-6609 lazyload\" alt=\"\" data-srcset=\"https:\/\/przedszkole.spbrzozowka.pl\/wp-content\/uploads\/2023\/04\/ZEBRANIA-Z-RODZICAMI-1024x726.jpg 1024w, https:\/\/przedszkole.spbrzozowka.pl\/wp-content\/uploads\/2023\/04\/ZEBRANIA-Z-RODZICAMI-300x213.jpg 300w, https:\/\/przedszkole.spbrzozowka.pl\/wp-content\/uploads\/2023\/04\/ZEBRANIA-Z-RODZICAMI-768x545.jpg 768w, https:\/\/przedszkole.spbrzozowka.pl\/wp-content\/uploads\/2023\/04\/ZEBRANIA-Z-RODZICAMI-1536x1090.jpg 1536w, https:\/\/przedszkole.spbrzozowka.pl\/wp-content\/uploads\/2023\/04\/ZEBRANIA-Z-RODZICAMI-920x653.jpg 920w, https:\/\/przedszkole.spbrzozowka.pl\/wp-content\/uploads\/2023\/04\/ZEBRANIA-Z-RODZICAMI-230x163.jpg 230w, https:\/\/przedszkole.spbrzozowka.pl\/wp-content\/uploads\/2023\/04\/ZEBRANIA-Z-RODZICAMI-350x248.jpg 350w, https:\/\/przedszkole.spbrzozowka.pl\/wp-content\/uploads\/2023\/04\/ZEBRANIA-Z-RODZICAMI-480x341.jpg 480w, https:\/\/przedszkole.spbrzozowka.pl\/wp-content\/uploads\/2023\/04\/ZEBRANIA-Z-RODZICAMI.jpg 1748w\" data-sizes=\"(max-width: 1024px) 100vw, 1024px\" src=\"data:image\/svg+xml;base64,PHN2ZyB3aWR0aD0iMSIgaGVpZ2h0PSIxIiB4bWxucz0iaHR0cDovL3d3dy53My5vcmcvMjAwMC9zdmciPjwvc3ZnPg==\" style=\"--smush-placeholder-width: 1024px; --smush-placeholder-aspect-ratio: 1024\/726;\" \/>\t\t\t\t\t\t\t\t\t\t\t\t\t\t\t<\/div>\n\t\t\t\t<\/div>\n\t\t\t\t\t<\/div>\n\t\t<\/div>\n\t\t\t\t\t<\/div>\n\t\t<\/section>\n\t\t\t\t<section class=\"elementor-section elementor-top-section elementor-element elementor-element-a49b945 elementor-section-boxed elementor-section-height-default elementor-section-height-default\" data-id=\"a49b945\" data-element_type=\"section\" data-e-type=\"section\" data-settings=\"{&quot;background_background&quot;:&quot;classic&quot;}\">\n\t\t\t\t\t\t<div class=\"elementor-container elementor-column-gap-default\">\n\t\t\t\t\t<div class=\"elementor-column elementor-col-100 elementor-top-column elementor-element elementor-element-4598aac\" data-id=\"4598aac\" data-element_type=\"column\" data-e-type=\"column\">\n\t\t\t<div class=\"elementor-widget-wrap elementor-element-populated\">\n\t\t\t\t\t\t<div class=\"elementor-element elementor-element-20038e2 elementor-widget elementor-widget-text-editor\" data-id=\"20038e2\" data-element_type=\"widget\" data-e-type=\"widget\" data-widget_type=\"text-editor.default\">\n\t\t\t\t<div class=\"elementor-widget-container\">\n\t\t\t\t\t\t\t\t\t<h2>Pragniemy poinformowa\u0107, \u017ce w Og\u00f3lnopolskim konkursie wokalnym &#8222;Muzyczna Wielkanoc na ludowo&#8221;- Kacper z grupy Tropiciele zaj\u0105\u0142 <span style=\"text-decoration: underline;\">I miejsce.<\/span><\/h2><h2>W Og\u00f3lnopolskim konkursie pt. \u201eRoz\u015bpiewana Wiosna\u201d &#8211; Aurelia i Miko\u0142aj z grupy Tropiciele otrzymali wyr\u00f3\u017cnienie.\u00a0<\/h2><h2>Serdecznie gratulujemy zwyci\u0119zcom:)<\/h2><h2>Poni\u017cej znajduj\u0105 si\u0119 linki do nagra\u0144, zapraszamy do obejrzenia.<\/h2><p><strong>Kacper &#8211;&gt; <a href=\"https:\/\/youtu.be\/ZD9f_uVvbxM\"><span style=\"text-decoration: underline;\"><em>https:\/\/youtu.be\/ZD9f_uVvbxM<\/em><\/span><\/a><\/strong><\/p><p><strong>Aurelia i Miko\u0142aj &#8211; <em><span style=\"text-decoration: underline;\"><a href=\"https:\/\/drive.google.com\/file\/d\/1S2glDn18NMIGVsuUkQlK-Y42nP6iD3al\/view?usp=share_link\">https:\/\/drive.google.com\/file\/d\/1S2glDn18NMIGVsuUkQlK-Y42nP6iD3al\/view?usp=share_link<\/a><\/span><\/em><\/strong><\/p><p>\u00a0<\/p>\t\t\t\t\t\t\t\t<\/div>\n\t\t\t\t<\/div>\n\t\t\t\t<div class=\"elementor-element elementor-element-05903aa elementor-widget elementor-widget-image\" data-id=\"05903aa\" data-element_type=\"widget\" data-e-type=\"widget\" data-widget_type=\"image.default\">\n\t\t\t\t<div class=\"elementor-widget-container\">\n\t\t\t\t\t\t\t\t\t\t\t\t\t\t\t<img decoding=\"async\" width=\"1024\" height=\"726\" data-src=\"https:\/\/przedszkole.spbrzozowka.pl\/wp-content\/uploads\/2023\/04\/ZEBRANIA-Z-RODZICAMI-1024x726.jpg\" class=\"attachment-large size-large wp-image-6609 lazyload\" alt=\"\" data-srcset=\"https:\/\/przedszkole.spbrzozowka.pl\/wp-content\/uploads\/2023\/04\/ZEBRANIA-Z-RODZICAMI-1024x726.jpg 1024w, https:\/\/przedszkole.spbrzozowka.pl\/wp-content\/uploads\/2023\/04\/ZEBRANIA-Z-RODZICAMI-300x213.jpg 300w, https:\/\/przedszkole.spbrzozowka.pl\/wp-content\/uploads\/2023\/04\/ZEBRANIA-Z-RODZICAMI-768x545.jpg 768w, https:\/\/przedszkole.spbrzozowka.pl\/wp-content\/uploads\/2023\/04\/ZEBRANIA-Z-RODZICAMI-1536x1090.jpg 1536w, https:\/\/przedszkole.spbrzozowka.pl\/wp-content\/uploads\/2023\/04\/ZEBRANIA-Z-RODZICAMI-920x653.jpg 920w, https:\/\/przedszkole.spbrzozowka.pl\/wp-content\/uploads\/2023\/04\/ZEBRANIA-Z-RODZICAMI-230x163.jpg 230w, https:\/\/przedszkole.spbrzozowka.pl\/wp-content\/uploads\/2023\/04\/ZEBRANIA-Z-RODZICAMI-350x248.jpg 350w, https:\/\/przedszkole.spbrzozowka.pl\/wp-content\/uploads\/2023\/04\/ZEBRANIA-Z-RODZICAMI-480x341.jpg 480w, https:\/\/przedszkole.spbrzozowka.pl\/wp-content\/uploads\/2023\/04\/ZEBRANIA-Z-RODZICAMI.jpg 1748w\" data-sizes=\"(max-width: 1024px) 100vw, 1024px\" src=\"data:image\/svg+xml;base64,PHN2ZyB3aWR0aD0iMSIgaGVpZ2h0PSIxIiB4bWxucz0iaHR0cDovL3d3dy53My5vcmcvMjAwMC9zdmciPjwvc3ZnPg==\" style=\"--smush-placeholder-width: 1024px; --smush-placeholder-aspect-ratio: 1024\/726;\" \/>\t\t\t\t\t\t\t\t\t\t\t\t\t\t\t<\/div>\n\t\t\t\t<\/div>\n\t\t\t\t\t<\/div>\n\t\t<\/div>\n\t\t\t\t\t<\/div>\n\t\t<\/section>\n\t\t\t\t<section class=\"elementor-section elementor-top-section elementor-element elementor-element-c3a3994 elementor-section-boxed elementor-section-height-default elementor-section-height-default\" data-id=\"c3a3994\" data-element_type=\"section\" data-e-type=\"section\" data-settings=\"{&quot;background_background&quot;:&quot;classic&quot;}\">\n\t\t\t\t\t\t<div class=\"elementor-container elementor-column-gap-default\">\n\t\t\t\t\t<div class=\"elementor-column elementor-col-100 elementor-top-column elementor-element elementor-element-87ebd0a\" data-id=\"87ebd0a\" data-element_type=\"column\" data-e-type=\"column\">\n\t\t\t<div class=\"elementor-widget-wrap elementor-element-populated\">\n\t\t\t\t\t\t<div class=\"elementor-element elementor-element-1fc208b elementor-widget elementor-widget-image\" data-id=\"1fc208b\" data-element_type=\"widget\" data-e-type=\"widget\" data-widget_type=\"image.default\">\n\t\t\t\t<div class=\"elementor-widget-container\">\n\t\t\t\t\t\t\t\t\t\t\t\t\t\t\t<img decoding=\"async\" width=\"724\" height=\"1024\" data-src=\"https:\/\/przedszkole.spbrzozowka.pl\/wp-content\/uploads\/2023\/04\/339766451_207450418585495_2568969312246284874_n-724x1024.jpg\" class=\"attachment-large size-large wp-image-6597 lazyload\" alt=\"\" data-srcset=\"https:\/\/przedszkole.spbrzozowka.pl\/wp-content\/uploads\/2023\/04\/339766451_207450418585495_2568969312246284874_n-724x1024.jpg 724w, https:\/\/przedszkole.spbrzozowka.pl\/wp-content\/uploads\/2023\/04\/339766451_207450418585495_2568969312246284874_n-212x300.jpg 212w, https:\/\/przedszkole.spbrzozowka.pl\/wp-content\/uploads\/2023\/04\/339766451_207450418585495_2568969312246284874_n-768x1086.jpg 768w, https:\/\/przedszkole.spbrzozowka.pl\/wp-content\/uploads\/2023\/04\/339766451_207450418585495_2568969312246284874_n-1086x1536.jpg 1086w, https:\/\/przedszkole.spbrzozowka.pl\/wp-content\/uploads\/2023\/04\/339766451_207450418585495_2568969312246284874_n-920x1302.jpg 920w, https:\/\/przedszkole.spbrzozowka.pl\/wp-content\/uploads\/2023\/04\/339766451_207450418585495_2568969312246284874_n-230x325.jpg 230w, https:\/\/przedszkole.spbrzozowka.pl\/wp-content\/uploads\/2023\/04\/339766451_207450418585495_2568969312246284874_n-350x495.jpg 350w, https:\/\/przedszkole.spbrzozowka.pl\/wp-content\/uploads\/2023\/04\/339766451_207450418585495_2568969312246284874_n-480x679.jpg 480w, https:\/\/przedszkole.spbrzozowka.pl\/wp-content\/uploads\/2023\/04\/339766451_207450418585495_2568969312246284874_n.jpg 1131w\" data-sizes=\"(max-width: 724px) 100vw, 724px\" src=\"data:image\/svg+xml;base64,PHN2ZyB3aWR0aD0iMSIgaGVpZ2h0PSIxIiB4bWxucz0iaHR0cDovL3d3dy53My5vcmcvMjAwMC9zdmciPjwvc3ZnPg==\" style=\"--smush-placeholder-width: 724px; --smush-placeholder-aspect-ratio: 724\/1024;\" \/>\t\t\t\t\t\t\t\t\t\t\t\t\t\t\t<\/div>\n\t\t\t\t<\/div>\n\t\t\t\t\t<\/div>\n\t\t<\/div>\n\t\t\t\t\t<\/div>\n\t\t<\/section>\n\t\t\t\t<section class=\"elementor-section elementor-top-section elementor-element elementor-element-14d17a6 elementor-section-boxed elementor-section-height-default elementor-section-height-default\" data-id=\"14d17a6\" data-element_type=\"section\" data-e-type=\"section\" data-settings=\"{&quot;background_background&quot;:&quot;classic&quot;}\">\n\t\t\t\t\t\t<div class=\"elementor-container elementor-column-gap-default\">\n\t\t\t\t\t<div class=\"elementor-column elementor-col-100 elementor-top-column elementor-element elementor-element-200e6d8\" data-id=\"200e6d8\" data-element_type=\"column\" data-e-type=\"column\">\n\t\t\t<div class=\"elementor-widget-wrap elementor-element-populated\">\n\t\t\t\t\t\t<div class=\"elementor-element elementor-element-914a778 elementor-widget elementor-widget-image\" data-id=\"914a778\" data-element_type=\"widget\" data-e-type=\"widget\" data-widget_type=\"image.default\">\n\t\t\t\t<div class=\"elementor-widget-container\">\n\t\t\t\t\t\t\t\t\t\t\t\t<figure class=\"wp-caption\">\n\t\t\t\t\t\t\t\t\t\t<img decoding=\"async\" width=\"350\" height=\"248\" data-src=\"https:\/\/przedszkole.spbrzozowka.pl\/wp-content\/uploads\/2023\/04\/ZAJAC-350x248.jpg\" class=\"attachment-sydney-service-thumb size-sydney-service-thumb wp-image-6605 lazyload\" alt=\"\" data-srcset=\"https:\/\/przedszkole.spbrzozowka.pl\/wp-content\/uploads\/2023\/04\/ZAJAC-350x248.jpg 350w, https:\/\/przedszkole.spbrzozowka.pl\/wp-content\/uploads\/2023\/04\/ZAJAC-300x213.jpg 300w, https:\/\/przedszkole.spbrzozowka.pl\/wp-content\/uploads\/2023\/04\/ZAJAC-1024x726.jpg 1024w, https:\/\/przedszkole.spbrzozowka.pl\/wp-content\/uploads\/2023\/04\/ZAJAC-768x545.jpg 768w, https:\/\/przedszkole.spbrzozowka.pl\/wp-content\/uploads\/2023\/04\/ZAJAC-1536x1090.jpg 1536w, https:\/\/przedszkole.spbrzozowka.pl\/wp-content\/uploads\/2023\/04\/ZAJAC-920x653.jpg 920w, https:\/\/przedszkole.spbrzozowka.pl\/wp-content\/uploads\/2023\/04\/ZAJAC-230x163.jpg 230w, https:\/\/przedszkole.spbrzozowka.pl\/wp-content\/uploads\/2023\/04\/ZAJAC-480x341.jpg 480w, https:\/\/przedszkole.spbrzozowka.pl\/wp-content\/uploads\/2023\/04\/ZAJAC.jpg 1748w\" data-sizes=\"(max-width: 350px) 100vw, 350px\" src=\"data:image\/svg+xml;base64,PHN2ZyB3aWR0aD0iMSIgaGVpZ2h0PSIxIiB4bWxucz0iaHR0cDovL3d3dy53My5vcmcvMjAwMC9zdmciPjwvc3ZnPg==\" style=\"--smush-placeholder-width: 350px; --smush-placeholder-aspect-ratio: 350\/248;\" \/>\t\t\t\t\t\t\t\t\t\t\t<figcaption class=\"widget-image-caption wp-caption-text\"><\/figcaption>\n\t\t\t\t\t\t\t\t\t\t<\/figure>\n\t\t\t\t\t\t\t\t\t<\/div>\n\t\t\t\t<\/div>\n\t\t\t\t<div class=\"elementor-element elementor-element-6af26c1 elementor-widget elementor-widget-text-editor\" data-id=\"6af26c1\" data-element_type=\"widget\" data-e-type=\"widget\" data-widget_type=\"text-editor.default\">\n\t\t\t\t<div class=\"elementor-widget-container\">\n\t\t\t\t\t\t\t\t\t<h1>\u00a0 \u00a0 \u00a0 \u00a0 \u00a0 \u00a0 \u00a0 \u00a0 \u00a0 \u00a0 \u00a0 \u00a0 \u00a0\u00a0<\/h1>\t\t\t\t\t\t\t\t<\/div>\n\t\t\t\t<\/div>\n\t\t\t\t\t<\/div>\n\t\t<\/div>\n\t\t\t\t\t<\/div>\n\t\t<\/section>\n\t\t\t\t<section class=\"elementor-section elementor-top-section elementor-element elementor-element-e8e9833 elementor-section-boxed elementor-section-height-default elementor-section-height-default\" data-id=\"e8e9833\" data-element_type=\"section\" data-e-type=\"section\" data-settings=\"{&quot;background_background&quot;:&quot;classic&quot;}\">\n\t\t\t\t\t\t<div class=\"elementor-container elementor-column-gap-default\">\n\t\t\t\t\t<div class=\"elementor-column elementor-col-100 elementor-top-column elementor-element elementor-element-9e01d02\" data-id=\"9e01d02\" data-element_type=\"column\" data-e-type=\"column\">\n\t\t\t<div class=\"elementor-widget-wrap elementor-element-populated\">\n\t\t\t\t\t\t<div class=\"elementor-element elementor-element-a3047e4 elementor-widget elementor-widget-image\" data-id=\"a3047e4\" data-element_type=\"widget\" data-e-type=\"widget\" data-widget_type=\"image.default\">\n\t\t\t\t<div class=\"elementor-widget-container\">\n\t\t\t\t\t\t\t\t\t\t\t\t<figure class=\"wp-caption\">\n\t\t\t\t\t\t\t\t\t\t<img decoding=\"async\" width=\"350\" height=\"248\" data-src=\"https:\/\/przedszkole.spbrzozowka.pl\/wp-content\/uploads\/2023\/04\/ksiazka-350x248.jpg\" class=\"attachment-sydney-service-thumb size-sydney-service-thumb wp-image-6601 lazyload\" alt=\"\" data-srcset=\"https:\/\/przedszkole.spbrzozowka.pl\/wp-content\/uploads\/2023\/04\/ksiazka-350x248.jpg 350w, https:\/\/przedszkole.spbrzozowka.pl\/wp-content\/uploads\/2023\/04\/ksiazka-300x213.jpg 300w, https:\/\/przedszkole.spbrzozowka.pl\/wp-content\/uploads\/2023\/04\/ksiazka-1024x726.jpg 1024w, https:\/\/przedszkole.spbrzozowka.pl\/wp-content\/uploads\/2023\/04\/ksiazka-768x545.jpg 768w, https:\/\/przedszkole.spbrzozowka.pl\/wp-content\/uploads\/2023\/04\/ksiazka-1536x1090.jpg 1536w, https:\/\/przedszkole.spbrzozowka.pl\/wp-content\/uploads\/2023\/04\/ksiazka-920x653.jpg 920w, https:\/\/przedszkole.spbrzozowka.pl\/wp-content\/uploads\/2023\/04\/ksiazka-230x163.jpg 230w, https:\/\/przedszkole.spbrzozowka.pl\/wp-content\/uploads\/2023\/04\/ksiazka-480x341.jpg 480w, https:\/\/przedszkole.spbrzozowka.pl\/wp-content\/uploads\/2023\/04\/ksiazka.jpg 1748w\" data-sizes=\"(max-width: 350px) 100vw, 350px\" src=\"data:image\/svg+xml;base64,PHN2ZyB3aWR0aD0iMSIgaGVpZ2h0PSIxIiB4bWxucz0iaHR0cDovL3d3dy53My5vcmcvMjAwMC9zdmciPjwvc3ZnPg==\" style=\"--smush-placeholder-width: 350px; --smush-placeholder-aspect-ratio: 350\/248;\" \/>\t\t\t\t\t\t\t\t\t\t\t<figcaption class=\"widget-image-caption wp-caption-text\">Z okazji Dnia Ksi\u0105\u017cki zosta\u0142 zorganizowany konkurs pn. MOJA PIERWSZA KSI\u0104\u017bKA. Czw\u00f3rka dzieci wykona\u0142a prac\u0119, kt\u00f3re by\u0142y bardzo pomys\u0142owe, pobudza\u0142y wyobra\u017ani\u0119 i kreatywno\u015b\u0107. Wszyscy uczestnicy zaj\u0119li pierwsze miejsce. Gratulujemy<\/figcaption>\n\t\t\t\t\t\t\t\t\t\t<\/figure>\n\t\t\t\t\t\t\t\t\t<\/div>\n\t\t\t\t<\/div>\n\t\t\t\t<div class=\"elementor-element elementor-element-32ef81b elementor-widget elementor-widget-text-editor\" data-id=\"32ef81b\" data-element_type=\"widget\" data-e-type=\"widget\" data-widget_type=\"text-editor.default\">\n\t\t\t\t<div class=\"elementor-widget-container\">\n\t\t\t\t\t\t\t\t\t<h1>\u00a0 \u00a0 \u00a0 \u00a0 \u00a0 \u00a0 \u00a0 \u00a0 \u00a0 \u00a0 \u00a0 \u00a0 \u00a0\u00a0<\/h1>\t\t\t\t\t\t\t\t<\/div>\n\t\t\t\t<\/div>\n\t\t\t\t\t<\/div>\n\t\t<\/div>\n\t\t\t\t\t<\/div>\n\t\t<\/section>\n\t\t\t\t<section class=\"elementor-section elementor-top-section elementor-element elementor-element-ac5d095 elementor-section-boxed elementor-section-height-default elementor-section-height-default\" data-id=\"ac5d095\" data-element_type=\"section\" data-e-type=\"section\" data-settings=\"{&quot;background_background&quot;:&quot;classic&quot;}\">\n\t\t\t\t\t\t<div class=\"elementor-container elementor-column-gap-default\">\n\t\t\t\t\t<div class=\"elementor-column elementor-col-100 elementor-top-column elementor-element elementor-element-f67df8c\" data-id=\"f67df8c\" data-element_type=\"column\" data-e-type=\"column\">\n\t\t\t<div class=\"elementor-widget-wrap elementor-element-populated\">\n\t\t\t\t\t\t<div class=\"elementor-element elementor-element-9399b7d elementor-widget elementor-widget-text-editor\" data-id=\"9399b7d\" data-element_type=\"widget\" data-e-type=\"widget\" data-widget_type=\"text-editor.default\">\n\t\t\t\t<div class=\"elementor-widget-container\">\n\t\t\t\t\t\t\t\t\t<h1>\u00a0 \u00a0 \u00a0 \u00a0 \u00a0 \u00a0 \u00a0 \u00a0 \u00a0 \u00a0 \u00a0 \u00a0 \u00a0 \u00a0 \u00a0 \u00a0 \u00a0 \u00a0 \u00a0 \u00a0 \u00a0 \u00a0 \u00a0 <span style=\"text-decoration: underline;\">REKRUTACJA<\/span><\/h1><h2>W zak\u0142adce <strong><span style=\"text-decoration: underline;\">Dla kandydata <\/span><\/strong>znajduj\u0105 si\u0119 dokumenty dot. rekrutacji na rok szkolny 2023\/24.<\/h2><h2>Wnioski do przedszkola i klasy I prosz\u0119 sk\u0142ada\u0107 od <span style=\"text-decoration: underline;\">6 marca 2023 r. do 24 marca 2023 r.<\/span>\u00a0 w sekretariacie Zespo\u0142u Szk\u00f3\u0142 <br \/>w Brzoz\u00f3wce od poniedzia\u0142ku do pi\u0105tku w godzinach 7.00 &#8211; 15.00.<\/h2>\t\t\t\t\t\t\t\t<\/div>\n\t\t\t\t<\/div>\n\t\t\t\t\t<\/div>\n\t\t<\/div>\n\t\t\t\t\t<\/div>\n\t\t<\/section>\n\t\t\t\t<section class=\"elementor-section elementor-top-section elementor-element elementor-element-432e956 elementor-section-boxed elementor-section-height-default elementor-section-height-default\" data-id=\"432e956\" data-element_type=\"section\" data-e-type=\"section\" data-settings=\"{&quot;background_background&quot;:&quot;classic&quot;}\">\n\t\t\t\t\t\t<div class=\"elementor-container elementor-column-gap-default\">\n\t\t\t\t\t<div class=\"elementor-column elementor-col-100 elementor-top-column elementor-element elementor-element-98c5f9a\" data-id=\"98c5f9a\" data-element_type=\"column\" data-e-type=\"column\">\n\t\t\t<div class=\"elementor-widget-wrap elementor-element-populated\">\n\t\t\t\t\t\t<div class=\"elementor-element elementor-element-4765979 elementor-widget elementor-widget-text-editor\" data-id=\"4765979\" data-element_type=\"widget\" data-e-type=\"widget\" data-widget_type=\"text-editor.default\">\n\t\t\t\t<div class=\"elementor-widget-container\">\n\t\t\t\t\t\t\t\t\t<div class=\"x11i5rnm xat24cr x1mh8g0r x1vvkbs xdj266r x126k92a\"><div dir=\"auto\">2 marca 2023 roku w Zespole Szk\u00f3\u0142 w Brzoz\u00f3wce odby\u0142a si\u0119 druga edycja szkolnego konkursu wokalnego pt. \u201eMi\u0142o\u015b\u0107 niejedno ma imi\u0119\u201d <span class=\"x3nfvp2 x1j61x8r x1fcty0u xdj266r xhhsvwb xat24cr xgzva0m xxymvpz xlup9mm x1kky2od\"><img decoding=\"async\" data-src=\"https:\/\/static.xx.fbcdn.net\/images\/emoji.php\/v9\/tf3\/1.5\/16\/2764.png\" alt=\"\u2764\ufe0f\" width=\"16\" height=\"16\" src=\"data:image\/svg+xml;base64,PHN2ZyB3aWR0aD0iMSIgaGVpZ2h0PSIxIiB4bWxucz0iaHR0cDovL3d3dy53My5vcmcvMjAwMC9zdmciPjwvc3ZnPg==\" class=\"lazyload\" style=\"--smush-placeholder-width: 16px; --smush-placeholder-aspect-ratio: 16\/16;\" \/><\/span>. W\u015br\u00f3d m\u0142odych piosenkarzy znale\u017ali si\u0119 soli\u015bci, duet i kwartet. Wszyscy wokali\u015bci z du\u017cym zaanga\u017cowaniem i pomys\u0142owo\u015bci\u0105 interpretowali piosenki o mi\u0142o\u015bci do \u017cycia, mamy, rodziny i Boga. Jury przyzna\u0142o nagrody za zaj\u0119cie:<\/div><div dir=\"auto\"><span class=\"x3nfvp2 x1j61x8r x1fcty0u xdj266r xhhsvwb xat24cr xgzva0m xxymvpz xlup9mm x1kky2od\"><img decoding=\"async\" data-src=\"https:\/\/static.xx.fbcdn.net\/images\/emoji.php\/v9\/t93\/1.5\/16\/31_20e3.png\" alt=\"1\ufe0f\u20e3\" width=\"16\" height=\"16\" src=\"data:image\/svg+xml;base64,PHN2ZyB3aWR0aD0iMSIgaGVpZ2h0PSIxIiB4bWxucz0iaHR0cDovL3d3dy53My5vcmcvMjAwMC9zdmciPjwvc3ZnPg==\" class=\"lazyload\" style=\"--smush-placeholder-width: 16px; --smush-placeholder-aspect-ratio: 16\/16;\" \/><\/span> miejsca ex aequo- kwartetowi w sk\u0142adzie: Aurelia Dyko, Gabriela G\u0105siewicz, Kacper i Miko\u0142aj Brzezi\u0144scy oraz solistce Dominice Krajnik<\/div><div dir=\"auto\"><span class=\"x3nfvp2 x1j61x8r x1fcty0u xdj266r xhhsvwb xat24cr xgzva0m xxymvpz xlup9mm x1kky2od\"><img decoding=\"async\" data-src=\"https:\/\/static.xx.fbcdn.net\/images\/emoji.php\/v9\/tb2\/1.5\/16\/32_20e3.png\" alt=\"2\ufe0f\u20e3\" width=\"16\" height=\"16\" src=\"data:image\/svg+xml;base64,PHN2ZyB3aWR0aD0iMSIgaGVpZ2h0PSIxIiB4bWxucz0iaHR0cDovL3d3dy53My5vcmcvMjAwMC9zdmciPjwvc3ZnPg==\" class=\"lazyload\" style=\"--smush-placeholder-width: 16px; --smush-placeholder-aspect-ratio: 16\/16;\" \/><\/span> miejsce ex aequo- Oldze Mas\u0142owskiej i Zuzannie Gmaj<\/div><div dir=\"auto\"><span class=\"x3nfvp2 x1j61x8r x1fcty0u xdj266r xhhsvwb xat24cr xgzva0m xxymvpz xlup9mm x1kky2od\"><img decoding=\"async\" data-src=\"https:\/\/static.xx.fbcdn.net\/images\/emoji.php\/v9\/td1\/1.5\/16\/33_20e3.png\" alt=\"3\ufe0f\u20e3\" width=\"16\" height=\"16\" src=\"data:image\/svg+xml;base64,PHN2ZyB3aWR0aD0iMSIgaGVpZ2h0PSIxIiB4bWxucz0iaHR0cDovL3d3dy53My5vcmcvMjAwMC9zdmciPjwvc3ZnPg==\" class=\"lazyload\" style=\"--smush-placeholder-width: 16px; --smush-placeholder-aspect-ratio: 16\/16;\" \/><\/span> miejsce ex aequo- Kornelii Mytlewskiej i Natalii Opikulskiej<\/div><div dir=\"auto\">oraz<\/div><div dir=\"auto\">wyr\u00f3\u017cnienie dla duetu w sk\u0142adzie: Zofia Stoppel i Bart\u0142omiej Bachor.<\/div><\/div><div class=\"x11i5rnm xat24cr x1mh8g0r x1vvkbs xtlvy1s x126k92a\"><div dir=\"auto\">Wszystkim nagrodzonym gratulujemy! <span class=\"x3nfvp2 x1j61x8r x1fcty0u xdj266r xhhsvwb xat24cr xgzva0m xxymvpz xlup9mm x1kky2od\"><img decoding=\"async\" data-src=\"https:\/\/static.xx.fbcdn.net\/images\/emoji.php\/v9\/t92\/1.5\/16\/1f44f_1f3fb.png\" alt=\"\ud83d\udc4f\ud83c\udffb\" width=\"16\" height=\"16\" src=\"data:image\/svg+xml;base64,PHN2ZyB3aWR0aD0iMSIgaGVpZ2h0PSIxIiB4bWxucz0iaHR0cDovL3d3dy53My5vcmcvMjAwMC9zdmciPjwvc3ZnPg==\" class=\"lazyload\" style=\"--smush-placeholder-width: 16px; --smush-placeholder-aspect-ratio: 16\/16;\" \/><\/span><span class=\"x3nfvp2 x1j61x8r x1fcty0u xdj266r xhhsvwb xat24cr xgzva0m xxymvpz xlup9mm x1kky2od\"><img decoding=\"async\" data-src=\"https:\/\/static.xx.fbcdn.net\/images\/emoji.php\/v9\/td\/1.5\/16\/1f38a.png\" alt=\"\ud83c\udf8a\" width=\"16\" height=\"16\" src=\"data:image\/svg+xml;base64,PHN2ZyB3aWR0aD0iMSIgaGVpZ2h0PSIxIiB4bWxucz0iaHR0cDovL3d3dy53My5vcmcvMjAwMC9zdmciPjwvc3ZnPg==\" class=\"lazyload\" style=\"--smush-placeholder-width: 16px; --smush-placeholder-aspect-ratio: 16\/16;\" \/><\/span><span class=\"x3nfvp2 x1j61x8r x1fcty0u xdj266r xhhsvwb xat24cr xgzva0m xxymvpz xlup9mm x1kky2od\"><img decoding=\"async\" data-src=\"https:\/\/static.xx.fbcdn.net\/images\/emoji.php\/v9\/t17\/1.5\/16\/1f3c6.png\" alt=\"\ud83c\udfc6\" width=\"16\" height=\"16\" src=\"data:image\/svg+xml;base64,PHN2ZyB3aWR0aD0iMSIgaGVpZ2h0PSIxIiB4bWxucz0iaHR0cDovL3d3dy53My5vcmcvMjAwMC9zdmciPjwvc3ZnPg==\" class=\"lazyload\" style=\"--smush-placeholder-width: 16px; --smush-placeholder-aspect-ratio: 16\/16;\" \/><\/span><span class=\"x3nfvp2 x1j61x8r x1fcty0u xdj266r xhhsvwb xat24cr xgzva0m xxymvpz xlup9mm x1kky2od\"><img decoding=\"async\" data-src=\"https:\/\/static.xx.fbcdn.net\/images\/emoji.php\/v9\/td7\/1.5\/16\/1f3a4.png\" alt=\"\ud83c\udfa4\" width=\"16\" height=\"16\" src=\"data:image\/svg+xml;base64,PHN2ZyB3aWR0aD0iMSIgaGVpZ2h0PSIxIiB4bWxucz0iaHR0cDovL3d3dy53My5vcmcvMjAwMC9zdmciPjwvc3ZnPg==\" class=\"lazyload\" style=\"--smush-placeholder-width: 16px; --smush-placeholder-aspect-ratio: 16\/16;\" \/><\/span><\/div><div dir=\"auto\">Organizatorzy:<\/div><div dir=\"auto\">Beata Musia\u0142a<\/div><div dir=\"auto\">Kamila Kazaniecka<\/div><div dir=\"auto\">Maja Gross- Rudzi\u0144ska<\/div><div dir=\"auto\">Tomasz Wojke<\/div><\/div>\t\t\t\t\t\t\t\t<\/div>\n\t\t\t\t<\/div>\n\t\t\t\t<div class=\"elementor-element elementor-element-2018ebf elementor-widget elementor-widget-image\" data-id=\"2018ebf\" data-element_type=\"widget\" data-e-type=\"widget\" data-widget_type=\"image.default\">\n\t\t\t\t<div class=\"elementor-widget-container\">\n\t\t\t\t\t\t\t\t\t\t\t\t\t\t\t<img decoding=\"async\" width=\"1024\" height=\"827\" data-src=\"https:\/\/przedszkole.spbrzozowka.pl\/wp-content\/uploads\/2023\/03\/333071605_1186940785515766_5057746248512225836_n-1024x827.jpg\" class=\"attachment-large size-large wp-image-6518 lazyload\" alt=\"\" data-srcset=\"https:\/\/przedszkole.spbrzozowka.pl\/wp-content\/uploads\/2023\/03\/333071605_1186940785515766_5057746248512225836_n-1024x827.jpg 1024w, https:\/\/przedszkole.spbrzozowka.pl\/wp-content\/uploads\/2023\/03\/333071605_1186940785515766_5057746248512225836_n-300x242.jpg 300w, https:\/\/przedszkole.spbrzozowka.pl\/wp-content\/uploads\/2023\/03\/333071605_1186940785515766_5057746248512225836_n-768x620.jpg 768w, https:\/\/przedszkole.spbrzozowka.pl\/wp-content\/uploads\/2023\/03\/333071605_1186940785515766_5057746248512225836_n-920x743.jpg 920w, https:\/\/przedszkole.spbrzozowka.pl\/wp-content\/uploads\/2023\/03\/333071605_1186940785515766_5057746248512225836_n-230x186.jpg 230w, https:\/\/przedszkole.spbrzozowka.pl\/wp-content\/uploads\/2023\/03\/333071605_1186940785515766_5057746248512225836_n-350x283.jpg 350w, https:\/\/przedszkole.spbrzozowka.pl\/wp-content\/uploads\/2023\/03\/333071605_1186940785515766_5057746248512225836_n-480x388.jpg 480w, https:\/\/przedszkole.spbrzozowka.pl\/wp-content\/uploads\/2023\/03\/333071605_1186940785515766_5057746248512225836_n.jpg 1422w\" data-sizes=\"(max-width: 1024px) 100vw, 1024px\" src=\"data:image\/svg+xml;base64,PHN2ZyB3aWR0aD0iMSIgaGVpZ2h0PSIxIiB4bWxucz0iaHR0cDovL3d3dy53My5vcmcvMjAwMC9zdmciPjwvc3ZnPg==\" style=\"--smush-placeholder-width: 1024px; --smush-placeholder-aspect-ratio: 1024\/827;\" \/>\t\t\t\t\t\t\t\t\t\t\t\t\t\t\t<\/div>\n\t\t\t\t<\/div>\n\t\t\t\t\t<\/div>\n\t\t<\/div>\n\t\t\t\t\t<\/div>\n\t\t<\/section>\n\t\t\t\t<section class=\"elementor-section elementor-top-section elementor-element elementor-element-6c1f989 elementor-section-boxed elementor-section-height-default elementor-section-height-default\" data-id=\"6c1f989\" data-element_type=\"section\" data-e-type=\"section\" data-settings=\"{&quot;background_background&quot;:&quot;classic&quot;}\">\n\t\t\t\t\t\t<div class=\"elementor-container elementor-column-gap-default\">\n\t\t\t\t\t<div class=\"elementor-column elementor-col-100 elementor-top-column elementor-element elementor-element-9551a51\" data-id=\"9551a51\" data-element_type=\"column\" data-e-type=\"column\">\n\t\t\t<div class=\"elementor-widget-wrap elementor-element-populated\">\n\t\t\t\t\t\t<div class=\"elementor-element elementor-element-d112a85 elementor-widget elementor-widget-image\" data-id=\"d112a85\" data-element_type=\"widget\" data-e-type=\"widget\" data-widget_type=\"image.default\">\n\t\t\t\t<div class=\"elementor-widget-container\">\n\t\t\t\t\t\t\t\t\t\t\t\t\t\t\t<img decoding=\"async\" width=\"1024\" height=\"726\" data-src=\"https:\/\/przedszkole.spbrzozowka.pl\/wp-content\/uploads\/2023\/02\/gry-1024x726.jpg\" class=\"attachment-large size-large wp-image-6494 lazyload\" alt=\"\" data-srcset=\"https:\/\/przedszkole.spbrzozowka.pl\/wp-content\/uploads\/2023\/02\/gry-1024x726.jpg 1024w, https:\/\/przedszkole.spbrzozowka.pl\/wp-content\/uploads\/2023\/02\/gry-300x213.jpg 300w, https:\/\/przedszkole.spbrzozowka.pl\/wp-content\/uploads\/2023\/02\/gry-768x545.jpg 768w, https:\/\/przedszkole.spbrzozowka.pl\/wp-content\/uploads\/2023\/02\/gry-1536x1090.jpg 1536w, https:\/\/przedszkole.spbrzozowka.pl\/wp-content\/uploads\/2023\/02\/gry-920x653.jpg 920w, https:\/\/przedszkole.spbrzozowka.pl\/wp-content\/uploads\/2023\/02\/gry-230x163.jpg 230w, https:\/\/przedszkole.spbrzozowka.pl\/wp-content\/uploads\/2023\/02\/gry-350x248.jpg 350w, https:\/\/przedszkole.spbrzozowka.pl\/wp-content\/uploads\/2023\/02\/gry-480x341.jpg 480w, https:\/\/przedszkole.spbrzozowka.pl\/wp-content\/uploads\/2023\/02\/gry.jpg 1748w\" data-sizes=\"(max-width: 1024px) 100vw, 1024px\" src=\"data:image\/svg+xml;base64,PHN2ZyB3aWR0aD0iMSIgaGVpZ2h0PSIxIiB4bWxucz0iaHR0cDovL3d3dy53My5vcmcvMjAwMC9zdmciPjwvc3ZnPg==\" style=\"--smush-placeholder-width: 1024px; --smush-placeholder-aspect-ratio: 1024\/726;\" \/>\t\t\t\t\t\t\t\t\t\t\t\t\t\t\t<\/div>\n\t\t\t\t<\/div>\n\t\t\t\t\t<\/div>\n\t\t<\/div>\n\t\t\t\t\t<\/div>\n\t\t<\/section>\n\t\t\t\t<section class=\"elementor-section elementor-top-section elementor-element elementor-element-0debef0 elementor-section-boxed elementor-section-height-default elementor-section-height-default\" data-id=\"0debef0\" data-element_type=\"section\" data-e-type=\"section\" data-settings=\"{&quot;background_background&quot;:&quot;classic&quot;}\">\n\t\t\t\t\t\t<div class=\"elementor-container elementor-column-gap-default\">\n\t\t\t\t\t<div class=\"elementor-column elementor-col-100 elementor-top-column elementor-element elementor-element-9175b32\" data-id=\"9175b32\" data-element_type=\"column\" data-e-type=\"column\">\n\t\t\t<div class=\"elementor-widget-wrap elementor-element-populated\">\n\t\t\t\t\t\t<div class=\"elementor-element elementor-element-4a9af9a elementor-widget elementor-widget-image\" data-id=\"4a9af9a\" data-element_type=\"widget\" data-e-type=\"widget\" data-widget_type=\"image.default\">\n\t\t\t\t<div class=\"elementor-widget-container\">\n\t\t\t\t\t\t\t\t\t\t\t\t\t\t\t<img decoding=\"async\" width=\"1024\" height=\"726\" data-src=\"https:\/\/przedszkole.spbrzozowka.pl\/wp-content\/uploads\/2023\/02\/walentynki-1024x726.jpg\" class=\"attachment-large size-large wp-image-6438 lazyload\" alt=\"\" data-srcset=\"https:\/\/przedszkole.spbrzozowka.pl\/wp-content\/uploads\/2023\/02\/walentynki-1024x726.jpg 1024w, https:\/\/przedszkole.spbrzozowka.pl\/wp-content\/uploads\/2023\/02\/walentynki-300x213.jpg 300w, https:\/\/przedszkole.spbrzozowka.pl\/wp-content\/uploads\/2023\/02\/walentynki-768x545.jpg 768w, https:\/\/przedszkole.spbrzozowka.pl\/wp-content\/uploads\/2023\/02\/walentynki-1536x1090.jpg 1536w, https:\/\/przedszkole.spbrzozowka.pl\/wp-content\/uploads\/2023\/02\/walentynki-920x653.jpg 920w, https:\/\/przedszkole.spbrzozowka.pl\/wp-content\/uploads\/2023\/02\/walentynki-230x163.jpg 230w, https:\/\/przedszkole.spbrzozowka.pl\/wp-content\/uploads\/2023\/02\/walentynki-350x248.jpg 350w, https:\/\/przedszkole.spbrzozowka.pl\/wp-content\/uploads\/2023\/02\/walentynki-480x341.jpg 480w, https:\/\/przedszkole.spbrzozowka.pl\/wp-content\/uploads\/2023\/02\/walentynki.jpg 1748w\" data-sizes=\"(max-width: 1024px) 100vw, 1024px\" src=\"data:image\/svg+xml;base64,PHN2ZyB3aWR0aD0iMSIgaGVpZ2h0PSIxIiB4bWxucz0iaHR0cDovL3d3dy53My5vcmcvMjAwMC9zdmciPjwvc3ZnPg==\" style=\"--smush-placeholder-width: 1024px; --smush-placeholder-aspect-ratio: 1024\/726;\" \/>\t\t\t\t\t\t\t\t\t\t\t\t\t\t\t<\/div>\n\t\t\t\t<\/div>\n\t\t\t\t\t<\/div>\n\t\t<\/div>\n\t\t\t\t\t<\/div>\n\t\t<\/section>\n\t\t\t\t<section class=\"elementor-section elementor-top-section elementor-element elementor-element-cb24b5d elementor-section-boxed elementor-section-height-default elementor-section-height-default\" data-id=\"cb24b5d\" data-element_type=\"section\" data-e-type=\"section\" data-settings=\"{&quot;background_background&quot;:&quot;classic&quot;}\">\n\t\t\t\t\t\t<div class=\"elementor-container elementor-column-gap-default\">\n\t\t\t\t\t<div class=\"elementor-column elementor-col-100 elementor-top-column elementor-element elementor-element-79ea6a5\" data-id=\"79ea6a5\" data-element_type=\"column\" data-e-type=\"column\">\n\t\t\t<div class=\"elementor-widget-wrap elementor-element-populated\">\n\t\t\t\t\t\t<div class=\"elementor-element elementor-element-23a4572 elementor-widget elementor-widget-image\" data-id=\"23a4572\" data-element_type=\"widget\" data-e-type=\"widget\" data-widget_type=\"image.default\">\n\t\t\t\t<div class=\"elementor-widget-container\">\n\t\t\t\t\t\t\t\t\t\t\t\t\t\t\t<img decoding=\"async\" width=\"724\" height=\"1024\" data-src=\"https:\/\/przedszkole.spbrzozowka.pl\/wp-content\/uploads\/2023\/02\/326534469_1203604523626850_5696223404236002801_n-724x1024.png\" class=\"attachment-large size-large wp-image-6416 lazyload\" alt=\"\" data-srcset=\"https:\/\/przedszkole.spbrzozowka.pl\/wp-content\/uploads\/2023\/02\/326534469_1203604523626850_5696223404236002801_n-724x1024.png 724w, https:\/\/przedszkole.spbrzozowka.pl\/wp-content\/uploads\/2023\/02\/326534469_1203604523626850_5696223404236002801_n-212x300.png 212w, https:\/\/przedszkole.spbrzozowka.pl\/wp-content\/uploads\/2023\/02\/326534469_1203604523626850_5696223404236002801_n-768x1086.png 768w, https:\/\/przedszkole.spbrzozowka.pl\/wp-content\/uploads\/2023\/02\/326534469_1203604523626850_5696223404236002801_n-1086x1536.png 1086w, https:\/\/przedszkole.spbrzozowka.pl\/wp-content\/uploads\/2023\/02\/326534469_1203604523626850_5696223404236002801_n-1448x2048.png 1448w, https:\/\/przedszkole.spbrzozowka.pl\/wp-content\/uploads\/2023\/02\/326534469_1203604523626850_5696223404236002801_n-920x1301.png 920w, https:\/\/przedszkole.spbrzozowka.pl\/wp-content\/uploads\/2023\/02\/326534469_1203604523626850_5696223404236002801_n-230x325.png 230w, https:\/\/przedszkole.spbrzozowka.pl\/wp-content\/uploads\/2023\/02\/326534469_1203604523626850_5696223404236002801_n-350x495.png 350w, https:\/\/przedszkole.spbrzozowka.pl\/wp-content\/uploads\/2023\/02\/326534469_1203604523626850_5696223404236002801_n-480x679.png 480w, https:\/\/przedszkole.spbrzozowka.pl\/wp-content\/uploads\/2023\/02\/326534469_1203604523626850_5696223404236002801_n.png 1587w\" data-sizes=\"(max-width: 724px) 100vw, 724px\" src=\"data:image\/svg+xml;base64,PHN2ZyB3aWR0aD0iMSIgaGVpZ2h0PSIxIiB4bWxucz0iaHR0cDovL3d3dy53My5vcmcvMjAwMC9zdmciPjwvc3ZnPg==\" style=\"--smush-placeholder-width: 724px; --smush-placeholder-aspect-ratio: 724\/1024;\" \/>\t\t\t\t\t\t\t\t\t\t\t\t\t\t\t<\/div>\n\t\t\t\t<\/div>\n\t\t\t\t\t<\/div>\n\t\t<\/div>\n\t\t\t\t\t<\/div>\n\t\t<\/section>\n\t\t\t\t<section class=\"elementor-section elementor-top-section elementor-element elementor-element-eb454f2 elementor-section-boxed elementor-section-height-default elementor-section-height-default\" data-id=\"eb454f2\" data-element_type=\"section\" data-e-type=\"section\" data-settings=\"{&quot;background_background&quot;:&quot;classic&quot;}\">\n\t\t\t\t\t\t<div class=\"elementor-container elementor-column-gap-default\">\n\t\t\t\t\t<div class=\"elementor-column elementor-col-100 elementor-top-column elementor-element elementor-element-9e635cd\" data-id=\"9e635cd\" data-element_type=\"column\" data-e-type=\"column\">\n\t\t\t<div class=\"elementor-widget-wrap elementor-element-populated\">\n\t\t\t\t\t\t<div class=\"elementor-element elementor-element-f49bbf0 elementor-widget elementor-widget-text-editor\" data-id=\"f49bbf0\" data-element_type=\"widget\" data-e-type=\"widget\" data-widget_type=\"text-editor.default\">\n\t\t\t\t<div class=\"elementor-widget-container\">\n\t\t\t\t\t\t\t\t\t<h2><strong>\u00a0 \u00a0 \u00a0 \u00a0 \u00a0 \u00a0 \u00a0 \u00a0 \u00a0 \u00a0 \u00a0 \u00a0 \u00a0 \u00a0 \u00a0 \u00a0 \u00a0 \u00a0 \u00a0 \u00a0 \u00a0 \u00a0 \u00a0 \u00a0Rozporz\u0105dzenie W\u00f3jta Gminy Obrowo w sprawie dy\u017curu wakacyjnego 2023 r. <\/strong><\/h2><h2><strong>\u00a0 \u00a0 \u00a0 \u00a0 \u00a0 \u00a0 \u00a0 \u00a0 \u00a0 \u00a0 \u00a0 \u00a0 \u00a0 \u00a0 \u00a0 \u00a0 \u00a0 \u00a0 \u00a0 \u00a0 \u00a0 \u00a0 \u00a0 \u00a0 \u00a0 \u00a0 \u00a0 \u00a0 \u00a0 \u00a0 \u00a0wraz z za\u0142\u0105cznikami znajduj\u0105 si\u0119 w zak\u0142adce DOKUMENTY.<\/strong><\/h2>\t\t\t\t\t\t\t\t<\/div>\n\t\t\t\t<\/div>\n\t\t\t\t\t<\/div>\n\t\t<\/div>\n\t\t\t\t\t<\/div>\n\t\t<\/section>\n\t\t\t\t<section class=\"elementor-section elementor-top-section elementor-element elementor-element-3adcc68 elementor-section-boxed elementor-section-height-default elementor-section-height-default\" data-id=\"3adcc68\" data-element_type=\"section\" data-e-type=\"section\" data-settings=\"{&quot;background_background&quot;:&quot;classic&quot;}\">\n\t\t\t\t\t\t<div class=\"elementor-container elementor-column-gap-default\">\n\t\t\t\t\t<div class=\"elementor-column elementor-col-100 elementor-top-column elementor-element elementor-element-95f3f57\" data-id=\"95f3f57\" data-element_type=\"column\" data-e-type=\"column\">\n\t\t\t<div class=\"elementor-widget-wrap elementor-element-populated\">\n\t\t\t\t\t\t<div class=\"elementor-element elementor-element-ade7f00 elementor-widget elementor-widget-image\" data-id=\"ade7f00\" data-element_type=\"widget\" data-e-type=\"widget\" data-widget_type=\"image.default\">\n\t\t\t\t<div class=\"elementor-widget-container\">\n\t\t\t\t\t\t\t\t\t\t\t\t\t\t\t<img decoding=\"async\" width=\"1024\" height=\"726\" data-src=\"https:\/\/przedszkole.spbrzozowka.pl\/wp-content\/uploads\/2022\/12\/zyczenia-1024x726.jpg\" class=\"attachment-large size-large wp-image-6276 lazyload\" alt=\"\" data-srcset=\"https:\/\/przedszkole.spbrzozowka.pl\/wp-content\/uploads\/2022\/12\/zyczenia-1024x726.jpg 1024w, https:\/\/przedszkole.spbrzozowka.pl\/wp-content\/uploads\/2022\/12\/zyczenia-300x213.jpg 300w, https:\/\/przedszkole.spbrzozowka.pl\/wp-content\/uploads\/2022\/12\/zyczenia-768x545.jpg 768w, https:\/\/przedszkole.spbrzozowka.pl\/wp-content\/uploads\/2022\/12\/zyczenia-1536x1090.jpg 1536w, https:\/\/przedszkole.spbrzozowka.pl\/wp-content\/uploads\/2022\/12\/zyczenia-920x653.jpg 920w, https:\/\/przedszkole.spbrzozowka.pl\/wp-content\/uploads\/2022\/12\/zyczenia-230x163.jpg 230w, https:\/\/przedszkole.spbrzozowka.pl\/wp-content\/uploads\/2022\/12\/zyczenia-350x248.jpg 350w, https:\/\/przedszkole.spbrzozowka.pl\/wp-content\/uploads\/2022\/12\/zyczenia-480x341.jpg 480w, https:\/\/przedszkole.spbrzozowka.pl\/wp-content\/uploads\/2022\/12\/zyczenia.jpg 1748w\" data-sizes=\"(max-width: 1024px) 100vw, 1024px\" src=\"data:image\/svg+xml;base64,PHN2ZyB3aWR0aD0iMSIgaGVpZ2h0PSIxIiB4bWxucz0iaHR0cDovL3d3dy53My5vcmcvMjAwMC9zdmciPjwvc3ZnPg==\" style=\"--smush-placeholder-width: 1024px; --smush-placeholder-aspect-ratio: 1024\/726;\" \/>\t\t\t\t\t\t\t\t\t\t\t\t\t\t\t<\/div>\n\t\t\t\t<\/div>\n\t\t\t\t\t<\/div>\n\t\t<\/div>\n\t\t\t\t\t<\/div>\n\t\t<\/section>\n\t\t\t\t<section class=\"elementor-section elementor-top-section elementor-element elementor-element-9c86a15 elementor-section-boxed elementor-section-height-default elementor-section-height-default\" data-id=\"9c86a15\" data-element_type=\"section\" data-e-type=\"section\" data-settings=\"{&quot;background_background&quot;:&quot;classic&quot;}\">\n\t\t\t\t\t\t<div class=\"elementor-container elementor-column-gap-default\">\n\t\t\t\t\t<div class=\"elementor-column elementor-col-100 elementor-top-column elementor-element elementor-element-0925b98\" data-id=\"0925b98\" data-element_type=\"column\" data-e-type=\"column\">\n\t\t\t<div class=\"elementor-widget-wrap elementor-element-populated\">\n\t\t\t\t\t\t<div class=\"elementor-element elementor-element-c63254a elementor-position-top elementor-widget elementor-widget-image-box\" data-id=\"c63254a\" data-element_type=\"widget\" data-e-type=\"widget\" data-widget_type=\"image-box.default\">\n\t\t\t\t<div class=\"elementor-widget-container\">\n\t\t\t\t\t<div class=\"elementor-image-box-wrapper\"><figure class=\"elementor-image-box-img\"><img decoding=\"async\" width=\"212\" height=\"212\" data-src=\"https:\/\/przedszkole.spbrzozowka.pl\/wp-content\/uploads\/2022\/12\/logo-szlachetna-paczka-2022-1.png\" class=\"attachment-full size-full wp-image-6269 lazyload\" alt=\"\" data-srcset=\"https:\/\/przedszkole.spbrzozowka.pl\/wp-content\/uploads\/2022\/12\/logo-szlachetna-paczka-2022-1.png 212w, https:\/\/przedszkole.spbrzozowka.pl\/wp-content\/uploads\/2022\/12\/logo-szlachetna-paczka-2022-1-150x150.png 150w\" data-sizes=\"(max-width: 212px) 100vw, 212px\" src=\"data:image\/svg+xml;base64,PHN2ZyB3aWR0aD0iMSIgaGVpZ2h0PSIxIiB4bWxucz0iaHR0cDovL3d3dy53My5vcmcvMjAwMC9zdmciPjwvc3ZnPg==\" style=\"--smush-placeholder-width: 212px; --smush-placeholder-aspect-ratio: 212\/212;\" \/><\/figure><div class=\"elementor-image-box-content\"><h2 class=\"elementor-image-box-title\">SZLACHETNA PACZKA<\/h2><p class=\"elementor-image-box-description\">Dzi\u0119kujemy wszystkim za zaanga\u017cowanie si\u0119 w Szlachetn\u0105 paczk\u0119. Zapraszamy do obejrzenia filmu, podsumowuj\u0105cego nasz\u0105 wsp\u00f3ln\u0105 akcj\u0119 charytatywn\u0105. https:\/\/drive.google.com\/file\/d\/1r8KAEtxHe_dHT3n7LSWHILCjKJhFPaFf\/view?usp=share_link<\/p><\/div><\/div>\t\t\t\t<\/div>\n\t\t\t\t<\/div>\n\t\t\t\t\t<\/div>\n\t\t<\/div>\n\t\t\t\t\t<\/div>\n\t\t<\/section>\n\t\t\t\t<section class=\"elementor-section elementor-top-section elementor-element elementor-element-16a818a elementor-section-boxed elementor-section-height-default elementor-section-height-default\" data-id=\"16a818a\" data-element_type=\"section\" data-e-type=\"section\">\n\t\t\t\t\t\t<div class=\"elementor-container elementor-column-gap-default\">\n\t\t\t\t\t<div class=\"elementor-column elementor-col-50 elementor-top-column elementor-element elementor-element-a6530b2\" data-id=\"a6530b2\" data-element_type=\"column\" data-e-type=\"column\">\n\t\t\t<div class=\"elementor-widget-wrap elementor-element-populated\">\n\t\t\t\t\t\t<div class=\"elementor-element elementor-element-0d1b857 elementor-widget elementor-widget-image\" data-id=\"0d1b857\" data-element_type=\"widget\" data-e-type=\"widget\" data-widget_type=\"image.default\">\n\t\t\t\t<div class=\"elementor-widget-container\">\n\t\t\t\t\t\t\t\t\t\t\t\t\t\t\t<img decoding=\"async\" width=\"724\" height=\"1024\" data-src=\"https:\/\/przedszkole.spbrzozowka.pl\/wp-content\/uploads\/2022\/12\/1-724x1024.jpg\" class=\"attachment-large size-large wp-image-6251 lazyload\" alt=\"\" data-srcset=\"https:\/\/przedszkole.spbrzozowka.pl\/wp-content\/uploads\/2022\/12\/1-724x1024.jpg 724w, https:\/\/przedszkole.spbrzozowka.pl\/wp-content\/uploads\/2022\/12\/1-212x300.jpg 212w, https:\/\/przedszkole.spbrzozowka.pl\/wp-content\/uploads\/2022\/12\/1-768x1086.jpg 768w, https:\/\/przedszkole.spbrzozowka.pl\/wp-content\/uploads\/2022\/12\/1-1086x1536.jpg 1086w, https:\/\/przedszkole.spbrzozowka.pl\/wp-content\/uploads\/2022\/12\/1-1448x2048.jpg 1448w, https:\/\/przedszkole.spbrzozowka.pl\/wp-content\/uploads\/2022\/12\/1-920x1301.jpg 920w, https:\/\/przedszkole.spbrzozowka.pl\/wp-content\/uploads\/2022\/12\/1-230x325.jpg 230w, https:\/\/przedszkole.spbrzozowka.pl\/wp-content\/uploads\/2022\/12\/1-350x495.jpg 350w, https:\/\/przedszkole.spbrzozowka.pl\/wp-content\/uploads\/2022\/12\/1-480x679.jpg 480w, https:\/\/przedszkole.spbrzozowka.pl\/wp-content\/uploads\/2022\/12\/1.jpg 1587w\" data-sizes=\"(max-width: 724px) 100vw, 724px\" src=\"data:image\/svg+xml;base64,PHN2ZyB3aWR0aD0iMSIgaGVpZ2h0PSIxIiB4bWxucz0iaHR0cDovL3d3dy53My5vcmcvMjAwMC9zdmciPjwvc3ZnPg==\" style=\"--smush-placeholder-width: 724px; --smush-placeholder-aspect-ratio: 724\/1024;\" \/>\t\t\t\t\t\t\t\t\t\t\t\t\t\t\t<\/div>\n\t\t\t\t<\/div>\n\t\t\t\t<div class=\"elementor-element elementor-element-b01d223 elementor-widget elementor-widget-image\" data-id=\"b01d223\" data-element_type=\"widget\" data-e-type=\"widget\" data-widget_type=\"image.default\">\n\t\t\t\t<div class=\"elementor-widget-container\">\n\t\t\t\t\t\t\t\t\t\t\t\t\t\t\t<img decoding=\"async\" width=\"1024\" height=\"768\" data-src=\"https:\/\/przedszkole.spbrzozowka.pl\/wp-content\/uploads\/2022\/12\/320087814_693811525426489_3004956560130215609_n-1024x768.jpg\" class=\"attachment-large size-large wp-image-6248 lazyload\" alt=\"\" data-srcset=\"https:\/\/przedszkole.spbrzozowka.pl\/wp-content\/uploads\/2022\/12\/320087814_693811525426489_3004956560130215609_n-1024x768.jpg 1024w, https:\/\/przedszkole.spbrzozowka.pl\/wp-content\/uploads\/2022\/12\/320087814_693811525426489_3004956560130215609_n-300x225.jpg 300w, https:\/\/przedszkole.spbrzozowka.pl\/wp-content\/uploads\/2022\/12\/320087814_693811525426489_3004956560130215609_n-768x576.jpg 768w, https:\/\/przedszkole.spbrzozowka.pl\/wp-content\/uploads\/2022\/12\/320087814_693811525426489_3004956560130215609_n-1536x1152.jpg 1536w, https:\/\/przedszkole.spbrzozowka.pl\/wp-content\/uploads\/2022\/12\/320087814_693811525426489_3004956560130215609_n-920x690.jpg 920w, https:\/\/przedszkole.spbrzozowka.pl\/wp-content\/uploads\/2022\/12\/320087814_693811525426489_3004956560130215609_n-230x173.jpg 230w, https:\/\/przedszkole.spbrzozowka.pl\/wp-content\/uploads\/2022\/12\/320087814_693811525426489_3004956560130215609_n-350x263.jpg 350w, https:\/\/przedszkole.spbrzozowka.pl\/wp-content\/uploads\/2022\/12\/320087814_693811525426489_3004956560130215609_n-480x360.jpg 480w, https:\/\/przedszkole.spbrzozowka.pl\/wp-content\/uploads\/2022\/12\/320087814_693811525426489_3004956560130215609_n.jpg 2048w\" data-sizes=\"(max-width: 1024px) 100vw, 1024px\" src=\"data:image\/svg+xml;base64,PHN2ZyB3aWR0aD0iMSIgaGVpZ2h0PSIxIiB4bWxucz0iaHR0cDovL3d3dy53My5vcmcvMjAwMC9zdmciPjwvc3ZnPg==\" style=\"--smush-placeholder-width: 1024px; --smush-placeholder-aspect-ratio: 1024\/768;\" \/>\t\t\t\t\t\t\t\t\t\t\t\t\t\t\t<\/div>\n\t\t\t\t<\/div>\n\t\t\t\t\t<\/div>\n\t\t<\/div>\n\t\t\t\t<div class=\"elementor-column elementor-col-50 elementor-top-column elementor-element elementor-element-9d21124\" data-id=\"9d21124\" data-element_type=\"column\" data-e-type=\"column\">\n\t\t\t<div class=\"elementor-widget-wrap elementor-element-populated\">\n\t\t\t\t\t\t<div class=\"elementor-element elementor-element-aba2e50 elementor-widget elementor-widget-image\" data-id=\"aba2e50\" data-element_type=\"widget\" data-e-type=\"widget\" data-widget_type=\"image.default\">\n\t\t\t\t<div class=\"elementor-widget-container\">\n\t\t\t\t\t\t\t\t\t\t\t\t\t\t\t<img decoding=\"async\" width=\"724\" height=\"1024\" data-src=\"https:\/\/przedszkole.spbrzozowka.pl\/wp-content\/uploads\/2022\/12\/2-724x1024.jpg\" class=\"attachment-large size-large wp-image-6252 lazyload\" alt=\"\" data-srcset=\"https:\/\/przedszkole.spbrzozowka.pl\/wp-content\/uploads\/2022\/12\/2-724x1024.jpg 724w, https:\/\/przedszkole.spbrzozowka.pl\/wp-content\/uploads\/2022\/12\/2-212x300.jpg 212w, https:\/\/przedszkole.spbrzozowka.pl\/wp-content\/uploads\/2022\/12\/2-768x1086.jpg 768w, https:\/\/przedszkole.spbrzozowka.pl\/wp-content\/uploads\/2022\/12\/2-1086x1536.jpg 1086w, https:\/\/przedszkole.spbrzozowka.pl\/wp-content\/uploads\/2022\/12\/2-1448x2048.jpg 1448w, https:\/\/przedszkole.spbrzozowka.pl\/wp-content\/uploads\/2022\/12\/2-920x1301.jpg 920w, https:\/\/przedszkole.spbrzozowka.pl\/wp-content\/uploads\/2022\/12\/2-230x325.jpg 230w, https:\/\/przedszkole.spbrzozowka.pl\/wp-content\/uploads\/2022\/12\/2-350x495.jpg 350w, https:\/\/przedszkole.spbrzozowka.pl\/wp-content\/uploads\/2022\/12\/2-480x679.jpg 480w, https:\/\/przedszkole.spbrzozowka.pl\/wp-content\/uploads\/2022\/12\/2.jpg 1587w\" data-sizes=\"(max-width: 724px) 100vw, 724px\" src=\"data:image\/svg+xml;base64,PHN2ZyB3aWR0aD0iMSIgaGVpZ2h0PSIxIiB4bWxucz0iaHR0cDovL3d3dy53My5vcmcvMjAwMC9zdmciPjwvc3ZnPg==\" style=\"--smush-placeholder-width: 724px; --smush-placeholder-aspect-ratio: 724\/1024;\" \/>\t\t\t\t\t\t\t\t\t\t\t\t\t\t\t<\/div>\n\t\t\t\t<\/div>\n\t\t\t\t<div class=\"elementor-element elementor-element-8897517 elementor-widget elementor-widget-image\" data-id=\"8897517\" data-element_type=\"widget\" data-e-type=\"widget\" data-widget_type=\"image.default\">\n\t\t\t\t<div class=\"elementor-widget-container\">\n\t\t\t\t\t\t\t\t\t\t\t\t\t\t\t<img decoding=\"async\" width=\"1024\" height=\"768\" data-src=\"https:\/\/przedszkole.spbrzozowka.pl\/wp-content\/uploads\/2022\/12\/320395325_673785594481067_2080468916596666977_n-1-1024x768.jpg\" class=\"attachment-large size-large wp-image-6250 lazyload\" alt=\"\" data-srcset=\"https:\/\/przedszkole.spbrzozowka.pl\/wp-content\/uploads\/2022\/12\/320395325_673785594481067_2080468916596666977_n-1-1024x768.jpg 1024w, https:\/\/przedszkole.spbrzozowka.pl\/wp-content\/uploads\/2022\/12\/320395325_673785594481067_2080468916596666977_n-1-300x225.jpg 300w, https:\/\/przedszkole.spbrzozowka.pl\/wp-content\/uploads\/2022\/12\/320395325_673785594481067_2080468916596666977_n-1-768x576.jpg 768w, https:\/\/przedszkole.spbrzozowka.pl\/wp-content\/uploads\/2022\/12\/320395325_673785594481067_2080468916596666977_n-1-1536x1152.jpg 1536w, https:\/\/przedszkole.spbrzozowka.pl\/wp-content\/uploads\/2022\/12\/320395325_673785594481067_2080468916596666977_n-1-920x690.jpg 920w, https:\/\/przedszkole.spbrzozowka.pl\/wp-content\/uploads\/2022\/12\/320395325_673785594481067_2080468916596666977_n-1-230x173.jpg 230w, https:\/\/przedszkole.spbrzozowka.pl\/wp-content\/uploads\/2022\/12\/320395325_673785594481067_2080468916596666977_n-1-350x263.jpg 350w, https:\/\/przedszkole.spbrzozowka.pl\/wp-content\/uploads\/2022\/12\/320395325_673785594481067_2080468916596666977_n-1-480x360.jpg 480w, https:\/\/przedszkole.spbrzozowka.pl\/wp-content\/uploads\/2022\/12\/320395325_673785594481067_2080468916596666977_n-1.jpg 2048w\" data-sizes=\"(max-width: 1024px) 100vw, 1024px\" src=\"data:image\/svg+xml;base64,PHN2ZyB3aWR0aD0iMSIgaGVpZ2h0PSIxIiB4bWxucz0iaHR0cDovL3d3dy53My5vcmcvMjAwMC9zdmciPjwvc3ZnPg==\" style=\"--smush-placeholder-width: 1024px; --smush-placeholder-aspect-ratio: 1024\/768;\" \/>\t\t\t\t\t\t\t\t\t\t\t\t\t\t\t<\/div>\n\t\t\t\t<\/div>\n\t\t\t\t\t<\/div>\n\t\t<\/div>\n\t\t\t\t\t<\/div>\n\t\t<\/section>\n\t\t\t\t<section class=\"elementor-section elementor-top-section elementor-element elementor-element-d27eab6 elementor-section-boxed elementor-section-height-default elementor-section-height-default\" data-id=\"d27eab6\" data-element_type=\"section\" data-e-type=\"section\">\n\t\t\t\t\t\t<div class=\"elementor-container elementor-column-gap-default\">\n\t\t\t\t\t<div class=\"elementor-column elementor-col-100 elementor-top-column elementor-element elementor-element-bb5ba86\" data-id=\"bb5ba86\" data-element_type=\"column\" data-e-type=\"column\" data-settings=\"{&quot;background_background&quot;:&quot;classic&quot;}\">\n\t\t\t<div class=\"elementor-widget-wrap elementor-element-populated\">\n\t\t\t\t\t\t<div class=\"elementor-element elementor-element-4fe7ec1 elementor-widget elementor-widget-image\" data-id=\"4fe7ec1\" data-element_type=\"widget\" data-e-type=\"widget\" data-widget_type=\"image.default\">\n\t\t\t\t<div class=\"elementor-widget-container\">\n\t\t\t\t\t\t\t\t\t\t\t\t\t\t\t<img decoding=\"async\" width=\"1024\" height=\"819\" data-src=\"https:\/\/przedszkole.spbrzozowka.pl\/wp-content\/uploads\/2022\/12\/Rozowy-Recznie-Rysowane-Serce-Polaroid-Kolaz-Zdjec-1024x819.jpg\" class=\"attachment-large size-large wp-image-6261 lazyload\" alt=\"\" data-srcset=\"https:\/\/przedszkole.spbrzozowka.pl\/wp-content\/uploads\/2022\/12\/Rozowy-Recznie-Rysowane-Serce-Polaroid-Kolaz-Zdjec-1024x819.jpg 1024w, https:\/\/przedszkole.spbrzozowka.pl\/wp-content\/uploads\/2022\/12\/Rozowy-Recznie-Rysowane-Serce-Polaroid-Kolaz-Zdjec-300x240.jpg 300w, https:\/\/przedszkole.spbrzozowka.pl\/wp-content\/uploads\/2022\/12\/Rozowy-Recznie-Rysowane-Serce-Polaroid-Kolaz-Zdjec-768x614.jpg 768w, https:\/\/przedszkole.spbrzozowka.pl\/wp-content\/uploads\/2022\/12\/Rozowy-Recznie-Rysowane-Serce-Polaroid-Kolaz-Zdjec-1536x1229.jpg 1536w, https:\/\/przedszkole.spbrzozowka.pl\/wp-content\/uploads\/2022\/12\/Rozowy-Recznie-Rysowane-Serce-Polaroid-Kolaz-Zdjec-920x736.jpg 920w, https:\/\/przedszkole.spbrzozowka.pl\/wp-content\/uploads\/2022\/12\/Rozowy-Recznie-Rysowane-Serce-Polaroid-Kolaz-Zdjec-230x184.jpg 230w, https:\/\/przedszkole.spbrzozowka.pl\/wp-content\/uploads\/2022\/12\/Rozowy-Recznie-Rysowane-Serce-Polaroid-Kolaz-Zdjec-350x280.jpg 350w, https:\/\/przedszkole.spbrzozowka.pl\/wp-content\/uploads\/2022\/12\/Rozowy-Recznie-Rysowane-Serce-Polaroid-Kolaz-Zdjec-480x384.jpg 480w, https:\/\/przedszkole.spbrzozowka.pl\/wp-content\/uploads\/2022\/12\/Rozowy-Recznie-Rysowane-Serce-Polaroid-Kolaz-Zdjec.jpg 2000w\" data-sizes=\"(max-width: 1024px) 100vw, 1024px\" src=\"data:image\/svg+xml;base64,PHN2ZyB3aWR0aD0iMSIgaGVpZ2h0PSIxIiB4bWxucz0iaHR0cDovL3d3dy53My5vcmcvMjAwMC9zdmciPjwvc3ZnPg==\" style=\"--smush-placeholder-width: 1024px; --smush-placeholder-aspect-ratio: 1024\/819;\" \/>\t\t\t\t\t\t\t\t\t\t\t\t\t\t\t<\/div>\n\t\t\t\t<\/div>\n\t\t\t\t\t<\/div>\n\t\t<\/div>\n\t\t\t\t\t<\/div>\n\t\t<\/section>\n\t\t\t\t<section class=\"elementor-section elementor-top-section elementor-element elementor-element-3ee1ff6 elementor-section-boxed elementor-section-height-default elementor-section-height-default\" data-id=\"3ee1ff6\" data-element_type=\"section\" data-e-type=\"section\">\n\t\t\t\t\t\t<div class=\"elementor-container elementor-column-gap-default\">\n\t\t\t\t\t<div class=\"elementor-column elementor-col-33 elementor-top-column elementor-element elementor-element-d671321\" data-id=\"d671321\" data-element_type=\"column\" data-e-type=\"column\">\n\t\t\t<div class=\"elementor-widget-wrap elementor-element-populated\">\n\t\t\t\t\t\t<div class=\"elementor-element elementor-element-5f8b3f6 elementor-widget elementor-widget-image\" data-id=\"5f8b3f6\" data-element_type=\"widget\" data-e-type=\"widget\" data-widget_type=\"image.default\">\n\t\t\t\t<div class=\"elementor-widget-container\">\n\t\t\t\t\t\t\t\t\t\t\t\t\t\t\t<img decoding=\"async\" width=\"724\" height=\"1024\" data-src=\"https:\/\/przedszkole.spbrzozowka.pl\/wp-content\/uploads\/2022\/10\/1-724x1024.jpg\" class=\"attachment-large size-large wp-image-6057 lazyload\" alt=\"\" data-srcset=\"https:\/\/przedszkole.spbrzozowka.pl\/wp-content\/uploads\/2022\/10\/1-724x1024.jpg 724w, https:\/\/przedszkole.spbrzozowka.pl\/wp-content\/uploads\/2022\/10\/1-212x300.jpg 212w, https:\/\/przedszkole.spbrzozowka.pl\/wp-content\/uploads\/2022\/10\/1-768x1086.jpg 768w, https:\/\/przedszkole.spbrzozowka.pl\/wp-content\/uploads\/2022\/10\/1-1086x1536.jpg 1086w, https:\/\/przedszkole.spbrzozowka.pl\/wp-content\/uploads\/2022\/10\/1-1448x2048.jpg 1448w, https:\/\/przedszkole.spbrzozowka.pl\/wp-content\/uploads\/2022\/10\/1-920x1301.jpg 920w, https:\/\/przedszkole.spbrzozowka.pl\/wp-content\/uploads\/2022\/10\/1-230x325.jpg 230w, https:\/\/przedszkole.spbrzozowka.pl\/wp-content\/uploads\/2022\/10\/1-350x495.jpg 350w, https:\/\/przedszkole.spbrzozowka.pl\/wp-content\/uploads\/2022\/10\/1-480x679.jpg 480w, https:\/\/przedszkole.spbrzozowka.pl\/wp-content\/uploads\/2022\/10\/1.jpg 1587w\" data-sizes=\"(max-width: 724px) 100vw, 724px\" src=\"data:image\/svg+xml;base64,PHN2ZyB3aWR0aD0iMSIgaGVpZ2h0PSIxIiB4bWxucz0iaHR0cDovL3d3dy53My5vcmcvMjAwMC9zdmciPjwvc3ZnPg==\" style=\"--smush-placeholder-width: 724px; --smush-placeholder-aspect-ratio: 724\/1024;\" \/>\t\t\t\t\t\t\t\t\t\t\t\t\t\t\t<\/div>\n\t\t\t\t<\/div>\n\t\t\t\t\t<\/div>\n\t\t<\/div>\n\t\t\t\t<div class=\"elementor-column elementor-col-33 elementor-top-column elementor-element elementor-element-81cf6e1\" data-id=\"81cf6e1\" data-element_type=\"column\" data-e-type=\"column\">\n\t\t\t<div class=\"elementor-widget-wrap elementor-element-populated\">\n\t\t\t\t\t\t<div class=\"elementor-element elementor-element-74d02d5 elementor-widget elementor-widget-image\" data-id=\"74d02d5\" data-element_type=\"widget\" data-e-type=\"widget\" data-widget_type=\"image.default\">\n\t\t\t\t<div class=\"elementor-widget-container\">\n\t\t\t\t\t\t\t\t\t\t\t\t\t\t\t<img decoding=\"async\" width=\"724\" height=\"1024\" data-src=\"https:\/\/przedszkole.spbrzozowka.pl\/wp-content\/uploads\/2022\/10\/2-724x1024.jpg\" class=\"attachment-large size-large wp-image-6059 lazyload\" alt=\"\" data-srcset=\"https:\/\/przedszkole.spbrzozowka.pl\/wp-content\/uploads\/2022\/10\/2-724x1024.jpg 724w, https:\/\/przedszkole.spbrzozowka.pl\/wp-content\/uploads\/2022\/10\/2-212x300.jpg 212w, https:\/\/przedszkole.spbrzozowka.pl\/wp-content\/uploads\/2022\/10\/2-768x1086.jpg 768w, https:\/\/przedszkole.spbrzozowka.pl\/wp-content\/uploads\/2022\/10\/2-1086x1536.jpg 1086w, https:\/\/przedszkole.spbrzozowka.pl\/wp-content\/uploads\/2022\/10\/2-1448x2048.jpg 1448w, https:\/\/przedszkole.spbrzozowka.pl\/wp-content\/uploads\/2022\/10\/2-920x1301.jpg 920w, https:\/\/przedszkole.spbrzozowka.pl\/wp-content\/uploads\/2022\/10\/2-230x325.jpg 230w, https:\/\/przedszkole.spbrzozowka.pl\/wp-content\/uploads\/2022\/10\/2-350x495.jpg 350w, https:\/\/przedszkole.spbrzozowka.pl\/wp-content\/uploads\/2022\/10\/2-480x679.jpg 480w, https:\/\/przedszkole.spbrzozowka.pl\/wp-content\/uploads\/2022\/10\/2.jpg 1587w\" data-sizes=\"(max-width: 724px) 100vw, 724px\" src=\"data:image\/svg+xml;base64,PHN2ZyB3aWR0aD0iMSIgaGVpZ2h0PSIxIiB4bWxucz0iaHR0cDovL3d3dy53My5vcmcvMjAwMC9zdmciPjwvc3ZnPg==\" style=\"--smush-placeholder-width: 724px; --smush-placeholder-aspect-ratio: 724\/1024;\" \/>\t\t\t\t\t\t\t\t\t\t\t\t\t\t\t<\/div>\n\t\t\t\t<\/div>\n\t\t\t\t\t<\/div>\n\t\t<\/div>\n\t\t\t\t<div class=\"elementor-column elementor-col-33 elementor-top-column elementor-element elementor-element-64e97d2\" data-id=\"64e97d2\" data-element_type=\"column\" data-e-type=\"column\">\n\t\t\t<div class=\"elementor-widget-wrap elementor-element-populated\">\n\t\t\t\t\t\t<div class=\"elementor-element elementor-element-7f783cd elementor-widget elementor-widget-image\" data-id=\"7f783cd\" data-element_type=\"widget\" data-e-type=\"widget\" data-widget_type=\"image.default\">\n\t\t\t\t<div class=\"elementor-widget-container\">\n\t\t\t\t\t\t\t\t\t\t\t\t\t\t\t<img decoding=\"async\" width=\"724\" height=\"1024\" data-src=\"https:\/\/przedszkole.spbrzozowka.pl\/wp-content\/uploads\/2022\/10\/3-724x1024.jpg\" class=\"attachment-large size-large wp-image-6060 lazyload\" alt=\"\" data-srcset=\"https:\/\/przedszkole.spbrzozowka.pl\/wp-content\/uploads\/2022\/10\/3-724x1024.jpg 724w, https:\/\/przedszkole.spbrzozowka.pl\/wp-content\/uploads\/2022\/10\/3-212x300.jpg 212w, https:\/\/przedszkole.spbrzozowka.pl\/wp-content\/uploads\/2022\/10\/3-768x1086.jpg 768w, https:\/\/przedszkole.spbrzozowka.pl\/wp-content\/uploads\/2022\/10\/3-1086x1536.jpg 1086w, https:\/\/przedszkole.spbrzozowka.pl\/wp-content\/uploads\/2022\/10\/3-1448x2048.jpg 1448w, https:\/\/przedszkole.spbrzozowka.pl\/wp-content\/uploads\/2022\/10\/3-920x1301.jpg 920w, https:\/\/przedszkole.spbrzozowka.pl\/wp-content\/uploads\/2022\/10\/3-230x325.jpg 230w, https:\/\/przedszkole.spbrzozowka.pl\/wp-content\/uploads\/2022\/10\/3-350x495.jpg 350w, https:\/\/przedszkole.spbrzozowka.pl\/wp-content\/uploads\/2022\/10\/3-480x679.jpg 480w, https:\/\/przedszkole.spbrzozowka.pl\/wp-content\/uploads\/2022\/10\/3.jpg 1587w\" data-sizes=\"(max-width: 724px) 100vw, 724px\" src=\"data:image\/svg+xml;base64,PHN2ZyB3aWR0aD0iMSIgaGVpZ2h0PSIxIiB4bWxucz0iaHR0cDovL3d3dy53My5vcmcvMjAwMC9zdmciPjwvc3ZnPg==\" style=\"--smush-placeholder-width: 724px; --smush-placeholder-aspect-ratio: 724\/1024;\" \/>\t\t\t\t\t\t\t\t\t\t\t\t\t\t\t<\/div>\n\t\t\t\t<\/div>\n\t\t\t\t\t<\/div>\n\t\t<\/div>\n\t\t\t\t\t<\/div>\n\t\t<\/section>\n\t\t\t\t<section class=\"elementor-section elementor-top-section elementor-element elementor-element-322ead2 elementor-section-boxed elementor-section-height-default elementor-section-height-default\" data-id=\"322ead2\" data-element_type=\"section\" data-e-type=\"section\">\n\t\t\t\t\t\t<div class=\"elementor-container elementor-column-gap-default\">\n\t\t\t\t\t<div class=\"elementor-column elementor-col-100 elementor-top-column elementor-element elementor-element-1a89e82\" data-id=\"1a89e82\" data-element_type=\"column\" data-e-type=\"column\">\n\t\t\t<div class=\"elementor-widget-wrap elementor-element-populated\">\n\t\t\t\t\t\t<div class=\"elementor-element elementor-element-9b2f4a7 elementor-widget elementor-widget-text-editor\" data-id=\"9b2f4a7\" data-element_type=\"widget\" data-e-type=\"widget\" data-widget_type=\"text-editor.default\">\n\t\t\t\t<div class=\"elementor-widget-container\">\n\t\t\t\t\t\t\t\t\t<p><strong>W naszym przedszkolu 6 grudnia odby\u0142o si\u0119 uroczyste spotkanie ze \u015awi\u0119tym Miko\u0142ajem. Zanim go\u015b\u0107 specjalny pojawi\u0142 si\u0119, dzieci ta\u0144czy\u0142y przy d\u017awi\u0119kach \u015bwi\u0105tecznej muzyki. Nie zabrak\u0142o r\u00f3wnie\u017c zabaw miko\u0142ajkowych, kt\u00f3re na buziach dzieci wywo\u0142a\u0142y u\u015bmiech. Gdy tylko dzieci us\u0142ysza\u0142y dzwonki Miko\u0142aja od razu zaprosi\u0142y go do wsp\u00f3lnego ta\u0144ca. \u00a0Miko\u0142aj obdarowa\u0142 je prezentami. Po wykonaniu wsp\u00f3lnego zdj\u0119cia \u00a0dzieci podzi\u0119kowa\u0142y i po\u017cegna\u0142y naszego go\u015bcia.\u00a0 Spotkanie z Miko\u0142ajem min\u0119\u0142o w bardzo mi\u0142ej atmosferze. Dzieci d\u0142ugo wspomina\u0142y ten dzie\u0144, dzieli\u0142y si\u0119 wra\u017ceniami, ponownie ogl\u0105da\u0142y prezenty, zerka\u0142y przez okno z nadziej\u0105, \u017ce jeszcze raz zobacz\u0105 naszego go\u015bcia i pomachaj\u0105 mu na po\u017cegnanie.<\/strong><\/p><p>Zapraszamy do obejrzenia relacji z tego wydarzenia -&gt;<em><strong><a href=\"https:\/\/drive.google.com\/file\/d\/1icngJTxL5TwJWuadKDNsUFyvuzYCXOVW\/view?usp=share_link\">https:\/\/drive.google.com\/file\/d\/1icngJTxL5TwJWuadKDNsUFyvuzYCXOVW\/view?usp=share_link<\/a><\/strong><\/em><\/p>\t\t\t\t\t\t\t\t<\/div>\n\t\t\t\t<\/div>\n\t\t\t\t\t<\/div>\n\t\t<\/div>\n\t\t\t\t\t<\/div>\n\t\t<\/section>\n\t\t\t\t<section class=\"elementor-section elementor-top-section elementor-element elementor-element-35f7fa6 elementor-section-boxed elementor-section-height-default elementor-section-height-default\" data-id=\"35f7fa6\" data-element_type=\"section\" data-e-type=\"section\">\n\t\t\t\t\t\t<div class=\"elementor-container elementor-column-gap-default\">\n\t\t\t\t\t<div class=\"elementor-column elementor-col-100 elementor-top-column elementor-element elementor-element-4178044\" data-id=\"4178044\" data-element_type=\"column\" data-e-type=\"column\">\n\t\t\t<div class=\"elementor-widget-wrap elementor-element-populated\">\n\t\t\t\t\t\t<div class=\"elementor-element elementor-element-407e126 elementor-widget elementor-widget-text-editor\" data-id=\"407e126\" data-element_type=\"widget\" data-e-type=\"widget\" data-widget_type=\"text-editor.default\">\n\t\t\t\t<div class=\"elementor-widget-container\">\n\t\t\t\t\t\t\t\t\t<h2><strong><span style=\"text-decoration: underline;\">21 pa\u017adziernika<\/span> w naszym przedszkolu odby\u0142 si\u0119 &#8222;Przegl\u0105d Piosenki Jesiennej&#8221;.<\/strong><strong> Przedszkolaki przygotowa\u0142y jesienne piosenki oraz pi\u0119kne, kolorowe stroje! Ka\u017cda z grup otrzyma\u0142a dyplom i s\u0142odki pocz\u0119stunek. Zapraszamy do obejrzenia naszych wyst\u0119p\u00f3w.<\/strong><\/h2><h2><strong><em>&#8212;&gt; <a href=\"https:\/\/drive.google.com\/file\/d\/1yC0O_T-zYkRGOZICOLwznaRC1f4jnJbc\/view?usp=sharing\">https:\/\/drive.google.com\/file\/d\/1yC0O_T-zYkRGOZICOLwznaRC1f4jnJbc\/view?usp=sharing<\/a><\/em><\/strong><\/h2>\t\t\t\t\t\t\t\t<\/div>\n\t\t\t\t<\/div>\n\t\t\t\t<div class=\"elementor-element elementor-element-bac4257 elementor-widget elementor-widget-image\" data-id=\"bac4257\" data-element_type=\"widget\" data-e-type=\"widget\" data-widget_type=\"image.default\">\n\t\t\t\t<div class=\"elementor-widget-container\">\n\t\t\t\t\t\t\t\t\t\t\t\t\t\t\t<img decoding=\"async\" width=\"1024\" height=\"726\" data-src=\"https:\/\/przedszkole.spbrzozowka.pl\/wp-content\/uploads\/2022\/10\/ANGIELSKI-1024x726.jpg\" class=\"attachment-large size-large wp-image-6045 lazyload\" alt=\"\" data-srcset=\"https:\/\/przedszkole.spbrzozowka.pl\/wp-content\/uploads\/2022\/10\/ANGIELSKI-1024x726.jpg 1024w, https:\/\/przedszkole.spbrzozowka.pl\/wp-content\/uploads\/2022\/10\/ANGIELSKI-300x213.jpg 300w, https:\/\/przedszkole.spbrzozowka.pl\/wp-content\/uploads\/2022\/10\/ANGIELSKI-768x545.jpg 768w, https:\/\/przedszkole.spbrzozowka.pl\/wp-content\/uploads\/2022\/10\/ANGIELSKI-1536x1090.jpg 1536w, https:\/\/przedszkole.spbrzozowka.pl\/wp-content\/uploads\/2022\/10\/ANGIELSKI-920x653.jpg 920w, https:\/\/przedszkole.spbrzozowka.pl\/wp-content\/uploads\/2022\/10\/ANGIELSKI-230x163.jpg 230w, https:\/\/przedszkole.spbrzozowka.pl\/wp-content\/uploads\/2022\/10\/ANGIELSKI-350x248.jpg 350w, https:\/\/przedszkole.spbrzozowka.pl\/wp-content\/uploads\/2022\/10\/ANGIELSKI-480x341.jpg 480w, https:\/\/przedszkole.spbrzozowka.pl\/wp-content\/uploads\/2022\/10\/ANGIELSKI.jpg 1748w\" data-sizes=\"(max-width: 1024px) 100vw, 1024px\" src=\"data:image\/svg+xml;base64,PHN2ZyB3aWR0aD0iMSIgaGVpZ2h0PSIxIiB4bWxucz0iaHR0cDovL3d3dy53My5vcmcvMjAwMC9zdmciPjwvc3ZnPg==\" style=\"--smush-placeholder-width: 1024px; --smush-placeholder-aspect-ratio: 1024\/726;\" \/>\t\t\t\t\t\t\t\t\t\t\t\t\t\t\t<\/div>\n\t\t\t\t<\/div>\n\t\t\t\t\t<\/div>\n\t\t<\/div>\n\t\t\t\t\t<\/div>\n\t\t<\/section>\n\t\t\t\t<section class=\"elementor-section elementor-top-section elementor-element elementor-element-1ada5fd elementor-section-boxed elementor-section-height-default elementor-section-height-default\" data-id=\"1ada5fd\" data-element_type=\"section\" data-e-type=\"section\">\n\t\t\t\t\t\t<div class=\"elementor-container elementor-column-gap-default\">\n\t\t\t\t\t<div class=\"elementor-column elementor-col-100 elementor-top-column elementor-element elementor-element-205d957\" data-id=\"205d957\" data-element_type=\"column\" data-e-type=\"column\">\n\t\t\t<div class=\"elementor-widget-wrap elementor-element-populated\">\n\t\t\t\t\t\t<div class=\"elementor-element elementor-element-a30feb3 elementor-widget elementor-widget-image\" data-id=\"a30feb3\" data-element_type=\"widget\" data-e-type=\"widget\" data-widget_type=\"image.default\">\n\t\t\t\t<div class=\"elementor-widget-container\">\n\t\t\t\t\t\t\t\t\t\t\t\t\t\t\t<img decoding=\"async\" width=\"724\" height=\"1024\" data-src=\"https:\/\/przedszkole.spbrzozowka.pl\/wp-content\/uploads\/2022\/09\/Yellow-Blue-Scrapbook-Aesthetic-Throwback-Memories-Instagram-Story-21\u00d729.7-cm-1-724x1024.jpg\" class=\"attachment-large size-large wp-image-5930 lazyload\" alt=\"\" data-srcset=\"https:\/\/przedszkole.spbrzozowka.pl\/wp-content\/uploads\/2022\/09\/Yellow-Blue-Scrapbook-Aesthetic-Throwback-Memories-Instagram-Story-21\u00d729.7-cm-1-724x1024.jpg 724w, https:\/\/przedszkole.spbrzozowka.pl\/wp-content\/uploads\/2022\/09\/Yellow-Blue-Scrapbook-Aesthetic-Throwback-Memories-Instagram-Story-21\u00d729.7-cm-1-212x300.jpg 212w, https:\/\/przedszkole.spbrzozowka.pl\/wp-content\/uploads\/2022\/09\/Yellow-Blue-Scrapbook-Aesthetic-Throwback-Memories-Instagram-Story-21\u00d729.7-cm-1-768x1086.jpg 768w, https:\/\/przedszkole.spbrzozowka.pl\/wp-content\/uploads\/2022\/09\/Yellow-Blue-Scrapbook-Aesthetic-Throwback-Memories-Instagram-Story-21\u00d729.7-cm-1-1086x1536.jpg 1086w, https:\/\/przedszkole.spbrzozowka.pl\/wp-content\/uploads\/2022\/09\/Yellow-Blue-Scrapbook-Aesthetic-Throwback-Memories-Instagram-Story-21\u00d729.7-cm-1-920x1301.jpg 920w, https:\/\/przedszkole.spbrzozowka.pl\/wp-content\/uploads\/2022\/09\/Yellow-Blue-Scrapbook-Aesthetic-Throwback-Memories-Instagram-Story-21\u00d729.7-cm-1-230x325.jpg 230w, https:\/\/przedszkole.spbrzozowka.pl\/wp-content\/uploads\/2022\/09\/Yellow-Blue-Scrapbook-Aesthetic-Throwback-Memories-Instagram-Story-21\u00d729.7-cm-1-350x495.jpg 350w, https:\/\/przedszkole.spbrzozowka.pl\/wp-content\/uploads\/2022\/09\/Yellow-Blue-Scrapbook-Aesthetic-Throwback-Memories-Instagram-Story-21\u00d729.7-cm-1-480x679.jpg 480w, https:\/\/przedszkole.spbrzozowka.pl\/wp-content\/uploads\/2022\/09\/Yellow-Blue-Scrapbook-Aesthetic-Throwback-Memories-Instagram-Story-21\u00d729.7-cm-1.jpg 1414w\" data-sizes=\"(max-width: 724px) 100vw, 724px\" src=\"data:image\/svg+xml;base64,PHN2ZyB3aWR0aD0iMSIgaGVpZ2h0PSIxIiB4bWxucz0iaHR0cDovL3d3dy53My5vcmcvMjAwMC9zdmciPjwvc3ZnPg==\" style=\"--smush-placeholder-width: 724px; --smush-placeholder-aspect-ratio: 724\/1024;\" \/>\t\t\t\t\t\t\t\t\t\t\t\t\t\t\t<\/div>\n\t\t\t\t<\/div>\n\t\t\t\t\t<\/div>\n\t\t<\/div>\n\t\t\t\t\t<\/div>\n\t\t<\/section>\n\t\t\t\t<section class=\"elementor-section elementor-top-section elementor-element elementor-element-a228275 elementor-section-boxed elementor-section-height-default elementor-section-height-default\" data-id=\"a228275\" data-element_type=\"section\" data-e-type=\"section\">\n\t\t\t\t\t\t<div class=\"elementor-container elementor-column-gap-default\">\n\t\t\t\t\t<div class=\"elementor-column elementor-col-100 elementor-top-column elementor-element elementor-element-77596cb\" data-id=\"77596cb\" data-element_type=\"column\" data-e-type=\"column\">\n\t\t\t<div class=\"elementor-widget-wrap elementor-element-populated\">\n\t\t\t\t\t\t<div class=\"elementor-element elementor-element-23dd646 elementor-widget elementor-widget-image\" data-id=\"23dd646\" data-element_type=\"widget\" data-e-type=\"widget\" data-widget_type=\"image.default\">\n\t\t\t\t<div class=\"elementor-widget-container\">\n\t\t\t\t\t\t\t\t\t\t\t\t\t\t\t<img decoding=\"async\" width=\"1024\" height=\"726\" data-src=\"https:\/\/przedszkole.spbrzozowka.pl\/wp-content\/uploads\/2022\/10\/godziny-dostepnosci-1024x726.jpg\" class=\"attachment-large size-large wp-image-6034 lazyload\" alt=\"\" data-srcset=\"https:\/\/przedszkole.spbrzozowka.pl\/wp-content\/uploads\/2022\/10\/godziny-dostepnosci-1024x726.jpg 1024w, https:\/\/przedszkole.spbrzozowka.pl\/wp-content\/uploads\/2022\/10\/godziny-dostepnosci-300x213.jpg 300w, https:\/\/przedszkole.spbrzozowka.pl\/wp-content\/uploads\/2022\/10\/godziny-dostepnosci-768x545.jpg 768w, https:\/\/przedszkole.spbrzozowka.pl\/wp-content\/uploads\/2022\/10\/godziny-dostepnosci-1536x1090.jpg 1536w, https:\/\/przedszkole.spbrzozowka.pl\/wp-content\/uploads\/2022\/10\/godziny-dostepnosci-920x653.jpg 920w, https:\/\/przedszkole.spbrzozowka.pl\/wp-content\/uploads\/2022\/10\/godziny-dostepnosci-230x163.jpg 230w, https:\/\/przedszkole.spbrzozowka.pl\/wp-content\/uploads\/2022\/10\/godziny-dostepnosci-350x248.jpg 350w, https:\/\/przedszkole.spbrzozowka.pl\/wp-content\/uploads\/2022\/10\/godziny-dostepnosci-480x341.jpg 480w, https:\/\/przedszkole.spbrzozowka.pl\/wp-content\/uploads\/2022\/10\/godziny-dostepnosci.jpg 1748w\" data-sizes=\"(max-width: 1024px) 100vw, 1024px\" src=\"data:image\/svg+xml;base64,PHN2ZyB3aWR0aD0iMSIgaGVpZ2h0PSIxIiB4bWxucz0iaHR0cDovL3d3dy53My5vcmcvMjAwMC9zdmciPjwvc3ZnPg==\" style=\"--smush-placeholder-width: 1024px; --smush-placeholder-aspect-ratio: 1024\/726;\" \/>\t\t\t\t\t\t\t\t\t\t\t\t\t\t\t<\/div>\n\t\t\t\t<\/div>\n\t\t\t\t\t<\/div>\n\t\t<\/div>\n\t\t\t\t\t<\/div>\n\t\t<\/section>\n\t\t\t\t<section class=\"elementor-section elementor-top-section elementor-element elementor-element-4b80fc9 elementor-section-boxed elementor-section-height-default elementor-section-height-default\" data-id=\"4b80fc9\" data-element_type=\"section\" data-e-type=\"section\">\n\t\t\t\t\t\t<div class=\"elementor-container elementor-column-gap-default\">\n\t\t\t\t\t<div class=\"elementor-column elementor-col-100 elementor-top-column elementor-element elementor-element-17dc752\" data-id=\"17dc752\" data-element_type=\"column\" data-e-type=\"column\">\n\t\t\t<div class=\"elementor-widget-wrap elementor-element-populated\">\n\t\t\t\t\t\t<div class=\"elementor-element elementor-element-fafb4f4 elementor-widget elementor-widget-image\" data-id=\"fafb4f4\" data-element_type=\"widget\" data-e-type=\"widget\" data-widget_type=\"image.default\">\n\t\t\t\t<div class=\"elementor-widget-container\">\n\t\t\t\t\t\t\t\t\t\t\t\t\t\t\t<img decoding=\"async\" width=\"1024\" height=\"819\" data-src=\"https:\/\/przedszkole.spbrzozowka.pl\/wp-content\/uploads\/2022\/09\/Podziekowania-dla-rodzicow-1024x819.jpg\" class=\"attachment-large size-large wp-image-5894 lazyload\" alt=\"\" data-srcset=\"https:\/\/przedszkole.spbrzozowka.pl\/wp-content\/uploads\/2022\/09\/Podziekowania-dla-rodzicow-1024x819.jpg 1024w, https:\/\/przedszkole.spbrzozowka.pl\/wp-content\/uploads\/2022\/09\/Podziekowania-dla-rodzicow-300x240.jpg 300w, https:\/\/przedszkole.spbrzozowka.pl\/wp-content\/uploads\/2022\/09\/Podziekowania-dla-rodzicow-768x614.jpg 768w, https:\/\/przedszkole.spbrzozowka.pl\/wp-content\/uploads\/2022\/09\/Podziekowania-dla-rodzicow-1536x1229.jpg 1536w, https:\/\/przedszkole.spbrzozowka.pl\/wp-content\/uploads\/2022\/09\/Podziekowania-dla-rodzicow-920x736.jpg 920w, https:\/\/przedszkole.spbrzozowka.pl\/wp-content\/uploads\/2022\/09\/Podziekowania-dla-rodzicow-230x184.jpg 230w, https:\/\/przedszkole.spbrzozowka.pl\/wp-content\/uploads\/2022\/09\/Podziekowania-dla-rodzicow-350x280.jpg 350w, https:\/\/przedszkole.spbrzozowka.pl\/wp-content\/uploads\/2022\/09\/Podziekowania-dla-rodzicow-480x384.jpg 480w, https:\/\/przedszkole.spbrzozowka.pl\/wp-content\/uploads\/2022\/09\/Podziekowania-dla-rodzicow.jpg 2000w\" data-sizes=\"(max-width: 1024px) 100vw, 1024px\" src=\"data:image\/svg+xml;base64,PHN2ZyB3aWR0aD0iMSIgaGVpZ2h0PSIxIiB4bWxucz0iaHR0cDovL3d3dy53My5vcmcvMjAwMC9zdmciPjwvc3ZnPg==\" style=\"--smush-placeholder-width: 1024px; --smush-placeholder-aspect-ratio: 1024\/819;\" \/>\t\t\t\t\t\t\t\t\t\t\t\t\t\t\t<\/div>\n\t\t\t\t<\/div>\n\t\t\t\t\t<\/div>\n\t\t<\/div>\n\t\t\t\t\t<\/div>\n\t\t<\/section>\n\t\t\t\t<section class=\"elementor-section elementor-top-section elementor-element elementor-element-d270b62 elementor-section-boxed elementor-section-height-default elementor-section-height-default\" data-id=\"d270b62\" data-element_type=\"section\" data-e-type=\"section\">\n\t\t\t\t\t\t<div class=\"elementor-container elementor-column-gap-default\">\n\t\t\t\t\t<div class=\"elementor-column elementor-col-100 elementor-top-column elementor-element elementor-element-30ea541\" data-id=\"30ea541\" data-element_type=\"column\" data-e-type=\"column\">\n\t\t\t<div class=\"elementor-widget-wrap elementor-element-populated\">\n\t\t\t\t\t\t<div class=\"elementor-element elementor-element-9277c4e elementor-widget elementor-widget-image\" data-id=\"9277c4e\" data-element_type=\"widget\" data-e-type=\"widget\" data-widget_type=\"image.default\">\n\t\t\t\t<div class=\"elementor-widget-container\">\n\t\t\t\t\t\t\t\t\t\t\t\t\t\t\t<img decoding=\"async\" width=\"1024\" height=\"726\" data-src=\"https:\/\/przedszkole.spbrzozowka.pl\/wp-content\/uploads\/2022\/09\/ZEBRANIA-Z-RODZICAMI-1024x726.jpg\" class=\"attachment-large size-large wp-image-5887 lazyload\" alt=\"\" data-srcset=\"https:\/\/przedszkole.spbrzozowka.pl\/wp-content\/uploads\/2022\/09\/ZEBRANIA-Z-RODZICAMI-1024x726.jpg 1024w, https:\/\/przedszkole.spbrzozowka.pl\/wp-content\/uploads\/2022\/09\/ZEBRANIA-Z-RODZICAMI-300x213.jpg 300w, https:\/\/przedszkole.spbrzozowka.pl\/wp-content\/uploads\/2022\/09\/ZEBRANIA-Z-RODZICAMI-768x545.jpg 768w, https:\/\/przedszkole.spbrzozowka.pl\/wp-content\/uploads\/2022\/09\/ZEBRANIA-Z-RODZICAMI-1536x1090.jpg 1536w, https:\/\/przedszkole.spbrzozowka.pl\/wp-content\/uploads\/2022\/09\/ZEBRANIA-Z-RODZICAMI-920x653.jpg 920w, https:\/\/przedszkole.spbrzozowka.pl\/wp-content\/uploads\/2022\/09\/ZEBRANIA-Z-RODZICAMI-230x163.jpg 230w, https:\/\/przedszkole.spbrzozowka.pl\/wp-content\/uploads\/2022\/09\/ZEBRANIA-Z-RODZICAMI-350x248.jpg 350w, https:\/\/przedszkole.spbrzozowka.pl\/wp-content\/uploads\/2022\/09\/ZEBRANIA-Z-RODZICAMI-480x341.jpg 480w, https:\/\/przedszkole.spbrzozowka.pl\/wp-content\/uploads\/2022\/09\/ZEBRANIA-Z-RODZICAMI.jpg 1748w\" data-sizes=\"(max-width: 1024px) 100vw, 1024px\" src=\"data:image\/svg+xml;base64,PHN2ZyB3aWR0aD0iMSIgaGVpZ2h0PSIxIiB4bWxucz0iaHR0cDovL3d3dy53My5vcmcvMjAwMC9zdmciPjwvc3ZnPg==\" style=\"--smush-placeholder-width: 1024px; --smush-placeholder-aspect-ratio: 1024\/726;\" \/>\t\t\t\t\t\t\t\t\t\t\t\t\t\t\t<\/div>\n\t\t\t\t<\/div>\n\t\t\t\t\t<\/div>\n\t\t<\/div>\n\t\t\t\t\t<\/div>\n\t\t<\/section>\n\t\t\t\t<section class=\"elementor-section elementor-top-section elementor-element elementor-element-fbe9a72 elementor-section-boxed elementor-section-height-default elementor-section-height-default\" data-id=\"fbe9a72\" data-element_type=\"section\" data-e-type=\"section\">\n\t\t\t\t\t\t<div class=\"elementor-container elementor-column-gap-default\">\n\t\t\t\t\t<div class=\"elementor-column elementor-col-100 elementor-top-column elementor-element elementor-element-f4bdcbc\" data-id=\"f4bdcbc\" data-element_type=\"column\" data-e-type=\"column\">\n\t\t\t<div class=\"elementor-widget-wrap elementor-element-populated\">\n\t\t\t\t\t\t<div class=\"elementor-element elementor-element-9914ae7 elementor-widget elementor-widget-image\" data-id=\"9914ae7\" data-element_type=\"widget\" data-e-type=\"widget\" data-widget_type=\"image.default\">\n\t\t\t\t<div class=\"elementor-widget-container\">\n\t\t\t\t\t\t\t\t\t\t\t\t\t\t\t<img decoding=\"async\" width=\"723\" height=\"1024\" data-src=\"https:\/\/przedszkole.spbrzozowka.pl\/wp-content\/uploads\/2022\/09\/85500016385_09072022-1-723x1024.jpg\" class=\"attachment-large size-large wp-image-5898 lazyload\" alt=\"\" data-srcset=\"https:\/\/przedszkole.spbrzozowka.pl\/wp-content\/uploads\/2022\/09\/85500016385_09072022-1-723x1024.jpg 723w, https:\/\/przedszkole.spbrzozowka.pl\/wp-content\/uploads\/2022\/09\/85500016385_09072022-1-212x300.jpg 212w, https:\/\/przedszkole.spbrzozowka.pl\/wp-content\/uploads\/2022\/09\/85500016385_09072022-1-768x1087.jpg 768w, https:\/\/przedszkole.spbrzozowka.pl\/wp-content\/uploads\/2022\/09\/85500016385_09072022-1-1085x1536.jpg 1085w, https:\/\/przedszkole.spbrzozowka.pl\/wp-content\/uploads\/2022\/09\/85500016385_09072022-1-920x1302.jpg 920w, https:\/\/przedszkole.spbrzozowka.pl\/wp-content\/uploads\/2022\/09\/85500016385_09072022-1-230x326.jpg 230w, https:\/\/przedszkole.spbrzozowka.pl\/wp-content\/uploads\/2022\/09\/85500016385_09072022-1-350x495.jpg 350w, https:\/\/przedszkole.spbrzozowka.pl\/wp-content\/uploads\/2022\/09\/85500016385_09072022-1-480x679.jpg 480w, https:\/\/przedszkole.spbrzozowka.pl\/wp-content\/uploads\/2022\/09\/85500016385_09072022-1.jpg 1314w\" data-sizes=\"(max-width: 723px) 100vw, 723px\" src=\"data:image\/svg+xml;base64,PHN2ZyB3aWR0aD0iMSIgaGVpZ2h0PSIxIiB4bWxucz0iaHR0cDovL3d3dy53My5vcmcvMjAwMC9zdmciPjwvc3ZnPg==\" style=\"--smush-placeholder-width: 723px; --smush-placeholder-aspect-ratio: 723\/1024;\" \/>\t\t\t\t\t\t\t\t\t\t\t\t\t\t\t<\/div>\n\t\t\t\t<\/div>\n\t\t\t\t\t<\/div>\n\t\t<\/div>\n\t\t\t\t\t<\/div>\n\t\t<\/section>\n\t\t\t\t<section class=\"elementor-section elementor-top-section elementor-element elementor-element-86beb9c elementor-section-boxed elementor-section-height-default elementor-section-height-default\" data-id=\"86beb9c\" data-element_type=\"section\" data-e-type=\"section\">\n\t\t\t\t\t\t<div class=\"elementor-container elementor-column-gap-default\">\n\t\t\t\t\t<div class=\"elementor-column elementor-col-100 elementor-top-column elementor-element elementor-element-9d13b88\" data-id=\"9d13b88\" data-element_type=\"column\" data-e-type=\"column\">\n\t\t\t<div class=\"elementor-widget-wrap elementor-element-populated\">\n\t\t\t\t\t\t<div class=\"elementor-element elementor-element-502a069 elementor-widget elementor-widget-heading\" data-id=\"502a069\" data-element_type=\"widget\" data-e-type=\"widget\" data-widget_type=\"heading.default\">\n\t\t\t\t<div class=\"elementor-widget-container\">\n\t\t\t\t\t<h2 class=\"elementor-heading-title elementor-size-default\">file:\/\/\/C:\/Users\/domin\/Desktop\/bukiet%20wakacyjnych%20wspomnie%C5%84.pdf<\/h2>\t\t\t\t<\/div>\n\t\t\t\t<\/div>\n\t\t\t\t<div class=\"elementor-element elementor-element-e9cb304 elementor-widget elementor-widget-image\" data-id=\"e9cb304\" data-element_type=\"widget\" data-e-type=\"widget\" data-widget_type=\"image.default\">\n\t\t\t\t<div class=\"elementor-widget-container\">\n\t\t\t\t\t\t\t\t\t\t\t\t\t\t\t<img decoding=\"async\" width=\"724\" height=\"1024\" data-src=\"https:\/\/przedszkole.spbrzozowka.pl\/wp-content\/uploads\/2022\/09\/Yellow-Blue-Scrapbook-Aesthetic-Throwback-Memories-Instagram-Story-21\u00d729.7-cm-724x1024.jpg\" class=\"attachment-large size-large wp-image-5852 lazyload\" alt=\"\" data-srcset=\"https:\/\/przedszkole.spbrzozowka.pl\/wp-content\/uploads\/2022\/09\/Yellow-Blue-Scrapbook-Aesthetic-Throwback-Memories-Instagram-Story-21\u00d729.7-cm-724x1024.jpg 724w, https:\/\/przedszkole.spbrzozowka.pl\/wp-content\/uploads\/2022\/09\/Yellow-Blue-Scrapbook-Aesthetic-Throwback-Memories-Instagram-Story-21\u00d729.7-cm-212x300.jpg 212w, https:\/\/przedszkole.spbrzozowka.pl\/wp-content\/uploads\/2022\/09\/Yellow-Blue-Scrapbook-Aesthetic-Throwback-Memories-Instagram-Story-21\u00d729.7-cm-768x1086.jpg 768w, https:\/\/przedszkole.spbrzozowka.pl\/wp-content\/uploads\/2022\/09\/Yellow-Blue-Scrapbook-Aesthetic-Throwback-Memories-Instagram-Story-21\u00d729.7-cm-1086x1536.jpg 1086w, https:\/\/przedszkole.spbrzozowka.pl\/wp-content\/uploads\/2022\/09\/Yellow-Blue-Scrapbook-Aesthetic-Throwback-Memories-Instagram-Story-21\u00d729.7-cm-920x1301.jpg 920w, https:\/\/przedszkole.spbrzozowka.pl\/wp-content\/uploads\/2022\/09\/Yellow-Blue-Scrapbook-Aesthetic-Throwback-Memories-Instagram-Story-21\u00d729.7-cm-230x325.jpg 230w, https:\/\/przedszkole.spbrzozowka.pl\/wp-content\/uploads\/2022\/09\/Yellow-Blue-Scrapbook-Aesthetic-Throwback-Memories-Instagram-Story-21\u00d729.7-cm-350x495.jpg 350w, https:\/\/przedszkole.spbrzozowka.pl\/wp-content\/uploads\/2022\/09\/Yellow-Blue-Scrapbook-Aesthetic-Throwback-Memories-Instagram-Story-21\u00d729.7-cm-480x679.jpg 480w, https:\/\/przedszkole.spbrzozowka.pl\/wp-content\/uploads\/2022\/09\/Yellow-Blue-Scrapbook-Aesthetic-Throwback-Memories-Instagram-Story-21\u00d729.7-cm.jpg 1414w\" data-sizes=\"(max-width: 724px) 100vw, 724px\" src=\"data:image\/svg+xml;base64,PHN2ZyB3aWR0aD0iMSIgaGVpZ2h0PSIxIiB4bWxucz0iaHR0cDovL3d3dy53My5vcmcvMjAwMC9zdmciPjwvc3ZnPg==\" style=\"--smush-placeholder-width: 724px; --smush-placeholder-aspect-ratio: 724\/1024;\" \/>\t\t\t\t\t\t\t\t\t\t\t\t\t\t\t<\/div>\n\t\t\t\t<\/div>\n\t\t\t\t\t<\/div>\n\t\t<\/div>\n\t\t\t\t\t<\/div>\n\t\t<\/section>\n\t\t\t\t<section class=\"elementor-section elementor-top-section elementor-element elementor-element-fb609bf elementor-section-boxed elementor-section-height-default elementor-section-height-default\" data-id=\"fb609bf\" data-element_type=\"section\" data-e-type=\"section\">\n\t\t\t\t\t\t<div class=\"elementor-container elementor-column-gap-default\">\n\t\t\t\t\t<div class=\"elementor-column elementor-col-100 elementor-top-column elementor-element elementor-element-c928c83\" data-id=\"c928c83\" data-element_type=\"column\" data-e-type=\"column\">\n\t\t\t<div class=\"elementor-widget-wrap elementor-element-populated\">\n\t\t\t\t\t\t<div class=\"elementor-element elementor-element-0e13cc7 elementor-widget elementor-widget-text-editor\" data-id=\"0e13cc7\" data-element_type=\"widget\" data-e-type=\"widget\" data-widget_type=\"text-editor.default\">\n\t\t\t\t<div class=\"elementor-widget-container\">\n\t\t\t\t\t\t\t\t\t<p><img decoding=\"async\" class=\"alignnone wp-image-5770 size-large lazyload\" data-src=\"https:\/\/przedszkole.spbrzozowka.pl\/wp-content\/uploads\/2022\/08\/plakat-1024x726.jpg\" alt=\"\" width=\"1024\" height=\"726\" data-srcset=\"https:\/\/przedszkole.spbrzozowka.pl\/wp-content\/uploads\/2022\/08\/plakat-1024x726.jpg 1024w, https:\/\/przedszkole.spbrzozowka.pl\/wp-content\/uploads\/2022\/08\/plakat-300x213.jpg 300w, https:\/\/przedszkole.spbrzozowka.pl\/wp-content\/uploads\/2022\/08\/plakat-768x545.jpg 768w, https:\/\/przedszkole.spbrzozowka.pl\/wp-content\/uploads\/2022\/08\/plakat-1536x1090.jpg 1536w, https:\/\/przedszkole.spbrzozowka.pl\/wp-content\/uploads\/2022\/08\/plakat-920x653.jpg 920w, https:\/\/przedszkole.spbrzozowka.pl\/wp-content\/uploads\/2022\/08\/plakat-230x163.jpg 230w, https:\/\/przedszkole.spbrzozowka.pl\/wp-content\/uploads\/2022\/08\/plakat-350x248.jpg 350w, https:\/\/przedszkole.spbrzozowka.pl\/wp-content\/uploads\/2022\/08\/plakat-480x341.jpg 480w, https:\/\/przedszkole.spbrzozowka.pl\/wp-content\/uploads\/2022\/08\/plakat.jpg 1748w\" data-sizes=\"(max-width: 1024px) 100vw, 1024px\" src=\"data:image\/svg+xml;base64,PHN2ZyB3aWR0aD0iMSIgaGVpZ2h0PSIxIiB4bWxucz0iaHR0cDovL3d3dy53My5vcmcvMjAwMC9zdmciPjwvc3ZnPg==\" style=\"--smush-placeholder-width: 1024px; --smush-placeholder-aspect-ratio: 1024\/726;\" \/><\/p>\t\t\t\t\t\t\t\t<\/div>\n\t\t\t\t<\/div>\n\t\t\t\t\t<\/div>\n\t\t<\/div>\n\t\t\t\t\t<\/div>\n\t\t<\/section>\n\t\t\t\t<section class=\"elementor-section elementor-top-section elementor-element elementor-element-9c0965d elementor-section-boxed elementor-section-height-default elementor-section-height-default\" data-id=\"9c0965d\" data-element_type=\"section\" data-e-type=\"section\">\n\t\t\t\t\t\t<div class=\"elementor-container elementor-column-gap-default\">\n\t\t\t\t\t<div class=\"elementor-column elementor-col-100 elementor-top-column elementor-element elementor-element-3102deb\" data-id=\"3102deb\" data-element_type=\"column\" data-e-type=\"column\">\n\t\t\t<div class=\"elementor-widget-wrap elementor-element-populated\">\n\t\t\t\t\t\t<div class=\"elementor-element elementor-element-b1797e3 elementor-widget elementor-widget-text-editor\" data-id=\"b1797e3\" data-element_type=\"widget\" data-e-type=\"widget\" data-widget_type=\"text-editor.default\">\n\t\t\t\t<div class=\"elementor-widget-container\">\n\t\t\t\t\t\t\t\t\t<p><img decoding=\"async\" class=\"alignnone wp-image-5729 size-large lazyload\" data-src=\"https:\/\/przedszkole.spbrzozowka.pl\/wp-content\/uploads\/2022\/06\/zyczymy-udanych-wakacji-1024x726.jpg\" alt=\"\" width=\"1024\" height=\"726\" data-srcset=\"https:\/\/przedszkole.spbrzozowka.pl\/wp-content\/uploads\/2022\/06\/zyczymy-udanych-wakacji-1024x726.jpg 1024w, https:\/\/przedszkole.spbrzozowka.pl\/wp-content\/uploads\/2022\/06\/zyczymy-udanych-wakacji-300x213.jpg 300w, https:\/\/przedszkole.spbrzozowka.pl\/wp-content\/uploads\/2022\/06\/zyczymy-udanych-wakacji-768x545.jpg 768w, https:\/\/przedszkole.spbrzozowka.pl\/wp-content\/uploads\/2022\/06\/zyczymy-udanych-wakacji-1536x1090.jpg 1536w, https:\/\/przedszkole.spbrzozowka.pl\/wp-content\/uploads\/2022\/06\/zyczymy-udanych-wakacji-920x653.jpg 920w, https:\/\/przedszkole.spbrzozowka.pl\/wp-content\/uploads\/2022\/06\/zyczymy-udanych-wakacji-230x163.jpg 230w, https:\/\/przedszkole.spbrzozowka.pl\/wp-content\/uploads\/2022\/06\/zyczymy-udanych-wakacji-350x248.jpg 350w, https:\/\/przedszkole.spbrzozowka.pl\/wp-content\/uploads\/2022\/06\/zyczymy-udanych-wakacji-480x341.jpg 480w, https:\/\/przedszkole.spbrzozowka.pl\/wp-content\/uploads\/2022\/06\/zyczymy-udanych-wakacji.jpg 1748w\" data-sizes=\"(max-width: 1024px) 100vw, 1024px\" src=\"data:image\/svg+xml;base64,PHN2ZyB3aWR0aD0iMSIgaGVpZ2h0PSIxIiB4bWxucz0iaHR0cDovL3d3dy53My5vcmcvMjAwMC9zdmciPjwvc3ZnPg==\" style=\"--smush-placeholder-width: 1024px; --smush-placeholder-aspect-ratio: 1024\/726;\" \/><\/p>\t\t\t\t\t\t\t\t<\/div>\n\t\t\t\t<\/div>\n\t\t\t\t\t<\/div>\n\t\t<\/div>\n\t\t\t\t\t<\/div>\n\t\t<\/section>\n\t\t\t\t<section class=\"elementor-section elementor-top-section elementor-element elementor-element-7129a51 elementor-section-boxed elementor-section-height-default elementor-section-height-default\" data-id=\"7129a51\" data-element_type=\"section\" data-e-type=\"section\">\n\t\t\t\t\t\t<div class=\"elementor-container elementor-column-gap-default\">\n\t\t\t\t\t<div class=\"elementor-column elementor-col-100 elementor-top-column elementor-element elementor-element-6459fc5\" data-id=\"6459fc5\" data-element_type=\"column\" data-e-type=\"column\">\n\t\t\t<div class=\"elementor-widget-wrap elementor-element-populated\">\n\t\t\t\t\t\t<div class=\"elementor-element elementor-element-5d43969 elementor-widget elementor-widget-text-editor\" data-id=\"5d43969\" data-element_type=\"widget\" data-e-type=\"widget\" data-widget_type=\"text-editor.default\">\n\t\t\t\t<div class=\"elementor-widget-container\">\n\t\t\t\t\t\t\t\t\t<h3 style=\"text-align: center;\">W konkursie logopedyczno-plastycznym pt. <span style=\"color: #ff0000;\">&#8222;Logopedyczna pomoc sensoryczna&#8221;<\/span> wy\u0142oniono laureat\u00f3w:<\/h3><h3 style=\"text-align: center;\">I miejsce &#8211; Jan Boruci\u0144ski<\/h3><h3 style=\"text-align: center;\">I miejsce &#8211; Aleksander Kiernozek<\/h3><h3 style=\"text-align: center;\">Serdecznie gratulujemy:)<\/h3>\t\t\t\t\t\t\t\t<\/div>\n\t\t\t\t<\/div>\n\t\t\t\t\t<\/div>\n\t\t<\/div>\n\t\t\t\t\t<\/div>\n\t\t<\/section>\n\t\t\t\t<section class=\"elementor-section elementor-top-section elementor-element elementor-element-f5d1151 elementor-section-boxed elementor-section-height-default elementor-section-height-default\" data-id=\"f5d1151\" data-element_type=\"section\" data-e-type=\"section\">\n\t\t\t\t\t\t<div class=\"elementor-container elementor-column-gap-default\">\n\t\t\t\t\t<div class=\"elementor-column elementor-col-100 elementor-top-column elementor-element elementor-element-522fe5f\" data-id=\"522fe5f\" data-element_type=\"column\" data-e-type=\"column\">\n\t\t\t<div class=\"elementor-widget-wrap\">\n\t\t\t\t\t\t\t<\/div>\n\t\t<\/div>\n\t\t\t\t\t<\/div>\n\t\t<\/section>\n\t\t\t\t<section class=\"elementor-section elementor-top-section elementor-element elementor-element-a7186c3 elementor-section-boxed elementor-section-height-default elementor-section-height-default\" data-id=\"a7186c3\" data-element_type=\"section\" data-e-type=\"section\">\n\t\t\t\t\t\t<div class=\"elementor-container elementor-column-gap-default\">\n\t\t\t\t\t<div class=\"elementor-column elementor-col-100 elementor-top-column elementor-element elementor-element-acc6f0c\" data-id=\"acc6f0c\" data-element_type=\"column\" data-e-type=\"column\">\n\t\t\t<div class=\"elementor-widget-wrap elementor-element-populated\">\n\t\t\t\t\t\t<div class=\"elementor-element elementor-element-a4c1e95 elementor-widget elementor-widget-text-editor\" data-id=\"a4c1e95\" data-element_type=\"widget\" data-e-type=\"widget\" data-widget_type=\"text-editor.default\">\n\t\t\t\t<div class=\"elementor-widget-container\">\n\t\t\t\t\t\t\t\t\t<h2 style=\"text-align: center;\"><span style=\"color: #ff0000;\">DZIE\u0143 DZIECKA<\/span> to jeden z najrado\u015bniejszych dni, na kt\u00f3ry czekaj\u0105 m\u0142odsze i starsze przedszkolaki. Z tej okazji Rada Rodzic\u00f3w zaprosi\u0142a do naszego przedszkola teatrzyk \u201ePomara\u0144czowy cylinder\u201d. Dzieci z wielkim zainteresowaniem i u\u015bmiechem ogl\u0105da\u0142y spektakl pt. \u201eProfesorek wodorek i superbohaterowie\u201d. Nie zabrak\u0142o zabawy przy weso\u0142ej muzyce, a tak\u017ce zabaw z chust\u0105 animacyjn\u0105. Aby uczci\u0107 ten dzie\u0144 przedszkolaki otrzyma\u0142y s\u0142odki pocz\u0119stunek oraz pyszne lody.<\/h2><h2 style=\"text-align: center;\">Zapraszamy do obejrzenia kr\u00f3tkiej relacji z dzisiejszego dnia.<\/h2><p style=\"text-align: center;\"><a href=\"https:\/\/drive.google.com\/file\/d\/13fKy7RimQnqItXs_0X74myPptZmRKqHz\/view?usp=sharing\">https:\/\/drive.google.com\/file\/d\/13fKy7RimQnqItXs_0X74myPptZmRKqHz\/view?usp=sharing<\/a><\/p>\t\t\t\t\t\t\t\t<\/div>\n\t\t\t\t<\/div>\n\t\t\t\t\t<\/div>\n\t\t<\/div>\n\t\t\t\t\t<\/div>\n\t\t<\/section>\n\t\t\t\t<section class=\"elementor-section elementor-top-section elementor-element elementor-element-f896a61 elementor-section-boxed elementor-section-height-default elementor-section-height-default\" data-id=\"f896a61\" data-element_type=\"section\" data-e-type=\"section\">\n\t\t\t\t\t\t<div class=\"elementor-container elementor-column-gap-default\">\n\t\t\t\t\t<div class=\"elementor-column elementor-col-100 elementor-top-column elementor-element elementor-element-22f1dcf\" data-id=\"22f1dcf\" data-element_type=\"column\" data-e-type=\"column\">\n\t\t\t<div class=\"elementor-widget-wrap elementor-element-populated\">\n\t\t\t\t\t\t<div class=\"elementor-element elementor-element-159a1d9 elementor-widget elementor-widget-text-editor\" data-id=\"159a1d9\" data-element_type=\"widget\" data-e-type=\"widget\" data-widget_type=\"text-editor.default\">\n\t\t\t\t<div class=\"elementor-widget-container\">\n\t\t\t\t\t\t\t\t\t<p><img decoding=\"async\" class=\"aligncenter wp-image-5666 size-large lazyload\" data-src=\"https:\/\/przedszkole.spbrzozowka.pl\/wp-content\/uploads\/2022\/05\/DZIEN-DZIECKA-724x1024.jpg\" alt=\"\" width=\"724\" height=\"1024\" data-srcset=\"https:\/\/przedszkole.spbrzozowka.pl\/wp-content\/uploads\/2022\/05\/DZIEN-DZIECKA-724x1024.jpg 724w, https:\/\/przedszkole.spbrzozowka.pl\/wp-content\/uploads\/2022\/05\/DZIEN-DZIECKA-212x300.jpg 212w, https:\/\/przedszkole.spbrzozowka.pl\/wp-content\/uploads\/2022\/05\/DZIEN-DZIECKA-768x1086.jpg 768w, https:\/\/przedszkole.spbrzozowka.pl\/wp-content\/uploads\/2022\/05\/DZIEN-DZIECKA-1086x1536.jpg 1086w, https:\/\/przedszkole.spbrzozowka.pl\/wp-content\/uploads\/2022\/05\/DZIEN-DZIECKA-920x1301.jpg 920w, https:\/\/przedszkole.spbrzozowka.pl\/wp-content\/uploads\/2022\/05\/DZIEN-DZIECKA-230x325.jpg 230w, https:\/\/przedszkole.spbrzozowka.pl\/wp-content\/uploads\/2022\/05\/DZIEN-DZIECKA-350x495.jpg 350w, https:\/\/przedszkole.spbrzozowka.pl\/wp-content\/uploads\/2022\/05\/DZIEN-DZIECKA-480x679.jpg 480w, https:\/\/przedszkole.spbrzozowka.pl\/wp-content\/uploads\/2022\/05\/DZIEN-DZIECKA.jpg 1414w\" data-sizes=\"(max-width: 724px) 100vw, 724px\" src=\"data:image\/svg+xml;base64,PHN2ZyB3aWR0aD0iMSIgaGVpZ2h0PSIxIiB4bWxucz0iaHR0cDovL3d3dy53My5vcmcvMjAwMC9zdmciPjwvc3ZnPg==\" style=\"--smush-placeholder-width: 724px; --smush-placeholder-aspect-ratio: 724\/1024;\" \/><\/p>\t\t\t\t\t\t\t\t<\/div>\n\t\t\t\t<\/div>\n\t\t\t\t\t<\/div>\n\t\t<\/div>\n\t\t\t\t\t<\/div>\n\t\t<\/section>\n\t\t\t\t<section class=\"elementor-section elementor-top-section elementor-element elementor-element-5bc0fe3 elementor-section-boxed elementor-section-height-default elementor-section-height-default\" data-id=\"5bc0fe3\" data-element_type=\"section\" data-e-type=\"section\">\n\t\t\t\t\t\t<div class=\"elementor-container elementor-column-gap-default\">\n\t\t\t\t\t<div class=\"elementor-column elementor-col-100 elementor-top-column elementor-element elementor-element-370ab50\" data-id=\"370ab50\" data-element_type=\"column\" data-e-type=\"column\">\n\t\t\t<div class=\"elementor-widget-wrap elementor-element-populated\">\n\t\t\t\t\t\t<div class=\"elementor-element elementor-element-fbb0712 elementor-widget elementor-widget-text-editor\" data-id=\"fbb0712\" data-element_type=\"widget\" data-e-type=\"widget\" data-widget_type=\"text-editor.default\">\n\t\t\t\t<div class=\"elementor-widget-container\">\n\t\t\t\t\t\t\t\t\t<p><img decoding=\"async\" class=\"aligncenter wp-image-5656 size-large lazyload\" data-src=\"https:\/\/przedszkole.spbrzozowka.pl\/wp-content\/uploads\/2022\/05\/281746362_577077507034061_9015756422934660668_n-724x1024.png\" alt=\"\" width=\"724\" height=\"1024\" data-srcset=\"https:\/\/przedszkole.spbrzozowka.pl\/wp-content\/uploads\/2022\/05\/281746362_577077507034061_9015756422934660668_n-724x1024.png 724w, https:\/\/przedszkole.spbrzozowka.pl\/wp-content\/uploads\/2022\/05\/281746362_577077507034061_9015756422934660668_n-212x300.png 212w, https:\/\/przedszkole.spbrzozowka.pl\/wp-content\/uploads\/2022\/05\/281746362_577077507034061_9015756422934660668_n-768x1086.png 768w, https:\/\/przedszkole.spbrzozowka.pl\/wp-content\/uploads\/2022\/05\/281746362_577077507034061_9015756422934660668_n-1086x1536.png 1086w, https:\/\/przedszkole.spbrzozowka.pl\/wp-content\/uploads\/2022\/05\/281746362_577077507034061_9015756422934660668_n-1448x2048.png 1448w, https:\/\/przedszkole.spbrzozowka.pl\/wp-content\/uploads\/2022\/05\/281746362_577077507034061_9015756422934660668_n-920x1301.png 920w, https:\/\/przedszkole.spbrzozowka.pl\/wp-content\/uploads\/2022\/05\/281746362_577077507034061_9015756422934660668_n-230x325.png 230w, https:\/\/przedszkole.spbrzozowka.pl\/wp-content\/uploads\/2022\/05\/281746362_577077507034061_9015756422934660668_n-350x495.png 350w, https:\/\/przedszkole.spbrzozowka.pl\/wp-content\/uploads\/2022\/05\/281746362_577077507034061_9015756422934660668_n-480x679.png 480w, https:\/\/przedszkole.spbrzozowka.pl\/wp-content\/uploads\/2022\/05\/281746362_577077507034061_9015756422934660668_n.png 1587w\" data-sizes=\"(max-width: 724px) 100vw, 724px\" src=\"data:image\/svg+xml;base64,PHN2ZyB3aWR0aD0iMSIgaGVpZ2h0PSIxIiB4bWxucz0iaHR0cDovL3d3dy53My5vcmcvMjAwMC9zdmciPjwvc3ZnPg==\" style=\"--smush-placeholder-width: 724px; --smush-placeholder-aspect-ratio: 724\/1024;\" \/><img decoding=\"async\" class=\"size-medium wp-image-5658 alignleft lazyload\" data-src=\"https:\/\/przedszkole.spbrzozowka.pl\/wp-content\/uploads\/2022\/05\/283346266_566388118176349_3757239170234261555_n-212x300.png\" alt=\"\" width=\"212\" height=\"300\" data-srcset=\"https:\/\/przedszkole.spbrzozowka.pl\/wp-content\/uploads\/2022\/05\/283346266_566388118176349_3757239170234261555_n-212x300.png 212w, https:\/\/przedszkole.spbrzozowka.pl\/wp-content\/uploads\/2022\/05\/283346266_566388118176349_3757239170234261555_n-724x1024.png 724w, https:\/\/przedszkole.spbrzozowka.pl\/wp-content\/uploads\/2022\/05\/283346266_566388118176349_3757239170234261555_n-768x1086.png 768w, https:\/\/przedszkole.spbrzozowka.pl\/wp-content\/uploads\/2022\/05\/283346266_566388118176349_3757239170234261555_n-1086x1536.png 1086w, https:\/\/przedszkole.spbrzozowka.pl\/wp-content\/uploads\/2022\/05\/283346266_566388118176349_3757239170234261555_n-1448x2048.png 1448w, https:\/\/przedszkole.spbrzozowka.pl\/wp-content\/uploads\/2022\/05\/283346266_566388118176349_3757239170234261555_n-920x1301.png 920w, https:\/\/przedszkole.spbrzozowka.pl\/wp-content\/uploads\/2022\/05\/283346266_566388118176349_3757239170234261555_n-230x325.png 230w, https:\/\/przedszkole.spbrzozowka.pl\/wp-content\/uploads\/2022\/05\/283346266_566388118176349_3757239170234261555_n-350x495.png 350w, https:\/\/przedszkole.spbrzozowka.pl\/wp-content\/uploads\/2022\/05\/283346266_566388118176349_3757239170234261555_n-480x679.png 480w, https:\/\/przedszkole.spbrzozowka.pl\/wp-content\/uploads\/2022\/05\/283346266_566388118176349_3757239170234261555_n.png 1587w\" data-sizes=\"(max-width: 212px) 100vw, 212px\" src=\"data:image\/svg+xml;base64,PHN2ZyB3aWR0aD0iMSIgaGVpZ2h0PSIxIiB4bWxucz0iaHR0cDovL3d3dy53My5vcmcvMjAwMC9zdmciPjwvc3ZnPg==\" style=\"--smush-placeholder-width: 212px; --smush-placeholder-aspect-ratio: 212\/300;\" \/><img decoding=\"async\" class=\"size-medium wp-image-5657 alignleft lazyload\" data-src=\"https:\/\/przedszkole.spbrzozowka.pl\/wp-content\/uploads\/2022\/05\/281781217_725061732275622_8838997127018683412_n-212x300.png\" alt=\"\" width=\"212\" height=\"300\" data-srcset=\"https:\/\/przedszkole.spbrzozowka.pl\/wp-content\/uploads\/2022\/05\/281781217_725061732275622_8838997127018683412_n-212x300.png 212w, https:\/\/przedszkole.spbrzozowka.pl\/wp-content\/uploads\/2022\/05\/281781217_725061732275622_8838997127018683412_n-724x1024.png 724w, https:\/\/przedszkole.spbrzozowka.pl\/wp-content\/uploads\/2022\/05\/281781217_725061732275622_8838997127018683412_n-768x1086.png 768w, https:\/\/przedszkole.spbrzozowka.pl\/wp-content\/uploads\/2022\/05\/281781217_725061732275622_8838997127018683412_n-1086x1536.png 1086w, https:\/\/przedszkole.spbrzozowka.pl\/wp-content\/uploads\/2022\/05\/281781217_725061732275622_8838997127018683412_n-1448x2048.png 1448w, https:\/\/przedszkole.spbrzozowka.pl\/wp-content\/uploads\/2022\/05\/281781217_725061732275622_8838997127018683412_n-920x1301.png 920w, https:\/\/przedszkole.spbrzozowka.pl\/wp-content\/uploads\/2022\/05\/281781217_725061732275622_8838997127018683412_n-230x325.png 230w, https:\/\/przedszkole.spbrzozowka.pl\/wp-content\/uploads\/2022\/05\/281781217_725061732275622_8838997127018683412_n-350x495.png 350w, https:\/\/przedszkole.spbrzozowka.pl\/wp-content\/uploads\/2022\/05\/281781217_725061732275622_8838997127018683412_n-480x679.png 480w, https:\/\/przedszkole.spbrzozowka.pl\/wp-content\/uploads\/2022\/05\/281781217_725061732275622_8838997127018683412_n.png 1587w\" data-sizes=\"(max-width: 212px) 100vw, 212px\" src=\"data:image\/svg+xml;base64,PHN2ZyB3aWR0aD0iMSIgaGVpZ2h0PSIxIiB4bWxucz0iaHR0cDovL3d3dy53My5vcmcvMjAwMC9zdmciPjwvc3ZnPg==\" style=\"--smush-placeholder-width: 212px; --smush-placeholder-aspect-ratio: 212\/300;\" \/><\/p>\t\t\t\t\t\t\t\t<\/div>\n\t\t\t\t<\/div>\n\t\t\t\t\t<\/div>\n\t\t<\/div>\n\t\t\t\t\t<\/div>\n\t\t<\/section>\n\t\t\t\t<section class=\"elementor-section elementor-top-section elementor-element elementor-element-400c94d elementor-section-boxed elementor-section-height-default elementor-section-height-default\" data-id=\"400c94d\" data-element_type=\"section\" data-e-type=\"section\">\n\t\t\t\t\t\t<div class=\"elementor-container elementor-column-gap-default\">\n\t\t\t\t\t<div class=\"elementor-column elementor-col-100 elementor-top-column elementor-element elementor-element-a0059f0\" data-id=\"a0059f0\" data-element_type=\"column\" data-e-type=\"column\">\n\t\t\t<div class=\"elementor-widget-wrap elementor-element-populated\">\n\t\t\t\t\t\t<div class=\"elementor-element elementor-element-e66a7a0 elementor-widget elementor-widget-text-editor\" data-id=\"e66a7a0\" data-element_type=\"widget\" data-e-type=\"widget\" data-widget_type=\"text-editor.default\">\n\t\t\t\t<div class=\"elementor-widget-container\">\n\t\t\t\t\t\t\t\t\t<p><img decoding=\"async\" class=\"aligncenter wp-image-5649 size-large lazyload\" data-src=\"https:\/\/przedszkole.spbrzozowka.pl\/wp-content\/uploads\/2022\/05\/281657639_1705270966489081_7062464609675775472_n-508x1024.jpg\" alt=\"\" width=\"508\" height=\"1024\" data-srcset=\"https:\/\/przedszkole.spbrzozowka.pl\/wp-content\/uploads\/2022\/05\/281657639_1705270966489081_7062464609675775472_n-508x1024.jpg 508w, https:\/\/przedszkole.spbrzozowka.pl\/wp-content\/uploads\/2022\/05\/281657639_1705270966489081_7062464609675775472_n-149x300.jpg 149w, https:\/\/przedszkole.spbrzozowka.pl\/wp-content\/uploads\/2022\/05\/281657639_1705270966489081_7062464609675775472_n-768x1548.jpg 768w, https:\/\/przedszkole.spbrzozowka.pl\/wp-content\/uploads\/2022\/05\/281657639_1705270966489081_7062464609675775472_n-762x1536.jpg 762w, https:\/\/przedszkole.spbrzozowka.pl\/wp-content\/uploads\/2022\/05\/281657639_1705270966489081_7062464609675775472_n-1016x2048.jpg 1016w, https:\/\/przedszkole.spbrzozowka.pl\/wp-content\/uploads\/2022\/05\/281657639_1705270966489081_7062464609675775472_n-920x1854.jpg 920w, https:\/\/przedszkole.spbrzozowka.pl\/wp-content\/uploads\/2022\/05\/281657639_1705270966489081_7062464609675775472_n-230x464.jpg 230w, https:\/\/przedszkole.spbrzozowka.pl\/wp-content\/uploads\/2022\/05\/281657639_1705270966489081_7062464609675775472_n-350x706.jpg 350w, https:\/\/przedszkole.spbrzozowka.pl\/wp-content\/uploads\/2022\/05\/281657639_1705270966489081_7062464609675775472_n-480x968.jpg 480w, https:\/\/przedszkole.spbrzozowka.pl\/wp-content\/uploads\/2022\/05\/281657639_1705270966489081_7062464609675775472_n.jpg 1080w\" data-sizes=\"(max-width: 508px) 100vw, 508px\" src=\"data:image\/svg+xml;base64,PHN2ZyB3aWR0aD0iMSIgaGVpZ2h0PSIxIiB4bWxucz0iaHR0cDovL3d3dy53My5vcmcvMjAwMC9zdmciPjwvc3ZnPg==\" style=\"--smush-placeholder-width: 508px; --smush-placeholder-aspect-ratio: 508\/1024;\" \/><\/p>\t\t\t\t\t\t\t\t<\/div>\n\t\t\t\t<\/div>\n\t\t\t\t\t<\/div>\n\t\t<\/div>\n\t\t\t\t\t<\/div>\n\t\t<\/section>\n\t\t\t\t<section class=\"elementor-section elementor-top-section elementor-element elementor-element-1f28ef6 elementor-section-boxed elementor-section-height-default elementor-section-height-default\" data-id=\"1f28ef6\" data-element_type=\"section\" data-e-type=\"section\">\n\t\t\t\t\t\t<div class=\"elementor-container elementor-column-gap-default\">\n\t\t\t\t\t<div class=\"elementor-column elementor-col-100 elementor-top-column elementor-element elementor-element-28f771c\" data-id=\"28f771c\" data-element_type=\"column\" data-e-type=\"column\">\n\t\t\t<div class=\"elementor-widget-wrap elementor-element-populated\">\n\t\t\t\t\t\t<div class=\"elementor-element elementor-element-0b85467 elementor-widget elementor-widget-text-editor\" data-id=\"0b85467\" data-element_type=\"widget\" data-e-type=\"widget\" data-widget_type=\"text-editor.default\">\n\t\t\t\t<div class=\"elementor-widget-container\">\n\t\t\t\t\t\t\t\t\t<h2 style=\"text-align: center;\"><strong><u>WA\u017bNE WYDARZENIA MAJ \u2013 CZERWIEC 2022<\/u><\/strong><\/h2><p><strong><u>10.05<\/u><\/strong><\/p><ul><li>ZEBRANIA Z RODZICAMI DZIECI PRZEDSZKOLNYCH<\/li><li>SESJA ZDJ\u0118CIOWA DLA ABSOLWENT\u00d3W PRZEDSZKOLA GODZ 9.00<\/li><\/ul><p><strong><u>11.05<\/u><\/strong><\/p><ul><li>DRZWI OTWARTE DLA NOWO PRZYJ\u0118TYCH DZIECI PRZEDSZKOLNYCH\u00a0<\/li><\/ul><p><strong><u>18.05<\/u><\/strong><\/p><ul><li>GMINNY KONKURS PRZYRODNICZY<\/li><\/ul><p><strong><u>01.06<\/u><\/strong><\/p><ul><li>DZIE\u0143 DZIECKA W PRZEDSZKOLU<\/li><\/ul><p><strong><u>04.06<\/u><\/strong><\/p><ul><li>FESTYN RODZINNY<\/li><\/ul><p><strong><u>13.06<\/u><\/strong><\/p><ul><li>SESJA ZDJ\u0118CIOWA W PLENERZE WYKONANA PRZEZ P. JULI\u0118 ADAMSK\u0104-KARPI\u0143SK\u0104<\/li><\/ul><p><strong><u>14.06<\/u><\/strong><\/p><ul><li>WYCIECZKA PLENEROWE CENTRUM ROZRYWKI \u201eMAGICZNA T\u0118CZA\u201d PAPOWO GRUPY: V,VI<\/li><\/ul><p><strong><u>20.06<\/u><\/strong><\/p><ul><li>PRZEDSZKOLNE IGRZYSKA SPORTOWE<\/li><\/ul><p><strong><u>22.06 <\/u><\/strong><\/p><ul><li>UROCZYSTE PO\u017bEGNANIE ABSOLWENT\u00d3W PRZEDSZKOLA<\/li><li>WYCIECZKA AGROTURYSTYKA \u201eZAGRODA EDUKACYJNA W GOSTKOWIE\u201d GRUPY: I, II, III, IV<\/li><\/ul><p><strong><u>27.6<\/u><\/strong><strong> \u2013 31.07<\/strong><\/p><ul><li>DY\u017bUR WAKACYJNY<\/li><\/ul><p style=\"text-align: center;\"><strong>\u00a0<\/strong><strong><u>DZIE\u0143 MAMY I TATY<\/u><\/strong><\/p><p>GRUPA I &#8211; 10.06<\/p><p>GRUPA II\u00a0 &#8211; 30.05<\/p><p>GRUPA III &#8211; 30.05<\/p><p>GRUPA IV &#8211; 20.05<\/p><p>GRUPA V &#8211; 23.05<\/p><p>GRUPA VI &#8211; 24.05<\/p><h2 style=\"text-align: center;\">\u00a0<\/h2>\t\t\t\t\t\t\t\t<\/div>\n\t\t\t\t<\/div>\n\t\t\t\t\t<\/div>\n\t\t<\/div>\n\t\t\t\t\t<\/div>\n\t\t<\/section>\n\t\t\t\t<section class=\"elementor-section elementor-top-section elementor-element elementor-element-3f55d0e elementor-section-boxed elementor-section-height-default elementor-section-height-default\" data-id=\"3f55d0e\" data-element_type=\"section\" data-e-type=\"section\">\n\t\t\t\t\t\t<div class=\"elementor-container elementor-column-gap-default\">\n\t\t\t\t\t<div class=\"elementor-column elementor-col-100 elementor-top-column elementor-element elementor-element-fbf9506\" data-id=\"fbf9506\" data-element_type=\"column\" data-e-type=\"column\">\n\t\t\t<div class=\"elementor-widget-wrap elementor-element-populated\">\n\t\t\t\t\t\t<div class=\"elementor-element elementor-element-e4e42e4 elementor-widget elementor-widget-text-editor\" data-id=\"e4e42e4\" data-element_type=\"widget\" data-e-type=\"widget\" data-widget_type=\"text-editor.default\">\n\t\t\t\t<div class=\"elementor-widget-container\">\n\t\t\t\t\t\t\t\t\t<h2 style=\"text-align: center;\"><span style=\"color: #ff0000;\"><img decoding=\"async\" class=\"alignnone wp-image-5633 size-large lazyload\" data-src=\"https:\/\/przedszkole.spbrzozowka.pl\/wp-content\/uploads\/2022\/05\/STRONA-1024x726.jpg\" alt=\"\" width=\"1024\" height=\"726\" data-srcset=\"https:\/\/przedszkole.spbrzozowka.pl\/wp-content\/uploads\/2022\/05\/STRONA-1024x726.jpg 1024w, https:\/\/przedszkole.spbrzozowka.pl\/wp-content\/uploads\/2022\/05\/STRONA-300x213.jpg 300w, https:\/\/przedszkole.spbrzozowka.pl\/wp-content\/uploads\/2022\/05\/STRONA-768x545.jpg 768w, https:\/\/przedszkole.spbrzozowka.pl\/wp-content\/uploads\/2022\/05\/STRONA-1536x1090.jpg 1536w, https:\/\/przedszkole.spbrzozowka.pl\/wp-content\/uploads\/2022\/05\/STRONA-920x653.jpg 920w, https:\/\/przedszkole.spbrzozowka.pl\/wp-content\/uploads\/2022\/05\/STRONA-230x163.jpg 230w, https:\/\/przedszkole.spbrzozowka.pl\/wp-content\/uploads\/2022\/05\/STRONA-350x248.jpg 350w, https:\/\/przedszkole.spbrzozowka.pl\/wp-content\/uploads\/2022\/05\/STRONA-480x341.jpg 480w, https:\/\/przedszkole.spbrzozowka.pl\/wp-content\/uploads\/2022\/05\/STRONA.jpg 1748w\" data-sizes=\"(max-width: 1024px) 100vw, 1024px\" src=\"data:image\/svg+xml;base64,PHN2ZyB3aWR0aD0iMSIgaGVpZ2h0PSIxIiB4bWxucz0iaHR0cDovL3d3dy53My5vcmcvMjAwMC9zdmciPjwvc3ZnPg==\" style=\"--smush-placeholder-width: 1024px; --smush-placeholder-aspect-ratio: 1024\/726;\" \/><\/span><\/h2>\t\t\t\t\t\t\t\t<\/div>\n\t\t\t\t<\/div>\n\t\t\t\t\t<\/div>\n\t\t<\/div>\n\t\t\t\t\t<\/div>\n\t\t<\/section>\n\t\t\t\t<section class=\"elementor-section elementor-top-section elementor-element elementor-element-7541516 elementor-section-boxed elementor-section-height-default elementor-section-height-default\" data-id=\"7541516\" data-element_type=\"section\" data-e-type=\"section\">\n\t\t\t\t\t\t<div class=\"elementor-container elementor-column-gap-default\">\n\t\t\t\t\t<div class=\"elementor-column elementor-col-100 elementor-top-column elementor-element elementor-element-4876ee9\" data-id=\"4876ee9\" data-element_type=\"column\" data-e-type=\"column\">\n\t\t\t<div class=\"elementor-widget-wrap elementor-element-populated\">\n\t\t\t\t\t\t<div class=\"elementor-element elementor-element-8c19b56 elementor-widget elementor-widget-text-editor\" data-id=\"8c19b56\" data-element_type=\"widget\" data-e-type=\"widget\" data-widget_type=\"text-editor.default\">\n\t\t\t\t<div class=\"elementor-widget-container\">\n\t\t\t\t\t\t\t\t\t<h2 style=\"text-align: center;\"><span style=\"color: #ff0000;\"><img decoding=\"async\" class=\"alignnone wp-image-5604 size-large lazyload\" data-src=\"https:\/\/przedszkole.spbrzozowka.pl\/wp-content\/uploads\/2022\/05\/NASZE-SUKCESY-1024x726.jpg\" alt=\"\" width=\"1024\" height=\"726\" data-srcset=\"https:\/\/przedszkole.spbrzozowka.pl\/wp-content\/uploads\/2022\/05\/NASZE-SUKCESY-1024x726.jpg 1024w, https:\/\/przedszkole.spbrzozowka.pl\/wp-content\/uploads\/2022\/05\/NASZE-SUKCESY-300x213.jpg 300w, https:\/\/przedszkole.spbrzozowka.pl\/wp-content\/uploads\/2022\/05\/NASZE-SUKCESY-768x545.jpg 768w, https:\/\/przedszkole.spbrzozowka.pl\/wp-content\/uploads\/2022\/05\/NASZE-SUKCESY-1536x1090.jpg 1536w, https:\/\/przedszkole.spbrzozowka.pl\/wp-content\/uploads\/2022\/05\/NASZE-SUKCESY-920x653.jpg 920w, https:\/\/przedszkole.spbrzozowka.pl\/wp-content\/uploads\/2022\/05\/NASZE-SUKCESY-230x163.jpg 230w, https:\/\/przedszkole.spbrzozowka.pl\/wp-content\/uploads\/2022\/05\/NASZE-SUKCESY-350x248.jpg 350w, https:\/\/przedszkole.spbrzozowka.pl\/wp-content\/uploads\/2022\/05\/NASZE-SUKCESY-480x341.jpg 480w, https:\/\/przedszkole.spbrzozowka.pl\/wp-content\/uploads\/2022\/05\/NASZE-SUKCESY.jpg 1748w\" data-sizes=\"(max-width: 1024px) 100vw, 1024px\" src=\"data:image\/svg+xml;base64,PHN2ZyB3aWR0aD0iMSIgaGVpZ2h0PSIxIiB4bWxucz0iaHR0cDovL3d3dy53My5vcmcvMjAwMC9zdmciPjwvc3ZnPg==\" style=\"--smush-placeholder-width: 1024px; --smush-placeholder-aspect-ratio: 1024\/726;\" \/><\/span><\/h2>\t\t\t\t\t\t\t\t<\/div>\n\t\t\t\t<\/div>\n\t\t\t\t\t<\/div>\n\t\t<\/div>\n\t\t\t\t\t<\/div>\n\t\t<\/section>\n\t\t\t\t<section class=\"elementor-section elementor-top-section elementor-element elementor-element-e351728 elementor-section-boxed elementor-section-height-default elementor-section-height-default\" data-id=\"e351728\" data-element_type=\"section\" data-e-type=\"section\">\n\t\t\t\t\t\t<div class=\"elementor-container elementor-column-gap-default\">\n\t\t\t\t\t<div class=\"elementor-column elementor-col-100 elementor-top-column elementor-element elementor-element-c0c2e7c\" data-id=\"c0c2e7c\" data-element_type=\"column\" data-e-type=\"column\">\n\t\t\t<div class=\"elementor-widget-wrap elementor-element-populated\">\n\t\t\t\t\t\t<div class=\"elementor-element elementor-element-86ab334 elementor-widget elementor-widget-text-editor\" data-id=\"86ab334\" data-element_type=\"widget\" data-e-type=\"widget\" data-widget_type=\"text-editor.default\">\n\t\t\t\t<div class=\"elementor-widget-container\">\n\t\t\t\t\t\t\t\t\t<h2 style=\"text-align: center;\"><span style=\"color: #ff0000;\">10 maja br. odb\u0119dzie si\u0119 zebranie z rodzicami.<\/span><\/h2><p style=\"text-align: center;\"><span style=\"color: #000000;\">Godzina 16.30<\/span><\/p><p style=\"text-align: center;\"><span style=\"color: #000000;\">grupa I\u00a0 &#8211; wej\u015bcie od strony szko\u0142y (klasy I)<\/span><\/p><p style=\"text-align: center;\"><span style=\"color: #000000;\">grupa II &#8211; wej\u015bcie od strony Polo<\/span><\/p><p style=\"text-align: center;\"><span style=\"color: #000000;\">grupa III &#8211; wej\u015bcie g\u0142\u00f3wne do przedszkola<\/span><\/p><p style=\"text-align: center;\"><span style=\"color: #000000;\">Godzina 16.45<\/span><\/p><p style=\"text-align: center;\"><span style=\"color: #000000;\">grupa V &#8211; wej\u015bcie od strony Polo<\/span><\/p><p style=\"text-align: center;\"><span style=\"color: #000000;\">Godzina 17.00<\/span><\/p><p style=\"text-align: center;\"><span style=\"color: #000000;\">grupa IV &#8211; wej\u015bcie od strony Polo<\/span><\/p><p style=\"text-align: center;\"><span style=\"color: #000000;\">grupa VI &#8211; wej\u015bcie g\u0142\u00f3wne do przedszkola<\/span><\/p>\t\t\t\t\t\t\t\t<\/div>\n\t\t\t\t<\/div>\n\t\t\t\t\t<\/div>\n\t\t<\/div>\n\t\t\t\t\t<\/div>\n\t\t<\/section>\n\t\t\t\t<section class=\"elementor-section elementor-top-section elementor-element elementor-element-2885c9d elementor-section-boxed elementor-section-height-default elementor-section-height-default\" data-id=\"2885c9d\" data-element_type=\"section\" data-e-type=\"section\">\n\t\t\t\t\t\t<div class=\"elementor-container elementor-column-gap-default\">\n\t\t\t\t\t<div class=\"elementor-column elementor-col-100 elementor-top-column elementor-element elementor-element-07c74be\" data-id=\"07c74be\" data-element_type=\"column\" data-e-type=\"column\">\n\t\t\t<div class=\"elementor-widget-wrap elementor-element-populated\">\n\t\t\t\t\t\t<div class=\"elementor-element elementor-element-6b67008 elementor-widget elementor-widget-text-editor\" data-id=\"6b67008\" data-element_type=\"widget\" data-e-type=\"widget\" data-widget_type=\"text-editor.default\">\n\t\t\t\t<div class=\"elementor-widget-container\">\n\t\t\t\t\t\t\t\t\t<h2 style=\"text-align: center;\"><strong>W zak\u0142adce <span style=\"text-decoration: underline;\">DOKUMENTY<\/span> znajduj\u0105 si\u0119 <\/strong><strong><span class=\"gwp706fc9f2_colour\"><span class=\"gwp706fc9f2_font\"><span class=\"gwp706fc9f2_size\">Wewn\u0119trzne procedury bezpiecze\u0144stwa i higieny zaj\u0119\u0107 dydaktyczno-opieku\u0144czych\u00a0 \u00a0 \u00a0 \u00a0 \u00a0 \u00a0<\/span><\/span><\/span><\/strong><strong><span class=\"gwp706fc9f2_colour\"><span class=\"gwp706fc9f2_font\"><span class=\"gwp706fc9f2_size\">w Przedszkolu Samorz\u0105dowym im. Kr\u00f3la Maciusia I<br \/>w Brzoz\u00f3wce <\/span><\/span><\/span><span class=\"gwp706fc9f2_colour\"><span class=\"gwp706fc9f2_font\"><span class=\"gwp706fc9f2_size\">obowi\u0105zuj\u0105ce od kwietnia.<\/span><\/span><\/span><\/strong><\/h2>\t\t\t\t\t\t\t\t<\/div>\n\t\t\t\t<\/div>\n\t\t\t\t\t<\/div>\n\t\t<\/div>\n\t\t\t\t\t<\/div>\n\t\t<\/section>\n\t\t\t\t<section class=\"elementor-section elementor-top-section elementor-element elementor-element-b2fe601 elementor-section-boxed elementor-section-height-default elementor-section-height-default\" data-id=\"b2fe601\" data-element_type=\"section\" data-e-type=\"section\">\n\t\t\t\t\t\t<div class=\"elementor-container elementor-column-gap-default\">\n\t\t\t\t\t<div class=\"elementor-column elementor-col-100 elementor-top-column elementor-element elementor-element-a5fee18\" data-id=\"a5fee18\" data-element_type=\"column\" data-e-type=\"column\">\n\t\t\t<div class=\"elementor-widget-wrap elementor-element-populated\">\n\t\t\t\t\t\t<div class=\"elementor-element elementor-element-7c2516d elementor-widget elementor-widget-text-editor\" data-id=\"7c2516d\" data-element_type=\"widget\" data-e-type=\"widget\" data-widget_type=\"text-editor.default\">\n\t\t\t\t<div class=\"elementor-widget-container\">\n\t\t\t\t\t\t\t\t\t<h2 class=\"gwp67777e77_western\" align=\"center\"><span class=\"gwp67777e77_font\"><span class=\"gwp67777e77_size\"><span class=\"gwp67777e77_colour\"><b>Informacja dotycz\u0105ca dy\u017curu wakacyjnego 2022<\/b><\/span><\/span><\/span><\/h2><p class=\"gwp67777e77_western\" align=\"justify\"><span class=\"gwp67777e77_size\"><span class=\"gwp67777e77_colour\"><span class=\"gwp67777e77_font\"><b>Nasza plac\u00f3wka\u00a0<\/b><\/span><\/span><span class=\"gwp67777e77_colour\"><span class=\"gwp67777e77_font\"><b>w LIPCU\u00a0<\/b><\/span><\/span><span class=\"gwp67777e77_colour\"><span class=\"gwp67777e77_font\"><b>pe\u0142ni dy\u017cur wakacyjny dla oddzia\u0142\u00f3w\u00a0<\/b><\/span><\/span><span class=\"gwp67777e77_colour\"><span class=\"gwp67777e77_font\"><b>przedszkolnych i przedszkoli prowadzonych przez Gmin\u0119 Obrowo.<\/b><\/span><\/span><\/span><\/p><p class=\"gwp67777e77_western\" align=\"justify\"><span class=\"gwp67777e77_colour\"><span class=\"gwp67777e77_font\"><span class=\"gwp67777e77_size\">Plac\u00f3wkami pe\u0142ni\u0105cymi dy\u017cur w SIERPNIU\u00a0<\/span><\/span><\/span><span class=\"gwp67777e77_colour\"><span class=\"gwp67777e77_font\"><span class=\"gwp67777e77_size\"><span lang=\"pl-PL\">s\u0105<\/span><\/span><\/span><\/span><span class=\"gwp67777e77_colour\"><span class=\"gwp67777e77_font\"><span class=\"gwp67777e77_size\">:<\/span><\/span><\/span><\/p><ul><li><p class=\"gwp67777e77_western\" align=\"justify\"><span class=\"gwp67777e77_colour\"><span class=\"gwp67777e77_font\"><span class=\"gwp67777e77_size\">Zesp\u00f3\u0142 Szk\u00f3\u0142 w Osieku Nad Wis\u0142\u0105, Przedszkole Samorz\u0105dowe,<\/span><\/span><\/span><\/p><\/li><li><p class=\"gwp67777e77_western\" align=\"justify\"><span class=\"gwp67777e77_colour\"><span class=\"gwp67777e77_font\"><span class=\"gwp67777e77_size\">Szko\u0142a Podstawowa w \u0141\u0105\u017cynie II Oddzia\u0142y Przedszkolne,<\/span><\/span><\/span><\/p><\/li><li><p class=\"gwp67777e77_western\" align=\"justify\"><span class=\"gwp67777e77_colour\"><span class=\"gwp67777e77_font\"><span class=\"gwp67777e77_size\">Szko\u0142a Podstawowa w Obrowie Oddzia\u0142y Przedszkolne<\/span><\/span><\/span><\/p><\/li><\/ul><p class=\"gwp67777e77_western\" align=\"center\"><span class=\"gwp67777e77_size\"><span class=\"gwp67777e77_colour\"><span class=\"gwp67777e77_font\"><b>PROSZ\u0118 O ZAPOZNANIE SI\u0118 Z ZARZ\u0104DZENIEM NR 13\/2022 W\u00d3JTA GMINY OBROWO Z DNIA 15 LUTEGO 2022 r.<\/b><\/span><\/span><\/span><\/p><p class=\"gwp67777e77_western\" align=\"center\"><span class=\"gwp67777e77_size\"><u><span class=\"gwp67777e77_colour\"><span class=\"gwp67777e77_font\"><b>W SPRAWIE ZASAD ORGANIZACJI DY\u017bURU WAKACYJNEGO DLA ODDZIA\u0141\u00d3W PRZEDSZKOLNYCH I PRZEDSZKOLI PROWADZONYCH PRZEZ GMIN\u0118 OBROWO.<\/b><\/span><\/span><\/u><\/span><\/p><h2 align=\"center\">Za\u0142\u0105czniki do pobrania znajduj\u0105 si\u0119 w zak\u0142adce <span style=\"text-decoration: underline;\">DOKUMENTY<\/span><\/h2><p style=\"text-align: left;\" align=\"center\">\u00a0<\/p><div>\u00a0<\/div>\t\t\t\t\t\t\t\t<\/div>\n\t\t\t\t<\/div>\n\t\t\t\t\t<\/div>\n\t\t<\/div>\n\t\t\t\t\t<\/div>\n\t\t<\/section>\n\t\t\t\t<section class=\"elementor-section elementor-top-section elementor-element elementor-element-ffd7b4d elementor-section-boxed elementor-section-height-default elementor-section-height-default\" data-id=\"ffd7b4d\" data-element_type=\"section\" data-e-type=\"section\">\n\t\t\t\t\t\t<div class=\"elementor-container elementor-column-gap-default\">\n\t\t\t\t\t<div class=\"elementor-column elementor-col-100 elementor-top-column elementor-element elementor-element-da7a7a6\" data-id=\"da7a7a6\" data-element_type=\"column\" data-e-type=\"column\">\n\t\t\t<div class=\"elementor-widget-wrap elementor-element-populated\">\n\t\t\t\t\t\t<div class=\"elementor-element elementor-element-4da102d elementor-widget elementor-widget-text-editor\" data-id=\"4da102d\" data-element_type=\"widget\" data-e-type=\"widget\" data-widget_type=\"text-editor.default\">\n\t\t\t\t<div class=\"elementor-widget-container\">\n\t\t\t\t\t\t\t\t\t<h1 style=\"text-align: center;\"><span style=\"color: #ff0000;\"><strong>REKRUTACJA<\/strong><\/span><\/h1><div><span style=\"color: #000000;\"><strong>Listy kandydat\u00f3w przyj\u0119tych do przedszkola oraz klasy pierwszej znajduj\u0105 si\u0119 w plikach poni\u017cej.<\/strong><\/span><\/div><div>\u00a0<\/div><ul><li><strong><span style=\"color: #ff0000;\"><a style=\"color: #ff0000;\" href=\"\/wp-content\/uploads\/2022\/04\/przedszkole-lista-przyjetych-2.docx\">przedszkole &#8211; lista przyj\u0119tych dzieci (docx)<\/a><\/span><\/strong><\/li><li><a href=\"\/wp-content\/uploads\/2022\/04\/klasa1-listy-przyjetych-1.docx\"><strong><span style=\"color: #ff0000;\">klasa pierwsza &#8211; lista przyj\u0119tych (docx)<\/span><\/strong><\/a><\/li><\/ul>\t\t\t\t\t\t\t\t<\/div>\n\t\t\t\t<\/div>\n\t\t\t\t\t<\/div>\n\t\t<\/div>\n\t\t\t\t\t<\/div>\n\t\t<\/section>\n\t\t\t\t<section class=\"elementor-section elementor-top-section elementor-element elementor-element-a53aacb elementor-section-boxed elementor-section-height-default elementor-section-height-default\" data-id=\"a53aacb\" data-element_type=\"section\" data-e-type=\"section\">\n\t\t\t\t\t\t<div class=\"elementor-container elementor-column-gap-default\">\n\t\t\t\t\t<div class=\"elementor-column elementor-col-100 elementor-top-column elementor-element elementor-element-9ff8d73\" data-id=\"9ff8d73\" data-element_type=\"column\" data-e-type=\"column\">\n\t\t\t<div class=\"elementor-widget-wrap elementor-element-populated\">\n\t\t\t\t\t\t<div class=\"elementor-element elementor-element-3cf5460 elementor-widget elementor-widget-text-editor\" data-id=\"3cf5460\" data-element_type=\"widget\" data-e-type=\"widget\" data-widget_type=\"text-editor.default\">\n\t\t\t\t<div class=\"elementor-widget-container\">\n\t\t\t\t\t\t\t\t\t<p style=\"text-align: center;\"><img decoding=\"async\" class=\"alignnone wp-image-5511 size-large lazyload\" data-src=\"https:\/\/przedszkole.spbrzozowka.pl\/wp-content\/uploads\/2022\/04\/strona-1024x726.jpg\" alt=\"\" width=\"1024\" height=\"726\" data-srcset=\"https:\/\/przedszkole.spbrzozowka.pl\/wp-content\/uploads\/2022\/04\/strona-1024x726.jpg 1024w, https:\/\/przedszkole.spbrzozowka.pl\/wp-content\/uploads\/2022\/04\/strona-300x213.jpg 300w, https:\/\/przedszkole.spbrzozowka.pl\/wp-content\/uploads\/2022\/04\/strona-768x545.jpg 768w, https:\/\/przedszkole.spbrzozowka.pl\/wp-content\/uploads\/2022\/04\/strona-1536x1090.jpg 1536w, https:\/\/przedszkole.spbrzozowka.pl\/wp-content\/uploads\/2022\/04\/strona-920x653.jpg 920w, https:\/\/przedszkole.spbrzozowka.pl\/wp-content\/uploads\/2022\/04\/strona-230x163.jpg 230w, https:\/\/przedszkole.spbrzozowka.pl\/wp-content\/uploads\/2022\/04\/strona-350x248.jpg 350w, https:\/\/przedszkole.spbrzozowka.pl\/wp-content\/uploads\/2022\/04\/strona-480x341.jpg 480w, https:\/\/przedszkole.spbrzozowka.pl\/wp-content\/uploads\/2022\/04\/strona.jpg 1748w\" data-sizes=\"(max-width: 1024px) 100vw, 1024px\" src=\"data:image\/svg+xml;base64,PHN2ZyB3aWR0aD0iMSIgaGVpZ2h0PSIxIiB4bWxucz0iaHR0cDovL3d3dy53My5vcmcvMjAwMC9zdmciPjwvc3ZnPg==\" style=\"--smush-placeholder-width: 1024px; --smush-placeholder-aspect-ratio: 1024\/726;\" \/><\/p>\t\t\t\t\t\t\t\t<\/div>\n\t\t\t\t<\/div>\n\t\t\t\t\t<\/div>\n\t\t<\/div>\n\t\t\t\t\t<\/div>\n\t\t<\/section>\n\t\t\t\t<section class=\"elementor-section elementor-top-section elementor-element elementor-element-f5352d7 elementor-section-boxed elementor-section-height-default elementor-section-height-default\" data-id=\"f5352d7\" data-element_type=\"section\" data-e-type=\"section\">\n\t\t\t\t\t\t<div class=\"elementor-container elementor-column-gap-default\">\n\t\t\t\t\t<div class=\"elementor-column elementor-col-100 elementor-top-column elementor-element elementor-element-816e165\" data-id=\"816e165\" data-element_type=\"column\" data-e-type=\"column\">\n\t\t\t<div class=\"elementor-widget-wrap elementor-element-populated\">\n\t\t\t\t\t\t<div class=\"elementor-element elementor-element-a9c689b elementor-widget elementor-widget-text-editor\" data-id=\"a9c689b\" data-element_type=\"widget\" data-e-type=\"widget\" data-widget_type=\"text-editor.default\">\n\t\t\t\t<div class=\"elementor-widget-container\">\n\t\t\t\t\t\t\t\t\t<p><span style=\"color: #000000;\">Na prze\u0142omie lutego i marca 2022 r. w naszej szkole odby\u0142 si\u0119 \u00a0konkurs wokalny pt. <strong>\u201eMi\u0142o\u015b\u0107 niejedno ma imi\u0119\u201d<\/strong>. Jury zachwyci\u0142y pi\u0119kne g\u0142osy i sceniczne prezencje wokalist\u00f3w. M\u0142odzi arty\u015bci z przedszkola i szko\u0142y podstawowej zaprezentowali bardzo ciekawe interpretacje znanych piosenek o mi\u0142o\u015bci do rodzic\u00f3w, ch\u0142opaka, dziewczyny, ojczyzny i Boga.<\/span><\/p><p><span style=\"color: #000000;\">Jury, pod kierunkiem pani Dyrektor Anny Ko\u017alikowskiej, przyzna\u0142o nagrody za zaj\u0119cie:<\/span><\/p><ol><li><span style=\"color: #000000;\">miejsca ex aequo- Aurelii Dyko i Michalinie Marynowskiej<\/span><\/li><li><span style=\"color: #000000;\">miejsca ex aequo- Martynie Wnuk i Julii Kl\u0119bowskiej<\/span><\/li><li><span style=\"color: #000000;\">miejsce &#8211;\u00a0 Zuzannie Wnuk<\/span><\/li><\/ol><p><span style=\"color: #000000;\">oraz<\/span><\/p><p><span style=\"color: #000000;\">wyr\u00f3\u017cnienia dla: \u00a0Zoi Kempi\u0144skiej, Mai Krzy\u017canowskiej, Dominiki Foksi\u0144skiej.<\/span><\/p><p><span style=\"color: #000000;\">Wszystkim nagrodzonym i wyr\u00f3\u017cnionym gratulujemy!<\/span><\/p><p style=\"text-align: center;\"><img decoding=\"async\" class=\"alignnone wp-image-5325 size-large lazyload\" data-src=\"https:\/\/przedszkole.spbrzozowka.pl\/wp-content\/uploads\/2022\/03\/277214005_522070059306496_2228109549436940406_n-1024x768.jpg\" alt=\"\" width=\"1024\" height=\"768\" src=\"data:image\/svg+xml;base64,PHN2ZyB3aWR0aD0iMSIgaGVpZ2h0PSIxIiB4bWxucz0iaHR0cDovL3d3dy53My5vcmcvMjAwMC9zdmciPjwvc3ZnPg==\" style=\"--smush-placeholder-width: 1024px; --smush-placeholder-aspect-ratio: 1024\/768;\" \/><\/p>\t\t\t\t\t\t\t\t<\/div>\n\t\t\t\t<\/div>\n\t\t\t\t\t<\/div>\n\t\t<\/div>\n\t\t\t\t\t<\/div>\n\t\t<\/section>\n\t\t\t\t<section class=\"elementor-section elementor-top-section elementor-element elementor-element-4beb622 elementor-section-boxed elementor-section-height-default elementor-section-height-default\" data-id=\"4beb622\" data-element_type=\"section\" data-e-type=\"section\">\n\t\t\t\t\t\t<div class=\"elementor-container elementor-column-gap-default\">\n\t\t\t\t\t<div class=\"elementor-column elementor-col-100 elementor-top-column elementor-element elementor-element-d68173f\" data-id=\"d68173f\" data-element_type=\"column\" data-e-type=\"column\">\n\t\t\t<div class=\"elementor-widget-wrap elementor-element-populated\">\n\t\t\t\t\t\t<div class=\"elementor-element elementor-element-bede144 elementor-widget elementor-widget-text-editor\" data-id=\"bede144\" data-element_type=\"widget\" data-e-type=\"widget\" data-widget_type=\"text-editor.default\">\n\t\t\t\t<div class=\"elementor-widget-container\">\n\t\t\t\t\t\t\t\t\t<h2 style=\"text-align: center;\"><strong>Zach\u0119camy do obejrzenia filmu z Tygodnia Logopedii &#8211;&gt; <a href=\"https:\/\/drive.google.com\/file\/d\/13zkOPdKe4jRu1WUal1gTZQ1dL56JQfLG\/view?usp=sharing\">https:\/\/drive.google.com\/file\/d\/13zkOPdKe4jRu1WUal1gTZQ1dL56JQfLG\/view?usp=sharing<\/a><\/strong><\/h2><p>\u00a0<\/p>\t\t\t\t\t\t\t\t<\/div>\n\t\t\t\t<\/div>\n\t\t\t\t\t<\/div>\n\t\t<\/div>\n\t\t\t\t\t<\/div>\n\t\t<\/section>\n\t\t\t\t<section class=\"elementor-section elementor-top-section elementor-element elementor-element-06a2dd8 elementor-section-boxed elementor-section-height-default elementor-section-height-default\" data-id=\"06a2dd8\" data-element_type=\"section\" data-e-type=\"section\">\n\t\t\t\t\t\t<div class=\"elementor-container elementor-column-gap-default\">\n\t\t\t\t\t<div class=\"elementor-column elementor-col-100 elementor-top-column elementor-element elementor-element-b02a088\" data-id=\"b02a088\" data-element_type=\"column\" data-e-type=\"column\">\n\t\t\t<div class=\"elementor-widget-wrap elementor-element-populated\">\n\t\t\t\t\t\t<div class=\"elementor-element elementor-element-cfc338f elementor-widget elementor-widget-text-editor\" data-id=\"cfc338f\" data-element_type=\"widget\" data-e-type=\"widget\" data-widget_type=\"text-editor.default\">\n\t\t\t\t<div class=\"elementor-widget-container\">\n\t\t\t\t\t\t\t\t\t<p><img decoding=\"async\" class=\"alignnone wp-image-5222 size-large lazyload\" data-src=\"https:\/\/przedszkole.spbrzozowka.pl\/wp-content\/uploads\/2022\/03\/1-1024x726.jpg\" alt=\"\" width=\"1024\" height=\"726\" src=\"data:image\/svg+xml;base64,PHN2ZyB3aWR0aD0iMSIgaGVpZ2h0PSIxIiB4bWxucz0iaHR0cDovL3d3dy53My5vcmcvMjAwMC9zdmciPjwvc3ZnPg==\" style=\"--smush-placeholder-width: 1024px; --smush-placeholder-aspect-ratio: 1024\/726;\" \/><\/p>\t\t\t\t\t\t\t\t<\/div>\n\t\t\t\t<\/div>\n\t\t\t\t\t<\/div>\n\t\t<\/div>\n\t\t\t\t\t<\/div>\n\t\t<\/section>\n\t\t\t\t<section class=\"elementor-section elementor-top-section elementor-element elementor-element-2e11551 elementor-section-boxed elementor-section-height-default elementor-section-height-default\" data-id=\"2e11551\" data-element_type=\"section\" data-e-type=\"section\">\n\t\t\t\t\t\t<div class=\"elementor-container elementor-column-gap-default\">\n\t\t\t\t\t<div class=\"elementor-column elementor-col-100 elementor-top-column elementor-element elementor-element-ec66741\" data-id=\"ec66741\" data-element_type=\"column\" data-e-type=\"column\">\n\t\t\t<div class=\"elementor-widget-wrap elementor-element-populated\">\n\t\t\t\t\t\t<div class=\"elementor-element elementor-element-a621dcc elementor-widget elementor-widget-text-editor\" data-id=\"a621dcc\" data-element_type=\"widget\" data-e-type=\"widget\" data-widget_type=\"text-editor.default\">\n\t\t\t\t<div class=\"elementor-widget-container\">\n\t\t\t\t\t\t\t\t\t<p><img decoding=\"async\" class=\"alignnone wp-image-5203 size-large lazyload\" data-src=\"https:\/\/przedszkole.spbrzozowka.pl\/wp-content\/uploads\/2022\/02\/UKRAINA-1024x819.jpg\" alt=\"\" width=\"1024\" height=\"819\" src=\"data:image\/svg+xml;base64,PHN2ZyB3aWR0aD0iMSIgaGVpZ2h0PSIxIiB4bWxucz0iaHR0cDovL3d3dy53My5vcmcvMjAwMC9zdmciPjwvc3ZnPg==\" style=\"--smush-placeholder-width: 1024px; --smush-placeholder-aspect-ratio: 1024\/819;\" \/><\/p>\t\t\t\t\t\t\t\t<\/div>\n\t\t\t\t<\/div>\n\t\t\t\t\t<\/div>\n\t\t<\/div>\n\t\t\t\t\t<\/div>\n\t\t<\/section>\n\t\t\t\t<section class=\"elementor-section elementor-top-section elementor-element elementor-element-ffdb0ec elementor-section-boxed elementor-section-height-default elementor-section-height-default\" data-id=\"ffdb0ec\" data-element_type=\"section\" data-e-type=\"section\">\n\t\t\t\t\t\t<div class=\"elementor-container elementor-column-gap-default\">\n\t\t\t\t\t<div class=\"elementor-column elementor-col-100 elementor-top-column elementor-element elementor-element-c97c286\" data-id=\"c97c286\" data-element_type=\"column\" data-e-type=\"column\">\n\t\t\t<div class=\"elementor-widget-wrap elementor-element-populated\">\n\t\t\t\t\t\t<div class=\"elementor-element elementor-element-6fc1a6b elementor-widget elementor-widget-text-editor\" data-id=\"6fc1a6b\" data-element_type=\"widget\" data-e-type=\"widget\" data-widget_type=\"text-editor.default\">\n\t\t\t\t<div class=\"elementor-widget-container\">\n\t\t\t\t\t\t\t\t\t<p><img decoding=\"async\" class=\"alignnone wp-image-5144 size-large lazyload\" data-src=\"https:\/\/przedszkole.spbrzozowka.pl\/wp-content\/uploads\/2022\/02\/walentynki-1024x819.jpg\" alt=\"zdj\u0119cia wszystkich grup przedszkolnych z walentynek\" width=\"1024\" height=\"819\" data-srcset=\"https:\/\/przedszkole.spbrzozowka.pl\/wp-content\/uploads\/2022\/02\/walentynki-1024x819.jpg 1024w, https:\/\/przedszkole.spbrzozowka.pl\/wp-content\/uploads\/2022\/02\/walentynki-300x240.jpg 300w, https:\/\/przedszkole.spbrzozowka.pl\/wp-content\/uploads\/2022\/02\/walentynki-768x614.jpg 768w, https:\/\/przedszkole.spbrzozowka.pl\/wp-content\/uploads\/2022\/02\/walentynki-1536x1229.jpg 1536w, https:\/\/przedszkole.spbrzozowka.pl\/wp-content\/uploads\/2022\/02\/walentynki-830x664.jpg 830w, https:\/\/przedszkole.spbrzozowka.pl\/wp-content\/uploads\/2022\/02\/walentynki-230x184.jpg 230w, https:\/\/przedszkole.spbrzozowka.pl\/wp-content\/uploads\/2022\/02\/walentynki-350x280.jpg 350w, https:\/\/przedszkole.spbrzozowka.pl\/wp-content\/uploads\/2022\/02\/walentynki-480x384.jpg 480w, https:\/\/przedszkole.spbrzozowka.pl\/wp-content\/uploads\/2022\/02\/walentynki.jpg 2000w\" data-sizes=\"(max-width: 1024px) 100vw, 1024px\" src=\"data:image\/svg+xml;base64,PHN2ZyB3aWR0aD0iMSIgaGVpZ2h0PSIxIiB4bWxucz0iaHR0cDovL3d3dy53My5vcmcvMjAwMC9zdmciPjwvc3ZnPg==\" style=\"--smush-placeholder-width: 1024px; --smush-placeholder-aspect-ratio: 1024\/819;\" \/><\/p>\t\t\t\t\t\t\t\t<\/div>\n\t\t\t\t<\/div>\n\t\t\t\t\t<\/div>\n\t\t<\/div>\n\t\t\t\t\t<\/div>\n\t\t<\/section>\n\t\t\t\t<section class=\"elementor-section elementor-top-section elementor-element elementor-element-0279681 elementor-section-boxed elementor-section-height-default elementor-section-height-default\" data-id=\"0279681\" data-element_type=\"section\" data-e-type=\"section\">\n\t\t\t\t\t\t<div class=\"elementor-container elementor-column-gap-default\">\n\t\t\t\t\t<div class=\"elementor-column elementor-col-100 elementor-top-column elementor-element elementor-element-2e9cb2f\" data-id=\"2e9cb2f\" data-element_type=\"column\" data-e-type=\"column\">\n\t\t\t<div class=\"elementor-widget-wrap elementor-element-populated\">\n\t\t\t\t\t\t<div class=\"elementor-element elementor-element-0c68404 elementor-widget elementor-widget-text-editor\" data-id=\"0c68404\" data-element_type=\"widget\" data-e-type=\"widget\" data-widget_type=\"text-editor.default\">\n\t\t\t\t<div class=\"elementor-widget-container\">\n\t\t\t\t\t\t\t\t\t<p><img decoding=\"async\" class=\"wp-image-5136 size-large aligncenter lazyload\" data-src=\"https:\/\/przedszkole.spbrzozowka.pl\/wp-content\/uploads\/2022\/02\/273732600_1226136714583176_7953837484638860238_n-724x1024.png\" alt=\"\" width=\"724\" height=\"1024\" data-srcset=\"https:\/\/przedszkole.spbrzozowka.pl\/wp-content\/uploads\/2022\/02\/273732600_1226136714583176_7953837484638860238_n-724x1024.png 724w, https:\/\/przedszkole.spbrzozowka.pl\/wp-content\/uploads\/2022\/02\/273732600_1226136714583176_7953837484638860238_n-212x300.png 212w, https:\/\/przedszkole.spbrzozowka.pl\/wp-content\/uploads\/2022\/02\/273732600_1226136714583176_7953837484638860238_n-768x1086.png 768w, https:\/\/przedszkole.spbrzozowka.pl\/wp-content\/uploads\/2022\/02\/273732600_1226136714583176_7953837484638860238_n-1086x1536.png 1086w, https:\/\/przedszkole.spbrzozowka.pl\/wp-content\/uploads\/2022\/02\/273732600_1226136714583176_7953837484638860238_n-830x1174.png 830w, https:\/\/przedszkole.spbrzozowka.pl\/wp-content\/uploads\/2022\/02\/273732600_1226136714583176_7953837484638860238_n-230x325.png 230w, https:\/\/przedszkole.spbrzozowka.pl\/wp-content\/uploads\/2022\/02\/273732600_1226136714583176_7953837484638860238_n-350x495.png 350w, https:\/\/przedszkole.spbrzozowka.pl\/wp-content\/uploads\/2022\/02\/273732600_1226136714583176_7953837484638860238_n-480x679.png 480w, https:\/\/przedszkole.spbrzozowka.pl\/wp-content\/uploads\/2022\/02\/273732600_1226136714583176_7953837484638860238_n.png 1414w\" data-sizes=\"(max-width: 724px) 100vw, 724px\" src=\"data:image\/svg+xml;base64,PHN2ZyB3aWR0aD0iMSIgaGVpZ2h0PSIxIiB4bWxucz0iaHR0cDovL3d3dy53My5vcmcvMjAwMC9zdmciPjwvc3ZnPg==\" style=\"--smush-placeholder-width: 724px; --smush-placeholder-aspect-ratio: 724\/1024;\" \/><\/p>\t\t\t\t\t\t\t\t<\/div>\n\t\t\t\t<\/div>\n\t\t\t\t\t<\/div>\n\t\t<\/div>\n\t\t\t\t\t<\/div>\n\t\t<\/section>\n\t\t\t\t<section class=\"elementor-section elementor-top-section elementor-element elementor-element-6404858 elementor-section-boxed elementor-section-height-default elementor-section-height-default\" data-id=\"6404858\" data-element_type=\"section\" data-e-type=\"section\">\n\t\t\t\t\t\t<div class=\"elementor-container elementor-column-gap-default\">\n\t\t\t\t\t<div class=\"elementor-column elementor-col-100 elementor-top-column elementor-element elementor-element-fa74e68\" data-id=\"fa74e68\" data-element_type=\"column\" data-e-type=\"column\">\n\t\t\t<div class=\"elementor-widget-wrap elementor-element-populated\">\n\t\t\t\t\t\t<div class=\"elementor-element elementor-element-fc62acc elementor-widget elementor-widget-text-editor\" data-id=\"fc62acc\" data-element_type=\"widget\" data-e-type=\"widget\" data-widget_type=\"text-editor.default\">\n\t\t\t\t<div class=\"elementor-widget-container\">\n\t\t\t\t\t\t\t\t\t<p><img decoding=\"async\" class=\"alignnone wp-image-5113 size-large lazyload\" data-src=\"https:\/\/przedszkole.spbrzozowka.pl\/wp-content\/uploads\/2022\/02\/Bal-karnawalowy-1024x819.jpg\" alt=\"Grupy przedszkolne na balu karnawa\u0142owym 2022r.\" width=\"1024\" height=\"819\" data-srcset=\"https:\/\/przedszkole.spbrzozowka.pl\/wp-content\/uploads\/2022\/02\/Bal-karnawalowy-1024x819.jpg 1024w, https:\/\/przedszkole.spbrzozowka.pl\/wp-content\/uploads\/2022\/02\/Bal-karnawalowy-300x240.jpg 300w, https:\/\/przedszkole.spbrzozowka.pl\/wp-content\/uploads\/2022\/02\/Bal-karnawalowy-768x614.jpg 768w, https:\/\/przedszkole.spbrzozowka.pl\/wp-content\/uploads\/2022\/02\/Bal-karnawalowy-1536x1229.jpg 1536w, https:\/\/przedszkole.spbrzozowka.pl\/wp-content\/uploads\/2022\/02\/Bal-karnawalowy-830x664.jpg 830w, https:\/\/przedszkole.spbrzozowka.pl\/wp-content\/uploads\/2022\/02\/Bal-karnawalowy-230x184.jpg 230w, https:\/\/przedszkole.spbrzozowka.pl\/wp-content\/uploads\/2022\/02\/Bal-karnawalowy-350x280.jpg 350w, https:\/\/przedszkole.spbrzozowka.pl\/wp-content\/uploads\/2022\/02\/Bal-karnawalowy-480x384.jpg 480w, https:\/\/przedszkole.spbrzozowka.pl\/wp-content\/uploads\/2022\/02\/Bal-karnawalowy.jpg 2000w\" data-sizes=\"(max-width: 1024px) 100vw, 1024px\" src=\"data:image\/svg+xml;base64,PHN2ZyB3aWR0aD0iMSIgaGVpZ2h0PSIxIiB4bWxucz0iaHR0cDovL3d3dy53My5vcmcvMjAwMC9zdmciPjwvc3ZnPg==\" style=\"--smush-placeholder-width: 1024px; --smush-placeholder-aspect-ratio: 1024\/819;\" \/><\/p>\t\t\t\t\t\t\t\t<\/div>\n\t\t\t\t<\/div>\n\t\t\t\t\t<\/div>\n\t\t<\/div>\n\t\t\t\t\t<\/div>\n\t\t<\/section>\n\t\t\t\t<section class=\"elementor-section elementor-top-section elementor-element elementor-element-7c74cdc elementor-section-boxed elementor-section-height-default elementor-section-height-default\" data-id=\"7c74cdc\" data-element_type=\"section\" data-e-type=\"section\">\n\t\t\t\t\t\t<div class=\"elementor-container elementor-column-gap-default\">\n\t\t\t\t\t<div class=\"elementor-column elementor-col-100 elementor-top-column elementor-element elementor-element-b8aa4a0\" data-id=\"b8aa4a0\" data-element_type=\"column\" data-e-type=\"column\">\n\t\t\t<div class=\"elementor-widget-wrap elementor-element-populated\">\n\t\t\t\t\t\t<div class=\"elementor-element elementor-element-2f8dfdd elementor-widget elementor-widget-text-editor\" data-id=\"2f8dfdd\" data-element_type=\"widget\" data-e-type=\"widget\" data-widget_type=\"text-editor.default\">\n\t\t\t\t<div class=\"elementor-widget-container\">\n\t\t\t\t\t\t\t\t\t<h2>Zarz\u0105dzenie Nr 6 W\u00f3jta Gminy Obrowo z dnia 24 stycznia 2022 r. w sprawie rekrutacji do oddzia\u0142\u00f3w przedszkolnych, przedszkoli i klas pierwszych.<\/h2><ul><li><a href=\"\/wp-content\/uploads\/2022\/01\/Zarzadzenie-nr-6_2022-Wojta-Gminy-Obrowo-w-sprawie-rekrutacji-do-przedszkoli-oddzialow-przedszkolnych-i-klas-pierwszych.pdf\">Zarz\u0105dzenie nr 6_2022 W\u00f3jta\u00a0 Gminy Obrowo (pdf.)<\/a><\/li><li><a href=\"\/wp-content\/uploads\/2022\/01\/Zalacznik-nr-1.pdf\">Za\u0142\u0105cznik nr 1 (pdf.)<\/a><\/li><li><a href=\"\/wp-content\/uploads\/2022\/01\/Zalacznik-nr-2.pdf\">Za\u0142\u0105cznik nr 2 (pdf.)<\/a><\/li><li><a href=\"\/wp-content\/uploads\/2022\/02\/deklaracja_kontynuacji-str1.pdf\">Deklaracja strona 1 (pdf.)<\/a><\/li><li><a href=\"\/wp-content\/uploads\/2022\/02\/deklaracja_kontynuacji-str2.pdf\">Deklaracja strona 2 (pdf.)<\/a><\/li><\/ul>\t\t\t\t\t\t\t\t<\/div>\n\t\t\t\t<\/div>\n\t\t\t\t\t<\/div>\n\t\t<\/div>\n\t\t\t\t\t<\/div>\n\t\t<\/section>\n\t\t\t\t<section class=\"elementor-section elementor-top-section elementor-element elementor-element-8dba1ba elementor-section-boxed elementor-section-height-default elementor-section-height-default\" data-id=\"8dba1ba\" data-element_type=\"section\" data-e-type=\"section\">\n\t\t\t\t\t\t<div class=\"elementor-container elementor-column-gap-default\">\n\t\t\t\t\t<div class=\"elementor-column elementor-col-100 elementor-top-column elementor-element elementor-element-2e34645\" data-id=\"2e34645\" data-element_type=\"column\" data-e-type=\"column\">\n\t\t\t<div class=\"elementor-widget-wrap elementor-element-populated\">\n\t\t\t\t\t\t<div class=\"elementor-element elementor-element-4b7cf3d elementor-widget elementor-widget-text-editor\" data-id=\"4b7cf3d\" data-element_type=\"widget\" data-e-type=\"widget\" data-widget_type=\"text-editor.default\">\n\t\t\t\t<div class=\"elementor-widget-container\">\n\t\t\t\t\t\t\t\t\t<h2>Pragniemy poinformowa\u0107, \u017ce w Og\u00f3lnopolskim konkursie piosenki patriotycznej pt. &#8222;Polak ma\u0142y&#8221; &#8211; Kacper i Miko\u0142aj z grupy Badacze otrzymali wyr\u00f3\u017cnienie.<\/h2><h2>W Og\u00f3lnopolskim konkursie pt. &#8222;Babcia i Dziadek w poezji i piosence&#8221; Adam z grupy Badaczy zaj\u0105\u0142 II miejsce. Wyrecytowa\u0142 wiersz Wandy Chotomskiej &#8222;Wiersz dla babci&#8221;.<\/h2><h3>Serdecznie gratulujemy zwyci\u0119zcom:) Poni\u017cej znajduj\u0105 si\u0119 linki do nagra\u0144, zapraszamy do obejrzenia.<\/h3><p>Adam &#8211; <a href=\"https:\/\/drive.google.com\/file\/d\/1GUtlQ2AZhIPlyMvD_GuFC9U4vpfDZE2s\/view?usp=sharing\">https:\/\/drive.google.com\/file\/d\/1GUtlQ2AZhIPlyMvD_GuFC9U4vpfDZE2s\/view?usp=sharing<\/a><\/p><p>Kacper i Miko\u0142aj &#8211; <a href=\"https:\/\/drive.google.com\/file\/d\/1lcRPN6YVA7gSCv2-_z9Lmz8tT_GrleWW\/view?usp=sharing\">https:\/\/drive.google.com\/file\/d\/1lcRPN6YVA7gSCv2-_z9Lmz8tT_GrleWW\/view?usp=sharing<\/a><\/p>\t\t\t\t\t\t\t\t<\/div>\n\t\t\t\t<\/div>\n\t\t\t\t\t<\/div>\n\t\t<\/div>\n\t\t\t\t\t<\/div>\n\t\t<\/section>\n\t\t\t\t<section class=\"elementor-section elementor-top-section elementor-element elementor-element-d04bfd0 elementor-section-boxed elementor-section-height-default elementor-section-height-default\" data-id=\"d04bfd0\" data-element_type=\"section\" data-e-type=\"section\">\n\t\t\t\t\t\t<div class=\"elementor-container elementor-column-gap-default\">\n\t\t\t\t\t<div class=\"elementor-column elementor-col-100 elementor-top-column elementor-element elementor-element-4553a75\" data-id=\"4553a75\" data-element_type=\"column\" data-e-type=\"column\">\n\t\t\t<div class=\"elementor-widget-wrap elementor-element-populated\">\n\t\t\t\t\t\t<div class=\"elementor-element elementor-element-adb4927 elementor-widget elementor-widget-text-editor\" data-id=\"adb4927\" data-element_type=\"widget\" data-e-type=\"widget\" data-widget_type=\"text-editor.default\">\n\t\t\t\t<div class=\"elementor-widget-container\">\n\t\t\t\t\t\t\t\t\t<h2>Z okazji zbli\u017caj\u0105cych si\u0119 \u015awi\u0105t Bo\u017cego Narodzenia pragniemy z\u0142o\u017cy\u0107 Pa\u0144stwu \u017cyczenia.<\/h2><h2>Zapraszamy do obejrzenia filmu &#8211;&gt; <strong><a href=\"https:\/\/drive.google.com\/file\/d\/1_KBqm5k_yydVyCmBItlRwm-VK3HpDvzl\/view?usp=sharing\">https:\/\/drive.google.com\/file\/d\/1_KBqm5k_yydVyCmBItlRwm-VK3HpDvzl\/view?usp=sharing<\/a><\/strong><\/h2>\t\t\t\t\t\t\t\t<\/div>\n\t\t\t\t<\/div>\n\t\t\t\t\t<\/div>\n\t\t<\/div>\n\t\t\t\t\t<\/div>\n\t\t<\/section>\n\t\t\t\t<section class=\"elementor-section elementor-top-section elementor-element elementor-element-3ba290e elementor-section-boxed elementor-section-height-default elementor-section-height-default\" data-id=\"3ba290e\" data-element_type=\"section\" data-e-type=\"section\">\n\t\t\t\t\t\t<div class=\"elementor-container elementor-column-gap-default\">\n\t\t\t\t\t<div class=\"elementor-column elementor-col-100 elementor-top-column elementor-element elementor-element-e984d0a\" data-id=\"e984d0a\" data-element_type=\"column\" data-e-type=\"column\">\n\t\t\t<div class=\"elementor-widget-wrap elementor-element-populated\">\n\t\t\t\t\t\t<div class=\"elementor-element elementor-element-c139d74 elementor-widget elementor-widget-image\" data-id=\"c139d74\" data-element_type=\"widget\" data-e-type=\"widget\" data-widget_type=\"image.default\">\n\t\t\t\t<div class=\"elementor-widget-container\">\n\t\t\t\t\t\t\t\t\t\t\t\t<figure class=\"wp-caption\">\n\t\t\t\t\t\t\t\t\t\t<img decoding=\"async\" data-src=\"https:\/\/przedszkole.spbrzozowka.pl\/wp-content\/uploads\/2021\/12\/Wyniki-konkursu-4.jpg\" title=\"\" alt=\"\" src=\"data:image\/svg+xml;base64,PHN2ZyB3aWR0aD0iMSIgaGVpZ2h0PSIxIiB4bWxucz0iaHR0cDovL3d3dy53My5vcmcvMjAwMC9zdmciPjwvc3ZnPg==\" class=\"lazyload\" style=\"--smush-placeholder-width: 437px; --smush-placeholder-aspect-ratio: 437\/310;\" \/>\t\t\t\t\t\t\t\t\t\t\t<figcaption class=\"widget-image-caption wp-caption-text\"><\/figcaption>\n\t\t\t\t\t\t\t\t\t\t<\/figure>\n\t\t\t\t\t\t\t\t\t<\/div>\n\t\t\t\t<\/div>\n\t\t\t\t<div class=\"elementor-element elementor-element-267c87e elementor-widget elementor-widget-text-editor\" data-id=\"267c87e\" data-element_type=\"widget\" data-e-type=\"widget\" data-widget_type=\"text-editor.default\">\n\t\t\t\t<div class=\"elementor-widget-container\">\n\t\t\t\t\t\t\t\t\t<h2 style=\"text-align: center;\">\u00a0Dnia 10 listopada obchodzili\u015bmy w naszym przedszkolu\u00a0 <span style=\"color: #ff0000;\">\u015awi\u0119to Niepodleg\u0142o\u015bci<\/span>. Z tej okazji wszystkie dzieci przysz\u0142y ubrane na galowo i uroczy\u015bcie \u015bwi\u0119towali ten wyj\u0105tkowy dla Nas \u2013 Polak\u00f3w dzie\u0144. Dzieci tego dnia za\u015bpiewa\u0142y, zata\u0144czy\u0142y oraz wyrecytowa\u0142y pi\u0119kne wiersze.<\/h2><h3 style=\"text-align: center;\"><span style=\"text-decoration: underline;\"><strong>Zapraszamy do obejrzenia filmu&#8212;&gt; <\/strong><\/span><a style=\"color: #0000ff;\" href=\"https:\/\/drive.google.com\/file\/d\/1CghJ7_alMkUY4JqcFK1IsW4Nddm5gZuS\/view?usp=sharing\"><em>https:\/\/drive.google.com\/file\/d\/1CghJ7_alMkUY4JqcFK1IsW4Nddm5gZuS\/view?usp=sharing\u00a0<\/em><\/a><\/h3><p>\u00a0<\/p>\t\t\t\t\t\t\t\t<\/div>\n\t\t\t\t<\/div>\n\t\t\t\t\t<\/div>\n\t\t<\/div>\n\t\t\t\t\t<\/div>\n\t\t<\/section>\n\t\t\t\t<section class=\"elementor-section elementor-top-section elementor-element elementor-element-5f368af elementor-section-boxed elementor-section-height-default elementor-section-height-default\" data-id=\"5f368af\" data-element_type=\"section\" data-e-type=\"section\">\n\t\t\t\t\t\t<div class=\"elementor-container elementor-column-gap-default\">\n\t\t\t\t\t<div class=\"elementor-column elementor-col-100 elementor-top-column elementor-element elementor-element-94b1bba\" data-id=\"94b1bba\" data-element_type=\"column\" data-e-type=\"column\">\n\t\t\t<div class=\"elementor-widget-wrap elementor-element-populated\">\n\t\t\t\t\t\t<div class=\"elementor-element elementor-element-5d4b672 elementor-widget elementor-widget-image\" data-id=\"5d4b672\" data-element_type=\"widget\" data-e-type=\"widget\" data-widget_type=\"image.default\">\n\t\t\t\t<div class=\"elementor-widget-container\">\n\t\t\t\t\t\t\t\t\t\t\t\t<figure class=\"wp-caption\">\n\t\t\t\t\t\t\t\t\t\t<img decoding=\"async\" data-src=\"https:\/\/przedszkole.spbrzozowka.pl\/wp-content\/uploads\/2021\/12\/263802671_439313904321920_6177776067249488177_n-1.jpg\" title=\"\" alt=\"\" src=\"data:image\/svg+xml;base64,PHN2ZyB3aWR0aD0iMSIgaGVpZ2h0PSIxIiB4bWxucz0iaHR0cDovL3d3dy53My5vcmcvMjAwMC9zdmciPjwvc3ZnPg==\" class=\"lazyload\" style=\"--smush-placeholder-width: 712px; --smush-placeholder-aspect-ratio: 712\/872;\" \/>\t\t\t\t\t\t\t\t\t\t\t<figcaption class=\"widget-image-caption wp-caption-text\"><\/figcaption>\n\t\t\t\t\t\t\t\t\t\t<\/figure>\n\t\t\t\t\t\t\t\t\t<\/div>\n\t\t\t\t<\/div>\n\t\t\t\t\t<\/div>\n\t\t<\/div>\n\t\t\t\t\t<\/div>\n\t\t<\/section>\n\t\t\t\t<section class=\"elementor-section elementor-top-section elementor-element elementor-element-91134c7 elementor-section-boxed elementor-section-height-default elementor-section-height-default\" data-id=\"91134c7\" data-element_type=\"section\" data-e-type=\"section\">\n\t\t\t\t\t\t<div class=\"elementor-container elementor-column-gap-default\">\n\t\t\t\t\t<div class=\"elementor-column elementor-col-100 elementor-top-column elementor-element elementor-element-8618d52\" data-id=\"8618d52\" data-element_type=\"column\" data-e-type=\"column\">\n\t\t\t<div class=\"elementor-widget-wrap elementor-element-populated\">\n\t\t\t\t\t\t<div class=\"elementor-element elementor-element-d3be558 elementor-widget elementor-widget-image\" data-id=\"d3be558\" data-element_type=\"widget\" data-e-type=\"widget\" data-widget_type=\"image.default\">\n\t\t\t\t<div class=\"elementor-widget-container\">\n\t\t\t\t\t\t\t\t\t\t\t\t<figure class=\"wp-caption\">\n\t\t\t\t\t\t\t\t\t\t<img decoding=\"async\" data-src=\"https:\/\/przedszkole.spbrzozowka.pl\/wp-content\/uploads\/2021\/12\/Merry-Christmas-and-Happy-New-Year-Printable-Poster.jpg\" title=\"\" alt=\"\" src=\"data:image\/svg+xml;base64,PHN2ZyB3aWR0aD0iMSIgaGVpZ2h0PSIxIiB4bWxucz0iaHR0cDovL3d3dy53My5vcmcvMjAwMC9zdmciPjwvc3ZnPg==\" class=\"lazyload\" style=\"--smush-placeholder-width: 1587px; --smush-placeholder-aspect-ratio: 1587\/2245;\" \/>\t\t\t\t\t\t\t\t\t\t\t<figcaption class=\"widget-image-caption wp-caption-text\"><\/figcaption>\n\t\t\t\t\t\t\t\t\t\t<\/figure>\n\t\t\t\t\t\t\t\t\t<\/div>\n\t\t\t\t<\/div>\n\t\t\t\t\t<\/div>\n\t\t<\/div>\n\t\t\t\t\t<\/div>\n\t\t<\/section>\n\t\t\t\t<section class=\"elementor-section elementor-top-section elementor-element elementor-element-68b9357 elementor-section-boxed elementor-section-height-default elementor-section-height-default\" data-id=\"68b9357\" data-element_type=\"section\" data-e-type=\"section\">\n\t\t\t\t\t\t<div class=\"elementor-container elementor-column-gap-default\">\n\t\t\t\t\t<div class=\"elementor-column elementor-col-100 elementor-top-column elementor-element elementor-element-3d5810c\" data-id=\"3d5810c\" data-element_type=\"column\" data-e-type=\"column\">\n\t\t\t<div class=\"elementor-widget-wrap elementor-element-populated\">\n\t\t\t\t\t\t<div class=\"elementor-element elementor-element-4e125e3 elementor-widget elementor-widget-image\" data-id=\"4e125e3\" data-element_type=\"widget\" data-e-type=\"widget\" data-widget_type=\"image.default\">\n\t\t\t\t<div class=\"elementor-widget-container\">\n\t\t\t\t\t\t\t\t\t\t\t\t<figure class=\"wp-caption\">\n\t\t\t\t\t\t\t\t\t\t<img decoding=\"async\" data-src=\"https:\/\/przedszkole.spbrzozowka.pl\/wp-content\/uploads\/2021\/11\/Bardzo-dziekujemy.jpg\" title=\"\" alt=\"\" src=\"data:image\/svg+xml;base64,PHN2ZyB3aWR0aD0iMSIgaGVpZ2h0PSIxIiB4bWxucz0iaHR0cDovL3d3dy53My5vcmcvMjAwMC9zdmciPjwvc3ZnPg==\" class=\"lazyload\" style=\"--smush-placeholder-width: 1748px; --smush-placeholder-aspect-ratio: 1748\/1240;\" \/>\t\t\t\t\t\t\t\t\t\t\t<figcaption class=\"widget-image-caption wp-caption-text\"><\/figcaption>\n\t\t\t\t\t\t\t\t\t\t<\/figure>\n\t\t\t\t\t\t\t\t\t<\/div>\n\t\t\t\t<\/div>\n\t\t\t\t\t<\/div>\n\t\t<\/div>\n\t\t\t\t\t<\/div>\n\t\t<\/section>\n\t\t\t\t<section class=\"elementor-section elementor-top-section elementor-element elementor-element-35d3099 elementor-section-boxed elementor-section-height-default elementor-section-height-default\" data-id=\"35d3099\" data-element_type=\"section\" data-e-type=\"section\">\n\t\t\t\t\t\t<div class=\"elementor-container elementor-column-gap-default\">\n\t\t\t\t\t<div class=\"elementor-column elementor-col-100 elementor-top-column elementor-element elementor-element-bb3fe11\" data-id=\"bb3fe11\" data-element_type=\"column\" data-e-type=\"column\">\n\t\t\t<div class=\"elementor-widget-wrap elementor-element-populated\">\n\t\t\t\t\t\t<div class=\"elementor-element elementor-element-2bac8b1 elementor-widget elementor-widget-text-editor\" data-id=\"2bac8b1\" data-element_type=\"widget\" data-e-type=\"widget\" data-widget_type=\"text-editor.default\">\n\t\t\t\t<div class=\"elementor-widget-container\">\n\t\t\t\t\t\t\t\t\t<h2 style=\"text-align: center;\">\u00a0Dnia 10 listopada obchodzili\u015bmy w naszym przedszkolu\u00a0 <span style=\"color: #ff0000;\">\u015awi\u0119to Niepodleg\u0142o\u015bci<\/span>. Z tej okazji wszystkie dzieci przysz\u0142y ubrane na galowo i uroczy\u015bcie \u015bwi\u0119towali ten wyj\u0105tkowy dla Nas \u2013 Polak\u00f3w dzie\u0144. Dzieci tego dnia za\u015bpiewa\u0142y, zata\u0144czy\u0142y oraz wyrecytowa\u0142y pi\u0119kne wiersze.<\/h2><h3 style=\"text-align: center;\"><span style=\"text-decoration: underline;\"><strong>Zapraszamy do obejrzenia filmu&#8212;&gt; <\/strong><\/span><a style=\"color: #0000ff;\" href=\"https:\/\/drive.google.com\/file\/d\/1CghJ7_alMkUY4JqcFK1IsW4Nddm5gZuS\/view?usp=sharing\"><em>https:\/\/drive.google.com\/file\/d\/1CghJ7_alMkUY4JqcFK1IsW4Nddm5gZuS\/view?usp=sharing\u00a0<\/em><\/a><\/h3><p>\u00a0<\/p>\t\t\t\t\t\t\t\t<\/div>\n\t\t\t\t<\/div>\n\t\t\t\t\t<\/div>\n\t\t<\/div>\n\t\t\t\t\t<\/div>\n\t\t<\/section>\n\t\t\t\t<section class=\"elementor-section elementor-top-section elementor-element elementor-element-6b62b02 elementor-section-boxed elementor-section-height-default elementor-section-height-default\" data-id=\"6b62b02\" data-element_type=\"section\" data-e-type=\"section\">\n\t\t\t\t\t\t<div class=\"elementor-container elementor-column-gap-default\">\n\t\t\t\t\t<div class=\"elementor-column elementor-col-100 elementor-top-column elementor-element elementor-element-9abba0e\" data-id=\"9abba0e\" data-element_type=\"column\" data-e-type=\"column\">\n\t\t\t<div class=\"elementor-widget-wrap elementor-element-populated\">\n\t\t\t\t\t\t<div class=\"elementor-element elementor-element-a714c4a elementor-widget elementor-widget-image\" data-id=\"a714c4a\" data-element_type=\"widget\" data-e-type=\"widget\" data-widget_type=\"image.default\">\n\t\t\t\t<div class=\"elementor-widget-container\">\n\t\t\t\t\t\t\t\t\t\t\t\t<figure class=\"wp-caption\">\n\t\t\t\t\t\t\t\t\t\t<img decoding=\"async\" data-src=\"https:\/\/przedszkole.spbrzozowka.pl\/wp-content\/uploads\/2021\/11\/251345537_916465839245777_9011831483522049608_n.jpg\" title=\"\" alt=\"\" src=\"data:image\/svg+xml;base64,PHN2ZyB3aWR0aD0iMSIgaGVpZ2h0PSIxIiB4bWxucz0iaHR0cDovL3d3dy53My5vcmcvMjAwMC9zdmciPjwvc3ZnPg==\" class=\"lazyload\" style=\"--smush-placeholder-width: 543px; --smush-placeholder-aspect-ratio: 543\/768;\" \/>\t\t\t\t\t\t\t\t\t\t\t<figcaption class=\"widget-image-caption wp-caption-text\"><\/figcaption>\n\t\t\t\t\t\t\t\t\t\t<\/figure>\n\t\t\t\t\t\t\t\t\t<\/div>\n\t\t\t\t<\/div>\n\t\t\t\t\t<\/div>\n\t\t<\/div>\n\t\t\t\t\t<\/div>\n\t\t<\/section>\n\t\t\t\t<section class=\"elementor-section elementor-top-section elementor-element elementor-element-8b6d163 elementor-section-boxed elementor-section-height-default elementor-section-height-default\" data-id=\"8b6d163\" data-element_type=\"section\" data-e-type=\"section\">\n\t\t\t\t\t\t<div class=\"elementor-container elementor-column-gap-default\">\n\t\t\t\t\t<div class=\"elementor-column elementor-col-100 elementor-top-column elementor-element elementor-element-3601ff8\" data-id=\"3601ff8\" data-element_type=\"column\" data-e-type=\"column\">\n\t\t\t<div class=\"elementor-widget-wrap elementor-element-populated\">\n\t\t\t\t\t\t<div class=\"elementor-element elementor-element-4ef84be elementor-widget elementor-widget-image\" data-id=\"4ef84be\" data-element_type=\"widget\" data-e-type=\"widget\" data-widget_type=\"image.default\">\n\t\t\t\t<div class=\"elementor-widget-container\">\n\t\t\t\t\t\t\t\t\t\t\t\t<figure class=\"wp-caption\">\n\t\t\t\t\t\t\t\t\t\t<img decoding=\"async\" data-src=\"https:\/\/przedszkole.spbrzozowka.pl\/wp-content\/uploads\/2021\/10\/Przeglad-piosenki-jesiennej.jpg\" title=\"\" alt=\"\" src=\"data:image\/svg+xml;base64,PHN2ZyB3aWR0aD0iMSIgaGVpZ2h0PSIxIiB4bWxucz0iaHR0cDovL3d3dy53My5vcmcvMjAwMC9zdmciPjwvc3ZnPg==\" class=\"lazyload\" style=\"--smush-placeholder-width: 2000px; --smush-placeholder-aspect-ratio: 2000\/1600;\" \/>\t\t\t\t\t\t\t\t\t\t\t<figcaption class=\"widget-image-caption wp-caption-text\">Dnia 27 pa\u017adziernika odby\u0142 si\u0119 w naszym przedszkolu Przegl\u0105d Piosenki Jesiennej. Ka\u017cda grupa ubrana w kolory jesieni czy opaski jesienne za\u015bpiewa\u0142a piosenk\u0119 jesienn\u0105. Nast\u0119pnie ch\u0119tne dzieci indywidualnie przygotowane w domu przez rodzic\u00f3w zaprezentowa\u0142y swoj\u0105 piosenk\u0119 zwi\u0105zan\u0105 z t\u0105 por\u0105 roku. Ka\u017cdy uczestnik otrzyma\u0142 dyplom i nagrod\u0119. Dzieci r\u00f3wnie\u017c bra\u0142y udzia\u0142 w zabawach  ruchowych z kasztanami i rozwi\u0105zywa\u0142y jesienne zagadki. Dzi\u0119kujemy wszystkim dzieciom, zw\u0142aszcza uczestnikom wyst\u0119p\u00f3w indywidualnych za pi\u0119kne wyst\u0119py i odwag\u0119!<\/figcaption>\n\t\t\t\t\t\t\t\t\t\t<\/figure>\n\t\t\t\t\t\t\t\t\t<\/div>\n\t\t\t\t<\/div>\n\t\t\t\t\t<\/div>\n\t\t<\/div>\n\t\t\t\t\t<\/div>\n\t\t<\/section>\n\t\t\t\t<section class=\"elementor-section elementor-top-section elementor-element elementor-element-058489f elementor-section-boxed elementor-section-height-default elementor-section-height-default\" data-id=\"058489f\" data-element_type=\"section\" data-e-type=\"section\">\n\t\t\t\t\t\t<div class=\"elementor-container elementor-column-gap-default\">\n\t\t\t\t\t<div class=\"elementor-column elementor-col-100 elementor-top-column elementor-element elementor-element-06913ec\" data-id=\"06913ec\" data-element_type=\"column\" data-e-type=\"column\">\n\t\t\t<div class=\"elementor-widget-wrap elementor-element-populated\">\n\t\t\t\t\t\t<div class=\"elementor-element elementor-element-cf8dbb9 elementor-widget elementor-widget-image\" data-id=\"cf8dbb9\" data-element_type=\"widget\" data-e-type=\"widget\" data-widget_type=\"image.default\">\n\t\t\t\t<div class=\"elementor-widget-container\">\n\t\t\t\t\t\t\t\t\t\t\t\t\t\t\t<img decoding=\"async\" data-src=\"https:\/\/przedszkole.spbrzozowka.pl\/wp-content\/uploads\/2021\/10\/DYPLOM-DLA-ZA-ZAJECIE-I-MIEJSCA-w-konkursie-plastyczno-logopedycznym.jpg\" title=\"\" alt=\"\" src=\"data:image\/svg+xml;base64,PHN2ZyB3aWR0aD0iMSIgaGVpZ2h0PSIxIiB4bWxucz0iaHR0cDovL3d3dy53My5vcmcvMjAwMC9zdmciPjwvc3ZnPg==\" class=\"lazyload\" style=\"--smush-placeholder-width: 1587px; --smush-placeholder-aspect-ratio: 1587\/2245;\" \/>\t\t\t\t\t\t\t\t\t\t\t\t\t\t\t<\/div>\n\t\t\t\t<\/div>\n\t\t\t\t\t<\/div>\n\t\t<\/div>\n\t\t\t\t\t<\/div>\n\t\t<\/section>\n\t\t\t\t<section class=\"elementor-section elementor-top-section elementor-element elementor-element-219d73d elementor-section-boxed elementor-section-height-default elementor-section-height-default\" data-id=\"219d73d\" data-element_type=\"section\" data-e-type=\"section\">\n\t\t\t\t\t\t<div class=\"elementor-container elementor-column-gap-default\">\n\t\t\t\t\t<div class=\"elementor-column elementor-col-100 elementor-top-column elementor-element elementor-element-e189508\" data-id=\"e189508\" data-element_type=\"column\" data-e-type=\"column\">\n\t\t\t<div class=\"elementor-widget-wrap elementor-element-populated\">\n\t\t\t\t\t\t<div class=\"elementor-element elementor-element-c72a020 elementor-widget elementor-widget-image\" data-id=\"c72a020\" data-element_type=\"widget\" data-e-type=\"widget\" data-widget_type=\"image.default\">\n\t\t\t\t<div class=\"elementor-widget-container\">\n\t\t\t\t\t\t\t\t\t\t\t\t\t\t\t<img decoding=\"async\" data-src=\"https:\/\/przedszkole.spbrzozowka.pl\/wp-content\/uploads\/2021\/10\/243787117_662635191792874_5878806745047473908_n.jpg\" title=\"\" alt=\"\" src=\"data:image\/svg+xml;base64,PHN2ZyB3aWR0aD0iMSIgaGVpZ2h0PSIxIiB4bWxucz0iaHR0cDovL3d3dy53My5vcmcvMjAwMC9zdmciPjwvc3ZnPg==\" class=\"lazyload\" style=\"--smush-placeholder-width: 543px; --smush-placeholder-aspect-ratio: 543\/768;\" \/>\t\t\t\t\t\t\t\t\t\t\t\t\t\t\t<\/div>\n\t\t\t\t<\/div>\n\t\t\t\t\t<\/div>\n\t\t<\/div>\n\t\t\t\t\t<\/div>\n\t\t<\/section>\n\t\t\t\t<section class=\"elementor-section elementor-top-section elementor-element elementor-element-1e5854e elementor-section-boxed elementor-section-height-default elementor-section-height-default\" data-id=\"1e5854e\" data-element_type=\"section\" data-e-type=\"section\">\n\t\t\t\t\t\t<div class=\"elementor-container elementor-column-gap-default\">\n\t\t\t\t\t<div class=\"elementor-column elementor-col-100 elementor-top-column elementor-element elementor-element-a8b7b06\" data-id=\"a8b7b06\" data-element_type=\"column\" data-e-type=\"column\">\n\t\t\t<div class=\"elementor-widget-wrap elementor-element-populated\">\n\t\t\t\t\t\t<div class=\"elementor-element elementor-element-9e3bb45 elementor-widget elementor-widget-text-editor\" data-id=\"9e3bb45\" data-element_type=\"widget\" data-e-type=\"widget\" data-widget_type=\"text-editor.default\">\n\t\t\t\t<div class=\"elementor-widget-container\">\n\t\t\t\t\t\t\t\t\t<h2 style=\"text-align: center;\"><strong><a href=\"\/wp-content\/uploads\/2021\/09\/video-1632742612.mp4\">Z okazji Og\u00f3lnopolskiego Dnia G\u0142o\u015bnego Czytania, specjalnie dla naszych przedszkolak\u00f3w aktorka Dominika Gwit przeczyta\u0142a wierszyk pt. &#8222;Na wyspach Bergamutach&#8221;. Zapraszamy do wys\u0142uchania wiersza:)<\/a><\/strong><\/h2>\t\t\t\t\t\t\t\t<\/div>\n\t\t\t\t<\/div>\n\t\t\t\t\t<\/div>\n\t\t<\/div>\n\t\t\t\t\t<\/div>\n\t\t<\/section>\n\t\t\t\t<section class=\"elementor-section elementor-top-section elementor-element elementor-element-a521987 elementor-section-boxed elementor-section-height-default elementor-section-height-default\" data-id=\"a521987\" data-element_type=\"section\" data-e-type=\"section\">\n\t\t\t\t\t\t<div class=\"elementor-container elementor-column-gap-default\">\n\t\t\t\t\t<div class=\"elementor-column elementor-col-100 elementor-top-column elementor-element elementor-element-bdf90bf\" data-id=\"bdf90bf\" data-element_type=\"column\" data-e-type=\"column\">\n\t\t\t<div class=\"elementor-widget-wrap elementor-element-populated\">\n\t\t\t\t\t\t<div class=\"elementor-element elementor-element-ed7321e elementor-widget elementor-widget-text-editor\" data-id=\"ed7321e\" data-element_type=\"widget\" data-e-type=\"widget\" data-widget_type=\"text-editor.default\">\n\t\t\t\t<div class=\"elementor-widget-container\">\n\t\t\t\t\t\t\t\t\t<h2 style=\"text-align: left;\"><strong><span style=\"color: #ff0000;\"><span style=\"text-decoration: underline;\">15 wrze\u015bnia<\/span> w naszym przedszkolu <\/span><\/strong><\/h2><h2 style=\"text-align: left;\"><strong><span style=\"color: #ff0000;\">obchodzili\u015bmy <\/span><\/strong><strong><span style=\"color: #ff0000;\"><span style=\"text-decoration: underline;\">Mi\u0119dzynarodowy Dzie\u0144 Kropki.<\/span><\/span><\/strong><\/h2><h2 style=\"text-align: left;\"><strong><span style=\"color: #ff0000;\"> Wprowadzeniem do zaj\u0119\u0107 by\u0142a bajka <\/span><\/strong><\/h2><h2 style=\"text-align: left;\"><strong><span style=\"color: #ff0000;\">pt.&#8221;The Dot&#8221; (czyli Kropka), <\/span><\/strong><\/h2><h2 style=\"text-align: left;\"><strong><span style=\"color: #ff0000;\">w kt\u00f3rej opowiedziana zosta\u0142a historia <\/span><\/strong><\/h2><h2 style=\"text-align: left;\"><strong><span style=\"color: #ff0000;\">ma\u0142ej dziewczynki Vashtii.<\/span><\/strong><\/h2><h2 style=\"text-align: left;\"><strong><span style=\"color: #ff0000;\">U\u015bwiadomi\u0142o to dzieciom fakt,<\/span><\/strong><\/h2><h2 style=\"text-align: left;\"><strong><span style=\"color: #ff0000;\"> \u017ce <\/span><\/strong><strong><span style=\"color: #ff0000;\">w ka\u017cdym drzemie inny talent <\/span><\/strong><\/h2><h2 style=\"text-align: left;\"><strong><span style=\"color: #ff0000;\">i ka\u017cdy z nas jest wyj\u0105tkowy. <\/span><\/strong><\/h2><h2 style=\"text-align: left;\"><strong><span style=\"color: #ff0000;\">Tego dnia by\u0142o tw\u00f3rczo i rado\u015bnie:)<\/span><\/strong><\/h2>\t\t\t\t\t\t\t\t<\/div>\n\t\t\t\t<\/div>\n\t\t\t\t\t<\/div>\n\t\t<\/div>\n\t\t\t\t\t<\/div>\n\t\t<\/section>\n\t\t\t\t<section class=\"elementor-section elementor-top-section elementor-element elementor-element-ad5bf6a elementor-section-boxed elementor-section-height-default elementor-section-height-default\" data-id=\"ad5bf6a\" data-element_type=\"section\" data-e-type=\"section\">\n\t\t\t\t\t\t<div class=\"elementor-container elementor-column-gap-default\">\n\t\t\t\t\t<div class=\"elementor-column elementor-col-100 elementor-top-column elementor-element elementor-element-a2cee9f\" data-id=\"a2cee9f\" data-element_type=\"column\" data-e-type=\"column\">\n\t\t\t<div class=\"elementor-widget-wrap elementor-element-populated\">\n\t\t\t\t\t\t<div class=\"elementor-element elementor-element-e285c7d elementor-widget elementor-widget-text-editor\" data-id=\"e285c7d\" data-element_type=\"widget\" data-e-type=\"widget\" data-widget_type=\"text-editor.default\">\n\t\t\t\t<div class=\"elementor-widget-container\">\n\t\t\t\t\t\t\t\t\t<h2 style=\"text-align: center;\">\u00a0<\/h2><h2 style=\"text-align: center;\"><span style=\"text-decoration: underline; color: #ff0000;\"><strong>ZEBRANIA Z RODZICAMI ODB\u0118D\u0104 SI\u0118 16.09.2021 R. <\/strong><\/span><\/h2><h2 style=\"text-align: center;\"><strong>Prosimy, aby w zebraniu uczestniczy\u0142 jeden rodzic\/opiekun prawny. Przypominamy o zasadach bezpiecze\u0144stwa \u2013 obowi\u0105zkowa maseczka oraz dezynfekcja d\u0142oni po wej\u015bciu do plac\u00f3wki.<\/strong><\/h2><table width=\"784\"><tbody><tr><td width=\"56\"><p><strong>lp<\/strong><\/p><\/td><td width=\"322\"><p><strong>Nazwa grupy<\/strong><\/p><\/td><td width=\"189\"><p><strong>Godzina zebrania<\/strong><\/p><\/td><td width=\"217\"><p><strong>Wej\u015bcie<\/strong><\/p><\/td><\/tr><tr><td width=\"56\"><p><strong>1.<\/strong><\/p><\/td><td width=\"322\"><p><strong>I ODKRYWCY<\/strong><\/p><\/td><td width=\"189\"><p><strong>17.00<\/strong><\/p><\/td><td width=\"217\"><p><strong>Wej\u015bcie g\u0142\u00f3wne<\/strong><\/p><\/td><\/tr><tr><td width=\"56\"><p><strong>2.<\/strong><\/p><\/td><td width=\"322\"><p><strong>II W\u0118DROWCY<\/strong><\/p><\/td><td width=\"189\"><p><strong>17.00<\/strong><\/p><\/td><td width=\"217\"><p><strong>Wej\u015bcie od strony polo<\/strong><\/p><\/td><\/tr><tr><td width=\"56\"><p><strong>3.<\/strong><\/p><\/td><td width=\"322\"><p><strong>III PODR\u00d3\u017bNICY<\/strong><\/p><\/td><td width=\"189\"><p><strong>17:15<\/strong><\/p><\/td><td width=\"217\"><p><strong>Wej\u015bcie g\u0142\u00f3wne<\/strong><\/p><\/td><\/tr><tr><td width=\"56\"><p><strong>4.<\/strong><\/p><\/td><td width=\"322\"><p><strong>IV BADACZE<\/strong><\/p><\/td><td width=\"189\"><p><strong>17:30<\/strong><\/p><\/td><td width=\"217\"><p><strong>Wej\u015bcie g\u0142\u00f3wne<\/strong><\/p><\/td><\/tr><tr><td width=\"56\"><p><strong>5.<\/strong><\/p><\/td><td width=\"322\"><p><strong>V POSZUKIWACZE<\/strong><\/p><\/td><td width=\"189\"><p><strong>17.45<\/strong><\/p><\/td><td width=\"217\"><p><strong>Wej\u015bcie od strony polo<\/strong><\/p><\/td><\/tr><tr><td width=\"56\"><p><strong>6.<\/strong><\/p><\/td><td width=\"322\"><p><strong>VI TROPICIELE<\/strong><\/p><\/td><td width=\"189\"><p><strong>17:45<\/strong><\/p><\/td><td width=\"217\"><p><strong>Wej\u015bcie g\u0142\u00f3wne<\/strong><\/p><\/td><\/tr><\/tbody><\/table>\t\t\t\t\t\t\t\t<\/div>\n\t\t\t\t<\/div>\n\t\t\t\t\t<\/div>\n\t\t<\/div>\n\t\t\t\t\t<\/div>\n\t\t<\/section>\n\t\t\t\t<section class=\"elementor-section elementor-top-section elementor-element elementor-element-3938329 elementor-section-boxed elementor-section-height-default elementor-section-height-default\" data-id=\"3938329\" data-element_type=\"section\" data-e-type=\"section\">\n\t\t\t\t\t\t<div class=\"elementor-container elementor-column-gap-default\">\n\t\t\t\t\t<div class=\"elementor-column elementor-col-100 elementor-top-column elementor-element elementor-element-cab3e6f\" data-id=\"cab3e6f\" data-element_type=\"column\" data-e-type=\"column\">\n\t\t\t<div class=\"elementor-widget-wrap elementor-element-populated\">\n\t\t\t\t\t\t<div class=\"elementor-element elementor-element-d09f9a4 elementor-widget elementor-widget-text-editor\" data-id=\"d09f9a4\" data-element_type=\"widget\" data-e-type=\"widget\" data-widget_type=\"text-editor.default\">\n\t\t\t\t<div class=\"elementor-widget-container\">\n\t\t\t\t\t\t\t\t\t<h2 style=\"text-align: center;\"><strong><a href=\"\/wp-content\/uploads\/2021\/08\/wewnetrzne-procedury-bezpieczenstwa-i-higieny-zajec-dydaktyczno-opiekunczych-1-1.docx\">Zapraszamy do zapoznania si\u0119 z wewn\u0119trznymi procedurami bezpiecze\u0144stwa i higieny nauki dydaktyczno-opieku\u0144czej.<\/a><\/strong><\/h2>\t\t\t\t\t\t\t\t<\/div>\n\t\t\t\t<\/div>\n\t\t\t\t\t<\/div>\n\t\t<\/div>\n\t\t\t\t\t<\/div>\n\t\t<\/section>\n\t\t\t\t<section class=\"elementor-section elementor-top-section elementor-element elementor-element-decea16 elementor-section-height-min-height elementor-section-boxed elementor-section-height-default elementor-section-items-middle\" data-id=\"decea16\" data-element_type=\"section\" data-e-type=\"section\" data-settings=\"{&quot;background_background&quot;:&quot;classic&quot;}\">\n\t\t\t\t\t\t<div class=\"elementor-container elementor-column-gap-default\">\n\t\t\t\t\t<div class=\"elementor-column elementor-col-100 elementor-top-column elementor-element elementor-element-3087f76\" data-id=\"3087f76\" data-element_type=\"column\" data-e-type=\"column\">\n\t\t\t<div class=\"elementor-widget-wrap\">\n\t\t\t\t\t\t\t<\/div>\n\t\t<\/div>\n\t\t\t\t\t<\/div>\n\t\t<\/section>\n\t\t\t\t<section class=\"elementor-section elementor-top-section elementor-element elementor-element-744f16f elementor-section-boxed elementor-section-height-default elementor-section-height-default\" data-id=\"744f16f\" data-element_type=\"section\" data-e-type=\"section\">\n\t\t\t\t\t\t<div class=\"elementor-container elementor-column-gap-default\">\n\t\t\t\t\t<div class=\"elementor-column elementor-col-100 elementor-top-column elementor-element elementor-element-11d91ac\" data-id=\"11d91ac\" data-element_type=\"column\" data-e-type=\"column\">\n\t\t\t<div class=\"elementor-widget-wrap elementor-element-populated\">\n\t\t\t\t\t\t<div class=\"elementor-element elementor-element-316c826 elementor-widget elementor-widget-heading\" data-id=\"316c826\" data-element_type=\"widget\" data-e-type=\"widget\" data-widget_type=\"heading.default\">\n\t\t\t\t<div class=\"elementor-widget-container\">\n\t\t\t\t\t<h1 class=\"elementor-heading-title elementor-size-large\">Patronaci i organizacje wsp\u00f3\u0142pracuj\u0105ce<br><\/h1>\t\t\t\t<\/div>\n\t\t\t\t<\/div>\n\t\t\t\t\t<\/div>\n\t\t<\/div>\n\t\t\t\t\t<\/div>\n\t\t<\/section>\n\t\t\t\t<section class=\"elementor-section elementor-top-section elementor-element elementor-element-e1771e9 elementor-section-boxed elementor-section-height-default elementor-section-height-default\" data-id=\"e1771e9\" data-element_type=\"section\" data-e-type=\"section\">\n\t\t\t\t\t\t<div class=\"elementor-container elementor-column-gap-default\">\n\t\t\t\t\t<div class=\"elementor-column elementor-col-33 elementor-top-column elementor-element elementor-element-595a334\" data-id=\"595a334\" data-element_type=\"column\" data-e-type=\"column\">\n\t\t\t<div class=\"elementor-widget-wrap elementor-element-populated\">\n\t\t\t\t\t\t<div class=\"elementor-element elementor-element-098abfe elementor-widget elementor-widget-image\" data-id=\"098abfe\" data-element_type=\"widget\" data-e-type=\"widget\" data-widget_type=\"image.default\">\n\t\t\t\t<div class=\"elementor-widget-container\">\n\t\t\t\t\t\t\t\t\t\t\t\t\t\t\t<img decoding=\"async\" width=\"127\" height=\"127\" data-src=\"https:\/\/przedszkole.spbrzozowka.pl\/wp-content\/uploads\/2020\/11\/p1.gif\" class=\"attachment-large size-large wp-image-1205 lazyload\" alt=\"\" src=\"data:image\/svg+xml;base64,PHN2ZyB3aWR0aD0iMSIgaGVpZ2h0PSIxIiB4bWxucz0iaHR0cDovL3d3dy53My5vcmcvMjAwMC9zdmciPjwvc3ZnPg==\" style=\"--smush-placeholder-width: 127px; --smush-placeholder-aspect-ratio: 127\/127;\" \/>\t\t\t\t\t\t\t\t\t\t\t\t\t\t\t<\/div>\n\t\t\t\t<\/div>\n\t\t\t\t\t<\/div>\n\t\t<\/div>\n\t\t\t\t<div class=\"elementor-column elementor-col-33 elementor-top-column elementor-element elementor-element-6138bbb\" data-id=\"6138bbb\" data-element_type=\"column\" data-e-type=\"column\">\n\t\t\t<div class=\"elementor-widget-wrap elementor-element-populated\">\n\t\t\t\t\t\t<div class=\"elementor-element elementor-element-9027b8c elementor-widget elementor-widget-image\" data-id=\"9027b8c\" data-element_type=\"widget\" data-e-type=\"widget\" data-widget_type=\"image.default\">\n\t\t\t\t<div class=\"elementor-widget-container\">\n\t\t\t\t\t\t\t\t\t\t\t\t\t\t\t<img decoding=\"async\" width=\"356\" height=\"112\" data-src=\"https:\/\/przedszkole.spbrzozowka.pl\/wp-content\/uploads\/2020\/11\/p2.png\" class=\"attachment-large size-large wp-image-1207 lazyload\" alt=\"\" data-srcset=\"https:\/\/przedszkole.spbrzozowka.pl\/wp-content\/uploads\/2020\/11\/p2.png 356w, https:\/\/przedszkole.spbrzozowka.pl\/wp-content\/uploads\/2020\/11\/p2-300x94.png 300w, https:\/\/przedszkole.spbrzozowka.pl\/wp-content\/uploads\/2020\/11\/p2-230x72.png 230w, https:\/\/przedszkole.spbrzozowka.pl\/wp-content\/uploads\/2020\/11\/p2-350x110.png 350w\" data-sizes=\"(max-width: 356px) 100vw, 356px\" src=\"data:image\/svg+xml;base64,PHN2ZyB3aWR0aD0iMSIgaGVpZ2h0PSIxIiB4bWxucz0iaHR0cDovL3d3dy53My5vcmcvMjAwMC9zdmciPjwvc3ZnPg==\" style=\"--smush-placeholder-width: 356px; --smush-placeholder-aspect-ratio: 356\/112;\" \/>\t\t\t\t\t\t\t\t\t\t\t\t\t\t\t<\/div>\n\t\t\t\t<\/div>\n\t\t\t\t\t<\/div>\n\t\t<\/div>\n\t\t\t\t<div class=\"elementor-column elementor-col-33 elementor-top-column elementor-element elementor-element-9a15b74\" data-id=\"9a15b74\" data-element_type=\"column\" data-e-type=\"column\">\n\t\t\t<div class=\"elementor-widget-wrap elementor-element-populated\">\n\t\t\t\t\t\t<div class=\"elementor-element elementor-element-0aef4f7 elementor-widget elementor-widget-image\" data-id=\"0aef4f7\" data-element_type=\"widget\" data-e-type=\"widget\" data-widget_type=\"image.default\">\n\t\t\t\t<div class=\"elementor-widget-container\">\n\t\t\t\t\t\t\t\t\t\t\t\t\t\t\t<img decoding=\"async\" width=\"187\" height=\"149\" data-src=\"https:\/\/przedszkole.spbrzozowka.pl\/wp-content\/uploads\/2020\/11\/p3.gif\" class=\"attachment-large size-large wp-image-1206 lazyload\" alt=\"\" src=\"data:image\/svg+xml;base64,PHN2ZyB3aWR0aD0iMSIgaGVpZ2h0PSIxIiB4bWxucz0iaHR0cDovL3d3dy53My5vcmcvMjAwMC9zdmciPjwvc3ZnPg==\" style=\"--smush-placeholder-width: 187px; --smush-placeholder-aspect-ratio: 187\/149;\" \/>\t\t\t\t\t\t\t\t\t\t\t\t\t\t\t<\/div>\n\t\t\t\t<\/div>\n\t\t\t\t\t<\/div>\n\t\t<\/div>\n\t\t\t\t\t<\/div>\n\t\t<\/section>\n\t\t\t\t<section class=\"elementor-section elementor-top-section elementor-element elementor-element-20ffa9c elementor-section-boxed elementor-section-height-default elementor-section-height-default\" data-id=\"20ffa9c\" data-element_type=\"section\" data-e-type=\"section\" id=\"main-adres\">\n\t\t\t\t\t\t<div class=\"elementor-container elementor-column-gap-default\">\n\t\t\t\t\t<div class=\"elementor-column elementor-col-50 elementor-top-column elementor-element elementor-element-4591157\" data-id=\"4591157\" data-element_type=\"column\" data-e-type=\"column\">\n\t\t\t<div class=\"elementor-widget-wrap elementor-element-populated\">\n\t\t\t\t\t\t<div class=\"elementor-element elementor-element-1956f6f elementor-widget elementor-widget-heading\" data-id=\"1956f6f\" data-element_type=\"widget\" data-e-type=\"widget\" data-widget_type=\"heading.default\">\n\t\t\t\t<div class=\"elementor-widget-container\">\n\t\t\t\t\t<h2 class=\"elementor-heading-title elementor-size-large\">Adres szko\u0142y<\/h2>\t\t\t\t<\/div>\n\t\t\t\t<\/div>\n\t\t\t\t<div class=\"elementor-element elementor-element-1b6017b elementor-widget elementor-widget-text-editor\" data-id=\"1b6017b\" data-element_type=\"widget\" data-e-type=\"widget\" data-widget_type=\"text-editor.default\">\n\t\t\t\t<div class=\"elementor-widget-container\">\n\t\t\t\t\t\t\t\t\t<h3><span style=\"color: #000000;\">ul. Szkolna 38<\/span><\/h3><h3><span style=\"color: #000000;\">87-123 Brzoz\u00f3wka<\/span><\/h3>\t\t\t\t\t\t\t\t<\/div>\n\t\t\t\t<\/div>\n\t\t\t\t\t<\/div>\n\t\t<\/div>\n\t\t\t\t<div class=\"elementor-column elementor-col-50 elementor-top-column elementor-element elementor-element-2321808\" data-id=\"2321808\" data-element_type=\"column\" data-e-type=\"column\">\n\t\t\t<div class=\"elementor-widget-wrap elementor-element-populated\">\n\t\t\t\t\t\t<div class=\"elementor-element elementor-element-456df8f elementor-widget elementor-widget-heading\" data-id=\"456df8f\" data-element_type=\"widget\" data-e-type=\"widget\" data-widget_type=\"heading.default\">\n\t\t\t\t<div class=\"elementor-widget-container\">\n\t\t\t\t\t<h2 class=\"elementor-heading-title elementor-size-large\">Adres przedszkola<\/h2>\t\t\t\t<\/div>\n\t\t\t\t<\/div>\n\t\t\t\t<div class=\"elementor-element elementor-element-5df0a09 elementor-widget elementor-widget-text-editor\" data-id=\"5df0a09\" data-element_type=\"widget\" data-e-type=\"widget\" data-widget_type=\"text-editor.default\">\n\t\t\t\t<div class=\"elementor-widget-container\">\n\t\t\t\t\t\t\t\t\t<h3>ul. Owocowa 43 B<\/h3><h3>87-123 Brzoz\u00f3wka<\/h3>\t\t\t\t\t\t\t\t<\/div>\n\t\t\t\t<\/div>\n\t\t\t\t<div class=\"elementor-element elementor-element-a0afd5d elementor-widget elementor-widget-text-editor\" data-id=\"a0afd5d\" data-element_type=\"widget\" data-e-type=\"widget\" data-widget_type=\"text-editor.default\">\n\t\t\t\t<div class=\"elementor-widget-container\">\n\t\t\t\t\t\t\t\t\t<h3><a href=\"mailto:przedszkole.krolmacius@wp.pl\"><span style=\"color: #000000;\">Email:<\/span><\/a><\/h3><p><a href=\"mailto:spbrzozowka@wp.pl\">spbrzozowka@wp.pl<\/a><\/p>\t\t\t\t\t\t\t\t<\/div>\n\t\t\t\t<\/div>\n\t\t\t\t<div class=\"elementor-element elementor-element-6eabb79 elementor-widget elementor-widget-text-editor\" data-id=\"6eabb79\" data-element_type=\"widget\" data-e-type=\"widget\" data-widget_type=\"text-editor.default\">\n\t\t\t\t<div class=\"elementor-widget-container\">\n\t\t\t\t\t\t\t\t\t<h3><a href=\"mailto:przedszkole.krolmacius@wp.pl\"><span style=\"color: #000000;\">Telefon:\u00a0 <span style=\"font-weight: normal;\">517 &#8211; 824 &#8211; 969<\/span><\/span><\/a><\/h3>\t\t\t\t\t\t\t\t<\/div>\n\t\t\t\t<\/div>\n\t\t\t\t\t<\/div>\n\t\t<\/div>\n\t\t\t\t\t<\/div>\n\t\t<\/section>\n\t\t\t\t<section class=\"elementor-section elementor-top-section elementor-element elementor-element-d56dc8c elementor-section-boxed elementor-section-height-default elementor-section-height-default\" data-id=\"d56dc8c\" data-element_type=\"section\" data-e-type=\"section\">\n\t\t\t\t\t\t<div class=\"elementor-container elementor-column-gap-default\">\n\t\t\t\t\t<div class=\"elementor-column elementor-col-100 elementor-top-column elementor-element elementor-element-a79edde\" data-id=\"a79edde\" data-element_type=\"column\" data-e-type=\"column\">\n\t\t\t<div class=\"elementor-widget-wrap elementor-element-populated\">\n\t\t\t\t\t\t<div class=\"elementor-element elementor-element-c3b10b5 elementor-widget elementor-widget-image\" data-id=\"c3b10b5\" data-element_type=\"widget\" data-e-type=\"widget\" data-widget_type=\"image.default\">\n\t\t\t\t<div class=\"elementor-widget-container\">\n\t\t\t\t\t\t\t\t\t\t\t\t\t\t\t<img decoding=\"async\" width=\"1024\" height=\"726\" data-src=\"https:\/\/przedszkole.spbrzozowka.pl\/wp-content\/uploads\/2026\/02\/REKRUTACJA-1024x726.jpg\" class=\"attachment-large size-large wp-image-11625 lazyload\" alt=\"\" data-srcset=\"https:\/\/przedszkole.spbrzozowka.pl\/wp-content\/uploads\/2026\/02\/REKRUTACJA-1024x726.jpg 1024w, https:\/\/przedszkole.spbrzozowka.pl\/wp-content\/uploads\/2026\/02\/REKRUTACJA-300x213.jpg 300w, https:\/\/przedszkole.spbrzozowka.pl\/wp-content\/uploads\/2026\/02\/REKRUTACJA-768x545.jpg 768w, https:\/\/przedszkole.spbrzozowka.pl\/wp-content\/uploads\/2026\/02\/REKRUTACJA-1536x1090.jpg 1536w, https:\/\/przedszkole.spbrzozowka.pl\/wp-content\/uploads\/2026\/02\/REKRUTACJA-1000x709.jpg 1000w, https:\/\/przedszkole.spbrzozowka.pl\/wp-content\/uploads\/2026\/02\/REKRUTACJA-230x163.jpg 230w, https:\/\/przedszkole.spbrzozowka.pl\/wp-content\/uploads\/2026\/02\/REKRUTACJA-350x248.jpg 350w, https:\/\/przedszkole.spbrzozowka.pl\/wp-content\/uploads\/2026\/02\/REKRUTACJA-480x341.jpg 480w, https:\/\/przedszkole.spbrzozowka.pl\/wp-content\/uploads\/2026\/02\/REKRUTACJA.jpg 1748w\" data-sizes=\"(max-width: 1024px) 100vw, 1024px\" src=\"data:image\/svg+xml;base64,PHN2ZyB3aWR0aD0iMSIgaGVpZ2h0PSIxIiB4bWxucz0iaHR0cDovL3d3dy53My5vcmcvMjAwMC9zdmciPjwvc3ZnPg==\" style=\"--smush-placeholder-width: 1024px; --smush-placeholder-aspect-ratio: 1024\/726;\" \/>\t\t\t\t\t\t\t\t\t\t\t\t\t\t\t<\/div>\n\t\t\t\t<\/div>\n\t\t\t\t\t<\/div>\n\t\t<\/div>\n\t\t\t\t\t<\/div>\n\t\t<\/section>\n\t\t\t\t<\/div>\n\t\t","protected":false},"excerpt":{"rendered":"<p>GRUPY Odkrywcy W\u0119drowcy Podr\u00f3\u017cnicy Badacze Poszukiwacze Tropiciele Zdobywcy AKTUALNO\u015aCI 20 listopada to wyj\u0105tkowy dzie\u0144 \u2013 rocznica uchwalenia Konwencji o prawach dziecka, dla [&hellip;]<\/p>\n","protected":false},"author":1,"featured_media":0,"parent":0,"menu_order":0,"comment_status":"closed","ping_status":"closed","template":"page-templates\/page_front-page.php","meta":{"footnotes":""},"class_list":["post-958","page","type-page","status-publish","hentry"],"_links":{"self":[{"href":"https:\/\/przedszkole.spbrzozowka.pl\/index.php?rest_route=\/wp\/v2\/pages\/958","targetHints":{"allow":["GET"]}}],"collection":[{"href":"https:\/\/przedszkole.spbrzozowka.pl\/index.php?rest_route=\/wp\/v2\/pages"}],"about":[{"href":"https:\/\/przedszkole.spbrzozowka.pl\/index.php?rest_route=\/wp\/v2\/types\/page"}],"author":[{"embeddable":true,"href":"https:\/\/przedszkole.spbrzozowka.pl\/index.php?rest_route=\/wp\/v2\/users\/1"}],"replies":[{"embeddable":true,"href":"https:\/\/przedszkole.spbrzozowka.pl\/index.php?rest_route=%2Fwp%2Fv2%2Fcomments&post=958"}],"version-history":[{"count":907,"href":"https:\/\/przedszkole.spbrzozowka.pl\/index.php?rest_route=\/wp\/v2\/pages\/958\/revisions"}],"predecessor-version":[{"id":11628,"href":"https:\/\/przedszkole.spbrzozowka.pl\/index.php?rest_route=\/wp\/v2\/pages\/958\/revisions\/11628"}],"wp:attachment":[{"href":"https:\/\/przedszkole.spbrzozowka.pl\/index.php?rest_route=%2Fwp%2Fv2%2Fmedia&parent=958"}],"curies":[{"name":"wp","href":"https:\/\/api.w.org\/{rel}","templated":true}]}}