{"id":1891,"date":"2020-12-01T19:39:32","date_gmt":"2020-12-01T19:39:32","guid":{"rendered":"https:\/\/przedszkole.spbrzozowka.pl\/?page_id=1891"},"modified":"2026-02-15T18:03:35","modified_gmt":"2026-02-15T18:03:35","slug":"wedrowcy","status":"publish","type":"page","link":"https:\/\/przedszkole.spbrzozowka.pl\/?page_id=1891","title":{"rendered":"W\u0119drowcy"},"content":{"rendered":"\t\t<div data-elementor-type=\"wp-page\" data-elementor-id=\"1891\" class=\"elementor elementor-1891\">\n\t\t\t\t\t\t<section class=\"elementor-section elementor-top-section elementor-element elementor-element-23f9b85 elementor-section-boxed elementor-section-height-default elementor-section-height-default\" data-id=\"23f9b85\" data-element_type=\"section\" data-e-type=\"section\">\n\t\t\t\t\t\t<div class=\"elementor-container elementor-column-gap-default\">\n\t\t\t\t\t<div class=\"elementor-column elementor-col-100 elementor-top-column elementor-element elementor-element-4464c6b\" data-id=\"4464c6b\" data-element_type=\"column\" data-e-type=\"column\">\n\t\t\t<div class=\"elementor-widget-wrap elementor-element-populated\">\n\t\t\t\t\t\t<div class=\"elementor-element elementor-element-2cb3389 elementor-widget elementor-widget-image\" data-id=\"2cb3389\" data-element_type=\"widget\" data-e-type=\"widget\" data-widget_type=\"image.default\">\n\t\t\t\t<div class=\"elementor-widget-container\">\n\t\t\t\t\t\t\t\t\t\t\t\t\t\t\t<img decoding=\"async\" data-src=\"https:\/\/przedszkole.spbrzozowka.pl\/wp-content\/uploads\/elementor\/thumbs\/okladka-teczki-rb2fic8p99ipy5ztcl5eejdzcrhar8xwcujngier14.jpg\" title=\"ok\u0142adka teczki\" alt=\"ok\u0142adka teczki\" src=\"data:image\/svg+xml;base64,PHN2ZyB3aWR0aD0iMSIgaGVpZ2h0PSIxIiB4bWxucz0iaHR0cDovL3d3dy53My5vcmcvMjAwMC9zdmciPjwvc3ZnPg==\" class=\"lazyload\" style=\"--smush-placeholder-width: 700px; --smush-placeholder-aspect-ratio: 700\/700;\" \/>\t\t\t\t\t\t\t\t\t\t\t\t\t\t\t<\/div>\n\t\t\t\t<\/div>\n\t\t\t\t\t<\/div>\n\t\t<\/div>\n\t\t\t\t\t<\/div>\n\t\t<\/section>\n\t\t\t\t<section class=\"elementor-section elementor-top-section elementor-element elementor-element-6008c7c elementor-section-boxed elementor-section-height-default elementor-section-height-default\" data-id=\"6008c7c\" data-element_type=\"section\" data-e-type=\"section\">\n\t\t\t\t\t\t<div class=\"elementor-container elementor-column-gap-default\">\n\t\t\t\t\t<div class=\"elementor-column elementor-col-100 elementor-top-column elementor-element elementor-element-ef86aab\" data-id=\"ef86aab\" data-element_type=\"column\" data-e-type=\"column\">\n\t\t\t<div class=\"elementor-widget-wrap elementor-element-populated\">\n\t\t\t\t\t\t<div class=\"elementor-element elementor-element-1967c72 elementor-widget elementor-widget-text-editor\" data-id=\"1967c72\" data-element_type=\"widget\" data-e-type=\"widget\" data-widget_type=\"text-editor.default\">\n\t\t\t\t<div class=\"elementor-widget-container\">\n\t\t\t\t\t\t\t\t\t<p><span style=\"color: #000000;\"><strong>Wychowawca:<\/strong> Dominika Myszkowska<br \/><\/span><\/p><p><strong><span style=\"color: #000000;\">Konsultacje:<\/span><\/strong><span style=\"color: #000000;\"> ostatni czwartek miesi\u0105ca 14:40-15:10<\/span><\/p>\t\t\t\t\t\t\t\t<\/div>\n\t\t\t\t<\/div>\n\t\t\t\t<div class=\"elementor-element elementor-element-7a2feaf elementor-widget elementor-widget-text-editor\" data-id=\"7a2feaf\" data-element_type=\"widget\" data-e-type=\"widget\" data-widget_type=\"text-editor.default\">\n\t\t\t\t<div class=\"elementor-widget-container\">\n\t\t\t\t\t\t\t\t\t<p>Galeria zdj\u0119\u0107 grupy znajduj\u0119 si\u0119 w linku poni\u017cej\u00a0<\/p><p><a href=\"https:\/\/drive.google.com\/drive\/folders\/1uWdyLEzATDBLZxugd6PWr6EA4FPXc6ba?usp=drive_link\">https:\/\/drive.google.com\/drive\/folders\/1uWdyLEzATDBLZxugd6PWr6EA4FPXc6ba?usp=drive_link<\/a><\/p>\t\t\t\t\t\t\t\t<\/div>\n\t\t\t\t<\/div>\n\t\t\t\t\t<\/div>\n\t\t<\/div>\n\t\t\t\t\t<\/div>\n\t\t<\/section>\n\t\t\t\t<section class=\"elementor-section elementor-top-section elementor-element elementor-element-a460283 elementor-section-boxed elementor-section-height-default elementor-section-height-default\" data-id=\"a460283\" data-element_type=\"section\" data-e-type=\"section\" data-settings=\"{&quot;background_background&quot;:&quot;classic&quot;}\">\n\t\t\t\t\t\t<div class=\"elementor-container elementor-column-gap-default\">\n\t\t\t\t\t<div class=\"elementor-column elementor-col-100 elementor-top-column elementor-element elementor-element-550ff16\" data-id=\"550ff16\" data-element_type=\"column\" data-e-type=\"column\">\n\t\t\t<div class=\"elementor-widget-wrap elementor-element-populated\">\n\t\t\t\t\t\t<div class=\"elementor-element elementor-element-a5f660a elementor-widget elementor-widget-heading\" data-id=\"a5f660a\" data-element_type=\"widget\" data-e-type=\"widget\" data-widget_type=\"heading.default\">\n\t\t\t\t<div class=\"elementor-widget-container\">\n\t\t\t\t\t<h2 class=\"elementor-heading-title elementor-size-xl\">LUTY 2026<\/h2>\t\t\t\t<\/div>\n\t\t\t\t<\/div>\n\t\t\t\t<div class=\"elementor-element elementor-element-55ae814 elementor-widget elementor-widget-heading\" data-id=\"55ae814\" data-element_type=\"widget\" data-e-type=\"widget\" data-widget_type=\"heading.default\">\n\t\t\t\t<div class=\"elementor-widget-container\">\n\t\t\t\t\t<h2 class=\"elementor-heading-title elementor-size-default\">Tematyka zaj\u0119\u0107 - LUTY 2026<\/h2>\t\t\t\t<\/div>\n\t\t\t\t<\/div>\n\t\t\t\t<div class=\"elementor-element elementor-element-9dffacf elementor-widget elementor-widget-text-editor\" data-id=\"9dffacf\" data-element_type=\"widget\" data-e-type=\"widget\" data-widget_type=\"text-editor.default\">\n\t\t\t\t<div class=\"elementor-widget-container\">\n\t\t\t\t\t\t\t\t\t<p class=\"cvGsUA direction-ltr align-center para-style-body\"><strong>XXI. WSZYSTKO JEST MUZYK\u0104 (16-20.02.2026)<\/strong><br \/>1.Czy to s\u0142yszysz?<br \/>2.Dyrygent i orkiestra<br \/>3.W \u015bwiecie rytm\u00f3w<br \/>4.Emocje w muzyce<br \/>5.Malowanie muzyk\u0105<\/p><p class=\"cvGsUA direction-ltr align-center para-style-body\"><strong>XXII. PREHISTORYCZNY \u015aWIAT (23-27.02.2026)<\/strong><br \/>1. Pami\u0105tka z przesz\u0142o\u015bci<br \/>2. Szukamy \u015blad\u00f3w przesz\u0142o\u015bci<br \/>3.Dinozaury<br \/>4.Dinozabawy<br \/>5.W pradawnym \u015bwiecie<\/p><p><strong>\u00a0<\/strong><strong>Zamierzenia wychowawczo-dydaktyczne (cele og\u00f3lne)<\/strong><\/p><p><strong>Tydzie\u0144 XXI. Wszystko jest muzyk\u0105<\/strong><\/p><ul><li>poznanie \u017ar\u00f3de\u0142 pochodzenia r\u00f3\u017cnych d\u017awi\u0119k\u00f3w, rozwijanie percepcji s\u0142uchowej, kszta\u0142towanie wra\u017cliwo\u015bci na d\u017awi\u0119ki i muzyk\u0119, utrwalenie zasad komunikacji, budowanie postawy zaufania wobec innych ludzi<\/li><li>wyja\u015bnienie i utrwalenie znajomo\u015bci poj\u0119\u0107 <em>dyrygent<\/em>, <em>orkiestra<\/em>, <em>batuta<\/em>, poznanie i utrwalenie znajomo\u015bci nazw instrument\u00f3w, kszta\u0142towanie umiej\u0119tno\u015bci swobodnego wypowiadania si\u0119, rozwijanie umiej\u0119tno\u015bci pracy z tekstem, u\u015bwiadomienie warto\u015bci wynikaj\u0105cych z obcowania z muzyk\u0105 klasyczn\u0105, uczestnictwem w koncertach<\/li><li>doskonalenie umiej\u0119tno\u015bci uk\u0142adania i kontynuowania rytm\u00f3w, kszta\u0142towanie umiej\u0119tno\u015bci deszyfrowania kod\u00f3w, rozwijanie wra\u017cliwo\u015bci dotykowej, wdra\u017canie do zgodnej wsp\u00f3\u0142pracy w parach<\/li><li>poznawanie nowej piosenki, utrwalanie znajomo\u015bci nazw emocji, kszta\u0142towanie umiej\u0119tno\u015bci rozpoznawania i wyra\u017cania emocji zwi\u0105zanych z muzyk\u0105, rozwijanie kreatywno\u015bci podczas tworzenia prac plastycznych inspirowanych muzyk\u0105, rozwijanie szacunku do odr\u0119bnego sposobu prze\u017cywania emocji przez poszczeg\u00f3lne osoby<\/li><li>utrwalenie wiedzy na temat muzyki wok\u00f3\u0142 nas, aktywne uczestniczenie w eksperymentach i zabawach badawczych, \u0107wiczenie umiej\u0119tno\u015bci wyci\u0105gania i formu\u0142owania wniosk\u00f3w, rozwijanie zdolno\u015bci plastyczno-technicznych, zach\u0119canie do podejmowania samodzielnych dzia\u0142a\u0144 i wyra\u017cania ekspresji artystycznej<\/li><\/ul><p><strong>Tydzie\u0144 XXIV. Prehistoryczny \u015bwiat<\/strong><\/p><ul><li>poznanie poj\u0119\u0107 muzeum, historia, wdra\u017canie do w\u0142a\u015bciwego zachowywania si\u0119 w muzeum, kszta\u0142towanie postawy szacunku wobec przesz\u0142o\u015bci, u\u015bwiadomienie warto\u015bci wspomnie\u0144, historii, pami\u0105tek przesz\u0142o\u015bci w okre\u015blaniu to\u017csamo\u015bci jednostki<\/li><li>poznanie nazw zawod\u00f3w: archeolog, paleontolog, wzbogacenie s\u0142ownictwa czynnego, rozwijanie umiej\u0119tno\u015bci analizy sylabowej, kszta\u0142towanie umiej\u0119tno\u015bci odr\u00f3\u017cniania fikcji od fakt\u00f3w w literaturze, kszta\u0142towanie postawy szacunku wobec pracy i r\u00f3\u017cnych zawod\u00f3w, zach\u0119canie do dba\u0142o\u015bci o dobra kultury<\/li><li>poznanie i utrwalenie znajomo\u015bci nazw dinozaur\u00f3w, rozumienie poj\u0119\u0107: mi\u0119so\u017cerny, ro\u015blino\u017cerny, poszerzenie i utrwalenie wiedzy na temat \u017cycia dinozaur\u00f3w, doskonalenie umiej\u0119tno\u015bci przeliczania i por\u00f3wnywania liczebno\u015bci, rozwijanie kreatywno\u015bci, wyobra\u017ani, zach\u0119canie do wsp\u00f3lnej, grupowej zabawy<\/li><li>doskonalenie umiej\u0119tno\u015bci swobodnego wypowiadania si\u0119 na podany temat i odpowiadania na pytania, utrwalenie znajomo\u015bci nazw dinozaur\u00f3w, rozwijanie umiej\u0119tno\u015bci poruszania si\u0119 w rytm muzyki, zach\u0119canie do aktywnego sp\u0119dzania czasu, \u0107wiczenie prawid\u0142owego toru oddechowego<\/li><li>utrwalenie wiedzy o \u015bwiecie prehistorycznym oraz znajomo\u015bci nazw zawod\u00f3w zwi\u0105zanych z jego poznawaniem, rozwijanie kreatywno\u015bci, wyobra\u017ani, \u0107wiczenie zmys\u0142u dotyku, zach\u0119canie do aktywnego sp\u0119dzania czasu, aktywnej zabawy<\/li><\/ul><p><strong>\u00a0<\/strong><\/p><p><strong>\u00a0<\/strong><\/p><p><strong>K\u0104CIKI TEMATYCZNE:<\/strong><\/p><ul><li>Ferie zimowe \u2013 BEZPIECZNE FERIE<\/li><li>Muzyka<\/li><li>Prehistoria<\/li><\/ul><p><strong>DNI \u015aWI\u0104T NIETYPOWYCH:<\/strong><\/p><ul><li>02-15.02 Ferie zimowe \u2013DY\u017bUR\u00a0\u00a0\u00a0\u00a0\u00a0\u00a0<\/li><li>02 Walentynki<\/li><li>02 Urodziny w grupach<\/li><li>02 Dzie\u0144 Gier Planszowych\u00a0\u00a0\u00a0<\/li><li>02 Dzie\u0144 Dinozaura<\/li><\/ul>\t\t\t\t\t\t\t\t<\/div>\n\t\t\t\t<\/div>\n\t\t\t\t<div class=\"elementor-element elementor-element-116ec5b elementor-widget elementor-widget-heading\" data-id=\"116ec5b\" data-element_type=\"widget\" data-e-type=\"widget\" data-widget_type=\"heading.default\">\n\t\t\t\t<div class=\"elementor-widget-container\">\n\t\t\t\t\t<h2 class=\"elementor-heading-title elementor-size-default\">PIOSENKI<\/h2>\t\t\t\t<\/div>\n\t\t\t\t<\/div>\n\t\t\t\t<div class=\"elementor-element elementor-element-70fe0b6 elementor-widget elementor-widget-wp-widget-media_audio\" data-id=\"70fe0b6\" data-element_type=\"widget\" data-e-type=\"widget\" data-widget_type=\"wp-widget-media_audio.default\">\n\t\t\t\t<div class=\"elementor-widget-container\">\n\t\t\t\t\t<h5>Podw\u00f3rkowa Dyskoteka &#8211; Nutki dla Smyka<\/h5><audio class=\"wp-audio-shortcode\" id=\"audio-1891-1\" preload=\"none\" style=\"width: 100%;\" controls=\"controls\"><source type=\"audio\/mpeg\" src=\"https:\/\/przedszkole.spbrzozowka.pl\/wp-content\/uploads\/2026\/01\/2.-PODWORKOWA-DYSKOTEKA-dla-dziadkow-wersja-wokalno-instrumentalna.mp3?_=1\" \/><source type=\"audio\/mpeg\" src=\"https:\/\/przedszkole.spbrzozowka.pl\/wp-content\/uploads\/2026\/01\/2.-PODWORKOWA-DYSKOTEKA-dla-dziadkow-wersja-wokalno-instrumentalna.mp3?_=1\" \/><a href=\"https:\/\/przedszkole.spbrzozowka.pl\/wp-content\/uploads\/2026\/01\/2.-PODWORKOWA-DYSKOTEKA-dla-dziadkow-wersja-wokalno-instrumentalna.mp3\">https:\/\/przedszkole.spbrzozowka.pl\/wp-content\/uploads\/2026\/01\/2.-PODWORKOWA-DYSKOTEKA-dla-dziadkow-wersja-wokalno-instrumentalna.mp3<\/a><\/audio>\t\t\t\t<\/div>\n\t\t\t\t<\/div>\n\t\t\t\t<div class=\"elementor-element elementor-element-c69c0e9 elementor-widget elementor-widget-heading\" data-id=\"c69c0e9\" data-element_type=\"widget\" data-e-type=\"widget\" data-widget_type=\"heading.default\">\n\t\t\t\t<div class=\"elementor-widget-container\">\n\t\t\t\t\t<h2 class=\"elementor-heading-title elementor-size-default\">GALERIA<\/h2>\t\t\t\t<\/div>\n\t\t\t\t<\/div>\n\t\t\t\t<div class=\"elementor-element elementor-element-470dc3b elementor-arrows-position-inside elementor-pagination-position-outside elementor-widget elementor-widget-image-carousel\" data-id=\"470dc3b\" data-element_type=\"widget\" data-e-type=\"widget\" data-settings=\"{&quot;slides_to_show&quot;:&quot;3&quot;,&quot;autoplay_speed&quot;:2500,&quot;navigation&quot;:&quot;both&quot;,&quot;autoplay&quot;:&quot;yes&quot;,&quot;pause_on_hover&quot;:&quot;yes&quot;,&quot;pause_on_interaction&quot;:&quot;yes&quot;,&quot;infinite&quot;:&quot;yes&quot;,&quot;speed&quot;:500}\" data-widget_type=\"image-carousel.default\">\n\t\t\t\t<div class=\"elementor-widget-container\">\n\t\t\t\t\t\t\t<div class=\"elementor-image-carousel-wrapper swiper\" role=\"region\" aria-roledescription=\"carousel\" aria-label=\"Karuzela obrazk\u00f3w\" dir=\"ltr\">\n\t\t\t<div class=\"elementor-image-carousel swiper-wrapper\" aria-live=\"off\">\n\t\t\t\t\t\t\t\t<div class=\"swiper-slide\" role=\"group\" aria-roledescription=\"slide\" aria-label=\"1 z 5\"><a data-elementor-open-lightbox=\"yes\" data-elementor-lightbox-slideshow=\"470dc3b\" data-e-action-hash=\"#elementor-action%3Aaction%3Dlightbox%26settings%3DeyJpZCI6MTQ3MSwidXJsIjpmYWxzZSwic2xpZGVzaG93IjoiNDcwZGMzYiJ9\"><figure class=\"swiper-slide-inner\"><img decoding=\"async\" class=\"swiper-slide-image lazyload\" data-src=\"https:\/\/przedszkole.spbrzozowka.pl\/wp-content\/uploads\/2020\/11\/child-1864718_640.jpg\" alt=\"\" src=\"data:image\/svg+xml;base64,PHN2ZyB3aWR0aD0iMSIgaGVpZ2h0PSIxIiB4bWxucz0iaHR0cDovL3d3dy53My5vcmcvMjAwMC9zdmciPjwvc3ZnPg==\" \/><\/figure><\/a><\/div><div class=\"swiper-slide\" role=\"group\" aria-roledescription=\"slide\" aria-label=\"2 z 5\"><a data-elementor-open-lightbox=\"yes\" data-elementor-lightbox-slideshow=\"470dc3b\" data-e-action-hash=\"#elementor-action%3Aaction%3Dlightbox%26settings%3DeyJpZCI6MTQ3MiwidXJsIjpmYWxzZSwic2xpZGVzaG93IjoiNDcwZGMzYiJ9\"><figure class=\"swiper-slide-inner\"><img decoding=\"async\" class=\"swiper-slide-image lazyload\" data-src=\"https:\/\/przedszkole.spbrzozowka.pl\/wp-content\/uploads\/2020\/11\/hand-93168_640.jpg\" alt=\"\" src=\"data:image\/svg+xml;base64,PHN2ZyB3aWR0aD0iMSIgaGVpZ2h0PSIxIiB4bWxucz0iaHR0cDovL3d3dy53My5vcmcvMjAwMC9zdmciPjwvc3ZnPg==\" \/><\/figure><\/a><\/div><div class=\"swiper-slide\" role=\"group\" aria-roledescription=\"slide\" aria-label=\"3 z 5\"><a data-elementor-open-lightbox=\"yes\" data-elementor-lightbox-slideshow=\"470dc3b\" data-e-action-hash=\"#elementor-action%3Aaction%3Dlightbox%26settings%3DeyJpZCI6MTQ3MywidXJsIjpmYWxzZSwic2xpZGVzaG93IjoiNDcwZGMzYiJ9\"><figure class=\"swiper-slide-inner\"><img decoding=\"async\" class=\"swiper-slide-image lazyload\" data-src=\"https:\/\/przedszkole.spbrzozowka.pl\/wp-content\/uploads\/2020\/11\/kid-2428765_640.jpg\" alt=\"\" src=\"data:image\/svg+xml;base64,PHN2ZyB3aWR0aD0iMSIgaGVpZ2h0PSIxIiB4bWxucz0iaHR0cDovL3d3dy53My5vcmcvMjAwMC9zdmciPjwvc3ZnPg==\" \/><\/figure><\/a><\/div><div class=\"swiper-slide\" role=\"group\" aria-roledescription=\"slide\" aria-label=\"4 z 5\"><a data-elementor-open-lightbox=\"yes\" data-elementor-lightbox-slideshow=\"470dc3b\" data-e-action-hash=\"#elementor-action%3Aaction%3Dlightbox%26settings%3DeyJpZCI6MTQ3NSwidXJsIjpmYWxzZSwic2xpZGVzaG93IjoiNDcwZGMzYiJ9\"><figure class=\"swiper-slide-inner\"><img decoding=\"async\" class=\"swiper-slide-image lazyload\" data-src=\"https:\/\/przedszkole.spbrzozowka.pl\/wp-content\/uploads\/2020\/11\/table-3281047_640.jpg\" alt=\"\" src=\"data:image\/svg+xml;base64,PHN2ZyB3aWR0aD0iMSIgaGVpZ2h0PSIxIiB4bWxucz0iaHR0cDovL3d3dy53My5vcmcvMjAwMC9zdmciPjwvc3ZnPg==\" \/><\/figure><\/a><\/div><div class=\"swiper-slide\" role=\"group\" aria-roledescription=\"slide\" aria-label=\"5 z 5\"><a data-elementor-open-lightbox=\"yes\" data-elementor-lightbox-slideshow=\"470dc3b\" data-e-action-hash=\"#elementor-action%3Aaction%3Dlightbox%26settings%3DeyJpZCI6MTQ3NiwidXJsIjpmYWxzZSwic2xpZGVzaG93IjoiNDcwZGMzYiJ9\"><figure class=\"swiper-slide-inner\"><img decoding=\"async\" class=\"swiper-slide-image lazyload\" data-src=\"https:\/\/przedszkole.spbrzozowka.pl\/wp-content\/uploads\/2020\/11\/crayons-1445053_640.jpg\" alt=\"\" src=\"data:image\/svg+xml;base64,PHN2ZyB3aWR0aD0iMSIgaGVpZ2h0PSIxIiB4bWxucz0iaHR0cDovL3d3dy53My5vcmcvMjAwMC9zdmciPjwvc3ZnPg==\" \/><\/figure><\/a><\/div>\t\t\t<\/div>\n\t\t\t\t\t\t\t\t\t\t\t\t<div class=\"elementor-swiper-button elementor-swiper-button-prev\" role=\"button\" tabindex=\"0\">\n\t\t\t\t\t\t<i aria-hidden=\"true\" class=\"eicon-chevron-left\"><\/i>\t\t\t\t\t<\/div>\n\t\t\t\t\t<div class=\"elementor-swiper-button elementor-swiper-button-next\" role=\"button\" tabindex=\"0\">\n\t\t\t\t\t\t<i aria-hidden=\"true\" class=\"eicon-chevron-right\"><\/i>\t\t\t\t\t<\/div>\n\t\t\t\t\n\t\t\t\t\t\t\t\t\t<div class=\"swiper-pagination\"><\/div>\n\t\t\t\t\t\t\t\t\t<\/div>\n\t\t\t\t\t\t<\/div>\n\t\t\t\t<\/div>\n\t\t\t\t\t<\/div>\n\t\t<\/div>\n\t\t\t\t\t<\/div>\n\t\t<\/section>\n\t\t\t\t<section class=\"elementor-section elementor-top-section elementor-element elementor-element-9a38598 elementor-section-boxed elementor-section-height-default elementor-section-height-default\" data-id=\"9a38598\" data-element_type=\"section\" data-e-type=\"section\" data-settings=\"{&quot;background_background&quot;:&quot;classic&quot;}\">\n\t\t\t\t\t\t<div class=\"elementor-container elementor-column-gap-default\">\n\t\t\t\t\t<div class=\"elementor-column elementor-col-100 elementor-top-column elementor-element elementor-element-9767642\" data-id=\"9767642\" data-element_type=\"column\" data-e-type=\"column\">\n\t\t\t<div class=\"elementor-widget-wrap elementor-element-populated\">\n\t\t\t\t\t\t<div class=\"elementor-element elementor-element-076147d elementor-widget elementor-widget-heading\" data-id=\"076147d\" data-element_type=\"widget\" data-e-type=\"widget\" data-widget_type=\"heading.default\">\n\t\t\t\t<div class=\"elementor-widget-container\">\n\t\t\t\t\t<h2 class=\"elementor-heading-title elementor-size-xl\">Stycze\u0144 2026<\/h2>\t\t\t\t<\/div>\n\t\t\t\t<\/div>\n\t\t\t\t<div class=\"elementor-element elementor-element-3e954e1 elementor-widget elementor-widget-heading\" data-id=\"3e954e1\" data-element_type=\"widget\" data-e-type=\"widget\" data-widget_type=\"heading.default\">\n\t\t\t\t<div class=\"elementor-widget-container\">\n\t\t\t\t\t<h2 class=\"elementor-heading-title elementor-size-default\">Tematyka zaj\u0119\u0107 - Stycze\u0144 2026<\/h2>\t\t\t\t<\/div>\n\t\t\t\t<\/div>\n\t\t\t\t<div class=\"elementor-element elementor-element-a5a7cd1 elementor-widget elementor-widget-text-editor\" data-id=\"a5a7cd1\" data-element_type=\"widget\" data-e-type=\"widget\" data-widget_type=\"text-editor.default\">\n\t\t\t\t<div class=\"elementor-widget-container\">\n\t\t\t\t\t\t\t\t\t<p class=\"cvGsUA direction-ltr align-center para-style-body\"><strong>XVII. Nadchodzi Nowy Rok (05-09.01.2026)<\/strong><br \/>1.Powitanie Nowego Roku<br \/>2.Dzie\u0144 i noc<br \/>3.Siedem dni<br \/>4.Dwana\u015bcie miesi\u0119cy<br \/>5.Cztery pory roku<\/p><p class=\"cvGsUA direction-ltr align-center para-style-body\"><strong>XVIII. Sporty zimowe (12-16.01.2026)<\/strong><br \/>1.Sportowe postawy<br \/>2.Na sankach<br \/>3.Na \u0142y\u017cwach<br \/>4.Na nartach<br \/>5.Zimowa olimpiada<\/p><p class=\"cvGsUA direction-ltr align-center para-style-body\"><strong>XIX. Dzie\u0144 babci i dziadka (19-23.01.2026)<\/strong><br \/>1.Wsp\u00f3lne wspomnienia<br \/>2.Nasza rodzina<br \/>3.Rodzinny album<br \/>4.Zabawy z babci\u0105 i dziadkiem<br \/>5.Prezenty dla babci i dziadka<\/p><p class=\"cvGsUA direction-ltr align-center para-style-body\"><strong>XX. Karnawa\u0142 (26-30.01.2026)<\/strong><br \/>1. Karnawa\u0142 w Polsce i na \u015bwiecie<br \/>2.Za kogo si\u0119 przebior\u0119?<br \/>3.Balony, serpentyny i konfetti<br \/>4.Przygotowania do balu<br \/>5.Nasz karnawa\u0142<\/p><p><strong>Zamierzenia wychowawczo-dydaktyczne na miesi\u0105c STYCZE\u0143 (cele og\u00f3lne):<\/strong><\/p><p><strong>Zamierzenia wychowawczo-dydaktyczne (cele og\u00f3lne)<\/strong><\/p><p><strong>Tydzie\u0144 XVII. Nadchodzi nowy rok<\/strong><\/p><ul><li>poznanie wybranych zwyczaj\u00f3w zwi\u0105zanych z \u017cegnaniem starego roku i witaniem nowego, rozwijanie umiej\u0119tno\u015bci s\u0142uchania ze zrozumieniem, rozwijanie t\u0119\u017cyzny fizycznej, poszerzenie s\u0142ownictwa obcoj\u0119zycznego, zach\u0119canie do celebrowania wa\u017cnych wydarze\u0144 w gronie rodzinnym<\/li><li>poznanie czynno\u015bci wykonywanych w dzie\u0144 i w nocy, dostrzeganie rytmu w nast\u0119powaniu po sobie dnia i nocy, wdra\u017canie do uwa\u017cnego s\u0142uchania utwor\u00f3w literackich, rozwijanie sprawno\u015bci manualnej, doskonalenie umiej\u0119tno\u015bci dzielenia s\u0142\u00f3w na sylaby, doskonalenie umiej\u0119tno\u015bci klasyfikacji, poszerzenie s\u0142ownictwa obcoj\u0119zycznego, rozwijanie umiej\u0119tno\u015bci wypowiadania si\u0119 na temat w\u0142asnych upodoba\u0144 i wyra\u017cania w\u0142asnego zdania<\/li><li>utrwalenie znajomo\u015bci nazw dni tygodnia, doskonalenie umiej\u0119tno\u015bci logicznego my\u015blenia, rozwijanie kreatywno\u015bci, doskonalenie umiej\u0119tno\u015bci liczenia, doskonalenie umiej\u0119tno\u015bci odwzorowywania, rozwijanie umiej\u0119tno\u015bci s\u0142uchania, rozbudzanie ciekawo\u015bci poznawczej<\/li><li>zapoznanie z cykliczno\u015bci\u0105 p\u00f3r roku i nazwami miesi\u0119cy, umuzykalnianie dzieci, rozwijanie t\u0119\u017cyzny fizycznej, zach\u0119canie do wsp\u00f3lnego sp\u0119dzania czasu na zgodnej zabawie<\/li><li>poznanie cech p\u00f3r roku i zjawiska ich rytmiczno\u015bci, poszerzanie do\u015bwiadcze\u0144 plastycznych, utrwalenie wiadomo\u015bci zwi\u0105zanych z czasem i jego przemijaniem, zdobywanie nowych wiadomo\u015bci za pomoc\u0105 poznania wielozmys\u0142owego, zach\u0119canie do zgodnej wsp\u00f3\u0142pracy podczas wykonywania pracy plastycznej i zabaw dowolnych<\/li><\/ul><p><strong>\u00a0Tydzie\u0144 XVIII. Sporty zimowe<\/strong><\/p><ul><li>poznanie zasad sportowego zachowania, rozwijanie umiej\u0119tno\u015bci rozpoznawania w\u0142asnych uczu\u0107 i podawania ich nazw, rozwijanie t\u0119\u017cyzny fizycznej, poszerzenie s\u0142ownictwa obcoj\u0119zycznego, zach\u0119canie do zachowania postawy <em>fair play<\/em> podczas zabaw<\/li><li>utrwalanie znajomo\u015bci zasad bezpiecznego zje\u017cd\u017cania z g\u00f3rki na sankach, doskonalenie aparatu mowy, rozwijanie umiej\u0119tno\u015bci wypowiadania si\u0119 na okre\u015blony temat, doskonalenie umiej\u0119tno\u015bci s\u0142uchania ze zrozumieniem, rozwijanie s\u0142uchu fonematycznego, wdra\u017canie do zachowania zasad bezpiecze\u0144stwa w czasie zabaw na sankach<\/li><li>poznanie \u0142y\u017cwiarstwa figurowego jako dyscypliny sportowej, wdra\u017canie do s\u0142uchania utwor\u00f3w literackich, doskonalenie umiej\u0119tno\u015bci liczenia, doskonalenie umiej\u0119tno\u015bci odwzorowywania, \u0107wiczenie pami\u0119ci, doskonalenie koordynacji wzrokowo-ruchowej, wdra\u017canie do zachowania zasad bezpiecze\u0144stwa podczas zabaw na \u015bniegu i lodzie<\/li><li>r\u00f3\u017cnicowanie sposob\u00f3w poruszania si\u0119, rozwijanie wyobra\u017ani d\u017awi\u0119kowej i przestrzennej, uwra\u017cliwienie na dotyk, poznanie wybranych utwor\u00f3w z repertuaru muzyki klasycznej, kszta\u0142towanie umiej\u0119tno\u015bci wokalnych i poczucia rytmu, rozwijanie t\u0119\u017cyzny fizycznej, zach\u0119canie do wsp\u00f3lnego sp\u0119dzania czasu na zgodnej zabawie, wsp\u00f3\u0142praca w parach<\/li><li>poznanie nazw olimpijskich dyscyplin sportowych, poszerzanie do\u015bwiadcze\u0144 plastycznych, utrwalenie wiadomo\u015bci zwi\u0105zanych ze sportami zimowymi, rozwijanie zmys\u0142u dotyku, zach\u0119canie do dzielenia si\u0119 przyborami podczas wykonywania pracy plastycznej<\/li><\/ul><p><strong>Tydzie\u0144 XIX. Dzie\u0144 Babci i Dzie\u0144 Dziadka<\/strong><\/p><ul><li>poznanie znaczenia s\u0142owa <em>szacunek<\/em> w odniesieniu do os\u00f3b starszych, kszta\u0142towanie umiej\u0119tno\u015bci wypowiadania si\u0119 na okre\u015blony temat, kszta\u0142towanie pozytywnych cech charakteru, rozwijanie t\u0119\u017cyzny fizycznej, uwra\u017cliwianie na potrzeby ludzi starszych<\/li><li>poszerzanie s\u0142ownictwa obcoj\u0119zycznego, utrwalanie znajomo\u015bci nazw cz\u0142onk\u00f3w rodziny i poznawanie relacji ich \u0142\u0105cz\u0105cych, rozwijanie mowy poprzez \u0107wiczenia ortofoniczne i narz\u0105d\u00f3w artykulacyjnych, rozwijanie s\u0142uchu fonematycznego, rozwijanie koncentracji na s\u0142owie czytanym, poszerzenie s\u0142ownictwa obcoj\u0119zycznego, ukazywanie walor\u00f3w posiadania rodziny, g\u0142\u00f3wnie dziadk\u00f3w<\/li><li>wskazywanie cech charakteryzuj\u0105cych dzieci i osoby starsze, utrwalanie znajomo\u015bci nazw cz\u0142onk\u00f3w rodziny, rozwijanie umiej\u0119tno\u015bci wypowiadania si\u0119 na wskazany temat, doskonalenie umiej\u0119tno\u015bci klasyfikacji, doskonalenie umiej\u0119tno\u015bci liczenia, rozwijanie umiej\u0119tno\u015bci odwzorowywania, zach\u0119canie do udzia\u0142u w eksperymentach, wzmacnianie wi\u0119zi rodzinnych, wskazywanie na wag\u0119 wzajemnego pomagania sobie w rodzinie<\/li><li>poznanie nowej piosenki, umuzykalnianie, rozwijanie t\u0119\u017cyzny fizycznej, zach\u0119canie do aktywnego udzia\u0142u w zabawach muzycznych i j\u0119zykowych<\/li><li>utrwalenie wiadomo\u015bci na temat relacji z babciami i dziadkami, poznanie kolejno\u015bci dzia\u0142a\u0144 podczas wykonywania laurki ze zdj\u0119ciem, rozwijanie umiej\u0119tno\u015bci wypowiadania si\u0119 na temat swoich upodoba\u0144 i emocji, poszerzanie do\u015bwiadcze\u0144 plastycznych, rozwijanie zmys\u0142u dotyku, zach\u0119canie do prze\u0142amywania l\u0119ku przed publicznymi wyst\u0119pami<\/li><\/ul><p><strong>Tydzie\u0144 XX. Karnawa\u0142<\/strong><\/p><ul><li>poznanie znaczenia s\u0142owa <em>karnawa\u0142<\/em>, kszta\u0142towanie umiej\u0119tno\u015bci wypowiadania si\u0119 na okre\u015blony temat, rozwijanie t\u0119\u017cyzny fizycznej, rozwijanie empatii, uwra\u017cliwianie na potrzeby drugiego cz\u0142owieka<\/li><li>poszerzanie s\u0142ownictwa obcoj\u0119zycznego, poznanie znaczenia s\u0142\u00f3w: <em>przebranie<\/em>, <em>ubranie<\/em>, rozwijanie umiej\u0119tno\u015bci wypowiadania si\u0119 na okre\u015blony temat, rozwijanie umiej\u0119tno\u015bci s\u0142uchania ze zrozumieniem, rozwijanie s\u0142uchu fonematycznego, rozwijanie tw\u00f3rczego my\u015blenia, wdra\u017canie do zachowywania ciszy podczas wykonywania wszelkich \u0107wicze\u0144 i zada\u0144<\/li><li>utrwalanie znajomo\u015bci nazw kolor\u00f3w, wzbogacanie s\u0142ownictwa (<em>konfetti<\/em>, <em>serpentyna<\/em>), doskonalenie umiej\u0119tno\u015bci przeliczania w zakresie 0\u20136, rozwijanie logicznego my\u015blenia, wprowadzenie poj\u0119cia <em>zero<\/em>, \u0107wiczenie koordynacji wzrokowo-ruchowej, doskonalenie umiej\u0119tno\u015bci odwzorowywania, rozwijanie sprawno\u015bci manualnej, wzmacnianie wiary we w\u0142asne mo\u017cliwo\u015bci<\/li><li>poznanie tradycji zwi\u0105zanych z t\u0142ustym czwartkiem, rozwijanie umiej\u0119tno\u015bci wokalnych i pami\u0119ci muzycznej, rozwijanie koordynacji wzrokowo-<br \/>-ruchowej, rozwijanie t\u0119\u017cyzny fizycznej, zach\u0119canie do w\u0142\u0105czania si\u0119 w przygotowania do t\u0142ustego czwartku<\/li><li>utrwalenie wiadomo\u015bci dotycz\u0105cych karnawa\u0142u, rozwijanie umiej\u0119tno\u015bci s\u0142uchania ze zrozumieniem podczas wykonywania pracy plastycznej, poszerzanie do\u015bwiadcze\u0144 plastycznych, rozbudzanie ciekawo\u015bci poznawczej, kszta\u0142towanie zmys\u0142\u00f3w, zach\u0119canie do samodzielnego<\/li><\/ul><p><strong>K\u0104CIKI TEMATYCZNE:<\/strong><\/p><ul><li>NOWY ROK<\/li><li>SPORTY ZIMOWE<\/li><li>DZIE\u0143 BABCI I DZIADKA<\/li><\/ul><p><strong>DNI \u015aWI\u0104T NIETYPOWYCH:<\/strong><\/p><ul><li>01 TRZECH KR\u00d3LI &#8211; dzie\u0144 wolny od zaj\u0119\u0107 dydaktyczno-wychowawczych\u00a0\u00a0\u00a0\u00a0\u00a0\u00a0\u00a0<\/li><li>Stycze\u0144 2025 Spotkania z rodzicami- podsumowanie pracy<\/li><li>01 wycieczka grup starszych<\/li><li>01 Sesja zdj\u0119ciowa po\u0142\u0105czona z pokazem baniek mydlanych\u00a0\u00a0\u00a0\u00a0\u00a0\u00a0\u00a0\u00a0\u00a0\u00a0\u00a0\u00a0\u00a0<\/li><li>01 Urodziny w grupach<\/li><li>Dzie\u0144 Babci i Dziadka w grupach<\/li><li>Bal karnawa\u0142owy dla przedszkolak\u00f3w<\/li><\/ul>\t\t\t\t\t\t\t\t<\/div>\n\t\t\t\t<\/div>\n\t\t\t\t<div class=\"elementor-element elementor-element-4cb74d8 elementor-widget elementor-widget-heading\" data-id=\"4cb74d8\" data-element_type=\"widget\" data-e-type=\"widget\" data-widget_type=\"heading.default\">\n\t\t\t\t<div class=\"elementor-widget-container\">\n\t\t\t\t\t<h2 class=\"elementor-heading-title elementor-size-default\">PIOSENKI<\/h2>\t\t\t\t<\/div>\n\t\t\t\t<\/div>\n\t\t\t\t<div class=\"elementor-element elementor-element-a5b715f elementor-widget elementor-widget-wp-widget-media_audio\" data-id=\"a5b715f\" data-element_type=\"widget\" data-e-type=\"widget\" data-widget_type=\"wp-widget-media_audio.default\">\n\t\t\t\t<div class=\"elementor-widget-container\">\n\t\t\t\t\t<h5>Buziak\u00f3w tyle \u017ce szok &#8211; Smykofonika<\/h5><audio class=\"wp-audio-shortcode\" id=\"audio-1891-2\" preload=\"none\" style=\"width: 100%;\" controls=\"controls\"><source type=\"audio\/mpeg\" src=\"https:\/\/przedszkole.spbrzozowka.pl\/wp-content\/uploads\/2026\/01\/4.-Buziakow-tyle-ze-szok.mp3?_=2\" \/><source type=\"audio\/mpeg\" src=\"https:\/\/przedszkole.spbrzozowka.pl\/wp-content\/uploads\/2026\/01\/4.-Buziakow-tyle-ze-szok.mp3?_=2\" \/><a href=\"https:\/\/przedszkole.spbrzozowka.pl\/wp-content\/uploads\/2026\/01\/4.-Buziakow-tyle-ze-szok.mp3\">https:\/\/przedszkole.spbrzozowka.pl\/wp-content\/uploads\/2026\/01\/4.-Buziakow-tyle-ze-szok.mp3<\/a><\/audio>\t\t\t\t<\/div>\n\t\t\t\t<\/div>\n\t\t\t\t<div class=\"elementor-element elementor-element-b915cac elementor-widget elementor-widget-wp-widget-media_audio\" data-id=\"b915cac\" data-element_type=\"widget\" data-e-type=\"widget\" data-widget_type=\"wp-widget-media_audio.default\">\n\t\t\t\t<div class=\"elementor-widget-container\">\n\t\t\t\t\t<h5>Podw\u00f3rkowa Dyskoteka &#8211; Nutki dla Smyka<\/h5><audio class=\"wp-audio-shortcode\" id=\"audio-1891-3\" preload=\"none\" style=\"width: 100%;\" controls=\"controls\"><source type=\"audio\/mpeg\" src=\"https:\/\/przedszkole.spbrzozowka.pl\/wp-content\/uploads\/2026\/01\/2.-PODWORKOWA-DYSKOTEKA-dla-dziadkow-wersja-wokalno-instrumentalna.mp3?_=3\" \/><source type=\"audio\/mpeg\" src=\"https:\/\/przedszkole.spbrzozowka.pl\/wp-content\/uploads\/2026\/01\/2.-PODWORKOWA-DYSKOTEKA-dla-dziadkow-wersja-wokalno-instrumentalna.mp3?_=3\" \/><a href=\"https:\/\/przedszkole.spbrzozowka.pl\/wp-content\/uploads\/2026\/01\/2.-PODWORKOWA-DYSKOTEKA-dla-dziadkow-wersja-wokalno-instrumentalna.mp3\">https:\/\/przedszkole.spbrzozowka.pl\/wp-content\/uploads\/2026\/01\/2.-PODWORKOWA-DYSKOTEKA-dla-dziadkow-wersja-wokalno-instrumentalna.mp3<\/a><\/audio>\t\t\t\t<\/div>\n\t\t\t\t<\/div>\n\t\t\t\t<div class=\"elementor-element elementor-element-7f47574 elementor-widget elementor-widget-heading\" data-id=\"7f47574\" data-element_type=\"widget\" data-e-type=\"widget\" data-widget_type=\"heading.default\">\n\t\t\t\t<div class=\"elementor-widget-container\">\n\t\t\t\t\t<h2 class=\"elementor-heading-title elementor-size-default\">GALERIA<\/h2>\t\t\t\t<\/div>\n\t\t\t\t<\/div>\n\t\t\t\t<div class=\"elementor-element elementor-element-869f06a elementor-arrows-position-inside elementor-pagination-position-outside elementor-widget elementor-widget-image-carousel\" data-id=\"869f06a\" data-element_type=\"widget\" data-e-type=\"widget\" data-settings=\"{&quot;slides_to_show&quot;:&quot;3&quot;,&quot;autoplay_speed&quot;:2500,&quot;navigation&quot;:&quot;both&quot;,&quot;autoplay&quot;:&quot;yes&quot;,&quot;pause_on_hover&quot;:&quot;yes&quot;,&quot;pause_on_interaction&quot;:&quot;yes&quot;,&quot;infinite&quot;:&quot;yes&quot;,&quot;speed&quot;:500}\" data-widget_type=\"image-carousel.default\">\n\t\t\t\t<div class=\"elementor-widget-container\">\n\t\t\t\t\t\t\t<div class=\"elementor-image-carousel-wrapper swiper\" role=\"region\" aria-roledescription=\"carousel\" aria-label=\"Karuzela obrazk\u00f3w\" dir=\"ltr\">\n\t\t\t<div class=\"elementor-image-carousel swiper-wrapper\" aria-live=\"off\">\n\t\t\t\t\t\t\t\t<div class=\"swiper-slide\" role=\"group\" aria-roledescription=\"slide\" aria-label=\"1 z 5\"><a data-elementor-open-lightbox=\"yes\" data-elementor-lightbox-slideshow=\"869f06a\" data-e-action-hash=\"#elementor-action%3Aaction%3Dlightbox%26settings%3DeyJpZCI6MTQ3MSwidXJsIjpmYWxzZSwic2xpZGVzaG93IjoiODY5ZjA2YSJ9\"><figure class=\"swiper-slide-inner\"><img decoding=\"async\" class=\"swiper-slide-image lazyload\" data-src=\"https:\/\/przedszkole.spbrzozowka.pl\/wp-content\/uploads\/2020\/11\/child-1864718_640.jpg\" alt=\"\" src=\"data:image\/svg+xml;base64,PHN2ZyB3aWR0aD0iMSIgaGVpZ2h0PSIxIiB4bWxucz0iaHR0cDovL3d3dy53My5vcmcvMjAwMC9zdmciPjwvc3ZnPg==\" \/><\/figure><\/a><\/div><div class=\"swiper-slide\" role=\"group\" aria-roledescription=\"slide\" aria-label=\"2 z 5\"><a data-elementor-open-lightbox=\"yes\" data-elementor-lightbox-slideshow=\"869f06a\" data-e-action-hash=\"#elementor-action%3Aaction%3Dlightbox%26settings%3DeyJpZCI6MTQ3MiwidXJsIjpmYWxzZSwic2xpZGVzaG93IjoiODY5ZjA2YSJ9\"><figure class=\"swiper-slide-inner\"><img decoding=\"async\" class=\"swiper-slide-image lazyload\" data-src=\"https:\/\/przedszkole.spbrzozowka.pl\/wp-content\/uploads\/2020\/11\/hand-93168_640.jpg\" alt=\"\" src=\"data:image\/svg+xml;base64,PHN2ZyB3aWR0aD0iMSIgaGVpZ2h0PSIxIiB4bWxucz0iaHR0cDovL3d3dy53My5vcmcvMjAwMC9zdmciPjwvc3ZnPg==\" \/><\/figure><\/a><\/div><div class=\"swiper-slide\" role=\"group\" aria-roledescription=\"slide\" aria-label=\"3 z 5\"><a data-elementor-open-lightbox=\"yes\" data-elementor-lightbox-slideshow=\"869f06a\" data-e-action-hash=\"#elementor-action%3Aaction%3Dlightbox%26settings%3DeyJpZCI6MTQ3MywidXJsIjpmYWxzZSwic2xpZGVzaG93IjoiODY5ZjA2YSJ9\"><figure class=\"swiper-slide-inner\"><img decoding=\"async\" class=\"swiper-slide-image lazyload\" data-src=\"https:\/\/przedszkole.spbrzozowka.pl\/wp-content\/uploads\/2020\/11\/kid-2428765_640.jpg\" alt=\"\" src=\"data:image\/svg+xml;base64,PHN2ZyB3aWR0aD0iMSIgaGVpZ2h0PSIxIiB4bWxucz0iaHR0cDovL3d3dy53My5vcmcvMjAwMC9zdmciPjwvc3ZnPg==\" \/><\/figure><\/a><\/div><div class=\"swiper-slide\" role=\"group\" aria-roledescription=\"slide\" aria-label=\"4 z 5\"><a data-elementor-open-lightbox=\"yes\" data-elementor-lightbox-slideshow=\"869f06a\" data-e-action-hash=\"#elementor-action%3Aaction%3Dlightbox%26settings%3DeyJpZCI6MTQ3NSwidXJsIjpmYWxzZSwic2xpZGVzaG93IjoiODY5ZjA2YSJ9\"><figure class=\"swiper-slide-inner\"><img decoding=\"async\" class=\"swiper-slide-image lazyload\" data-src=\"https:\/\/przedszkole.spbrzozowka.pl\/wp-content\/uploads\/2020\/11\/table-3281047_640.jpg\" alt=\"\" src=\"data:image\/svg+xml;base64,PHN2ZyB3aWR0aD0iMSIgaGVpZ2h0PSIxIiB4bWxucz0iaHR0cDovL3d3dy53My5vcmcvMjAwMC9zdmciPjwvc3ZnPg==\" \/><\/figure><\/a><\/div><div class=\"swiper-slide\" role=\"group\" aria-roledescription=\"slide\" aria-label=\"5 z 5\"><a data-elementor-open-lightbox=\"yes\" data-elementor-lightbox-slideshow=\"869f06a\" data-e-action-hash=\"#elementor-action%3Aaction%3Dlightbox%26settings%3DeyJpZCI6MTQ3NiwidXJsIjpmYWxzZSwic2xpZGVzaG93IjoiODY5ZjA2YSJ9\"><figure class=\"swiper-slide-inner\"><img decoding=\"async\" class=\"swiper-slide-image lazyload\" data-src=\"https:\/\/przedszkole.spbrzozowka.pl\/wp-content\/uploads\/2020\/11\/crayons-1445053_640.jpg\" alt=\"\" src=\"data:image\/svg+xml;base64,PHN2ZyB3aWR0aD0iMSIgaGVpZ2h0PSIxIiB4bWxucz0iaHR0cDovL3d3dy53My5vcmcvMjAwMC9zdmciPjwvc3ZnPg==\" \/><\/figure><\/a><\/div>\t\t\t<\/div>\n\t\t\t\t\t\t\t\t\t\t\t\t<div class=\"elementor-swiper-button elementor-swiper-button-prev\" role=\"button\" tabindex=\"0\">\n\t\t\t\t\t\t<i aria-hidden=\"true\" class=\"eicon-chevron-left\"><\/i>\t\t\t\t\t<\/div>\n\t\t\t\t\t<div class=\"elementor-swiper-button elementor-swiper-button-next\" role=\"button\" tabindex=\"0\">\n\t\t\t\t\t\t<i aria-hidden=\"true\" class=\"eicon-chevron-right\"><\/i>\t\t\t\t\t<\/div>\n\t\t\t\t\n\t\t\t\t\t\t\t\t\t<div class=\"swiper-pagination\"><\/div>\n\t\t\t\t\t\t\t\t\t<\/div>\n\t\t\t\t\t\t<\/div>\n\t\t\t\t<\/div>\n\t\t\t\t\t<\/div>\n\t\t<\/div>\n\t\t\t\t\t<\/div>\n\t\t<\/section>\n\t\t\t\t<section class=\"elementor-section elementor-top-section elementor-element elementor-element-b113247 elementor-section-boxed elementor-section-height-default elementor-section-height-default\" data-id=\"b113247\" data-element_type=\"section\" data-e-type=\"section\" data-settings=\"{&quot;background_background&quot;:&quot;classic&quot;}\">\n\t\t\t\t\t\t<div class=\"elementor-container elementor-column-gap-default\">\n\t\t\t\t\t<div class=\"elementor-column elementor-col-100 elementor-top-column elementor-element elementor-element-45c0a2e\" data-id=\"45c0a2e\" data-element_type=\"column\" data-e-type=\"column\">\n\t\t\t<div class=\"elementor-widget-wrap elementor-element-populated\">\n\t\t\t\t\t\t<div class=\"elementor-element elementor-element-4771176 elementor-widget elementor-widget-heading\" data-id=\"4771176\" data-element_type=\"widget\" data-e-type=\"widget\" data-widget_type=\"heading.default\">\n\t\t\t\t<div class=\"elementor-widget-container\">\n\t\t\t\t\t<h2 class=\"elementor-heading-title elementor-size-xl\">GRUDZIE\u0143 2025<\/h2>\t\t\t\t<\/div>\n\t\t\t\t<\/div>\n\t\t\t\t<div class=\"elementor-element elementor-element-48b3349 elementor-widget elementor-widget-heading\" data-id=\"48b3349\" data-element_type=\"widget\" data-e-type=\"widget\" data-widget_type=\"heading.default\">\n\t\t\t\t<div class=\"elementor-widget-container\">\n\t\t\t\t\t<h2 class=\"elementor-heading-title elementor-size-default\">Tematyka zaj\u0119\u0107 - GRUDZIE\u0143 2025<\/h2>\t\t\t\t<\/div>\n\t\t\t\t<\/div>\n\t\t\t\t<div class=\"elementor-element elementor-element-a629295 elementor-widget elementor-widget-text-editor\" data-id=\"a629295\" data-element_type=\"widget\" data-e-type=\"widget\" data-widget_type=\"text-editor.default\">\n\t\t\t\t<div class=\"elementor-widget-container\">\n\t\t\t\t\t\t\t\t\t<p class=\"cvGsUA direction-ltr align-center para-style-body\"><strong>Zima tu\u017c-tu\u017c\u2026 (01-05.12.2025r.)<\/strong><\/p><ol><li class=\"cvGsUA direction-ltr align-center para-style-body\">Bezpieczni zim\u0105 .<\/li><li class=\"cvGsUA direction-ltr align-center para-style-body\">Mrozem malowane .<\/li><li class=\"cvGsUA direction-ltr align-center para-style-body\">\u015anie\u017cynki .<\/li><li class=\"cvGsUA direction-ltr align-center para-style-body\">Zabawy zimowe .<\/li><li class=\"cvGsUA direction-ltr align-center para-style-body\">\u015anieg i l\u00f3d .<\/li><\/ol><p class=\"cvGsUA direction-ltr align-center para-style-body\"><strong>XV. Hej, kol\u0119da, kol\u0119da! (08-12.12.2025 r.)<\/strong><\/p><ol><li class=\"cvGsUA direction-ltr align-center para-style-body\">\u017byczliwo\u015b\u0107 nie tylko od \u015bwi\u0119ta .<\/li><li class=\"cvGsUA direction-ltr align-center para-style-body\">Ekipa \u015awi\u0119tego Miko\u0142aja .<\/li><li class=\"cvGsUA direction-ltr align-center para-style-body\">Ubieramy choink\u0119 .<\/li><li class=\"cvGsUA direction-ltr align-center para-style-body\">Wsp\u00f3lne kol\u0119dowanie.<\/li><li class=\"cvGsUA direction-ltr align-center para-style-body\">Prezenty .<\/li><\/ol><p class=\"cvGsUA direction-ltr align-center para-style-body\"><strong>XVI. Przygotowania do \u015bwi\u0105t (15-19.12.2025 r.)<\/strong><\/p><ol><li class=\"cvGsUA direction-ltr align-center para-style-body\">Polskie tradycje bo\u017conarodzeniowe .<\/li><li class=\"cvGsUA direction-ltr align-center para-style-body\">Wigilijna noc .<\/li><li class=\"cvGsUA direction-ltr align-center para-style-body\">Wigilijny st\u00f3\u0142 .<\/li><li class=\"cvGsUA direction-ltr align-center para-style-body\">Na \u015bwi\u0105teczn\u0105 nut\u0119 .<\/li><li class=\"cvGsUA direction-ltr align-center para-style-body\">Ozdoby \u015bwi\u0105teczne .<\/li><\/ol><p><strong>Zamierzenia wychowawczo-dydaktyczne na miesi\u0105c GRUDZIE\u0143 (cele og\u00f3lne):<\/strong><\/p><p><strong>Tydzie\u0144 XIV. Zima tu\u017c-tu\u017c\u2026<\/strong><\/p><ul><li>poznanie sposob\u00f3w ochrony przed zimnem, rozwijanie umiej\u0119tno\u015bci rozpoznawania cz\u0119\u015bci odzie\u017cy i podawania ich nazw, rozwijanie t\u0119\u017cyzny fizycznej, zach\u0119canie do dbania o w\u0142asne zdrowie poprzez pami\u0119tanie o odpowiednim ubiorze<\/li><li>poznanie cech zimowego krajobrazu, kszta\u0142towanie umiej\u0119tno\u015bci wypowiadania si\u0119 na okre\u015blony temat, rozwijanie wyobra\u017ani, rozwijanie motoryki, wdra\u017canie do zachowania estetyki pracy i porz\u0105dku w miejscu pracy<\/li><li>poznanie figury geometrycznej \u2013 tr\u00f3jk\u0105ta, utrwalanie poj\u0119\u0107: <em>du\u017cy<\/em>, <em>ma\u0142y<\/em>, rozwijanie umiej\u0119tno\u015bci klasyfikacji, rozwijanie umiej\u0119tno\u015bci wypowiadania si\u0119 na temat wys\u0142uchanego utworu, doskonalenie umiej\u0119tno\u015bci odwzorowywania, dostrzeganie naprzemienno\u015bci (w dialogu, w tworzeniu rytmu), wdra\u017canie do dok\u0142adnego obserwowania otoczenia<\/li><li>utrzymywanie cia\u0142a w jednej pozycji, \u0107wiczenie ruch\u00f3w w wolnym tempie i o du\u017cym ci\u0119\u017carze, rozwijanie drobnej motoryki i wra\u017cliwo\u015bci d\u017awi\u0119kowej, poznanie wybranych utwor\u00f3w muzyki klasycznej, rozwijanie s\u0142uchu muzycznego, rozwijanie sprawno\u015bci fizycznej i kszta\u0142towanie prawid\u0142owej postawy cia\u0142a, uwra\u017cliwianie na pi\u0119kno muzyki klasycznej<\/li><li>poznanie w\u0142a\u015bciwo\u015bci \u015bniegu i lodu, rozwijanie sprawno\u015bci manualnej, doskonalenie spostrzegawczo\u015bci wzrokowej i dotykowej, kszta\u0142towanie umiej\u0119tno\u015bci wyci\u0105gania wniosk\u00f3w z obserwowanej rzeczywisto\u015bci, budowanie wiary we w\u0142asne si\u0142y poprzez aktywny udzia\u0142 w zaj\u0119ciach<\/li><\/ul><p><strong>Tydzie\u0144 XVI. Hej, kol\u0119da, kol\u0119da!<\/strong><\/p><ul><li>utrwalenie znajomo\u015bci wybranych tradycji zwi\u0105zanych ze \u015bwi\u0119tami Bo\u017cego Narodzenia, rozwijanie umiej\u0119tno\u015bci s\u0142uchania ze zrozumieniem, rozwijanie t\u0119\u017cyzny fizycznej, zach\u0119canie do bycia \u017cyczliwym<\/li><li>poznanie postaci \u015awi\u0119tego Miko\u0142aja i jego pomocnik\u00f3w \u2013 elf\u00f3w, rozwijanie umiej\u0119tno\u015bci koncentracji na s\u0142owie czytanym, doskonalenie umiej\u0119tno\u015bci dokonywania analizy s\u0142uchowej (podzia\u0142 s\u0142\u00f3w na sylaby), doskonalenie sprawno\u015bci manualnej, wdra\u017canie do wsp\u00f3\u0142pracy podczas zabaw dydaktycznych, ruchowych i swobodnych<\/li><li>utrwalenie znajomo\u015bci nazw figur geometrycznych: <em>tr\u00f3jk\u0105t<\/em>, <em>ko\u0142o<\/em>, <em>kwadrat<\/em>, wdra\u017canie do uwa\u017cnego s\u0142uchania utworu literackiego, doskonalenie umiej\u0119tno\u015bci klasyfikacji, rozwijanie umiej\u0119tno\u015bci przeliczania, doskonalenie umiej\u0119tno\u015bci odwzorowywania, poszerzenie s\u0142ownictwa obcoj\u0119zycznego, doskonalenie koordynacji wzrokowo-ruchowej, wdra\u017canie do zgodnej wsp\u00f3\u0142pracy w parze i w ma\u0142ej grupie<\/li><li>poznanie historii zwi\u0105zanych z Bo\u017cym Narodzeniem i wybranej kol\u0119dy, rozwijanie umiej\u0119tno\u015bci wokalnych i j\u0119zykowych, rozwijanie t\u0119\u017cyzny fizycznej, ukazanie pi\u0119kna utwor\u00f3w muzycznych opowiadaj\u0105cych o \u015bwi\u0119tach Bo\u017cego Narodzenia<\/li><li>utrwalanie wiadomo\u015bci na temat Bo\u017cego Narodzenia, \u0107wiczenie pami\u0119ci, dostarczanie wra\u017ce\u0144 sensorycznych, rozwijanie motoryki ma\u0142ej i wyobra\u017ani przestrzennej, ukazywanie warto\u015bci w\u0142asnor\u0119cznie przygotowanego upominku<\/li><\/ul><p><strong>Tydzie\u0144 XV. Przygotowania do \u015bwi\u0105t<\/strong><\/p><ul><li>poznanie wybranych tradycji zwi\u0105zanych ze \u015bwi\u0119tami Bo\u017cego Narodzenia, rozwijanie mowy komunikatywnej i logicznego my\u015blenia, rozwijanie t\u0119\u017cyzny fizycznej, zach\u0119canie do aktywnego w\u0142\u0105czania si\u0119 w przygotowania do \u015bwi\u0105t<\/li><li>poznanie wybranych tradycji zwi\u0105zanych ze \u015bwi\u0119tami Bo\u017cego Narodzenia, wdra\u017canie do uwa\u017cnego s\u0142uchania s\u0142owa czytanego, rozwijanie umiej\u0119tno\u015bci wypowiadania si\u0119 na wskazany temat za pomoc\u0105 s\u0142owa, pracy plastycznej, gestu i mimiki, wdra\u017canie do niesienia pomocy smutnym, samotnym i pokrzywdzonym<\/li><li>poznanie potraw charakterystycznych dla wieczerzy wigilijnej, doskonalenie umiej\u0119tno\u015bci klasyfikacji, rozwijanie umiej\u0119tno\u015bci odwzorowywania, doskonalenie liczenia w zakresie 0\u20136, budzenie zainteresowania eksperymentami, rozwijanie wyobra\u017ani, budzenie zainteresowania tradycjami bo\u017conarodzeniowymi i ch\u0119ci ich kultywowania<\/li><li>poznanie piosenki z repertuaru dzieci\u0119cego o tematyce zwi\u0105zanej ze \u015bwi\u0119tami, rozwijanie poczucia rytmu, rozwijanie t\u0119\u017cyzny fizycznej, rozwijanie wra\u017cliwo\u015bci muzycznej<\/li><li>poznanie wygl\u0105du r\u00f3\u017cnych ozd\u00f3b choinkowych, rozwijanie sprawno\u015bci manualnej, poszerzanie do\u015bwiadcze\u0144 plastycznych, zach\u0119canie do starannego wykonywania prac plastycznych<\/li><\/ul><p><strong>K\u0104CIK TEMATYCZNY:<\/strong><\/p><ul><li>Przygotowania do zimy<\/li><li>Miko\u0142ajki<\/li><li>\u015awi\u0119ta Bo\u017cego Narodzenia<\/li><\/ul><p><strong>DNI DODATKOWE:<\/strong><\/p><ul><li>01.12 \u015awi\u0105teczne warsztaty i kiermasz Wsp\u00f3lne dekorowanie przedszkola<\/li><li>05.12 Sensoryczny Biwak Miko\u0142ajkowy<\/li><li>10.12 (og\u0142oszenie 28.11, zg\u0142oszenia do 10.12) Gminny zimowo- \u015bwi\u0105teczny konkurs plastyczny<\/li><li>10.12 Gminne Spotkanie z Miko\u0142ajem<\/li><li>12.12 Wigilijne spotkanie z rodzicami\u00a0<\/li><li>12.12 Urodziny w grupach<\/li><li>19.12 Wyst\u0119p rodzic\u00f3w dla przedszkolak\u00f3w<\/li><li>22.12-31.12, 02.01 oraz 05.01 Zimowa przerwa \u015bwi\u0105teczna &#8211; Grupy \u0142\u0105czone zgodne z deklaracjami (na zapisy)<\/li><\/ul>\t\t\t\t\t\t\t\t<\/div>\n\t\t\t\t<\/div>\n\t\t\t\t<div class=\"elementor-element elementor-element-c39d2a5 elementor-widget elementor-widget-heading\" data-id=\"c39d2a5\" data-element_type=\"widget\" data-e-type=\"widget\" data-widget_type=\"heading.default\">\n\t\t\t\t<div class=\"elementor-widget-container\">\n\t\t\t\t\t<h2 class=\"elementor-heading-title elementor-size-default\">PIOSENKI<\/h2>\t\t\t\t<\/div>\n\t\t\t\t<\/div>\n\t\t\t\t<div class=\"elementor-element elementor-element-800621c elementor-widget elementor-widget-wp-widget-media_audio\" data-id=\"800621c\" data-element_type=\"widget\" data-e-type=\"widget\" data-widget_type=\"wp-widget-media_audio.default\">\n\t\t\t\t<div class=\"elementor-widget-container\">\n\t\t\t\t\t<h5>\u015apiewajmy Gloria &#8211; Smykofonika<\/h5><audio class=\"wp-audio-shortcode\" id=\"audio-1891-4\" preload=\"none\" style=\"width: 100%;\" controls=\"controls\"><source type=\"audio\/mpeg\" src=\"https:\/\/przedszkole.spbrzozowka.pl\/wp-content\/uploads\/2025\/11\/Smykofonika-upiewaj-Gloria.mp3?_=4\" \/><source type=\"audio\/mpeg\" src=\"https:\/\/przedszkole.spbrzozowka.pl\/wp-content\/uploads\/2025\/11\/Smykofonika-upiewaj-Gloria.mp3?_=4\" \/><a href=\"https:\/\/przedszkole.spbrzozowka.pl\/wp-content\/uploads\/2025\/11\/Smykofonika-upiewaj-Gloria.mp3\">https:\/\/przedszkole.spbrzozowka.pl\/wp-content\/uploads\/2025\/11\/Smykofonika-upiewaj-Gloria.mp3<\/a><\/audio>\t\t\t\t<\/div>\n\t\t\t\t<\/div>\n\t\t\t\t<div class=\"elementor-element elementor-element-960061a elementor-widget elementor-widget-image\" data-id=\"960061a\" data-element_type=\"widget\" data-e-type=\"widget\" data-widget_type=\"image.default\">\n\t\t\t\t<div class=\"elementor-widget-container\">\n\t\t\t\t\t\t\t\t\t\t\t\t\t\t\t<img fetchpriority=\"high\" decoding=\"async\" width=\"683\" height=\"1024\" src=\"https:\/\/przedszkole.spbrzozowka.pl\/wp-content\/uploads\/2025\/11\/wiersz-grudzien-683x1024.jpg\" class=\"attachment-large size-large wp-image-11134\" alt=\"\" srcset=\"https:\/\/przedszkole.spbrzozowka.pl\/wp-content\/uploads\/2025\/11\/wiersz-grudzien-683x1024.jpg 683w, https:\/\/przedszkole.spbrzozowka.pl\/wp-content\/uploads\/2025\/11\/wiersz-grudzien-200x300.jpg 200w, https:\/\/przedszkole.spbrzozowka.pl\/wp-content\/uploads\/2025\/11\/wiersz-grudzien-768x1152.jpg 768w, https:\/\/przedszkole.spbrzozowka.pl\/wp-content\/uploads\/2025\/11\/wiersz-grudzien-1024x1536.jpg 1024w, https:\/\/przedszkole.spbrzozowka.pl\/wp-content\/uploads\/2025\/11\/wiersz-grudzien-1000x1500.jpg 1000w, https:\/\/przedszkole.spbrzozowka.pl\/wp-content\/uploads\/2025\/11\/wiersz-grudzien-230x345.jpg 230w, https:\/\/przedszkole.spbrzozowka.pl\/wp-content\/uploads\/2025\/11\/wiersz-grudzien-350x525.jpg 350w, https:\/\/przedszkole.spbrzozowka.pl\/wp-content\/uploads\/2025\/11\/wiersz-grudzien-480x720.jpg 480w, https:\/\/przedszkole.spbrzozowka.pl\/wp-content\/uploads\/2025\/11\/wiersz-grudzien.jpg 1200w\" sizes=\"(max-width: 683px) 100vw, 683px\" \/>\t\t\t\t\t\t\t\t\t\t\t\t\t\t\t<\/div>\n\t\t\t\t<\/div>\n\t\t\t\t<div class=\"elementor-element elementor-element-8eeacd3 elementor-widget elementor-widget-heading\" data-id=\"8eeacd3\" data-element_type=\"widget\" data-e-type=\"widget\" data-widget_type=\"heading.default\">\n\t\t\t\t<div class=\"elementor-widget-container\">\n\t\t\t\t\t<h2 class=\"elementor-heading-title elementor-size-default\">GALERIA<\/h2>\t\t\t\t<\/div>\n\t\t\t\t<\/div>\n\t\t\t\t<div class=\"elementor-element elementor-element-fd2f07c elementor-arrows-position-inside elementor-pagination-position-outside elementor-widget elementor-widget-image-carousel\" data-id=\"fd2f07c\" data-element_type=\"widget\" data-e-type=\"widget\" data-settings=\"{&quot;slides_to_show&quot;:&quot;3&quot;,&quot;autoplay_speed&quot;:2500,&quot;navigation&quot;:&quot;both&quot;,&quot;autoplay&quot;:&quot;yes&quot;,&quot;pause_on_hover&quot;:&quot;yes&quot;,&quot;pause_on_interaction&quot;:&quot;yes&quot;,&quot;infinite&quot;:&quot;yes&quot;,&quot;speed&quot;:500}\" data-widget_type=\"image-carousel.default\">\n\t\t\t\t<div class=\"elementor-widget-container\">\n\t\t\t\t\t\t\t<div class=\"elementor-image-carousel-wrapper swiper\" role=\"region\" aria-roledescription=\"carousel\" aria-label=\"Karuzela obrazk\u00f3w\" dir=\"ltr\">\n\t\t\t<div class=\"elementor-image-carousel swiper-wrapper\" aria-live=\"off\">\n\t\t\t\t\t\t\t\t<div class=\"swiper-slide\" role=\"group\" aria-roledescription=\"slide\" aria-label=\"1 z 5\"><a data-elementor-open-lightbox=\"yes\" data-elementor-lightbox-slideshow=\"fd2f07c\" data-e-action-hash=\"#elementor-action%3Aaction%3Dlightbox%26settings%3DeyJpZCI6MTQ3MSwidXJsIjpmYWxzZSwic2xpZGVzaG93IjoiZmQyZjA3YyJ9\"><figure class=\"swiper-slide-inner\"><img decoding=\"async\" class=\"swiper-slide-image lazyload\" data-src=\"https:\/\/przedszkole.spbrzozowka.pl\/wp-content\/uploads\/2020\/11\/child-1864718_640.jpg\" alt=\"\" src=\"data:image\/svg+xml;base64,PHN2ZyB3aWR0aD0iMSIgaGVpZ2h0PSIxIiB4bWxucz0iaHR0cDovL3d3dy53My5vcmcvMjAwMC9zdmciPjwvc3ZnPg==\" \/><\/figure><\/a><\/div><div class=\"swiper-slide\" role=\"group\" aria-roledescription=\"slide\" aria-label=\"2 z 5\"><a data-elementor-open-lightbox=\"yes\" data-elementor-lightbox-slideshow=\"fd2f07c\" data-e-action-hash=\"#elementor-action%3Aaction%3Dlightbox%26settings%3DeyJpZCI6MTQ3MiwidXJsIjpmYWxzZSwic2xpZGVzaG93IjoiZmQyZjA3YyJ9\"><figure class=\"swiper-slide-inner\"><img decoding=\"async\" class=\"swiper-slide-image lazyload\" data-src=\"https:\/\/przedszkole.spbrzozowka.pl\/wp-content\/uploads\/2020\/11\/hand-93168_640.jpg\" alt=\"\" src=\"data:image\/svg+xml;base64,PHN2ZyB3aWR0aD0iMSIgaGVpZ2h0PSIxIiB4bWxucz0iaHR0cDovL3d3dy53My5vcmcvMjAwMC9zdmciPjwvc3ZnPg==\" \/><\/figure><\/a><\/div><div class=\"swiper-slide\" role=\"group\" aria-roledescription=\"slide\" aria-label=\"3 z 5\"><a data-elementor-open-lightbox=\"yes\" data-elementor-lightbox-slideshow=\"fd2f07c\" data-e-action-hash=\"#elementor-action%3Aaction%3Dlightbox%26settings%3DeyJpZCI6MTQ3MywidXJsIjpmYWxzZSwic2xpZGVzaG93IjoiZmQyZjA3YyJ9\"><figure class=\"swiper-slide-inner\"><img decoding=\"async\" class=\"swiper-slide-image lazyload\" data-src=\"https:\/\/przedszkole.spbrzozowka.pl\/wp-content\/uploads\/2020\/11\/kid-2428765_640.jpg\" alt=\"\" src=\"data:image\/svg+xml;base64,PHN2ZyB3aWR0aD0iMSIgaGVpZ2h0PSIxIiB4bWxucz0iaHR0cDovL3d3dy53My5vcmcvMjAwMC9zdmciPjwvc3ZnPg==\" \/><\/figure><\/a><\/div><div class=\"swiper-slide\" role=\"group\" aria-roledescription=\"slide\" aria-label=\"4 z 5\"><a data-elementor-open-lightbox=\"yes\" data-elementor-lightbox-slideshow=\"fd2f07c\" data-e-action-hash=\"#elementor-action%3Aaction%3Dlightbox%26settings%3DeyJpZCI6MTQ3NSwidXJsIjpmYWxzZSwic2xpZGVzaG93IjoiZmQyZjA3YyJ9\"><figure class=\"swiper-slide-inner\"><img decoding=\"async\" class=\"swiper-slide-image lazyload\" data-src=\"https:\/\/przedszkole.spbrzozowka.pl\/wp-content\/uploads\/2020\/11\/table-3281047_640.jpg\" alt=\"\" src=\"data:image\/svg+xml;base64,PHN2ZyB3aWR0aD0iMSIgaGVpZ2h0PSIxIiB4bWxucz0iaHR0cDovL3d3dy53My5vcmcvMjAwMC9zdmciPjwvc3ZnPg==\" \/><\/figure><\/a><\/div><div class=\"swiper-slide\" role=\"group\" aria-roledescription=\"slide\" aria-label=\"5 z 5\"><a data-elementor-open-lightbox=\"yes\" data-elementor-lightbox-slideshow=\"fd2f07c\" data-e-action-hash=\"#elementor-action%3Aaction%3Dlightbox%26settings%3DeyJpZCI6MTQ3NiwidXJsIjpmYWxzZSwic2xpZGVzaG93IjoiZmQyZjA3YyJ9\"><figure class=\"swiper-slide-inner\"><img decoding=\"async\" class=\"swiper-slide-image lazyload\" data-src=\"https:\/\/przedszkole.spbrzozowka.pl\/wp-content\/uploads\/2020\/11\/crayons-1445053_640.jpg\" alt=\"\" src=\"data:image\/svg+xml;base64,PHN2ZyB3aWR0aD0iMSIgaGVpZ2h0PSIxIiB4bWxucz0iaHR0cDovL3d3dy53My5vcmcvMjAwMC9zdmciPjwvc3ZnPg==\" \/><\/figure><\/a><\/div>\t\t\t<\/div>\n\t\t\t\t\t\t\t\t\t\t\t\t<div class=\"elementor-swiper-button elementor-swiper-button-prev\" role=\"button\" tabindex=\"0\">\n\t\t\t\t\t\t<i aria-hidden=\"true\" class=\"eicon-chevron-left\"><\/i>\t\t\t\t\t<\/div>\n\t\t\t\t\t<div class=\"elementor-swiper-button elementor-swiper-button-next\" role=\"button\" tabindex=\"0\">\n\t\t\t\t\t\t<i aria-hidden=\"true\" class=\"eicon-chevron-right\"><\/i>\t\t\t\t\t<\/div>\n\t\t\t\t\n\t\t\t\t\t\t\t\t\t<div class=\"swiper-pagination\"><\/div>\n\t\t\t\t\t\t\t\t\t<\/div>\n\t\t\t\t\t\t<\/div>\n\t\t\t\t<\/div>\n\t\t\t\t\t<\/div>\n\t\t<\/div>\n\t\t\t\t\t<\/div>\n\t\t<\/section>\n\t\t\t\t<section class=\"elementor-section elementor-top-section elementor-element elementor-element-503dda4 elementor-section-boxed elementor-section-height-default elementor-section-height-default\" data-id=\"503dda4\" data-element_type=\"section\" data-e-type=\"section\" data-settings=\"{&quot;background_background&quot;:&quot;classic&quot;}\">\n\t\t\t\t\t\t<div class=\"elementor-container elementor-column-gap-default\">\n\t\t\t\t\t<div class=\"elementor-column elementor-col-100 elementor-top-column elementor-element elementor-element-b594115\" data-id=\"b594115\" data-element_type=\"column\" data-e-type=\"column\">\n\t\t\t<div class=\"elementor-widget-wrap elementor-element-populated\">\n\t\t\t\t\t\t<div class=\"elementor-element elementor-element-d2634a6 elementor-widget elementor-widget-heading\" data-id=\"d2634a6\" data-element_type=\"widget\" data-e-type=\"widget\" data-widget_type=\"heading.default\">\n\t\t\t\t<div class=\"elementor-widget-container\">\n\t\t\t\t\t<h2 class=\"elementor-heading-title elementor-size-xl\">LISTOPAD 2025<\/h2>\t\t\t\t<\/div>\n\t\t\t\t<\/div>\n\t\t\t\t<div class=\"elementor-element elementor-element-9befb1f elementor-widget elementor-widget-heading\" data-id=\"9befb1f\" data-element_type=\"widget\" data-e-type=\"widget\" data-widget_type=\"heading.default\">\n\t\t\t\t<div class=\"elementor-widget-container\">\n\t\t\t\t\t<h2 class=\"elementor-heading-title elementor-size-default\">Tematyka zaj\u0119\u0107 - LISTOPAD 2025<\/h2>\t\t\t\t<\/div>\n\t\t\t\t<\/div>\n\t\t\t\t<div class=\"elementor-element elementor-element-4fc45e0 elementor-widget elementor-widget-text-editor\" data-id=\"4fc45e0\" data-element_type=\"widget\" data-e-type=\"widget\" data-widget_type=\"text-editor.default\">\n\t\t\t\t<div class=\"elementor-widget-container\">\n\t\t\t\t\t\t\t\t\t<p class=\"cvGsUA direction-ltr align-center para-style-body\"><strong><span class=\"a_GcMg font-feature-liga-off font-feature-clig-off font-feature-calt-off text-decoration-none text-strikethrough-none\">Tydzie\u0144 IX: \u201cMa\u0142a i du\u017ca ojczyzna\u201d (03.11 &#8211; 07.11.2025)<\/span><\/strong><\/p><ol><li class=\"cvGsUA direction-ltr align-center para-style-body\"><span class=\"a_GcMg font-feature-liga-off font-feature-clig-off font-feature-calt-off text-decoration-none text-strikethrough-none\">Moja ma\u0142a ojczyzna<\/span><\/li><li class=\"cvGsUA direction-ltr align-center para-style-body\"><span class=\"a_GcMg font-feature-liga-off font-feature-clig-off font-feature-calt-off text-decoration-none text-strikethrough-none\">M\u00f3j dom<\/span><\/li><li class=\"cvGsUA direction-ltr align-center para-style-body\"><span class=\"a_GcMg font-feature-liga-off font-feature-clig-off font-feature-calt-off text-decoration-none text-strikethrough-none\">Mieszkam w mie\u015bcie<\/span><\/li><li class=\"cvGsUA direction-ltr align-center para-style-body\"><span class=\"a_GcMg font-feature-liga-off font-feature-clig-off font-feature-calt-off text-decoration-none text-strikethrough-none\">Mieszkam na wsi<\/span><\/li><li class=\"cvGsUA direction-ltr align-center para-style-body\"><span class=\"a_GcMg font-feature-liga-off font-feature-clig-off font-feature-calt-off text-decoration-none text-strikethrough-none\">Bia\u0142o-czerwoni<\/span><\/li><\/ol><p class=\"cvGsUA direction-ltr align-center para-style-body\"><strong><span class=\"a_GcMg font-feature-liga-off font-feature-clig-off font-feature-calt-off text-decoration-none text-strikethrough-none\">Tydzie\u0144 X \u201eNasze cia\u0142o\u201d (10.11 -14.11.2025 )<\/span><\/strong><\/p><ol><li class=\"cvGsUA direction-ltr align-center para-style-body\"><span class=\"a_GcMg font-feature-liga-off font-feature-clig-off font-feature-calt-off text-decoration-none text-strikethrough-none\">Nasze cia\u0142o<\/span><\/li><li class=\"cvGsUA direction-ltr align-center para-style-body\"><span class=\"a_GcMg font-feature-liga-off font-feature-clig-off font-feature-calt-off text-decoration-none text-strikethrough-none\">Nasze zmys\u0142y<\/span><\/li><li class=\"cvGsUA direction-ltr align-center para-style-body\"><span class=\"a_GcMg font-feature-liga-off font-feature-clig-off font-feature-calt-off text-decoration-none text-strikethrough-none\">Dbamy o higien\u0119<\/span><\/li><li class=\"cvGsUA direction-ltr align-center para-style-body\"><span class=\"a_GcMg font-feature-liga-off font-feature-clig-off font-feature-calt-off text-decoration-none text-strikethrough-none\">Ruch to zdrowie<\/span><\/li><li class=\"cvGsUA direction-ltr align-center para-style-body\"><span class=\"a_GcMg font-feature-liga-off font-feature-clig-off font-feature-calt-off text-decoration-none text-strikethrough-none\">Chc\u0119 by\u0107 zdrowy<\/span><\/li><\/ol><p class=\"cvGsUA direction-ltr align-center para-style-body\"><strong><span class=\"a_GcMg font-feature-liga-off font-feature-clig-off font-feature-calt-off text-decoration-none text-strikethrough-none\">Tydzie\u0144 XI \u201ePrzygotowanie do zimy\u201d (17.11 -21.11.2025)<\/span><\/strong><\/p><ol><li class=\"cvGsUA direction-ltr align-center para-style-body\"><span class=\"a_GcMg font-feature-liga-off font-feature-clig-off font-feature-calt-off text-decoration-none text-strikethrough-none\">Jeste\u015bmy odpowiedzialni za przyrod\u0119<\/span><\/li><li class=\"cvGsUA direction-ltr align-center para-style-body\"><span class=\"a_GcMg font-feature-liga-off font-feature-clig-off font-feature-calt-off text-decoration-none text-strikethrough-none\">Zimowe domy zwierz\u0105t<\/span><\/li><li class=\"cvGsUA direction-ltr align-center para-style-body\"><span class=\"a_GcMg font-feature-liga-off font-feature-clig-off font-feature-calt-off text-decoration-none text-strikethrough-none\">Ptaki przed zim\u0105<\/span><\/li><li class=\"cvGsUA direction-ltr align-center para-style-body\"><span class=\"a_GcMg font-feature-liga-off font-feature-clig-off font-feature-calt-off text-decoration-none text-strikethrough-none\">Co s\u0142ycha\u0107 wok\u00f3\u0142 nas?<\/span><\/li><li class=\"cvGsUA direction-ltr align-center para-style-body\"><span class=\"a_GcMg font-feature-liga-off font-feature-clig-off font-feature-calt-off text-decoration-none text-strikethrough-none\">Zapasy na zim\u0119<\/span><\/li><\/ol><p class=\"cvGsUA direction-ltr align-center para-style-body\"><strong><span class=\"a_GcMg font-feature-liga-off font-feature-clig-off font-feature-calt-off text-decoration-none text-strikethrough-none\">Tydzie\u0144 XII \u201eWiadomo\u015b\u0107 z daleka\u201d (24.11 -28.11.2025)<\/span><\/strong><\/p><ol><li class=\"cvGsUA direction-ltr align-center para-style-body\"><span class=\"a_GcMg font-feature-liga-off font-feature-clig-off font-feature-calt-off text-decoration-none text-strikethrough-none\">Na poczcie<\/span><\/li><li class=\"cvGsUA direction-ltr align-center para-style-body\"><span class=\"a_GcMg font-feature-liga-off font-feature-clig-off font-feature-calt-off text-decoration-none text-strikethrough-none\">Masz wiadomo\u015b\u0107<\/span><\/li><li class=\"cvGsUA direction-ltr align-center para-style-body\"><span class=\"a_GcMg font-feature-liga-off font-feature-clig-off font-feature-calt-off text-decoration-none text-strikethrough-none\">Paczki i paczuszki<\/span><\/li><li class=\"cvGsUA direction-ltr align-center para-style-body\"><span class=\"a_GcMg font-feature-liga-off font-feature-clig-off font-feature-calt-off text-decoration-none text-strikethrough-none\">Ding-dong<\/span><\/li><li class=\"cvGsUA direction-ltr align-center para-style-body\"><span class=\"a_GcMg font-feature-liga-off font-feature-clig-off font-feature-calt-off text-decoration-none text-strikethrough-none\">Tajemnicza przesy\u0142ka<\/span><\/li><\/ol><p><strong>Zamierzenia wychowawczo-dydaktyczne na miesi\u0105c LISTOPAD- (cele og\u00f3lne):<\/strong><\/p><p><strong>Tydzie\u0144 IX. Ma\u0142a i du\u017ca ojczyzna<\/strong><\/p><ul><li>poznanie poj\u0119\u0107: <em>mapa<\/em>, <em>symbole<\/em>, <em>Polska<\/em>, poszerzanie s\u0142ownika czynnego, rozwijanie umiej\u0119tno\u015bci ilustrowania poj\u0119\u0107 ruchem, rozwijanie wra\u017cliwo\u015bci, empatii, umiej\u0119tno\u015bci podawania nazw uczu\u0107 i emocji<\/li><li>u\u017cywanie poj\u0119\u0107: <em>dom<\/em>, <em>mieszka\u0144cy domu<\/em>, doskonalenie s\u0142uchu fonematycznego, dokonywania analizy sylabowej, rozwijanie sprawno\u015bci ruchowej i manualnej, \u0107wiczenia w odr\u00f3\u017cnianiu fikcji od rzeczywisto\u015bci<\/li><li>poszerzenie wiedzy o wygl\u0105dzie miast, rozwijanie umiej\u0119tno\u015bci przeliczania, dokonywania analizy sylabowej, prowadzenia eksperyment\u00f3w, dba\u0142o\u015b\u0107 o bezpiecze\u0144stwo swoje i innych, rozwijanie odpowiedzialno\u015bci<\/li><li>poznanie nowej piosenki, odr\u00f3\u017cnianie krajobrazu miasta i wsi, rozwijanie pami\u0119ci s\u0142uchowej i s\u0142uchu muzycznego, rozwijanie samodzielno\u015bci i odpowiedzialno\u015bci<\/li><li>rozpoznawanie i podawanie nazw niekt\u00f3rych symboli narodowych, rozwijanie sprawno\u015bci manualnej, wra\u017cliwo\u015bci sensorycznej, r\u00f3\u017cnicowanie faktur dotykiem, doskonalenie wsp\u00f3\u0142pracy, rozwijanie umiej\u0119tno\u015bci rozumienia sygna\u0142\u00f3w werbalnych i symboli<\/li><\/ul><p><strong>Tydzie\u0144 X. Nasze cia\u0142o<\/strong><\/p><ul><li>utrwalanie znajomo\u015bci nazw cz\u0119\u015bci cia\u0142a, poznanie zawodu lekarza, kszta\u0142towanie umiej\u0119tno\u015bci rozpoznawania emocji i podawania ich nazw, rozwijanie t\u0119\u017cyzny fizycznej, zach\u0119canie do uwa\u017cnego obserwowania swojego cia\u0142a<\/li><li>utrwalanie znajomo\u015bci nazw cz\u0119\u015bci cia\u0142a, poznanie zmys\u0142\u00f3w i odpowiadaj\u0105cych im narz\u0105d\u00f3w, rozwijanie s\u0142uchu fonematycznego, doskonalenie umiej\u0119tno\u015bci s\u0142uchania ze zrozumieniem, rozwijanie motoryki ma\u0142ej, kszta\u0142cenie zmys\u0142\u00f3w, integrowanie grupy, budowanie poczucia zaufania w grupie<\/li><li>poznanie zasad utrzymania higieny jamy ustnej, poznanie zawodu stomatologa, poznanie produkt\u00f3w zdrowych dla z\u0119b\u00f3w, rozwijanie umiej\u0119tno\u015bci klasyfikacji wed\u0142ug symbolu, kszta\u0142towanie umiej\u0119tno\u015bci odwzorowywania, rozwijanie umiej\u0119tno\u015bci s\u0142uchania, kszta\u0142towanie nawyku mycia z\u0119b\u00f3w<\/li><li>poznanie nazw r\u00f3\u017cnych aktywno\u015bci fizycznych, kszta\u0142cenie s\u0142uchu muzycznego i rozwijanie umiej\u0119tno\u015bci wokalnych, rozwijanie sprawno\u015bci fizycznej, nabieranie wiary we w\u0142asne umiej\u0119tno\u015bci muzyczne<\/li><li>poznanie wybranych zasad zdrowego od\u017cywiania, kszta\u0142cenie umiej\u0119tno\u015bci wielozmys\u0142owego poznawania r\u00f3\u017cnych artyku\u0142\u00f3w, rozwijanie motoryki ma\u0142ej, zach\u0119canie do odkrywania nowych smak\u00f3w<\/li><\/ul><p><strong>Tydzie\u0144 XI. Przygotowania do zimy<\/strong><\/p><ul><li>poszerzanie wiedzy na temat zwierz\u0105t le\u015bnych i ich nawyk\u00f3w \u017cywieniowych, poznanie zasad zachowania si\u0119 w lesie, rozwijanie umiej\u0119tno\u015bci wypowiadania si\u0119 na okre\u015blony temat, doskonalenie umiej\u0119tno\u015bci s\u0142uchania ze zrozumieniem, rozwijanie motoryki du\u017cej i ma\u0142ej oraz precyzyjnych ruch\u00f3w r\u0105k, wdra\u017canie do bycia odpowiedzialnym za przyrod\u0119, wdra\u017canie do odpowiedniego zachowania w lesie<\/li><li>poznanie podstawowych wiadomo\u015bci na temat przygotowa\u0144 do zimy wiewi\u00f3rki, nied\u017awiedzia i je\u017ca, rozwijanie umiej\u0119tno\u015bci wypowiadania si\u0119 na okre\u015blony temat, doskonalenie umiej\u0119tno\u015bci s\u0142uchania ze zrozumieniem, rozwijanie umiej\u0119tno\u015bci podzia\u0142u s\u0142\u00f3w na sylaby, kszta\u0142towanie sprawno\u015bci manualnej, doskonalenie umiej\u0119tno\u015bci liczenia w zakresie 0\u20135, integrowanie grupy, wdra\u017canie do wsp\u00f3\u0142dzia\u0142ania w zabawie ruchowej<\/li><li>poszerzanie wiedzy na temat ptak\u00f3w odlatuj\u0105cych i pozostaj\u0105cych w Polsce, kszta\u0142towanie umiej\u0119tno\u015bci okre\u015blania po\u0142o\u017cenia r\u00f3\u017cnych przedmiot\u00f3w w przestrzeni, wzmacnianie wiary we w\u0142asne mo\u017cliwo\u015bci<\/li><li>poznanie wybranej piosenki z repertuaru dzieci\u0119cego, kszta\u0142towanie s\u0142uchu muzycznego i poczucia rytmu, rozwijanie t\u0119\u017cyzny fizycznej, zach\u0119canie do dok\u0142adnego wykonywania wszystkich \u0107wicze\u0144 i zada\u0144<\/li><li>utrwalenie wiadomo\u015bci na temat wiewi\u00f3rki, je\u017ca i ptak\u00f3w, rozwijanie sprawno\u015bci manualnej, kszta\u0142cenie zmys\u0142\u00f3w, rozwijanie umiej\u0119tno\u015bci logicznego my\u015blenia, wdra\u017canie do zgodnego dzia\u0142ania z innymi w zabawie<\/li><\/ul><p><strong>Tydzie\u0144 XII. Wiadomo\u015b\u0107 z daleka<\/strong><\/p><ul><li>poznanie zawodu listonosza, rozwijanie umiej\u0119tno\u015bci wypowiadania si\u0119 na okre\u015blony temat, rozwijanie t\u0119\u017cyzny fizycznej, wyrabianie postawy szacunku wobec os\u00f3b pracuj\u0105cych w r\u00f3\u017cnych zawodach<\/li><li>poznanie funkcji i wygl\u0105du r\u00f3\u017cnych telefon\u00f3w (starych i wsp\u00f3\u0142czesnych), wdra\u017canie do s\u0142uchania utwor\u00f3w literackich, rozwijanie umiej\u0119tno\u015bci wypowiadania si\u0119 na okre\u015blony temat, rozwijanie sprawno\u015bci manualnej, wdra\u017canie do zgodnej wsp\u00f3\u0142pracy w parze i grupie<\/li><li>utrwalanie poj\u0119\u0107 <em>du\u017cy<\/em> i <em>ma\u0142y<\/em>, rozwijanie umiej\u0119tno\u015bci r\u00f3\u017cnicowania przedmiot\u00f3w ze wzgl\u0119du na wielko\u015b\u0107, kszta\u0142towanie umiej\u0119tno\u015bci odwzorowywania, rozwijanie s\u0142uchu fonematycznego, doskonalenie umiej\u0119tno\u015bci przeliczania, wdra\u017canie do wyci\u0105gania wniosk\u00f3w z obserwacji (zabawy badawczej), rozwijanie umiej\u0119tno\u015bci samodzielnego organizowania sobie wolnego czasu<\/li><li>poznanie budowy piosenki, zapoznanie z instrumentem d\u0119tym \u2013 tr\u0105bk\u0105 oraz symbolem Poczty Polskiej, kszta\u0142cenie wra\u017cliwo\u015bci i pami\u0119ci muzycznej, rozwijanie t\u0119\u017cyzny fizycznej, wdra\u017canie do zgodnego wsp\u00f3\u0142dzia\u0142ania podczas r\u00f3\u017cnych aktywno\u015bci<\/li><li>poznanie tradycji zwi\u0105zanych z miko\u0142ajkami, rozwijanie sprawno\u015bci manualnej, kszta\u0142cenie zmys\u0142\u00f3w (dotyku, wzroku), wzmacnianie poczucia w\u0142asnej warto\u015bci<\/li><\/ul><p><strong>K\u0104CIK TEMATYCZNY:<\/strong><\/p><ul><li>Ma\u0142a i du\u017ca ojczyzna \u2013 11 listopada<\/li><li>Prawa dziecka<\/li><li>Nasze Cia\u0142o<\/li><li>Przygotowania do zimy<\/li><\/ul><p><strong>DNI DODATKOWE:<\/strong><\/p><ul><li>07.11. \u2013 Akademia z okazji odzyskania Niepodleg\u0142o\u015bci<\/li><li>07.11 \u2013 og\u00f3lnopolska akcja Ministerstwa Edukacji Narodowej \u201eSzko\u0142a do hymnu\u201d<\/li><li>10.11 \u2013 Grupy \u0142\u0105czone zgodnie z deklaracj\u0105<\/li><li>11.11 \u2013 \u015awi\u0119to Odzyskania Niepodleg\u0142o\u015bci \u2013 dzie\u0144 wolny<\/li><li>14.11 \u2013 Urodziny grupowe<\/li><li>18.11 \u2013 Dzie\u0144 postaci z bajek<\/li><li>20.11 \u2013 V rocznica nadania imienia Przedszkolu<\/li><li>21.11 \u2013 Pasowanie na przedszkolaka \u2013 grupa najm\u0142odsza<\/li><li>25.11 \u2013 Dzie\u0144 Pluszowego Misia<\/li><\/ul>\t\t\t\t\t\t\t\t<\/div>\n\t\t\t\t<\/div>\n\t\t\t\t<div class=\"elementor-element elementor-element-a491eae elementor-widget elementor-widget-heading\" data-id=\"a491eae\" data-element_type=\"widget\" data-e-type=\"widget\" data-widget_type=\"heading.default\">\n\t\t\t\t<div class=\"elementor-widget-container\">\n\t\t\t\t\t<h2 class=\"elementor-heading-title elementor-size-default\">PIOSENKI<\/h2>\t\t\t\t<\/div>\n\t\t\t\t<\/div>\n\t\t\t\t<div class=\"elementor-element elementor-element-025349d elementor-widget elementor-widget-heading\" data-id=\"025349d\" data-element_type=\"widget\" data-e-type=\"widget\" data-widget_type=\"heading.default\">\n\t\t\t\t<div class=\"elementor-widget-container\">\n\t\t\t\t\t<h2 class=\"elementor-heading-title elementor-size-default\">WIERSZE<br><\/h2>\t\t\t\t<\/div>\n\t\t\t\t<\/div>\n\t\t\t\t<div class=\"elementor-element elementor-element-97ebea6 elementor-widget elementor-widget-wp-widget-media_audio\" data-id=\"97ebea6\" data-element_type=\"widget\" data-e-type=\"widget\" data-widget_type=\"wp-widget-media_audio.default\">\n\t\t\t\t<div class=\"elementor-widget-container\">\n\t\t\t\t\t<h5>Kto ty jeste\u015b? Polak ma\u0142y.<\/h5><audio class=\"wp-audio-shortcode\" id=\"audio-1891-5\" preload=\"none\" style=\"width: 100%;\" controls=\"controls\"><source type=\"audio\/mpeg\" src=\"https:\/\/przedszkole.spbrzozowka.pl\/wp-content\/uploads\/2025\/11\/Kto-ty-jestesmusicvocals.mp3?_=5\" \/><source type=\"audio\/mpeg\" src=\"https:\/\/przedszkole.spbrzozowka.pl\/wp-content\/uploads\/2025\/11\/Kto-ty-jestesmusicvocals.mp3?_=5\" \/><a href=\"https:\/\/przedszkole.spbrzozowka.pl\/wp-content\/uploads\/2025\/11\/Kto-ty-jestesmusicvocals.mp3\">https:\/\/przedszkole.spbrzozowka.pl\/wp-content\/uploads\/2025\/11\/Kto-ty-jestesmusicvocals.mp3<\/a><\/audio>\t\t\t\t<\/div>\n\t\t\t\t<\/div>\n\t\t\t\t<div class=\"elementor-element elementor-element-6028643 elementor-widget elementor-widget-heading\" data-id=\"6028643\" data-element_type=\"widget\" data-e-type=\"widget\" data-widget_type=\"heading.default\">\n\t\t\t\t<div class=\"elementor-widget-container\">\n\t\t\t\t\t<h2 class=\"elementor-heading-title elementor-size-default\">GALERIA<\/h2>\t\t\t\t<\/div>\n\t\t\t\t<\/div>\n\t\t\t\t<div class=\"elementor-element elementor-element-2691f75 elementor-arrows-position-inside elementor-pagination-position-outside elementor-widget elementor-widget-image-carousel\" data-id=\"2691f75\" data-element_type=\"widget\" data-e-type=\"widget\" data-settings=\"{&quot;slides_to_show&quot;:&quot;3&quot;,&quot;autoplay_speed&quot;:2500,&quot;navigation&quot;:&quot;both&quot;,&quot;autoplay&quot;:&quot;yes&quot;,&quot;pause_on_hover&quot;:&quot;yes&quot;,&quot;pause_on_interaction&quot;:&quot;yes&quot;,&quot;infinite&quot;:&quot;yes&quot;,&quot;speed&quot;:500}\" data-widget_type=\"image-carousel.default\">\n\t\t\t\t<div class=\"elementor-widget-container\">\n\t\t\t\t\t\t\t<div class=\"elementor-image-carousel-wrapper swiper\" role=\"region\" aria-roledescription=\"carousel\" aria-label=\"Karuzela obrazk\u00f3w\" dir=\"ltr\">\n\t\t\t<div class=\"elementor-image-carousel swiper-wrapper\" aria-live=\"off\">\n\t\t\t\t\t\t\t\t<div class=\"swiper-slide\" role=\"group\" aria-roledescription=\"slide\" aria-label=\"1 z 5\"><a data-elementor-open-lightbox=\"yes\" data-elementor-lightbox-slideshow=\"2691f75\" data-e-action-hash=\"#elementor-action%3Aaction%3Dlightbox%26settings%3DeyJpZCI6MTQ3MSwidXJsIjpmYWxzZSwic2xpZGVzaG93IjoiMjY5MWY3NSJ9\"><figure class=\"swiper-slide-inner\"><img decoding=\"async\" class=\"swiper-slide-image lazyload\" data-src=\"https:\/\/przedszkole.spbrzozowka.pl\/wp-content\/uploads\/2020\/11\/child-1864718_640.jpg\" alt=\"\" src=\"data:image\/svg+xml;base64,PHN2ZyB3aWR0aD0iMSIgaGVpZ2h0PSIxIiB4bWxucz0iaHR0cDovL3d3dy53My5vcmcvMjAwMC9zdmciPjwvc3ZnPg==\" \/><\/figure><\/a><\/div><div class=\"swiper-slide\" role=\"group\" aria-roledescription=\"slide\" aria-label=\"2 z 5\"><a data-elementor-open-lightbox=\"yes\" data-elementor-lightbox-slideshow=\"2691f75\" data-e-action-hash=\"#elementor-action%3Aaction%3Dlightbox%26settings%3DeyJpZCI6MTQ3MiwidXJsIjpmYWxzZSwic2xpZGVzaG93IjoiMjY5MWY3NSJ9\"><figure class=\"swiper-slide-inner\"><img decoding=\"async\" class=\"swiper-slide-image lazyload\" data-src=\"https:\/\/przedszkole.spbrzozowka.pl\/wp-content\/uploads\/2020\/11\/hand-93168_640.jpg\" alt=\"\" src=\"data:image\/svg+xml;base64,PHN2ZyB3aWR0aD0iMSIgaGVpZ2h0PSIxIiB4bWxucz0iaHR0cDovL3d3dy53My5vcmcvMjAwMC9zdmciPjwvc3ZnPg==\" \/><\/figure><\/a><\/div><div class=\"swiper-slide\" role=\"group\" aria-roledescription=\"slide\" aria-label=\"3 z 5\"><a data-elementor-open-lightbox=\"yes\" data-elementor-lightbox-slideshow=\"2691f75\" data-e-action-hash=\"#elementor-action%3Aaction%3Dlightbox%26settings%3DeyJpZCI6MTQ3MywidXJsIjpmYWxzZSwic2xpZGVzaG93IjoiMjY5MWY3NSJ9\"><figure class=\"swiper-slide-inner\"><img decoding=\"async\" class=\"swiper-slide-image lazyload\" data-src=\"https:\/\/przedszkole.spbrzozowka.pl\/wp-content\/uploads\/2020\/11\/kid-2428765_640.jpg\" alt=\"\" src=\"data:image\/svg+xml;base64,PHN2ZyB3aWR0aD0iMSIgaGVpZ2h0PSIxIiB4bWxucz0iaHR0cDovL3d3dy53My5vcmcvMjAwMC9zdmciPjwvc3ZnPg==\" \/><\/figure><\/a><\/div><div class=\"swiper-slide\" role=\"group\" aria-roledescription=\"slide\" aria-label=\"4 z 5\"><a data-elementor-open-lightbox=\"yes\" data-elementor-lightbox-slideshow=\"2691f75\" data-e-action-hash=\"#elementor-action%3Aaction%3Dlightbox%26settings%3DeyJpZCI6MTQ3NSwidXJsIjpmYWxzZSwic2xpZGVzaG93IjoiMjY5MWY3NSJ9\"><figure class=\"swiper-slide-inner\"><img decoding=\"async\" class=\"swiper-slide-image lazyload\" data-src=\"https:\/\/przedszkole.spbrzozowka.pl\/wp-content\/uploads\/2020\/11\/table-3281047_640.jpg\" alt=\"\" src=\"data:image\/svg+xml;base64,PHN2ZyB3aWR0aD0iMSIgaGVpZ2h0PSIxIiB4bWxucz0iaHR0cDovL3d3dy53My5vcmcvMjAwMC9zdmciPjwvc3ZnPg==\" \/><\/figure><\/a><\/div><div class=\"swiper-slide\" role=\"group\" aria-roledescription=\"slide\" aria-label=\"5 z 5\"><a data-elementor-open-lightbox=\"yes\" data-elementor-lightbox-slideshow=\"2691f75\" data-e-action-hash=\"#elementor-action%3Aaction%3Dlightbox%26settings%3DeyJpZCI6MTQ3NiwidXJsIjpmYWxzZSwic2xpZGVzaG93IjoiMjY5MWY3NSJ9\"><figure class=\"swiper-slide-inner\"><img decoding=\"async\" class=\"swiper-slide-image lazyload\" data-src=\"https:\/\/przedszkole.spbrzozowka.pl\/wp-content\/uploads\/2020\/11\/crayons-1445053_640.jpg\" alt=\"\" src=\"data:image\/svg+xml;base64,PHN2ZyB3aWR0aD0iMSIgaGVpZ2h0PSIxIiB4bWxucz0iaHR0cDovL3d3dy53My5vcmcvMjAwMC9zdmciPjwvc3ZnPg==\" \/><\/figure><\/a><\/div>\t\t\t<\/div>\n\t\t\t\t\t\t\t\t\t\t\t\t<div class=\"elementor-swiper-button elementor-swiper-button-prev\" role=\"button\" tabindex=\"0\">\n\t\t\t\t\t\t<i aria-hidden=\"true\" class=\"eicon-chevron-left\"><\/i>\t\t\t\t\t<\/div>\n\t\t\t\t\t<div class=\"elementor-swiper-button elementor-swiper-button-next\" role=\"button\" tabindex=\"0\">\n\t\t\t\t\t\t<i aria-hidden=\"true\" class=\"eicon-chevron-right\"><\/i>\t\t\t\t\t<\/div>\n\t\t\t\t\n\t\t\t\t\t\t\t\t\t<div class=\"swiper-pagination\"><\/div>\n\t\t\t\t\t\t\t\t\t<\/div>\n\t\t\t\t\t\t<\/div>\n\t\t\t\t<\/div>\n\t\t\t\t\t<\/div>\n\t\t<\/div>\n\t\t\t\t\t<\/div>\n\t\t<\/section>\n\t\t\t\t<section class=\"elementor-section elementor-top-section elementor-element elementor-element-b87523c elementor-section-boxed elementor-section-height-default elementor-section-height-default\" data-id=\"b87523c\" data-element_type=\"section\" data-e-type=\"section\" data-settings=\"{&quot;background_background&quot;:&quot;classic&quot;}\">\n\t\t\t\t\t\t<div class=\"elementor-container elementor-column-gap-default\">\n\t\t\t\t\t<div class=\"elementor-column elementor-col-100 elementor-top-column elementor-element elementor-element-a6d855a\" data-id=\"a6d855a\" data-element_type=\"column\" data-e-type=\"column\">\n\t\t\t<div class=\"elementor-widget-wrap elementor-element-populated\">\n\t\t\t\t\t\t<div class=\"elementor-element elementor-element-799db4c elementor-widget elementor-widget-heading\" data-id=\"799db4c\" data-element_type=\"widget\" data-e-type=\"widget\" data-widget_type=\"heading.default\">\n\t\t\t\t<div class=\"elementor-widget-container\">\n\t\t\t\t\t<h2 class=\"elementor-heading-title elementor-size-xl\">PA\u0179DZIERNIK 2025<\/h2>\t\t\t\t<\/div>\n\t\t\t\t<\/div>\n\t\t\t\t<div class=\"elementor-element elementor-element-1449279 elementor-widget elementor-widget-heading\" data-id=\"1449279\" data-element_type=\"widget\" data-e-type=\"widget\" data-widget_type=\"heading.default\">\n\t\t\t\t<div class=\"elementor-widget-container\">\n\t\t\t\t\t<h2 class=\"elementor-heading-title elementor-size-default\">Tematyka zaj\u0119\u0107 - pa\u017adziernik 2025<\/h2>\t\t\t\t<\/div>\n\t\t\t\t<\/div>\n\t\t\t\t<div class=\"elementor-element elementor-element-65b4881 elementor-widget elementor-widget-text-editor\" data-id=\"65b4881\" data-element_type=\"widget\" data-e-type=\"widget\" data-widget_type=\"text-editor.default\">\n\t\t\t\t<div class=\"elementor-widget-container\">\n\t\t\t\t\t\t\t\t\t<p class=\"cvGsUA direction-ltr align-center para-style-body\"><strong><span class=\"a_GcMg font-feature-liga-off font-feature-clig-off font-feature-calt-off text-decoration-none text-strikethrough-none\">Tydzie\u0144 V: \u201cJesie\u0144 w sadzie\u201d (29.09-03.10.2025)<\/span><\/strong><\/p><ol><li class=\"cvGsUA direction-ltr align-center para-style-body\"><span class=\"a_GcMg font-feature-liga-off font-feature-clig-off font-feature-calt-off text-decoration-none text-strikethrough-none\">Jesienne zbiory i owoce<\/span><\/li><li class=\"cvGsUA direction-ltr align-center para-style-body\"><span class=\"a_GcMg font-feature-liga-off font-feature-clig-off font-feature-calt-off text-decoration-none text-strikethrough-none\">Owoce<\/span><\/li><li class=\"cvGsUA direction-ltr align-center para-style-body\"><span class=\"a_GcMg font-feature-liga-off font-feature-clig-off font-feature-calt-off text-decoration-none text-strikethrough-none\">Drzewa w sadzie<\/span><\/li><li class=\"cvGsUA direction-ltr align-center para-style-body\"><span class=\"a_GcMg font-feature-liga-off font-feature-clig-off font-feature-calt-off text-decoration-none text-strikethrough-none\">W spi\u017carni<\/span><\/li><li class=\"cvGsUA direction-ltr align-center para-style-body\"><span class=\"a_GcMg font-feature-liga-off font-feature-clig-off font-feature-calt-off text-decoration-none text-strikethrough-none\">Robimy przetwory<\/span><\/li><\/ol><p class=\"cvGsUA direction-ltr align-center para-style-body\"><strong><span class=\"a_GcMg font-feature-liga-off font-feature-clig-off font-feature-calt-off text-decoration-none text-strikethrough-none\">Tydzie\u0144 VI \u201eJesie\u0144 w ogrodzie\u201d (6-10.10.2025)<\/span><\/strong><\/p><ol><li class=\"cvGsUA direction-ltr align-center para-style-body\"><span class=\"a_GcMg font-feature-liga-off font-feature-clig-off font-feature-calt-off text-decoration-none text-strikethrough-none\">Ogr\u00f3d warzywny<\/span><\/li><li class=\"cvGsUA direction-ltr align-center para-style-body\"><span class=\"a_GcMg font-feature-liga-off font-feature-clig-off font-feature-calt-off text-decoration-none text-strikethrough-none\">Warzywa<\/span><\/li><li class=\"cvGsUA direction-ltr align-center para-style-body\"><span class=\"a_GcMg font-feature-liga-off font-feature-clig-off font-feature-calt-off text-decoration-none text-strikethrough-none\">Nad ziemi\u0105, pod ziemi\u0105<\/span><\/li><li class=\"cvGsUA direction-ltr align-center para-style-body\"><span class=\"a_GcMg font-feature-liga-off font-feature-clig-off font-feature-calt-off text-decoration-none text-strikethrough-none\">Zdrowie i witaminy<\/span><\/li><li class=\"cvGsUA direction-ltr align-center para-style-body\"><span class=\"a_GcMg font-feature-liga-off font-feature-clig-off font-feature-calt-off text-decoration-none text-strikethrough-none\">\u00a0Jesienne smaki i zapachy<\/span><\/li><\/ol><p class=\"cvGsUA direction-ltr align-center para-style-body\"><strong><span class=\"a_GcMg font-feature-liga-off font-feature-clig-off font-feature-calt-off text-decoration-none text-strikethrough-none\">Tydzie\u0144 VII \u201eJesienny krajobraz\u201d (13-17.10.2025)<\/span><\/strong><\/p><ol><li class=\"cvGsUA direction-ltr align-center para-style-body\"><span class=\"a_GcMg font-feature-liga-off font-feature-clig-off font-feature-calt-off text-decoration-none text-strikethrough-none\">Jesie\u0144 w parku i w lesie<\/span><\/li><li class=\"cvGsUA direction-ltr align-center para-style-body\"><span class=\"a_GcMg font-feature-liga-off font-feature-clig-off font-feature-calt-off text-decoration-none text-strikethrough-none\">Przyroda si\u0119 zmienia<\/span><\/li><li class=\"cvGsUA direction-ltr align-center para-style-body\"><span class=\"a_GcMg font-feature-liga-off font-feature-clig-off font-feature-calt-off text-decoration-none text-strikethrough-none\">Skarby jesieni<\/span><\/li><li class=\"cvGsUA direction-ltr align-center para-style-body\"><span class=\"a_GcMg font-feature-liga-off font-feature-clig-off font-feature-calt-off text-decoration-none text-strikethrough-none\">Jesienna muzyka<\/span><\/li><li class=\"cvGsUA direction-ltr align-center para-style-body\"><span class=\"a_GcMg font-feature-liga-off font-feature-clig-off font-feature-calt-off text-decoration-none text-strikethrough-none\">Kolory jesieni<\/span><\/li><\/ol><p class=\"cvGsUA direction-ltr align-center para-style-body\"><strong><span class=\"a_GcMg font-feature-liga-off font-feature-clig-off font-feature-calt-off text-decoration-none text-strikethrough-none\">Tydzie\u0144 VIII \u201eDeszczowa pogoda\u201d (20-24.10.2025)<\/span><\/strong><\/p><ol><li class=\"cvGsUA direction-ltr align-center para-style-body\"><span class=\"a_GcMg font-feature-liga-off font-feature-clig-off font-feature-calt-off text-decoration-none text-strikethrough-none\">Zimno, coraz zimniej<\/span><\/li><li class=\"cvGsUA direction-ltr align-center para-style-body\"><span class=\"a_GcMg font-feature-liga-off font-feature-clig-off font-feature-calt-off text-decoration-none text-strikethrough-none\">Jesienna szaruga<\/span><\/li><li class=\"cvGsUA direction-ltr align-center para-style-body\"><span class=\"a_GcMg font-feature-liga-off font-feature-clig-off font-feature-calt-off text-decoration-none text-strikethrough-none\">Ubrania na niepogod\u0119<\/span><\/li><li class=\"cvGsUA direction-ltr align-center para-style-body\"><span class=\"a_GcMg font-feature-liga-off font-feature-clig-off font-feature-calt-off text-decoration-none text-strikethrough-none\">Skaczemy po ka\u0142u\u017cach<\/span><\/li><li class=\"cvGsUA direction-ltr align-center para-style-body\"><span class=\"a_GcMg font-feature-liga-off font-feature-clig-off font-feature-calt-off text-decoration-none text-strikethrough-none\">Barwy deszczu<\/span><\/li><\/ol><p class=\"cvGsUA direction-ltr align-center para-style-body\"><strong><span class=\"a_GcMg font-feature-liga-off font-feature-clig-off font-feature-calt-off text-decoration-none text-strikethrough-none\">Tydzie\u0144 IX \u201eW \u015bwiecie wyobra\u017ani\u201d (27-31.10.2025)<\/span><\/strong><\/p><ol><li class=\"cvGsUA direction-ltr align-center para-style-body\"><span class=\"a_GcMg font-feature-liga-off font-feature-clig-off font-feature-calt-off text-decoration-none text-strikethrough-none\">Czym jest wyobra\u017ania<\/span><\/li><li class=\"cvGsUA direction-ltr align-center para-style-body\"><span class=\"a_GcMg font-feature-liga-off font-feature-clig-off font-feature-calt-off text-decoration-none text-strikethrough-none\">Nasze wsp\u00f3lne opowie\u015bci<\/span><\/li><li class=\"cvGsUA direction-ltr align-center para-style-body\"><span class=\"a_GcMg font-feature-liga-off font-feature-clig-off font-feature-calt-off text-decoration-none text-strikethrough-none\">O czym marz\u0119?<\/span><\/li><li class=\"cvGsUA direction-ltr align-center para-style-body\"><span class=\"a_GcMg font-feature-liga-off font-feature-clig-off font-feature-calt-off text-decoration-none text-strikethrough-none\">Tworz\u0119 muzyk\u0119<\/span><\/li><li class=\"cvGsUA direction-ltr align-center para-style-body\"><span class=\"a_GcMg font-feature-liga-off font-feature-clig-off font-feature-calt-off text-decoration-none text-strikethrough-none\">D\u017awi\u0119ki i obrazy<\/span><\/li><\/ol><p><strong>Zamierzenia wychowawczo-dydaktyczne na miesi\u0105c PA\u0179DZIERNIK &#8211; (cele og\u00f3lne):<\/strong><\/p><p><strong>Tydzie\u0144 V. Jesie\u0144 w sadzie<\/strong><\/p><ul><li>poznanie niekt\u00f3rych owoc\u00f3w dojrzewaj\u0105cych jesieni\u0105, zwyczaj\u00f3w \u017cycia je\u017cy, rozwijanie umiej\u0119tno\u015bci wypowiadania si\u0119 na okre\u015blony temat, rozwijanie t\u0119\u017cyzny fizycznej, wyrabianie postawy szacunku wobec os\u00f3b pracuj\u0105cych w sadownictwie, wdra\u017canie do poszanowania zwierz\u0105t i ro\u015blin<\/li><li>poszerzenie wiedzy o owocach dojrzewaj\u0105cych jesieni\u0105, cechach tych owoc\u00f3w, rozwijanie umiej\u0119tno\u015bci wypowiadania si\u0119 na okre\u015blony temat, doskonalenie umiej\u0119tno\u015bci s\u0142uchania ze zrozumieniem, rozwijanie s\u0142uchu fonematycznego, kszta\u0142towanie sprawno\u015bci manualnej, rozwijanie odpowiedzialno\u015bci za siebie i innych, dba\u0142o\u015b\u0107 o bezpiecze\u0144stwo podczas zabaw ruchowych<\/li><li>poznawanie nazw niekt\u00f3rych drzew owocowych, rozwijanie umiej\u0119tno\u015bci klasyfikacji, kszta\u0142towanie umiej\u0119tno\u015bci odwzorowywania, doskonalenie umiej\u0119tno\u015bci przeliczania, sensoryczne poznawanie li\u015bci, rozwijanie umiej\u0119tno\u015bci zgodnej wsp\u00f3\u0142pracy w grupie, uczestniczenia w zabawach badawczych<\/li><li>poznanie nowej piosenki, kszta\u0142cenie wra\u017cliwo\u015bci i pami\u0119ci muzycznej, rozwijanie t\u0119\u017cyzny fizycznej, wdra\u017canie do zgodnego wsp\u00f3\u0142dzia\u0142ania podczas r\u00f3\u017cnych aktywno\u015bci os\u00f3b<\/li><li>poznanie niekt\u00f3rych sposob\u00f3w przechowywania \u017cywno\u015bci, rozwijanie sprawno\u015bci manualnej, kszta\u0142cenie zmys\u0142\u00f3w wzroku, dotyku, kszta\u0142towanie umiej\u0119tno\u015bci stosowania si\u0119 do instrukcji s\u0142ownej i obrazkowej, wzmacnianie poczucia w\u0142asnej warto\u015bci, nauka wsp\u00f3\u0142dzia\u0142ania w grupie<\/li><\/ul><p><strong>Tydzie\u0144 VI. Jesie\u0144 w ogrodzie<\/strong><\/p><ul><li>rozpoznawanie i podawanie nazw niekt\u00f3rych warzyw, rozwijanie umiej\u0119tno\u015bci wypowiadania si\u0119 na okre\u015blony temat, doskonalenie orientacji \u00a0w przestrzeni, poznanie sposobu wr\u0119czania kwiat\u00f3w, doskonalenie wsp\u00f3\u0142pracy<\/li><li>rozpoznawanie i podawanie nazw niekt\u00f3rych warzyw, poszerzanie s\u0142ownictwa czynnego, tworzenie zdrobnie\u0144 i zgrubie\u0144 od nazw warzyw, rozwijanie wsp\u00f3\u0142pracy, doskonalenie umiej\u0119tno\u015bci czekania na swoj\u0105 kolej<\/li><li>odr\u00f3\u017cnianie, kt\u00f3re warzywa rosn\u0105 pod ziemi\u0105, a kt\u00f3re nad ziemi\u0105, rozwijanie ciekawo\u015bci poznawczej, rozwijanie umiej\u0119tno\u015bci zauwa\u017cania rytm\u00f3w i ich odtwarzanie, rozwijanie wsp\u00f3\u0142pracy<\/li><li>poznanie niekt\u00f3rych w\u0142a\u015bciwo\u015bci warzyw, klasyfikowanie, rozwijanie umiej\u0119tno\u015bci muzycznych i sprawno\u015bci ruchowej, doskonalenie umiej\u0119tno\u015bci pracy w parach, rozwijanie umiej\u0119tno\u015bci oczekiwania na swoj\u0105 kolej, orientowanie si\u0119 w przestrzeni, nauka tworzenia prostej formy tanecznej (korowodu), kszta\u0142towanie poczucia \u201epulsu\u201d w muzyce, rozwijanie motoryki ma\u0142ej<\/li><li>rozpoznawanie i podawanie nazw cz\u0119\u015bci warzyw (sk\u00f3rka, pestki, mi\u0105\u017csz), doskonalenie sprawno\u015bci j\u0119zykowej, manualnej, poszerzanie s\u0142ownika czynnego o poj\u0119cia zwi\u0105zane z warzywami, rozwijanie ciekawo\u015bci badawczej, utrwalenie znajomo\u015bci zasad bezpiecze\u0144stwa podczas krojenia warzyw<\/li><\/ul><p><strong>Tydzie\u0144 VII. Jesienny krajobraz<\/strong><\/p><ul><li>odr\u00f3\u017cnianie \u015brodowiska parku i lasu, poszerzanie wiedzy o zachowaniu w sytuacji znalezienia cudzej w\u0142asno\u015bci, rozwijanie empatii, odpowiedzialno\u015bci<\/li><li>poszerzanie s\u0142ownika czynnego o poj\u0119cia zwi\u0105zane z ptakami, doskonalenie s\u0142uchu fonematycznego, rozwijanie \u015bwiadomo\u015bci fonologicznej, \u0107wiczenie umiej\u0119tno\u015bci planowania pracy, rozwijanie samodzielno\u015bci<\/li><li>doskonalenie umiej\u0119tno\u015bci przeliczania, okre\u015blanie liczebno\u015bci zbior\u00f3w: <em>mniej<\/em>, <em>wi\u0119cej<\/em>, <em>tyle samo<\/em>, rozwijanie umiej\u0119tno\u015bci doliczania i odliczania, manipulowania przedmiotami, przypomnienie zasad bezpiecznego korzystania z prostych narz\u0119dzi, rozwijanie wsp\u00f3\u0142pracy<\/li><li>utrwalenie informacji o skarbach jesieni, \u0107wiczenie pami\u0119ci, rozwijanie s\u0142uchu muzycznego, percepcji s\u0142uchowej, kszta\u0142towanie wra\u017cliwo\u015bci muzycznej, doskonalenie wsp\u00f3\u0142pracy w grupie<\/li><li>utrwalenie wiedzy o jesiennych zmianach w przyrodzie, doskonalenie sprawno\u015bci manualnej, rozwijanie kreatywno\u015bci, rozwijanie sprawczo\u015bci, poczucia w\u0142asnej warto\u015bci i odpowiedzialno\u015bci za innych<\/li><li>os\u00f3b, wypowiadania si\u0119 na temat cech wsp\u00f3lnych, wzmacnianie wiary we w\u0142asne mo\u017cliwo\u015bci, rozwijanie wsp\u00f3\u0142pracy, integracja dzieci<\/li><\/ul><p><strong>Tydzie\u0144 VIII. Deszczowa pogoda<\/strong><\/p><ul><li>przypomnienie informacji o zmianach zachodz\u0105cych w przyrodzie p\u00f3\u017an\u0105 jesieni\u0105, wprowadzenie poj\u0119cia <em>troska<\/em>, doskonalenie umiej\u0119tno\u015bci wypowiadania si\u0119 na tematy zwi\u0105zane z uczuciami, rozwijanie umiej\u0119tno\u015bci okre\u015blania emocji, \u0107wiczenie wyobra\u017ani, rozwijanie empatii, doskonalenie umiej\u0119tno\u015bci opisywania emocji<\/li><li>poznanie znaczenia s\u0142owa <em>szaruga<\/em>, doskonalenie \u015bwiadomo\u015bci fonologicznej, s\u0142uchu fonematycznego, przygotowanie do umiej\u0119tno\u015bci czytania i pisania, doskonalenie umiej\u0119tno\u015bci wygrywania i przegrywania podczas zabawy, rozwijanie wsp\u00f3\u0142pracy w grupie<\/li><li>\u0107wiczenie i podawanie nazw kierunk\u00f3w w przestrzeni, poruszanie si\u0119 wed\u0142ug instrukcji, rozwijanie s\u0142ownictwa, rozwijanie ciekawo\u015bci badawczej, utrwalenie znajomo\u015bci zasad bezpiecze\u0144stwa podczas wykonywania eksperyment\u00f3w, rozwijanie wsp\u00f3\u0142pracy<\/li><li>utrwalenie wiedzy o tym, sk\u0105d si\u0119 bior\u0105 ka\u0142u\u017ce, rozwijanie s\u0142ownika czynnego i s\u0142uchu fonematycznego, doskonalenie s\u0142uchu muzycznego, rozwijanie wsp\u00f3\u0142pracy<\/li><li>utrwalenie informacji o deszczowej, jesiennej pogodzie, rozwijanie wra\u017cliwo\u015bci muzycznej, s\u0142uchu fonematycznego, doskonalenie umiej\u0119tno\u015bci pracy w parach, utrwalenie znajomo\u015bci zasad bezpiecze\u0144stwa<\/li><\/ul><p><strong>Tydzie\u0144 IX. W \u015bwiecie wyobra\u017ani<\/strong><\/p><ul><li>wprowadzenie poj\u0119cia <em>wyobra\u017ania<\/em>, doskonalenie umiej\u0119tno\u015bci wyra\u017cania swoich my\u015bli i uczu\u0107 s\u0142owami, rozwijanie wra\u017cliwo\u015bci zapachowej, nauka relaksacji, kszta\u0142towanie empatii<\/li><li>poszerzanie s\u0142ownika czynnego, rozwijanie \u015bwiadomo\u015bci fonologicznej i s\u0142uchu fonematycznego, odr\u00f3\u017cnianie fikcji od rzeczywisto\u015bci<\/li><li>rozumienie poj\u0119cia <em>marzenie<\/em>, rozwijanie umiej\u0119tno\u015bci przeliczania, \u015bwiadomo\u015bci fonologicznej, s\u0142ownika czynnego, rozwijanie wyobra\u017ani, umiej\u0119tno\u015bci wsp\u00f3\u0142pracy<\/li><li>poznanie r\u00f3\u017cnych sposob\u00f3w ekspresji muzycznej, rozwijanie wra\u017cliwo\u015bci muzycznej, s\u0142uchu muzycznego, rozbudzanie wyobra\u017ani d\u017awi\u0119kowej, wsp\u00f3\u0142dzia\u0142anie w parach, doskonalenie wsp\u00f3\u0142pracy, \u0107wiczenie ruch\u00f3w naprzemiennych, rozci\u0105ganie<\/li><li>rozpoznawanie i podawanie nazw niekt\u00f3rych zapach\u00f3w, rozwijanie wra\u017cliwo\u015bci sensorycznej, poszerzanie s\u0142ownictwa czynnego, doskonalenie wsp\u00f3\u0142pracy w grupie<\/li><\/ul><p><strong>K\u0104CIK TEMATYCZNY:<\/strong><\/p><ul><li>JESIE\u0143<\/li><li>WYOBRA\u0179NIA<\/li><\/ul><p><strong>DNI DODATKOWE:<\/strong><\/p><ul><li>30.09 Dzie\u0144 Ch\u0142opaka<\/li><li>03.10 \u201eDary Jesieni\u201d- konkurs z kiermaszem<\/li><li>10.10 \u201ePortret pracownika naszego przedszkola\u201d- konkurs plastyczny<\/li><li>14.10 Dzie\u0144 Edukacji Narodowej<\/li><li>17.10 Urodziny w grupach<\/li><li>Wycieczka<\/li><li>31.10 Grupy \u0142\u0105czone zgodne z\u00a0 deklaracjami (na zapisy) &#8211; Zapalenie znicza na pobliskim cmentarzu<\/li><\/ul>\t\t\t\t\t\t\t\t<\/div>\n\t\t\t\t<\/div>\n\t\t\t\t<div class=\"elementor-element elementor-element-1f981ad elementor-widget elementor-widget-heading\" data-id=\"1f981ad\" data-element_type=\"widget\" data-e-type=\"widget\" data-widget_type=\"heading.default\">\n\t\t\t\t<div class=\"elementor-widget-container\">\n\t\t\t\t\t<h2 class=\"elementor-heading-title elementor-size-default\">PIOSENKI<\/h2>\t\t\t\t<\/div>\n\t\t\t\t<\/div>\n\t\t\t\t<div class=\"elementor-element elementor-element-834e3bf elementor-widget elementor-widget-wp-widget-media_audio\" data-id=\"834e3bf\" data-element_type=\"widget\" data-e-type=\"widget\" data-widget_type=\"wp-widget-media_audio.default\">\n\t\t\t\t<div class=\"elementor-widget-container\">\n\t\t\t\t\t<h5>DESZCZOWE KROPELKI &#8211; Nutki dla Smyka<\/h5><audio class=\"wp-audio-shortcode\" id=\"audio-1891-6\" preload=\"none\" style=\"width: 100%;\" controls=\"controls\"><source type=\"audio\/mpeg\" src=\"https:\/\/przedszkole.spbrzozowka.pl\/wp-content\/uploads\/2025\/09\/04-Nutki-dla-Smyka-DESZCZU-KROPELKI-wersja-wokalno-instrumentalna.mp3?_=6\" \/><source type=\"audio\/mpeg\" src=\"https:\/\/przedszkole.spbrzozowka.pl\/wp-content\/uploads\/2025\/09\/04-Nutki-dla-Smyka-DESZCZU-KROPELKI-wersja-wokalno-instrumentalna.mp3?_=6\" \/><a href=\"https:\/\/przedszkole.spbrzozowka.pl\/wp-content\/uploads\/2025\/09\/04-Nutki-dla-Smyka-DESZCZU-KROPELKI-wersja-wokalno-instrumentalna.mp3\">https:\/\/przedszkole.spbrzozowka.pl\/wp-content\/uploads\/2025\/09\/04-Nutki-dla-Smyka-DESZCZU-KROPELKI-wersja-wokalno-instrumentalna.mp3<\/a><\/audio>\t\t\t\t<\/div>\n\t\t\t\t<\/div>\n\t\t\t\t<div class=\"elementor-element elementor-element-e52b68f elementor-widget elementor-widget-wp-widget-media_audio\" data-id=\"e52b68f\" data-element_type=\"widget\" data-e-type=\"widget\" data-widget_type=\"wp-widget-media_audio.default\">\n\t\t\t\t<div class=\"elementor-widget-container\">\n\t\t\t\t\t<h5>Jesienne tango<\/h5><audio class=\"wp-audio-shortcode\" id=\"audio-1891-7\" preload=\"none\" style=\"width: 100%;\" controls=\"controls\"><source type=\"audio\/mpeg\" src=\"https:\/\/przedszkole.spbrzozowka.pl\/wp-content\/uploads\/2025\/09\/\ud83c\udf41-Jesienne-tango-\ud83c\udf41-wesola-jesienna-piosenka-dla-dzieci-\ud83c\udf41.mp3?_=7\" \/><source type=\"audio\/mpeg\" src=\"https:\/\/przedszkole.spbrzozowka.pl\/wp-content\/uploads\/2025\/09\/\ud83c\udf41-Jesienne-tango-\ud83c\udf41-wesola-jesienna-piosenka-dla-dzieci-\ud83c\udf41.mp3?_=7\" \/><a href=\"https:\/\/przedszkole.spbrzozowka.pl\/wp-content\/uploads\/2025\/09\/\ud83c\udf41-Jesienne-tango-\ud83c\udf41-wesola-jesienna-piosenka-dla-dzieci-\ud83c\udf41.mp3\">https:\/\/przedszkole.spbrzozowka.pl\/wp-content\/uploads\/2025\/09\/\ud83c\udf41-Jesienne-tango-\ud83c\udf41-wesola-jesienna-piosenka-dla-dzieci-\ud83c\udf41.mp3<\/a><\/audio>\t\t\t\t<\/div>\n\t\t\t\t<\/div>\n\t\t\t\t<div class=\"elementor-element elementor-element-6830dc1 elementor-widget elementor-widget-heading\" data-id=\"6830dc1\" data-element_type=\"widget\" data-e-type=\"widget\" data-widget_type=\"heading.default\">\n\t\t\t\t<div class=\"elementor-widget-container\">\n\t\t\t\t\t<h2 class=\"elementor-heading-title elementor-size-default\">WIERSZE<br><\/h2>\t\t\t\t<\/div>\n\t\t\t\t<\/div>\n\t\t\t\t<div class=\"elementor-element elementor-element-a4338c5 elementor-widget elementor-widget-image\" data-id=\"a4338c5\" data-element_type=\"widget\" data-e-type=\"widget\" data-widget_type=\"image.default\">\n\t\t\t\t<div class=\"elementor-widget-container\">\n\t\t\t\t\t\t\t\t\t\t\t\t\t\t\t<img decoding=\"async\" width=\"683\" height=\"1024\" data-src=\"https:\/\/przedszkole.spbrzozowka.pl\/wp-content\/uploads\/2025\/09\/wiersz-pazdziernik-683x1024.jpg\" class=\"attachment-large size-large wp-image-10928 lazyload\" alt=\"\" data-srcset=\"https:\/\/przedszkole.spbrzozowka.pl\/wp-content\/uploads\/2025\/09\/wiersz-pazdziernik-683x1024.jpg 683w, https:\/\/przedszkole.spbrzozowka.pl\/wp-content\/uploads\/2025\/09\/wiersz-pazdziernik-200x300.jpg 200w, https:\/\/przedszkole.spbrzozowka.pl\/wp-content\/uploads\/2025\/09\/wiersz-pazdziernik-768x1152.jpg 768w, https:\/\/przedszkole.spbrzozowka.pl\/wp-content\/uploads\/2025\/09\/wiersz-pazdziernik-1024x1536.jpg 1024w, https:\/\/przedszkole.spbrzozowka.pl\/wp-content\/uploads\/2025\/09\/wiersz-pazdziernik-1000x1500.jpg 1000w, https:\/\/przedszkole.spbrzozowka.pl\/wp-content\/uploads\/2025\/09\/wiersz-pazdziernik-230x345.jpg 230w, https:\/\/przedszkole.spbrzozowka.pl\/wp-content\/uploads\/2025\/09\/wiersz-pazdziernik-350x525.jpg 350w, https:\/\/przedszkole.spbrzozowka.pl\/wp-content\/uploads\/2025\/09\/wiersz-pazdziernik-480x720.jpg 480w, https:\/\/przedszkole.spbrzozowka.pl\/wp-content\/uploads\/2025\/09\/wiersz-pazdziernik.jpg 1200w\" data-sizes=\"(max-width: 683px) 100vw, 683px\" src=\"data:image\/svg+xml;base64,PHN2ZyB3aWR0aD0iMSIgaGVpZ2h0PSIxIiB4bWxucz0iaHR0cDovL3d3dy53My5vcmcvMjAwMC9zdmciPjwvc3ZnPg==\" style=\"--smush-placeholder-width: 683px; --smush-placeholder-aspect-ratio: 683\/1024;\" \/>\t\t\t\t\t\t\t\t\t\t\t\t\t\t\t<\/div>\n\t\t\t\t<\/div>\n\t\t\t\t<div class=\"elementor-element elementor-element-e9d79c4 elementor-widget elementor-widget-heading\" data-id=\"e9d79c4\" data-element_type=\"widget\" data-e-type=\"widget\" data-widget_type=\"heading.default\">\n\t\t\t\t<div class=\"elementor-widget-container\">\n\t\t\t\t\t<h2 class=\"elementor-heading-title elementor-size-default\">GALERIA<\/h2>\t\t\t\t<\/div>\n\t\t\t\t<\/div>\n\t\t\t\t<div class=\"elementor-element elementor-element-d0e9253 elementor-arrows-position-inside elementor-pagination-position-outside elementor-widget elementor-widget-image-carousel\" data-id=\"d0e9253\" data-element_type=\"widget\" data-e-type=\"widget\" data-settings=\"{&quot;slides_to_show&quot;:&quot;3&quot;,&quot;autoplay_speed&quot;:2500,&quot;navigation&quot;:&quot;both&quot;,&quot;autoplay&quot;:&quot;yes&quot;,&quot;pause_on_hover&quot;:&quot;yes&quot;,&quot;pause_on_interaction&quot;:&quot;yes&quot;,&quot;infinite&quot;:&quot;yes&quot;,&quot;speed&quot;:500}\" data-widget_type=\"image-carousel.default\">\n\t\t\t\t<div class=\"elementor-widget-container\">\n\t\t\t\t\t\t\t<div class=\"elementor-image-carousel-wrapper swiper\" role=\"region\" aria-roledescription=\"carousel\" aria-label=\"Karuzela obrazk\u00f3w\" dir=\"ltr\">\n\t\t\t<div class=\"elementor-image-carousel swiper-wrapper\" aria-live=\"off\">\n\t\t\t\t\t\t\t\t<div class=\"swiper-slide\" role=\"group\" aria-roledescription=\"slide\" aria-label=\"1 z 5\"><a data-elementor-open-lightbox=\"yes\" data-elementor-lightbox-slideshow=\"d0e9253\" data-e-action-hash=\"#elementor-action%3Aaction%3Dlightbox%26settings%3DeyJpZCI6MTQ3MSwidXJsIjpmYWxzZSwic2xpZGVzaG93IjoiZDBlOTI1MyJ9\"><figure class=\"swiper-slide-inner\"><img decoding=\"async\" class=\"swiper-slide-image lazyload\" data-src=\"https:\/\/przedszkole.spbrzozowka.pl\/wp-content\/uploads\/2020\/11\/child-1864718_640.jpg\" alt=\"\" src=\"data:image\/svg+xml;base64,PHN2ZyB3aWR0aD0iMSIgaGVpZ2h0PSIxIiB4bWxucz0iaHR0cDovL3d3dy53My5vcmcvMjAwMC9zdmciPjwvc3ZnPg==\" \/><\/figure><\/a><\/div><div class=\"swiper-slide\" role=\"group\" aria-roledescription=\"slide\" aria-label=\"2 z 5\"><a data-elementor-open-lightbox=\"yes\" data-elementor-lightbox-slideshow=\"d0e9253\" data-e-action-hash=\"#elementor-action%3Aaction%3Dlightbox%26settings%3DeyJpZCI6MTQ3MiwidXJsIjpmYWxzZSwic2xpZGVzaG93IjoiZDBlOTI1MyJ9\"><figure class=\"swiper-slide-inner\"><img decoding=\"async\" class=\"swiper-slide-image lazyload\" data-src=\"https:\/\/przedszkole.spbrzozowka.pl\/wp-content\/uploads\/2020\/11\/hand-93168_640.jpg\" alt=\"\" src=\"data:image\/svg+xml;base64,PHN2ZyB3aWR0aD0iMSIgaGVpZ2h0PSIxIiB4bWxucz0iaHR0cDovL3d3dy53My5vcmcvMjAwMC9zdmciPjwvc3ZnPg==\" \/><\/figure><\/a><\/div><div class=\"swiper-slide\" role=\"group\" aria-roledescription=\"slide\" aria-label=\"3 z 5\"><a data-elementor-open-lightbox=\"yes\" data-elementor-lightbox-slideshow=\"d0e9253\" data-e-action-hash=\"#elementor-action%3Aaction%3Dlightbox%26settings%3DeyJpZCI6MTQ3MywidXJsIjpmYWxzZSwic2xpZGVzaG93IjoiZDBlOTI1MyJ9\"><figure class=\"swiper-slide-inner\"><img decoding=\"async\" class=\"swiper-slide-image lazyload\" data-src=\"https:\/\/przedszkole.spbrzozowka.pl\/wp-content\/uploads\/2020\/11\/kid-2428765_640.jpg\" alt=\"\" src=\"data:image\/svg+xml;base64,PHN2ZyB3aWR0aD0iMSIgaGVpZ2h0PSIxIiB4bWxucz0iaHR0cDovL3d3dy53My5vcmcvMjAwMC9zdmciPjwvc3ZnPg==\" \/><\/figure><\/a><\/div><div class=\"swiper-slide\" role=\"group\" aria-roledescription=\"slide\" aria-label=\"4 z 5\"><a data-elementor-open-lightbox=\"yes\" data-elementor-lightbox-slideshow=\"d0e9253\" data-e-action-hash=\"#elementor-action%3Aaction%3Dlightbox%26settings%3DeyJpZCI6MTQ3NSwidXJsIjpmYWxzZSwic2xpZGVzaG93IjoiZDBlOTI1MyJ9\"><figure class=\"swiper-slide-inner\"><img decoding=\"async\" class=\"swiper-slide-image lazyload\" data-src=\"https:\/\/przedszkole.spbrzozowka.pl\/wp-content\/uploads\/2020\/11\/table-3281047_640.jpg\" alt=\"\" src=\"data:image\/svg+xml;base64,PHN2ZyB3aWR0aD0iMSIgaGVpZ2h0PSIxIiB4bWxucz0iaHR0cDovL3d3dy53My5vcmcvMjAwMC9zdmciPjwvc3ZnPg==\" \/><\/figure><\/a><\/div><div class=\"swiper-slide\" role=\"group\" aria-roledescription=\"slide\" aria-label=\"5 z 5\"><a data-elementor-open-lightbox=\"yes\" data-elementor-lightbox-slideshow=\"d0e9253\" data-e-action-hash=\"#elementor-action%3Aaction%3Dlightbox%26settings%3DeyJpZCI6MTQ3NiwidXJsIjpmYWxzZSwic2xpZGVzaG93IjoiZDBlOTI1MyJ9\"><figure class=\"swiper-slide-inner\"><img decoding=\"async\" class=\"swiper-slide-image lazyload\" data-src=\"https:\/\/przedszkole.spbrzozowka.pl\/wp-content\/uploads\/2020\/11\/crayons-1445053_640.jpg\" alt=\"\" src=\"data:image\/svg+xml;base64,PHN2ZyB3aWR0aD0iMSIgaGVpZ2h0PSIxIiB4bWxucz0iaHR0cDovL3d3dy53My5vcmcvMjAwMC9zdmciPjwvc3ZnPg==\" \/><\/figure><\/a><\/div>\t\t\t<\/div>\n\t\t\t\t\t\t\t\t\t\t\t\t<div class=\"elementor-swiper-button elementor-swiper-button-prev\" role=\"button\" tabindex=\"0\">\n\t\t\t\t\t\t<i aria-hidden=\"true\" class=\"eicon-chevron-left\"><\/i>\t\t\t\t\t<\/div>\n\t\t\t\t\t<div class=\"elementor-swiper-button elementor-swiper-button-next\" role=\"button\" tabindex=\"0\">\n\t\t\t\t\t\t<i aria-hidden=\"true\" class=\"eicon-chevron-right\"><\/i>\t\t\t\t\t<\/div>\n\t\t\t\t\n\t\t\t\t\t\t\t\t\t<div class=\"swiper-pagination\"><\/div>\n\t\t\t\t\t\t\t\t\t<\/div>\n\t\t\t\t\t\t<\/div>\n\t\t\t\t<\/div>\n\t\t\t\t\t<\/div>\n\t\t<\/div>\n\t\t\t\t\t<\/div>\n\t\t<\/section>\n\t\t\t\t<\/div>\n\t\t","protected":false},"excerpt":{"rendered":"<p>Wychowawca: Dominika Myszkowska Konsultacje: ostatni czwartek miesi\u0105ca 14:40-15:10 Galeria zdj\u0119\u0107 grupy znajduj\u0119 si\u0119 w linku poni\u017cej\u00a0 https:\/\/drive.google.com\/drive\/folders\/1uWdyLEzATDBLZxugd6PWr6EA4FPXc6ba?usp=drive_link LUTY 2026 Tematyka zaj\u0119\u0107 &#8211; [&hellip;]<\/p>\n","protected":false},"author":1,"featured_media":0,"parent":0,"menu_order":0,"comment_status":"closed","ping_status":"closed","template":"","meta":{"footnotes":""},"class_list":["post-1891","page","type-page","status-publish","hentry"],"_links":{"self":[{"href":"https:\/\/przedszkole.spbrzozowka.pl\/index.php?rest_route=\/wp\/v2\/pages\/1891","targetHints":{"allow":["GET"]}}],"collection":[{"href":"https:\/\/przedszkole.spbrzozowka.pl\/index.php?rest_route=\/wp\/v2\/pages"}],"about":[{"href":"https:\/\/przedszkole.spbrzozowka.pl\/index.php?rest_route=\/wp\/v2\/types\/page"}],"author":[{"embeddable":true,"href":"https:\/\/przedszkole.spbrzozowka.pl\/index.php?rest_route=\/wp\/v2\/users\/1"}],"replies":[{"embeddable":true,"href":"https:\/\/przedszkole.spbrzozowka.pl\/index.php?rest_route=%2Fwp%2Fv2%2Fcomments&post=1891"}],"version-history":[{"count":367,"href":"https:\/\/przedszkole.spbrzozowka.pl\/index.php?rest_route=\/wp\/v2\/pages\/1891\/revisions"}],"predecessor-version":[{"id":11484,"href":"https:\/\/przedszkole.spbrzozowka.pl\/index.php?rest_route=\/wp\/v2\/pages\/1891\/revisions\/11484"}],"wp:attachment":[{"href":"https:\/\/przedszkole.spbrzozowka.pl\/index.php?rest_route=%2Fwp%2Fv2%2Fmedia&parent=1891"}],"curies":[{"name":"wp","href":"https:\/\/api.w.org\/{rel}","templated":true}]}}